{"id":8716,"date":"2023-06-12T13:42:08","date_gmt":"2023-06-12T13:42:08","guid":{"rendered":"https:\/\/abadecom.com\/maquina-de-corte-para-tartas-congeladas\/"},"modified":"2023-12-22T09:04:22","modified_gmt":"2023-12-22T09:04:22","slug":"maquina-de-corte-para-tartas-congeladas","status":"publish","type":"page","link":"https:\/\/abadecom.com\/it\/maquina-de-corte-para-tartas-congeladas\/","title":{"rendered":"M\u00e1quina de corte para tartas congeladas"},"content":{"rendered":"\n<p class=\"wp-block-paragraph\">La M\u00e1quina de corte especializada en tartas congeladas de Abadecom representa la vanguardia en tecnolog\u00eda para la preparaci\u00f3n eficiente de productos congelados. Equipada con cuchillas de alta precisi\u00f3n, esta ingeniosa m\u00e1quina ha sido meticulosamente dise\u00f1ada para simplificar y acelerar el proceso de preparaci\u00f3n de tartas y otros productos similares.<\/p>\n\n\n\n<p class=\"wp-block-paragraph\">Su capacidad para cortar tartas de manera r\u00e1pida, precisa y uniforme la convierte en un activo invaluable en entornos de producci\u00f3n donde la eficiencia es esencial. Adem\u00e1s, su versatilidad se extiende a la capacidad de cortar no solo tartas congeladas, sino tambi\u00e9n pasteles helados, semifr\u00edos y diversos postres congelados, ofreciendo as\u00ed una soluci\u00f3n integral para la industria alimentaria.<\/p>\n\n\n\n<p class=\"wp-block-paragraph\">Fabricada con materiales de alta calidad, no solo garantiza una durabilidad excepcional, sino que tambi\u00e9n brinda una protecci\u00f3n \u00f3ptima al trabajador, asegurando una manipulaci\u00f3n segura de los alimentos en todo momento.<\/p>\n\n\n\n<p class=\"wp-block-paragraph\">En Abadecom, reconocemos la importancia de abordar las preocupaciones ambientales y la eficiencia energ\u00e9tica. Por este motivo, nos enorgullece ofrecer soluciones que no solo optimizan los procesos de producci\u00f3n, sino que tambi\u00e9n minimizan el consumo de energ\u00eda. Con nuestra M\u00e1quina de corte especializada, no solo experimentar\u00e1 una mejora significativa en la productividad, sino que tambi\u00e9n contribuir\u00e1 activamente a la sostenibilidad medioambiental. Elevamos la eficiencia a un nivel superior, abrazando la innovaci\u00f3n con responsabilidad.<\/p>\n\n\n<div class=\"pgc-sgb-cb wp-block-pgcsimplygalleryblock-slider \" data-gallery-id=\"0e463022\"style=&quot;min-height:280px&quot;><div class=\"sgb-preloader\" id=\"pr_0e463022\">\n\t<div class=\"sgb-square\" style=\"background:#d4d4d4\"><\/div>\n\t<div class=\"sgb-square\" style=\"background:#d4d4d4\"><\/div>\n\t<div class=\"sgb-square\" style=\"background:#d4d4d4\"><\/div>\n\t<div class=\"sgb-square\" style=\"background:#d4d4d4\"><\/div><\/div><div class=\"simply-gallery-amp pgc_sgb_slider \"><noscript><div class=\"sgb-gallery\"><div class=\"sgb-item\"><a href=\"https:\/\/abadecom.com\/industria-alimentaria\/maquina-de-corte-para-tartas-congeladas_abadecom_1\/\" target=\"_blank\"><img decoding=\"async\" alt=\"\" width=\"293\" height=\"291\" loading=\"lazy\" src=\"https:\/\/abadecom.com\/wp-content\/uploads\/2023\/04\/Maquina-de-corte-para-tartas-congeladas_Abadecom_1.jpeg\" srcset=\",https:\/\/abadecom.com\/wp-content\/uploads\/2023\/04\/Maquina-de-corte-para-tartas-congeladas_Abadecom_1.jpeg 293w\" sizes=\"auto, 250px\"\/><\/a><\/div><div class=\"sgb-item\"><a href=\"https:\/\/abadecom.com\/industria-alimentaria\/maquina-de-corte-para-tartas-congeladas_abadecom_2-jpeg\/\" target=\"_blank\"><img decoding=\"async\" alt=\"\" width=\"219\" height=\"300\" loading=\"lazy\" src=\"https:\/\/abadecom.com\/wp-content\/uploads\/2023\/04\/Maquina-de-corte-para-tartas-congeladas_Abadecom_2.jpeg-219x300.jpeg\" srcset=\"https:\/\/abadecom.com\/wp-content\/uploads\/2023\/04\/Maquina-de-corte-para-tartas-congeladas_Abadecom_2.jpeg-219x300.jpeg 219w,https:\/\/abadecom.com\/wp-content\/uploads\/2023\/04\/Maquina-de-corte-para-tartas-congeladas_Abadecom_2.jpeg.jpeg 286w\" sizes=\"auto, 250px\"\/><\/a><\/div><div class=\"sgb-item\"><a href=\"https:\/\/abadecom.com\/industria-alimentaria\/maquina-de-corte-para-tartas-congeladas_abadecom\/\" target=\"_blank\"><img decoding=\"async\" alt=\"\" width=\"221\" height=\"300\" loading=\"lazy\" src=\"https:\/\/abadecom.com\/wp-content\/uploads\/2023\/04\/Maquina-de-corte-para-tartas-congeladas_Abadecom-221x300.jpeg\" srcset=\"https:\/\/abadecom.com\/wp-content\/uploads\/2023\/04\/Maquina-de-corte-para-tartas-congeladas_Abadecom-221x300.jpeg 221w,https:\/\/abadecom.com\/wp-content\/uploads\/2023\/04\/Maquina-de-corte-para-tartas-congeladas_Abadecom.jpeg 392w\" sizes=\"auto, 250px\"\/><\/a><\/div><div class=\"sgb-item\"><a href=\"https:\/\/abadecom.com\/maquina-de-corte-para-tartas-congeladas\/whatsapp-image-2023-02-28-at-09-19-47\/\" target=\"_blank\"><img decoding=\"async\" alt=\"\" width=\"300\" height=\"138\" loading=\"lazy\" src=\"https:\/\/abadecom.com\/wp-content\/uploads\/2023\/06\/WhatsApp-Image-2023-02-28-at-09.19.47-300x138.jpeg\" srcset=\"https:\/\/abadecom.com\/wp-content\/uploads\/2023\/06\/WhatsApp-Image-2023-02-28-at-09.19.47-300x138.jpeg 300w,https:\/\/abadecom.com\/wp-content\/uploads\/2023\/06\/WhatsApp-Image-2023-02-28-at-09.19.47-1024x472.jpeg 1024w,https:\/\/abadecom.com\/wp-content\/uploads\/2023\/06\/WhatsApp-Image-2023-02-28-at-09.19.47.jpeg 1080w\" sizes=\"auto, 250px\"\/><\/a><\/div><div class=\"sgb-item\"><a href=\"https:\/\/abadecom.com\/maquina-de-corte-para-tartas-congeladas\/whatsapp-image-2023-02-28-at-09-19-46-1\/\" target=\"_blank\"><img decoding=\"async\" alt=\"\" width=\"138\" height=\"300\" loading=\"lazy\" src=\"https:\/\/abadecom.com\/wp-content\/uploads\/2023\/06\/WhatsApp-Image-2023-02-28-at-09.19.46-1-138x300.jpeg\" srcset=\"https:\/\/abadecom.com\/wp-content\/uploads\/2023\/06\/WhatsApp-Image-2023-02-28-at-09.19.46-1-138x300.jpeg 138w,https:\/\/abadecom.com\/wp-content\/uploads\/2023\/06\/WhatsApp-Image-2023-02-28-at-09.19.46-1-472x1024.jpeg 472w,https:\/\/abadecom.com\/wp-content\/uploads\/2023\/06\/WhatsApp-Image-2023-02-28-at-09.19.46-1.jpeg 498w\" sizes=\"auto, 250px\"\/><\/a><\/div><div class=\"sgb-item\"><a href=\"https:\/\/abadecom.com\/maquina-de-corte-para-tartas-congeladas\/whatsapp-image-2023-02-28-at-09-19-45-1\/\" target=\"_blank\"><img decoding=\"async\" alt=\"\" width=\"138\" height=\"300\" loading=\"lazy\" src=\"https:\/\/abadecom.com\/wp-content\/uploads\/2023\/06\/WhatsApp-Image-2023-02-28-at-09.19.45-1-138x300.jpeg\" srcset=\"https:\/\/abadecom.com\/wp-content\/uploads\/2023\/06\/WhatsApp-Image-2023-02-28-at-09.19.45-1-138x300.jpeg 138w,https:\/\/abadecom.com\/wp-content\/uploads\/2023\/06\/WhatsApp-Image-2023-02-28-at-09.19.45-1-472x1024.jpeg 472w,https:\/\/abadecom.com\/wp-content\/uploads\/2023\/06\/WhatsApp-Image-2023-02-28-at-09.19.45-1.jpeg 498w\" sizes=\"auto, 250px\"\/><\/a><\/div><\/div><\/noscript><\/div><script type=\"application\/json\" class=\"sgb-data\">{\"collectionThumbRecomendedWidth\":250,\"thumbSpacing\":3,\"externalLink\":false,\"collectionthumbHoverTitleFontSize\":12,\"collectionthumbRoundedCorners\":7,\"collectionThumbSubMenuShare\":false,\"sliderMaxHeight\":280,\"sliderAdminWidth\":840,\"responsiveHeight\":true,\"autoPlay\":true,\"galleryType\":\"pgc_sgb_slider\",\"galleryId\":\"0e463022\",\"images\":[{\"id\":8455,\"title\":\"M\u00e1quina de corte para tartas congeladas_Abadecom_1\",\"url\":\"https:\/\/abadecom.com\/wp-content\/uploads\/2023\/04\/Maquina-de-corte-para-tartas-congeladas_Abadecom_1.jpeg\",\"link\":\"https:\/\/abadecom.com\/industria-alimentaria\/maquina-de-corte-para-tartas-congeladas_abadecom_1\/\",\"alt\":\"\",\"description\":\"\",\"caption\":\"\",\"mime\":\"image\/jpeg\",\"type\":\"image\",\"width\":293,\"height\":291,\"sizes\":{\"thumbnail\":{\"height\":150,\"width\":150,\"url\":\"https:\/\/abadecom.com\/wp-content\/uploads\/2023\/04\/Maquina-de-corte-para-tartas-congeladas_Abadecom_1-150x150.jpeg\",\"orientation\":\"landscape\"},\"full\":{\"url\":\"https:\/\/abadecom.com\/wp-content\/uploads\/2023\/04\/Maquina-de-corte-para-tartas-congeladas_Abadecom_1.jpeg\",\"height\":291,\"width\":293,\"orientation\":\"landscape\"}},\"imageMeta\":{\"aperture\":\"0\",\"credit\":\"\",\"camera\":\"\",\"caption\":\"\",\"created_timestamp\":\"0\",\"copyright\":\"\",\"focal_length\":\"0\",\"iso\":\"0\",\"shutter_speed\":\"0\",\"title\":\"\",\"orientation\":\"0\",\"keywords\":[]},\"meta\":false,\"postlink\":\"https:\/\/abadecom.com\/industria-alimentaria\/maquina-de-corte-para-tartas-congeladas_abadecom_1\/\"},{\"id\":8454,\"title\":\"M\u00e1quina de corte para tartas congeladas_Abadecom_2.jpeg\",\"url\":\"https:\/\/abadecom.com\/wp-content\/uploads\/2023\/04\/Maquina-de-corte-para-tartas-congeladas_Abadecom_2.jpeg.jpeg\",\"link\":\"https:\/\/abadecom.com\/industria-alimentaria\/maquina-de-corte-para-tartas-congeladas_abadecom_2-jpeg\/\",\"alt\":\"\",\"description\":\"\",\"caption\":\"\",\"mime\":\"image\/jpeg\",\"type\":\"image\",\"width\":286,\"height\":391,\"sizes\":{\"thumbnail\":{\"height\":150,\"width\":150,\"url\":\"https:\/\/abadecom.com\/wp-content\/uploads\/2023\/04\/Maquina-de-corte-para-tartas-congeladas_Abadecom_2.jpeg-150x150.jpeg\",\"orientation\":\"landscape\"},\"medium\":{\"height\":300,\"width\":219,\"url\":\"https:\/\/abadecom.com\/wp-content\/uploads\/2023\/04\/Maquina-de-corte-para-tartas-congeladas_Abadecom_2.jpeg-219x300.jpeg\",\"orientation\":\"portrait\"},\"full\":{\"url\":\"https:\/\/abadecom.com\/wp-content\/uploads\/2023\/04\/Maquina-de-corte-para-tartas-congeladas_Abadecom_2.jpeg.jpeg\",\"height\":391,\"width\":286,\"orientation\":\"portrait\"}},\"imageMeta\":{\"aperture\":\"0\",\"credit\":\"\",\"camera\":\"\",\"caption\":\"\",\"created_timestamp\":\"0\",\"copyright\":\"\",\"focal_length\":\"0\",\"iso\":\"0\",\"shutter_speed\":\"0\",\"title\":\"\",\"orientation\":\"0\",\"keywords\":[]},\"meta\":false,\"postlink\":\"https:\/\/abadecom.com\/industria-alimentaria\/maquina-de-corte-para-tartas-congeladas_abadecom_2-jpeg\/\"},{\"id\":8456,\"title\":\"M\u00e1quina de corte para tartas congeladas_Abadecom\",\"url\":\"https:\/\/abadecom.com\/wp-content\/uploads\/2023\/04\/Maquina-de-corte-para-tartas-congeladas_Abadecom.jpeg\",\"link\":\"https:\/\/abadecom.com\/industria-alimentaria\/maquina-de-corte-para-tartas-congeladas_abadecom\/\",\"alt\":\"\",\"description\":\"\",\"caption\":\"\",\"mime\":\"image\/jpeg\",\"type\":\"image\",\"width\":392,\"height\":531,\"sizes\":{\"thumbnail\":{\"height\":150,\"width\":150,\"url\":\"https:\/\/abadecom.com\/wp-content\/uploads\/2023\/04\/Maquina-de-corte-para-tartas-congeladas_Abadecom-150x150.jpeg\",\"orientation\":\"landscape\"},\"medium\":{\"height\":300,\"width\":221,\"url\":\"https:\/\/abadecom.com\/wp-content\/uploads\/2023\/04\/Maquina-de-corte-para-tartas-congeladas_Abadecom-221x300.jpeg\",\"orientation\":\"portrait\"},\"full\":{\"url\":\"https:\/\/abadecom.com\/wp-content\/uploads\/2023\/04\/Maquina-de-corte-para-tartas-congeladas_Abadecom.jpeg\",\"height\":531,\"width\":392,\"orientation\":\"portrait\"}},\"imageMeta\":{\"aperture\":\"0\",\"credit\":\"\",\"camera\":\"\",\"caption\":\"\",\"created_timestamp\":\"0\",\"copyright\":\"\",\"focal_length\":\"0\",\"iso\":\"0\",\"shutter_speed\":\"0\",\"title\":\"\",\"orientation\":\"0\",\"keywords\":[]},\"meta\":false,\"postlink\":\"https:\/\/abadecom.com\/industria-alimentaria\/maquina-de-corte-para-tartas-congeladas_abadecom\/\"},{\"id\":8857,\"title\":\"WhatsApp Image 2023-02-28 at 09.19.47\",\"url\":\"https:\/\/abadecom.com\/wp-content\/uploads\/2023\/06\/WhatsApp-Image-2023-02-28-at-09.19.47.jpeg\",\"link\":\"https:\/\/abadecom.com\/maquina-de-corte-para-tartas-congeladas\/whatsapp-image-2023-02-28-at-09-19-47\/\",\"alt\":\"\",\"description\":\"\",\"caption\":\"\",\"mime\":\"image\/jpeg\",\"type\":\"image\",\"width\":1080,\"height\":498,\"sizes\":{\"thumbnail\":{\"height\":150,\"width\":150,\"url\":\"https:\/\/abadecom.com\/wp-content\/uploads\/2023\/06\/WhatsApp-Image-2023-02-28-at-09.19.47-150x150.jpeg\",\"orientation\":\"landscape\"},\"medium\":{\"height\":138,\"width\":300,\"url\":\"https:\/\/abadecom.com\/wp-content\/uploads\/2023\/06\/WhatsApp-Image-2023-02-28-at-09.19.47-300x138.jpeg\",\"orientation\":\"landscape\"},\"large\":{\"height\":472,\"width\":1024,\"url\":\"https:\/\/abadecom.com\/wp-content\/uploads\/2023\/06\/WhatsApp-Image-2023-02-28-at-09.19.47-1024x472.jpeg\",\"orientation\":\"landscape\"},\"full\":{\"url\":\"https:\/\/abadecom.com\/wp-content\/uploads\/2023\/06\/WhatsApp-Image-2023-02-28-at-09.19.47.jpeg\",\"height\":498,\"width\":1080,\"orientation\":\"landscape\"}},\"imageMeta\":{\"aperture\":\"0\",\"credit\":\"\",\"camera\":\"\",\"caption\":\"\",\"created_timestamp\":\"0\",\"copyright\":\"\",\"focal_length\":\"0\",\"iso\":\"0\",\"shutter_speed\":\"0\",\"title\":\"\",\"orientation\":\"0\",\"keywords\":[]},\"meta\":false,\"postlink\":\"https:\/\/abadecom.com\/maquina-de-corte-para-tartas-congeladas\/whatsapp-image-2023-02-28-at-09-19-47\/\"},{\"id\":8858,\"title\":\"WhatsApp Image 2023-02-28 at 09.19.46 (1)\",\"url\":\"https:\/\/abadecom.com\/wp-content\/uploads\/2023\/06\/WhatsApp-Image-2023-02-28-at-09.19.46-1.jpeg\",\"link\":\"https:\/\/abadecom.com\/maquina-de-corte-para-tartas-congeladas\/whatsapp-image-2023-02-28-at-09-19-46-1\/\",\"alt\":\"\",\"description\":\"\",\"caption\":\"\",\"mime\":\"image\/jpeg\",\"type\":\"image\",\"width\":498,\"height\":1080,\"sizes\":{\"thumbnail\":{\"height\":150,\"width\":150,\"url\":\"https:\/\/abadecom.com\/wp-content\/uploads\/2023\/06\/WhatsApp-Image-2023-02-28-at-09.19.46-1-150x150.jpeg\",\"orientation\":\"landscape\"},\"medium\":{\"height\":300,\"width\":138,\"url\":\"https:\/\/abadecom.com\/wp-content\/uploads\/2023\/06\/WhatsApp-Image-2023-02-28-at-09.19.46-1-138x300.jpeg\",\"orientation\":\"portrait\"},\"large\":{\"height\":1024,\"width\":472,\"url\":\"https:\/\/abadecom.com\/wp-content\/uploads\/2023\/06\/WhatsApp-Image-2023-02-28-at-09.19.46-1-472x1024.jpeg\",\"orientation\":\"portrait\"},\"full\":{\"url\":\"https:\/\/abadecom.com\/wp-content\/uploads\/2023\/06\/WhatsApp-Image-2023-02-28-at-09.19.46-1.jpeg\",\"height\":1080,\"width\":498,\"orientation\":\"portrait\"}},\"imageMeta\":{\"aperture\":\"0\",\"credit\":\"\",\"camera\":\"\",\"caption\":\"\",\"created_timestamp\":\"0\",\"copyright\":\"\",\"focal_length\":\"0\",\"iso\":\"0\",\"shutter_speed\":\"0\",\"title\":\"\",\"orientation\":\"0\",\"keywords\":[]},\"meta\":false,\"postlink\":\"https:\/\/abadecom.com\/maquina-de-corte-para-tartas-congeladas\/whatsapp-image-2023-02-28-at-09-19-46-1\/\"},{\"id\":8859,\"title\":\"WhatsApp Image 2023-02-28 at 09.19.45 (1)\",\"url\":\"https:\/\/abadecom.com\/wp-content\/uploads\/2023\/06\/WhatsApp-Image-2023-02-28-at-09.19.45-1.jpeg\",\"link\":\"https:\/\/abadecom.com\/maquina-de-corte-para-tartas-congeladas\/whatsapp-image-2023-02-28-at-09-19-45-1\/\",\"alt\":\"\",\"description\":\"\",\"caption\":\"\",\"mime\":\"image\/jpeg\",\"type\":\"image\",\"width\":498,\"height\":1080,\"sizes\":{\"thumbnail\":{\"height\":150,\"width\":150,\"url\":\"https:\/\/abadecom.com\/wp-content\/uploads\/2023\/06\/WhatsApp-Image-2023-02-28-at-09.19.45-1-150x150.jpeg\",\"orientation\":\"landscape\"},\"medium\":{\"height\":300,\"width\":138,\"url\":\"https:\/\/abadecom.com\/wp-content\/uploads\/2023\/06\/WhatsApp-Image-2023-02-28-at-09.19.45-1-138x300.jpeg\",\"orientation\":\"portrait\"},\"large\":{\"height\":1024,\"width\":472,\"url\":\"https:\/\/abadecom.com\/wp-content\/uploads\/2023\/06\/WhatsApp-Image-2023-02-28-at-09.19.45-1-472x1024.jpeg\",\"orientation\":\"portrait\"},\"full\":{\"url\":\"https:\/\/abadecom.com\/wp-content\/uploads\/2023\/06\/WhatsApp-Image-2023-02-28-at-09.19.45-1.jpeg\",\"height\":1080,\"width\":498,\"orientation\":\"portrait\"}},\"imageMeta\":{\"aperture\":\"0\",\"credit\":\"\",\"camera\":\"\",\"caption\":\"\",\"created_timestamp\":\"0\",\"copyright\":\"\",\"focal_length\":\"0\",\"iso\":\"0\",\"shutter_speed\":\"0\",\"title\":\"\",\"orientation\":\"0\",\"keywords\":[]},\"meta\":false,\"postlink\":\"https:\/\/abadecom.com\/maquina-de-corte-para-tartas-congeladas\/whatsapp-image-2023-02-28-at-09-19-45-1\/\"}],\"itemsMetaDataCollection\":[{\"link\":\"https:\/\/abadecom.com\/maquina-de-corte-para-tartas-congeladas\/\",\"linkTarget\":\"_blank\",\"linkText\":\"M\u00e1quina de corte de tartas congeladas\",\"tags\":[],\"id\":8455}],\"lazyLoading\":false,\"contentNoPadding\":true,\"galleryBgColor\":\"rgba(0,100,100,1)\",\"galleryBorderRadius\":2,\"TrpContentRestriction\":{\"restriction_type\":\"exclude\",\"selected_languages\":[],\"panel_open\":true}}<\/script><script>(function(){if(window.PGC_SGB && window.PGC_SGB.searcher){window.PGC_SGB.searcher.initBlocks()}})()<\/script><\/div>\n\n\n<p class=\"wp-block-paragraph\"><\/p>\n\n\n\n<p class=\"wp-block-paragraph\"><strong>Rendimiento y caracter\u00edsticas principales<\/strong>:<br>&#8211; Corte ultras\u00f3nico con cuchilla de corte fino y sin escorias.<br>&#8211; Corta en formatos rectangular, cuadrado y triangular.<br>&#8211; Campo de corte amplio, adem\u00e1s de tarta o pastel, tambi\u00e9n puede cortar otros productos congelados y\/o productos de crema.<\/p>\n\n\n\n<p class=\"wp-block-paragraph\">Garant\u00eda: 12 meses<\/p>\n\n\n\n<figure class=\"wp-block-embed is-type-video is-provider-youtube wp-block-embed-youtube wp-embed-aspect-16-9 wp-has-aspect-ratio\"><div class=\"wp-block-embed__wrapper\">\n<iframe loading=\"lazy\" hcb-fetch-image-from=\"https:\/\/www.youtube.com\/watch?v=04ZnpVs2u40\" title=\"M\u00e1quina cortadora de productos congelados_Abadecom\" width=\"640\" height=\"360\" src=\"https:\/\/www.youtube.com\/embed\/04ZnpVs2u40?feature=oembed\" frameborder=\"0\" allow=\"accelerometer; autoplay; clipboard-write; encrypted-media; gyroscope; picture-in-picture; web-share\" referrerpolicy=\"strict-origin-when-cross-origin\" allowfullscreen><\/iframe>\n<\/div><\/figure>\n\n\n\n<p class=\"wp-block-paragraph\"><strong>Descargar Ficha T\u00e9cnica:<\/strong> <strong><a href=\"https:\/\/abadecom.com\/wp-content\/uploads\/2023\/12\/Ficha-tecnica-maquina-de-corte-congelados_Abadecom.pdf\" target=\"_blank\" rel=\"noreferrer noopener\">Espa\u00f1ol<\/a> <\/strong>\/<strong> <a href=\"https:\/\/abadecom.com\/wp-content\/uploads\/2023\/12\/FICHA-TECNICA-CORTADOR-CONGELADOS_ingles.pdf.pdf\" target=\"_blank\" rel=\"noreferrer noopener\">Ingl\u00e9s<\/a><\/strong><\/p>\n","protected":false},"excerpt":{"rendered":"<p>La M\u00e1quina de corte especializada en tartas congeladas de Abadecom representa la vanguardia en tecnolog\u00eda para la preparaci\u00f3n eficiente de productos congelados. Equipada con cuchillas de alta precisi\u00f3n, esta ingeniosa m\u00e1quina ha sido meticulosamente dise\u00f1ada para simplificar y acelerar el proceso de preparaci\u00f3n de tartas y otros productos similares. Su capacidad para cortar tartas de [&#8230;]<\/p>\n<p><a class=\"btn btn-secondary understrap-read-more-link\" href=\"https:\/\/abadecom.com\/it\/maquina-de-corte-para-tartas-congeladas\/\">Leggi di pi\u00f9&#8230;<span class=\"screen-reader-text\"> from M\u00e1quina de corte para tartas congeladas<\/span><\/a><\/p>\n","protected":false},"author":1,"featured_media":0,"parent":0,"menu_order":64,"comment_status":"closed","ping_status":"closed","template":"","meta":{"content-type":"","_monsterinsights_skip_tracking":false,"pgc_sgb_lightbox_settings":"","footnotes":""},"class_list":["post-8716","page","type-page","status-publish","hentry"],"yoast_head":"<!-- This site is optimized with the Yoast SEO plugin v28.4 - https:\/\/yoast.com\/product\/yoast-seo-wordpress\/ -->\n<title>M\u00e1quina de corte para tartas congeladas - Abadecom<\/title>\n<meta name=\"robots\" content=\"index, follow, max-snippet:-1, max-image-preview:large, max-video-preview:-1\" \/>\n<link rel=\"canonical\" href=\"https:\/\/abadecom.com\/it\/maquina-de-corte-para-tartas-congeladas\/\" \/>\n<meta property=\"og:locale\" content=\"it_IT\" \/>\n<meta property=\"og:type\" content=\"article\" \/>\n<meta property=\"og:title\" content=\"M\u00e1quina de corte para tartas congeladas - Abadecom\" \/>\n<meta property=\"og:description\" content=\"La M\u00e1quina de corte especializada en tartas congeladas de Abadecom representa la vanguardia en tecnolog\u00eda para la preparaci\u00f3n eficiente de productos congelados. Equipada con cuchillas de alta precisi\u00f3n, esta ingeniosa m\u00e1quina ha sido meticulosamente dise\u00f1ada para simplificar y acelerar el proceso de preparaci\u00f3n de tartas y otros productos similares. Su capacidad para cortar tartas de [...]Leggi di pi\u00f9... from M\u00e1quina de corte para tartas congeladas\" \/>\n<meta property=\"og:url\" content=\"https:\/\/abadecom.com\/it\/maquina-de-corte-para-tartas-congeladas\/\" \/>\n<meta property=\"og:site_name\" content=\"Abadecom\" \/>\n<meta property=\"article:modified_time\" content=\"2023-12-22T09:04:22+00:00\" \/>\n<meta property=\"og:image\" content=\"https:\/\/abadecom.com\/wp-content\/uploads\/2023\/04\/Maquina-de-corte-para-tartas-congeladas_Abadecom_1.jpeg\" \/>\n<meta name=\"twitter:card\" content=\"summary_large_image\" \/>\n<meta name=\"twitter:label1\" content=\"Tempo di lettura stimato\" \/>\n\t<meta name=\"twitter:data1\" content=\"3 minuti\" \/>\n<script type=\"application\/ld+json\" class=\"yoast-schema-graph\">{\"@context\":\"https:\\\/\\\/schema.org\",\"@graph\":[{\"@type\":\"WebPage\",\"@id\":\"https:\\\/\\\/abadecom.com\\\/maquina-de-corte-para-tartas-congeladas\\\/\",\"url\":\"https:\\\/\\\/abadecom.com\\\/maquina-de-corte-para-tartas-congeladas\\\/\",\"name\":\"M\u00e1quina de corte para tartas congeladas - Abadecom\",\"isPartOf\":{\"@id\":\"https:\\\/\\\/abadecom.com\\\/#website\"},\"primaryImageOfPage\":{\"@id\":\"https:\\\/\\\/abadecom.com\\\/maquina-de-corte-para-tartas-congeladas\\\/#primaryimage\"},\"image\":{\"@id\":\"https:\\\/\\\/abadecom.com\\\/maquina-de-corte-para-tartas-congeladas\\\/#primaryimage\"},\"thumbnailUrl\":\"https:\\\/\\\/abadecom.com\\\/wp-content\\\/uploads\\\/2023\\\/04\\\/Maquina-de-corte-para-tartas-congeladas_Abadecom_1.jpeg\",\"datePublished\":\"2023-06-12T13:42:08+00:00\",\"dateModified\":\"2023-12-22T09:04:22+00:00\",\"inLanguage\":\"it-IT\",\"potentialAction\":[{\"@type\":\"ReadAction\",\"target\":[\"https:\\\/\\\/abadecom.com\\\/maquina-de-corte-para-tartas-congeladas\\\/\"]}]},{\"@type\":\"ImageObject\",\"inLanguage\":\"it-IT\",\"@id\":\"https:\\\/\\\/abadecom.com\\\/maquina-de-corte-para-tartas-congeladas\\\/#primaryimage\",\"url\":\"https:\\\/\\\/abadecom.com\\\/wp-content\\\/uploads\\\/2023\\\/04\\\/Maquina-de-corte-para-tartas-congeladas_Abadecom_1.jpeg\",\"contentUrl\":\"https:\\\/\\\/abadecom.com\\\/wp-content\\\/uploads\\\/2023\\\/04\\\/Maquina-de-corte-para-tartas-congeladas_Abadecom_1.jpeg\"},{\"@type\":\"WebSite\",\"@id\":\"https:\\\/\\\/abadecom.com\\\/#website\",\"url\":\"https:\\\/\\\/abadecom.com\\\/\",\"name\":\"Abadecom\",\"description\":\"Productos sostenibles y respetuosos con el medio ambiente\",\"publisher\":{\"@id\":\"https:\\\/\\\/abadecom.com\\\/#organization\"},\"alternateName\":\"Abadecom\",\"potentialAction\":[{\"@type\":\"SearchAction\",\"target\":{\"@type\":\"EntryPoint\",\"urlTemplate\":\"https:\\\/\\\/abadecom.com\\\/?s={search_term_string}\"},\"query-input\":{\"@type\":\"PropertyValueSpecification\",\"valueRequired\":true,\"valueName\":\"search_term_string\"}}],\"inLanguage\":\"it-IT\"},{\"@type\":\"Organization\",\"@id\":\"https:\\\/\\\/abadecom.com\\\/#organization\",\"name\":\"Abadecom\",\"url\":\"https:\\\/\\\/abadecom.com\\\/\",\"logo\":{\"@type\":\"ImageObject\",\"inLanguage\":\"it-IT\",\"@id\":\"https:\\\/\\\/abadecom.com\\\/#\\\/schema\\\/logo\\\/image\\\/\",\"url\":\"https:\\\/\\\/abadecom.com\\\/wp-content\\\/uploads\\\/2022\\\/03\\\/Logo-Abadecom-e1647715158799.png\",\"contentUrl\":\"https:\\\/\\\/abadecom.com\\\/wp-content\\\/uploads\\\/2022\\\/03\\\/Logo-Abadecom-e1647715158799.png\",\"width\":200,\"height\":117,\"caption\":\"Abadecom\"},\"image\":{\"@id\":\"https:\\\/\\\/abadecom.com\\\/#\\\/schema\\\/logo\\\/image\\\/\"}}]}<\/script>\n<!-- \/ Yoast SEO plugin. -->","yoast_head_json":{"title":"M\u00e1quina de corte para tartas congeladas - Abadecom","robots":{"index":"index","follow":"follow","max-snippet":"max-snippet:-1","max-image-preview":"max-image-preview:large","max-video-preview":"max-video-preview:-1"},"canonical":"https:\/\/abadecom.com\/it\/maquina-de-corte-para-tartas-congeladas\/","og_locale":"it_IT","og_type":"article","og_title":"M\u00e1quina de corte para tartas congeladas - Abadecom","og_description":"La M\u00e1quina de corte especializada en tartas congeladas de Abadecom representa la vanguardia en tecnolog\u00eda para la preparaci\u00f3n eficiente de productos congelados. Equipada con cuchillas de alta precisi\u00f3n, esta ingeniosa m\u00e1quina ha sido meticulosamente dise\u00f1ada para simplificar y acelerar el proceso de preparaci\u00f3n de tartas y otros productos similares. Su capacidad para cortar tartas de [...]Leggi di pi\u00f9... from M\u00e1quina de corte para tartas congeladas","og_url":"https:\/\/abadecom.com\/it\/maquina-de-corte-para-tartas-congeladas\/","og_site_name":"Abadecom","article_modified_time":"2023-12-22T09:04:22+00:00","og_image":[{"url":"https:\/\/abadecom.com\/wp-content\/uploads\/2023\/04\/Maquina-de-corte-para-tartas-congeladas_Abadecom_1.jpeg","type":"","width":"","height":""}],"twitter_card":"summary_large_image","twitter_misc":{"Tempo di lettura stimato":"3 minuti"},"schema":{"@context":"https:\/\/schema.org","@graph":[{"@type":"WebPage","@id":"https:\/\/abadecom.com\/maquina-de-corte-para-tartas-congeladas\/","url":"https:\/\/abadecom.com\/maquina-de-corte-para-tartas-congeladas\/","name":"M\u00e1quina de corte para tartas congeladas - Abadecom","isPartOf":{"@id":"https:\/\/abadecom.com\/#website"},"primaryImageOfPage":{"@id":"https:\/\/abadecom.com\/maquina-de-corte-para-tartas-congeladas\/#primaryimage"},"image":{"@id":"https:\/\/abadecom.com\/maquina-de-corte-para-tartas-congeladas\/#primaryimage"},"thumbnailUrl":"https:\/\/abadecom.com\/wp-content\/uploads\/2023\/04\/Maquina-de-corte-para-tartas-congeladas_Abadecom_1.jpeg","datePublished":"2023-06-12T13:42:08+00:00","dateModified":"2023-12-22T09:04:22+00:00","inLanguage":"it-IT","potentialAction":[{"@type":"ReadAction","target":["https:\/\/abadecom.com\/maquina-de-corte-para-tartas-congeladas\/"]}]},{"@type":"ImageObject","inLanguage":"it-IT","@id":"https:\/\/abadecom.com\/maquina-de-corte-para-tartas-congeladas\/#primaryimage","url":"https:\/\/abadecom.com\/wp-content\/uploads\/2023\/04\/Maquina-de-corte-para-tartas-congeladas_Abadecom_1.jpeg","contentUrl":"https:\/\/abadecom.com\/wp-content\/uploads\/2023\/04\/Maquina-de-corte-para-tartas-congeladas_Abadecom_1.jpeg"},{"@type":"WebSite","@id":"https:\/\/abadecom.com\/#website","url":"https:\/\/abadecom.com\/","name":"Abadecom","description":"Prodotti sostenibili e rispettosi dell'ambiente","publisher":{"@id":"https:\/\/abadecom.com\/#organization"},"alternateName":"Abadecom","potentialAction":[{"@type":"SearchAction","target":{"@type":"EntryPoint","urlTemplate":"https:\/\/abadecom.com\/?s={search_term_string}"},"query-input":{"@type":"PropertyValueSpecification","valueRequired":true,"valueName":"search_term_string"}}],"inLanguage":"it-IT"},{"@type":"Organization","@id":"https:\/\/abadecom.com\/#organization","name":"Abadecom","url":"https:\/\/abadecom.com\/","logo":{"@type":"ImageObject","inLanguage":"it-IT","@id":"https:\/\/abadecom.com\/#\/schema\/logo\/image\/","url":"https:\/\/abadecom.com\/wp-content\/uploads\/2022\/03\/Logo-Abadecom-e1647715158799.png","contentUrl":"https:\/\/abadecom.com\/wp-content\/uploads\/2022\/03\/Logo-Abadecom-e1647715158799.png","width":200,"height":117,"caption":"Abadecom"},"image":{"@id":"https:\/\/abadecom.com\/#\/schema\/logo\/image\/"}}]}},"_links":{"self":[{"href":"https:\/\/abadecom.com\/it\/wp-json\/wp\/v2\/pages\/8716","targetHints":{"allow":["GET"]}}],"collection":[{"href":"https:\/\/abadecom.com\/it\/wp-json\/wp\/v2\/pages"}],"about":[{"href":"https:\/\/abadecom.com\/it\/wp-json\/wp\/v2\/types\/page"}],"author":[{"embeddable":true,"href":"https:\/\/abadecom.com\/it\/wp-json\/wp\/v2\/users\/1"}],"replies":[{"embeddable":true,"href":"https:\/\/abadecom.com\/it\/wp-json\/wp\/v2\/comments?post=8716"}],"version-history":[{"count":17,"href":"https:\/\/abadecom.com\/it\/wp-json\/wp\/v2\/pages\/8716\/revisions"}],"predecessor-version":[{"id":9368,"href":"https:\/\/abadecom.com\/it\/wp-json\/wp\/v2\/pages\/8716\/revisions\/9368"}],"wp:attachment":[{"href":"https:\/\/abadecom.com\/it\/wp-json\/wp\/v2\/media?parent=8716"}],"curies":[{"name":"wp","href":"https:\/\/api.w.org\/{rel}","templated":true}]}}