{"id":1785,"date":"2020-11-27T16:07:09","date_gmt":"2020-11-27T16:07:09","guid":{"rendered":"https:\/\/gbsolutions.es\/?page_id=1785"},"modified":"2023-12-22T09:04:20","modified_gmt":"2023-12-22T09:04:20","slug":"sistema-habitacional-sostenible","status":"publish","type":"page","link":"https:\/\/abadecom.com\/it\/sistema-habitacional-sostenible\/","title":{"rendered":"Sistema abitativo sostenibile"},"content":{"rendered":"\n<p class=\"wp-block-paragraph\">La empresa Abadecom ofrece un proyecto de construcci\u00f3n modular ecol\u00f3gica (EcoModular), con una flexibilidad ideal para adaptarse a cualquier clima, utilizando principalmente materiales reciclados y reciclables; siguiendo esta propuesta, crea un Sistema Modular autosostenible con bajo impacto ambiental, capaz de permanecer aislado de redes el\u00e9ctricas, hidr\u00e1ulicas o sanitarias.<\/p>\n\n\n<div class=\"pgc-sgb-cb wp-block-pgcsimplygalleryblock-slider \" data-gallery-id=\"2ee69559\"style=&quot;min-height:400px&quot;><div class=\"sgb-preloader\" id=\"pr_2ee69559\">\n\t<div class=\"sgb-square\" style=\"background:#d4d4d4\"><\/div>\n\t<div class=\"sgb-square\" style=\"background:#d4d4d4\"><\/div>\n\t<div class=\"sgb-square\" style=\"background:#d4d4d4\"><\/div>\n\t<div class=\"sgb-square\" style=\"background:#d4d4d4\"><\/div><\/div><div class=\"simply-gallery-amp pgc_sgb_slider \"><noscript><div class=\"sgb-gallery\"><div class=\"sgb-item\"><a href=\"https:\/\/abadecom.com\/modulo-habitacional-clima-tropical-4\/\" target=\"_blank\"><img decoding=\"async\" alt=\"\" width=\"300\" height=\"169\" loading=\"lazy\" src=\"https:\/\/abadecom.com\/wp-content\/uploads\/2022\/12\/Modulo-Habitacional-Clima-Tropical-4-300x169.jpg\" srcset=\"https:\/\/abadecom.com\/wp-content\/uploads\/2022\/12\/Modulo-Habitacional-Clima-Tropical-4-300x169.jpg 300w,https:\/\/abadecom.com\/wp-content\/uploads\/2022\/12\/Modulo-Habitacional-Clima-Tropical-4-1024x576.jpg 640w,https:\/\/abadecom.com\/wp-content\/uploads\/2022\/12\/Modulo-Habitacional-Clima-Tropical-4-scaled.jpg 2560w\" sizes=\"auto, 250px\"\/><\/a><\/div><div class=\"sgb-item\"><a href=\"https:\/\/abadecom.com\/modulo-habitacional-clima-templado-3\/\" target=\"_blank\"><img decoding=\"async\" alt=\"\" width=\"300\" height=\"169\" loading=\"lazy\" src=\"https:\/\/abadecom.com\/wp-content\/uploads\/2022\/12\/Modulo-Habitacional-Clima-Templado-3-300x169.jpg\" srcset=\"https:\/\/abadecom.com\/wp-content\/uploads\/2022\/12\/Modulo-Habitacional-Clima-Templado-3-300x169.jpg 300w,https:\/\/abadecom.com\/wp-content\/uploads\/2022\/12\/Modulo-Habitacional-Clima-Templado-3-1024x576.jpg 640w,https:\/\/abadecom.com\/wp-content\/uploads\/2022\/12\/Modulo-Habitacional-Clima-Templado-3-scaled.jpg 2560w\" sizes=\"auto, 250px\"\/><\/a><\/div><div class=\"sgb-item\"><a href=\"https:\/\/abadecom.com\/modulo-habitacional-clima-tropical-1\/\" target=\"_blank\"><img decoding=\"async\" alt=\"\" width=\"300\" height=\"169\" loading=\"lazy\" src=\"https:\/\/abadecom.com\/wp-content\/uploads\/2022\/12\/Modulo-Habitacional-Clima-Tropical-1-300x169.jpg\" srcset=\"https:\/\/abadecom.com\/wp-content\/uploads\/2022\/12\/Modulo-Habitacional-Clima-Tropical-1-300x169.jpg 300w,https:\/\/abadecom.com\/wp-content\/uploads\/2022\/12\/Modulo-Habitacional-Clima-Tropical-1-1024x576.jpg 640w,https:\/\/abadecom.com\/wp-content\/uploads\/2022\/12\/Modulo-Habitacional-Clima-Tropical-1-scaled.jpg 2560w\" sizes=\"auto, 250px\"\/><\/a><\/div><div class=\"sgb-item\"><a href=\"https:\/\/abadecom.com\/modulo-habitacional-interior-sala-cocina-comedor\/\" target=\"_blank\"><img decoding=\"async\" alt=\"\" width=\"300\" height=\"169\" loading=\"lazy\" src=\"https:\/\/abadecom.com\/wp-content\/uploads\/2022\/12\/Modulo-Habitacional-Interior-Sala-Cocina-Comedor-300x169.jpg\" srcset=\"https:\/\/abadecom.com\/wp-content\/uploads\/2022\/12\/Modulo-Habitacional-Interior-Sala-Cocina-Comedor-300x169.jpg 300w,https:\/\/abadecom.com\/wp-content\/uploads\/2022\/12\/Modulo-Habitacional-Interior-Sala-Cocina-Comedor-1024x576.jpg 640w,https:\/\/abadecom.com\/wp-content\/uploads\/2022\/12\/Modulo-Habitacional-Interior-Sala-Cocina-Comedor-scaled.jpg 2560w\" sizes=\"auto, 250px\"\/><\/a><\/div><div class=\"sgb-item\"><a href=\"https:\/\/abadecom.com\/modulo-habitacional-clima-tropical-2\/\" target=\"_blank\"><img decoding=\"async\" alt=\"\" width=\"300\" height=\"169\" loading=\"lazy\" src=\"https:\/\/abadecom.com\/wp-content\/uploads\/2022\/12\/Modulo-Habitacional-Clima-Tropical-2-300x169.jpg\" srcset=\"https:\/\/abadecom.com\/wp-content\/uploads\/2022\/12\/Modulo-Habitacional-Clima-Tropical-2-300x169.jpg 300w,https:\/\/abadecom.com\/wp-content\/uploads\/2022\/12\/Modulo-Habitacional-Clima-Tropical-2-1024x576.jpg 640w,https:\/\/abadecom.com\/wp-content\/uploads\/2022\/12\/Modulo-Habitacional-Clima-Tropical-2-scaled.jpg 2560w\" sizes=\"auto, 250px\"\/><\/a><\/div><div class=\"sgb-item\"><a href=\"https:\/\/abadecom.com\/modulo-habitacional-clima-templado-1\/\" target=\"_blank\"><img decoding=\"async\" alt=\"\" width=\"300\" height=\"169\" loading=\"lazy\" src=\"https:\/\/abadecom.com\/wp-content\/uploads\/2022\/12\/Modulo-Habitacional-Clima-Templado-1-300x169.jpg\" srcset=\"https:\/\/abadecom.com\/wp-content\/uploads\/2022\/12\/Modulo-Habitacional-Clima-Templado-1-300x169.jpg 300w,https:\/\/abadecom.com\/wp-content\/uploads\/2022\/12\/Modulo-Habitacional-Clima-Templado-1-1024x576.jpg 640w,https:\/\/abadecom.com\/wp-content\/uploads\/2022\/12\/Modulo-Habitacional-Clima-Templado-1-scaled.jpg 2560w\" sizes=\"auto, 250px\"\/><\/a><\/div><\/div><\/noscript><\/div><script type=\"application\/json\" class=\"sgb-data\">{\"externalLink\":false,\"captions\":false,\"collectionthumbRoundedCorners\":6,\"sliderAdminWidth\":840,\"sliderNextPrevIconColorHover\":\"rgba(0,102,102,1)\",\"sliderThumbsNavi\":false,\"sliderDotNavi\":true,\"autoPlay\":true,\"galleryType\":\"pgc_sgb_slider\",\"galleryId\":\"2ee69559\",\"images\":[{\"id\":7913,\"title\":\"M\u00f3dulo Habitacional Clima Tropical 4\",\"url\":\"https:\/\/abadecom.com\/wp-content\/uploads\/2022\/12\/Modulo-Habitacional-Clima-Tropical-4-scaled.jpg\",\"link\":\"https:\/\/abadecom.com\/modulo-habitacional-clima-tropical-4\/\",\"alt\":\"\",\"description\":\"\",\"caption\":\"\",\"mime\":\"image\/jpeg\",\"type\":\"image\",\"width\":2560,\"height\":1440,\"sizes\":{\"thumbnail\":{\"height\":150,\"width\":150,\"url\":\"https:\/\/abadecom.com\/wp-content\/uploads\/2022\/12\/Modulo-Habitacional-Clima-Tropical-4-150x150.jpg\",\"orientation\":\"landscape\"},\"medium\":{\"height\":169,\"width\":300,\"url\":\"https:\/\/abadecom.com\/wp-content\/uploads\/2022\/12\/Modulo-Habitacional-Clima-Tropical-4-300x169.jpg\",\"orientation\":\"landscape\"},\"large\":{\"height\":360,\"width\":640,\"url\":\"https:\/\/abadecom.com\/wp-content\/uploads\/2022\/12\/Modulo-Habitacional-Clima-Tropical-4-1024x576.jpg\",\"orientation\":\"landscape\"},\"full\":{\"url\":\"https:\/\/abadecom.com\/wp-content\/uploads\/2022\/12\/Modulo-Habitacional-Clima-Tropical-4-scaled.jpg\",\"height\":1440,\"width\":2560,\"orientation\":\"landscape\"}},\"meta\":false,\"postlink\":\"https:\/\/abadecom.com\/modulo-habitacional-clima-tropical-4\/\"},{\"id\":7909,\"title\":\"M\u00f3dulo Habitacional Clima Templado 3\",\"url\":\"https:\/\/abadecom.com\/wp-content\/uploads\/2022\/12\/Modulo-Habitacional-Clima-Templado-3-scaled.jpg\",\"link\":\"https:\/\/abadecom.com\/modulo-habitacional-clima-templado-3\/\",\"alt\":\"\",\"description\":\"\",\"caption\":\"\",\"mime\":\"image\/jpeg\",\"type\":\"image\",\"width\":2560,\"height\":1440,\"sizes\":{\"thumbnail\":{\"height\":150,\"width\":150,\"url\":\"https:\/\/abadecom.com\/wp-content\/uploads\/2022\/12\/Modulo-Habitacional-Clima-Templado-3-150x150.jpg\",\"orientation\":\"landscape\"},\"medium\":{\"height\":169,\"width\":300,\"url\":\"https:\/\/abadecom.com\/wp-content\/uploads\/2022\/12\/Modulo-Habitacional-Clima-Templado-3-300x169.jpg\",\"orientation\":\"landscape\"},\"large\":{\"height\":360,\"width\":640,\"url\":\"https:\/\/abadecom.com\/wp-content\/uploads\/2022\/12\/Modulo-Habitacional-Clima-Templado-3-1024x576.jpg\",\"orientation\":\"landscape\"},\"full\":{\"url\":\"https:\/\/abadecom.com\/wp-content\/uploads\/2022\/12\/Modulo-Habitacional-Clima-Templado-3-scaled.jpg\",\"height\":1440,\"width\":2560,\"orientation\":\"landscape\"}},\"meta\":false,\"postlink\":\"https:\/\/abadecom.com\/modulo-habitacional-clima-templado-3\/\"},{\"id\":7910,\"title\":\"M\u00f3dulo Habitacional Clima Tropical 1\",\"url\":\"https:\/\/abadecom.com\/wp-content\/uploads\/2022\/12\/Modulo-Habitacional-Clima-Tropical-1-scaled.jpg\",\"link\":\"https:\/\/abadecom.com\/modulo-habitacional-clima-tropical-1\/\",\"alt\":\"\",\"description\":\"\",\"caption\":\"\",\"mime\":\"image\/jpeg\",\"type\":\"image\",\"width\":2560,\"height\":1440,\"sizes\":{\"thumbnail\":{\"height\":150,\"width\":150,\"url\":\"https:\/\/abadecom.com\/wp-content\/uploads\/2022\/12\/Modulo-Habitacional-Clima-Tropical-1-150x150.jpg\",\"orientation\":\"landscape\"},\"medium\":{\"height\":169,\"width\":300,\"url\":\"https:\/\/abadecom.com\/wp-content\/uploads\/2022\/12\/Modulo-Habitacional-Clima-Tropical-1-300x169.jpg\",\"orientation\":\"landscape\"},\"large\":{\"height\":360,\"width\":640,\"url\":\"https:\/\/abadecom.com\/wp-content\/uploads\/2022\/12\/Modulo-Habitacional-Clima-Tropical-1-1024x576.jpg\",\"orientation\":\"landscape\"},\"full\":{\"url\":\"https:\/\/abadecom.com\/wp-content\/uploads\/2022\/12\/Modulo-Habitacional-Clima-Tropical-1-scaled.jpg\",\"height\":1440,\"width\":2560,\"orientation\":\"landscape\"}},\"meta\":false,\"postlink\":\"https:\/\/abadecom.com\/modulo-habitacional-clima-tropical-1\/\"},{\"id\":7906,\"title\":\"M\u00f3dulo Habitacional Interior Sala -Cocina-Comedor\",\"url\":\"https:\/\/abadecom.com\/wp-content\/uploads\/2022\/12\/Modulo-Habitacional-Interior-Sala-Cocina-Comedor-scaled.jpg\",\"link\":\"https:\/\/abadecom.com\/modulo-habitacional-interior-sala-cocina-comedor\/\",\"alt\":\"\",\"description\":\"\",\"caption\":\"\",\"mime\":\"image\/jpeg\",\"type\":\"image\",\"width\":2560,\"height\":1440,\"sizes\":{\"thumbnail\":{\"height\":150,\"width\":150,\"url\":\"https:\/\/abadecom.com\/wp-content\/uploads\/2022\/12\/Modulo-Habitacional-Interior-Sala-Cocina-Comedor-150x150.jpg\",\"orientation\":\"landscape\"},\"medium\":{\"height\":169,\"width\":300,\"url\":\"https:\/\/abadecom.com\/wp-content\/uploads\/2022\/12\/Modulo-Habitacional-Interior-Sala-Cocina-Comedor-300x169.jpg\",\"orientation\":\"landscape\"},\"large\":{\"height\":360,\"width\":640,\"url\":\"https:\/\/abadecom.com\/wp-content\/uploads\/2022\/12\/Modulo-Habitacional-Interior-Sala-Cocina-Comedor-1024x576.jpg\",\"orientation\":\"landscape\"},\"full\":{\"url\":\"https:\/\/abadecom.com\/wp-content\/uploads\/2022\/12\/Modulo-Habitacional-Interior-Sala-Cocina-Comedor-scaled.jpg\",\"height\":1440,\"width\":2560,\"orientation\":\"landscape\"}},\"meta\":false,\"postlink\":\"https:\/\/abadecom.com\/modulo-habitacional-interior-sala-cocina-comedor\/\"},{\"id\":7911,\"title\":\"M\u00f3dulo Habitacional Clima Tropical 2\",\"url\":\"https:\/\/abadecom.com\/wp-content\/uploads\/2022\/12\/Modulo-Habitacional-Clima-Tropical-2-scaled.jpg\",\"link\":\"https:\/\/abadecom.com\/modulo-habitacional-clima-tropical-2\/\",\"alt\":\"\",\"description\":\"\",\"caption\":\"\",\"mime\":\"image\/jpeg\",\"type\":\"image\",\"width\":2560,\"height\":1440,\"sizes\":{\"thumbnail\":{\"height\":150,\"width\":150,\"url\":\"https:\/\/abadecom.com\/wp-content\/uploads\/2022\/12\/Modulo-Habitacional-Clima-Tropical-2-150x150.jpg\",\"orientation\":\"landscape\"},\"medium\":{\"height\":169,\"width\":300,\"url\":\"https:\/\/abadecom.com\/wp-content\/uploads\/2022\/12\/Modulo-Habitacional-Clima-Tropical-2-300x169.jpg\",\"orientation\":\"landscape\"},\"large\":{\"height\":360,\"width\":640,\"url\":\"https:\/\/abadecom.com\/wp-content\/uploads\/2022\/12\/Modulo-Habitacional-Clima-Tropical-2-1024x576.jpg\",\"orientation\":\"landscape\"},\"full\":{\"url\":\"https:\/\/abadecom.com\/wp-content\/uploads\/2022\/12\/Modulo-Habitacional-Clima-Tropical-2-scaled.jpg\",\"height\":1440,\"width\":2560,\"orientation\":\"landscape\"}},\"meta\":false,\"postlink\":\"https:\/\/abadecom.com\/modulo-habitacional-clima-tropical-2\/\"},{\"id\":7907,\"title\":\"M\u00f3dulo Habitacional Clima Templado 1\",\"url\":\"https:\/\/abadecom.com\/wp-content\/uploads\/2022\/12\/Modulo-Habitacional-Clima-Templado-1-scaled.jpg\",\"link\":\"https:\/\/abadecom.com\/modulo-habitacional-clima-templado-1\/\",\"alt\":\"\",\"description\":\"\",\"caption\":\"\",\"mime\":\"image\/jpeg\",\"type\":\"image\",\"width\":2560,\"height\":1440,\"sizes\":{\"thumbnail\":{\"height\":150,\"width\":150,\"url\":\"https:\/\/abadecom.com\/wp-content\/uploads\/2022\/12\/Modulo-Habitacional-Clima-Templado-1-150x150.jpg\",\"orientation\":\"landscape\"},\"medium\":{\"height\":169,\"width\":300,\"url\":\"https:\/\/abadecom.com\/wp-content\/uploads\/2022\/12\/Modulo-Habitacional-Clima-Templado-1-300x169.jpg\",\"orientation\":\"landscape\"},\"large\":{\"height\":360,\"width\":640,\"url\":\"https:\/\/abadecom.com\/wp-content\/uploads\/2022\/12\/Modulo-Habitacional-Clima-Templado-1-1024x576.jpg\",\"orientation\":\"landscape\"},\"full\":{\"url\":\"https:\/\/abadecom.com\/wp-content\/uploads\/2022\/12\/Modulo-Habitacional-Clima-Templado-1-scaled.jpg\",\"height\":1440,\"width\":2560,\"orientation\":\"landscape\"}},\"meta\":false,\"postlink\":\"https:\/\/abadecom.com\/modulo-habitacional-clima-templado-1\/\"}],\"itemsMetaDataCollection\":[],\"orderBy\":\"random\",\"TrpContentRestriction\":{\"restriction_type\":\"exclude\",\"selected_languages\":[],\"panel_open\":true}}<\/script><script>(function(){if(window.PGC_SGB && window.PGC_SGB.searcher){window.PGC_SGB.searcher.initBlocks()}})()<\/script><\/div>\n\n\n<p class=\"wp-block-paragraph\">Este sistema modular est\u00e1&nbsp; dise\u00f1ado&nbsp; para&nbsp; que&nbsp; pueda&nbsp; brindar&nbsp; un&nbsp; gran n\u00famero de soluciones a diferentes tipolog\u00edas arquitect\u00f3nicas. En esta presentaci\u00f3n son tratadas fundamentalmente, la tipolog\u00eda habitacional y puestos de salud; las cuales est\u00e1n pensadas para que sean temporales o permanentes.<\/p>\n\n\n\n<p class=\"wp-block-paragraph\">Comprometidos con nuestra sociedad y la econom\u00eda circular, los objetivos y metas de desarrollo sostenibles del Plan de la ONU 2030, adem\u00e1s de la educaci\u00f3n y adquisici\u00f3n de cultura medioambiental y dentro de nuestro proyecto empresarial corporativo socialmente responsable: utilizamos en la fabricaci\u00f3n de nuestro Sistema Modular en gran medida materiales 100% reciclados y reciclables, as\u00ed como energ\u00edas renovables. Estando estos materiales exteriores preparados para la incidencia de los rayos ultravioletas y las inclemencias del tiempo: calor, fr\u00edo, humedad, lluvia, etc.<\/p>\n\n\n\n<p class=\"wp-block-paragraph\">La mayor ventaja con la que cuenta este sistema modular, es su facilidad para ser instalado en cualquier clima y su capacidad de ser autosustentable, independiente por completo incluso&nbsp; en&nbsp; sitios&nbsp; con&nbsp; escasa precipitaci\u00f3n anual.<\/p>\n\n\n\n<p class=\"wp-block-paragraph\">Su&nbsp; estructura&nbsp; prefabricada,&nbsp; brinda&nbsp; una&nbsp; r\u00e1pida&nbsp; soluci\u00f3n&nbsp; al&nbsp; montaje&nbsp; in situ,&nbsp; agilizando&nbsp; el&nbsp; tiempo&nbsp; de&nbsp; construcc\u00f3n&nbsp; y&nbsp; disminuyendo&nbsp; el&nbsp; impacto que \u00e9sta pueda ocacionar al ecosistema adyacente.<\/p>\n\n\n\n<p class=\"wp-block-paragraph\">EcoModular&nbsp; cuenta&nbsp; con&nbsp; un&nbsp; precio&nbsp; competitivo,&nbsp; puesto&nbsp; que&nbsp; la&nbsp; construcci\u00f3n de un m\u00f3dulo habitacional es m\u00e1s barata que la construcci\u00f3n tradicional, sin contar con la f\u00e1cil adaptaci\u00f3n a cualquier tipo de clima o condici\u00f3n del terreno.<\/p>\n\n\n\n<p class=\"wp-block-paragraph\">Descargar<strong> <a href=\"https:\/\/abadecom.com\/wp-content\/uploads\/2022\/04\/Presentacion-EcoModulos-Abadecom_compressed.pdf\" target=\"_blank\" rel=\"noreferrer noopener\">PRESENTACI\u00d3N<\/a><\/strong><\/p>\n\n\n\n<figure class=\"wp-block-embed is-type-video is-provider-youtube wp-block-embed-youtube wp-embed-aspect-16-9 wp-has-aspect-ratio\"><div class=\"wp-block-embed__wrapper\">\n<iframe loading=\"lazy\" hcb-fetch-image-from=\"https:\/\/www.youtube.com\/watch?v=LfEjoi68xlE&amp;feature=emb_title\" title=\"Sistema Habitacional Sostenible_Abadecom I+D+i\" width=\"640\" height=\"360\" src=\"https:\/\/www.youtube.com\/embed\/LfEjoi68xlE?feature=oembed\" frameborder=\"0\" allow=\"accelerometer; autoplay; clipboard-write; encrypted-media; gyroscope; picture-in-picture; web-share\" referrerpolicy=\"strict-origin-when-cross-origin\" allowfullscreen><\/iframe>\n<\/div><\/figure>\n\n\n\n<p class=\"wp-block-paragraph\"><\/p>\n","protected":false},"excerpt":{"rendered":"<p>La empresa Abadecom ofrece un proyecto de construcci\u00f3n modular ecol\u00f3gica (EcoModular), con una flexibilidad ideal para adaptarse a cualquier clima, utilizando principalmente materiales reciclados y reciclables; siguiendo esta propuesta, crea un Sistema Modular autosostenible con bajo impacto ambiental, capaz de permanecer aislado de redes el\u00e9ctricas, hidr\u00e1ulicas o sanitarias. Este sistema modular est\u00e1&nbsp; dise\u00f1ado&nbsp; para&nbsp; que&nbsp; [&#8230;]<\/p>\n<p><a class=\"btn btn-secondary understrap-read-more-link\" href=\"https:\/\/abadecom.com\/it\/sistema-habitacional-sostenible\/\">Leggi di pi\u00f9&#8230;<span class=\"screen-reader-text\"> from Sistema habitacional sostenible<\/span><\/a><\/p>\n","protected":false},"author":1,"featured_media":0,"parent":0,"menu_order":56,"comment_status":"closed","ping_status":"closed","template":"","meta":{"content-type":"","_monsterinsights_skip_tracking":false,"pgc_sgb_lightbox_settings":"","footnotes":""},"class_list":["post-1785","page","type-page","status-publish","hentry"],"yoast_head":"<!-- This site is optimized with the Yoast SEO plugin v28.4 - https:\/\/yoast.com\/product\/yoast-seo-wordpress\/ -->\n<title>Sistema habitacional sostenible - Abadecom<\/title>\n<meta name=\"robots\" content=\"index, follow, max-snippet:-1, max-image-preview:large, max-video-preview:-1\" \/>\n<link rel=\"canonical\" href=\"https:\/\/abadecom.com\/it\/sistema-habitacional-sostenible\/\" \/>\n<meta property=\"og:locale\" content=\"it_IT\" \/>\n<meta property=\"og:type\" content=\"article\" \/>\n<meta property=\"og:title\" content=\"Sistema habitacional sostenible - Abadecom\" \/>\n<meta property=\"og:description\" content=\"La empresa Abadecom ofrece un proyecto de construcci\u00f3n modular ecol\u00f3gica (EcoModular), con una flexibilidad ideal para adaptarse a cualquier clima, utilizando principalmente materiales reciclados y reciclables; siguiendo esta propuesta, crea un Sistema Modular autosostenible con bajo impacto ambiental, capaz de permanecer aislado de redes el\u00e9ctricas, hidr\u00e1ulicas o sanitarias. Este sistema modular est\u00e1&nbsp; dise\u00f1ado&nbsp; para&nbsp; que&nbsp; [...]Leggi di pi\u00f9... from Sistema habitacional sostenible\" \/>\n<meta property=\"og:url\" content=\"https:\/\/abadecom.com\/it\/sistema-habitacional-sostenible\/\" \/>\n<meta property=\"og:site_name\" content=\"Abadecom\" \/>\n<meta property=\"article:modified_time\" content=\"2023-12-22T09:04:20+00:00\" \/>\n<meta property=\"og:image\" content=\"https:\/\/abadecom.com\/wp-content\/uploads\/2022\/12\/Modulo-Habitacional-Clima-Tropical-4-1024x576.jpg\" \/>\n<meta name=\"twitter:card\" content=\"summary_large_image\" \/>\n<meta name=\"twitter:label1\" content=\"Tempo di lettura stimato\" \/>\n\t<meta name=\"twitter:data1\" content=\"3 minuti\" \/>\n<script type=\"application\/ld+json\" class=\"yoast-schema-graph\">{\"@context\":\"https:\\\/\\\/schema.org\",\"@graph\":[{\"@type\":\"WebPage\",\"@id\":\"https:\\\/\\\/abadecom.com\\\/sistema-habitacional-sostenible\\\/\",\"url\":\"https:\\\/\\\/abadecom.com\\\/sistema-habitacional-sostenible\\\/\",\"name\":\"Sistema habitacional sostenible - Abadecom\",\"isPartOf\":{\"@id\":\"https:\\\/\\\/abadecom.com\\\/#website\"},\"primaryImageOfPage\":{\"@id\":\"https:\\\/\\\/abadecom.com\\\/sistema-habitacional-sostenible\\\/#primaryimage\"},\"image\":{\"@id\":\"https:\\\/\\\/abadecom.com\\\/sistema-habitacional-sostenible\\\/#primaryimage\"},\"thumbnailUrl\":\"https:\\\/\\\/abadecom.com\\\/wp-content\\\/uploads\\\/2022\\\/12\\\/Modulo-Habitacional-Clima-Tropical-4-1024x576.jpg\",\"datePublished\":\"2020-11-27T16:07:09+00:00\",\"dateModified\":\"2023-12-22T09:04:20+00:00\",\"inLanguage\":\"it-IT\",\"potentialAction\":[{\"@type\":\"ReadAction\",\"target\":[\"https:\\\/\\\/abadecom.com\\\/sistema-habitacional-sostenible\\\/\"]}]},{\"@type\":\"ImageObject\",\"inLanguage\":\"it-IT\",\"@id\":\"https:\\\/\\\/abadecom.com\\\/sistema-habitacional-sostenible\\\/#primaryimage\",\"url\":\"https:\\\/\\\/abadecom.com\\\/wp-content\\\/uploads\\\/2022\\\/12\\\/Modulo-Habitacional-Clima-Tropical-4-1024x576.jpg\",\"contentUrl\":\"https:\\\/\\\/abadecom.com\\\/wp-content\\\/uploads\\\/2022\\\/12\\\/Modulo-Habitacional-Clima-Tropical-4-1024x576.jpg\"},{\"@type\":\"WebSite\",\"@id\":\"https:\\\/\\\/abadecom.com\\\/#website\",\"url\":\"https:\\\/\\\/abadecom.com\\\/\",\"name\":\"Abadecom\",\"description\":\"Productos sostenibles y respetuosos con el medio ambiente\",\"publisher\":{\"@id\":\"https:\\\/\\\/abadecom.com\\\/#organization\"},\"alternateName\":\"Abadecom\",\"potentialAction\":[{\"@type\":\"SearchAction\",\"target\":{\"@type\":\"EntryPoint\",\"urlTemplate\":\"https:\\\/\\\/abadecom.com\\\/?s={search_term_string}\"},\"query-input\":{\"@type\":\"PropertyValueSpecification\",\"valueRequired\":true,\"valueName\":\"search_term_string\"}}],\"inLanguage\":\"it-IT\"},{\"@type\":\"Organization\",\"@id\":\"https:\\\/\\\/abadecom.com\\\/#organization\",\"name\":\"Abadecom\",\"url\":\"https:\\\/\\\/abadecom.com\\\/\",\"logo\":{\"@type\":\"ImageObject\",\"inLanguage\":\"it-IT\",\"@id\":\"https:\\\/\\\/abadecom.com\\\/#\\\/schema\\\/logo\\\/image\\\/\",\"url\":\"https:\\\/\\\/abadecom.com\\\/wp-content\\\/uploads\\\/2022\\\/03\\\/Logo-Abadecom-e1647715158799.png\",\"contentUrl\":\"https:\\\/\\\/abadecom.com\\\/wp-content\\\/uploads\\\/2022\\\/03\\\/Logo-Abadecom-e1647715158799.png\",\"width\":200,\"height\":117,\"caption\":\"Abadecom\"},\"image\":{\"@id\":\"https:\\\/\\\/abadecom.com\\\/#\\\/schema\\\/logo\\\/image\\\/\"}}]}<\/script>\n<!-- \/ Yoast SEO plugin. -->","yoast_head_json":{"title":"Sistema abitativo sostenibile - Abadecom","robots":{"index":"index","follow":"follow","max-snippet":"max-snippet:-1","max-image-preview":"max-image-preview:large","max-video-preview":"max-video-preview:-1"},"canonical":"https:\/\/abadecom.com\/it\/sistema-habitacional-sostenible\/","og_locale":"it_IT","og_type":"article","og_title":"Sistema habitacional sostenible - Abadecom","og_description":"La empresa Abadecom ofrece un proyecto de construcci\u00f3n modular ecol\u00f3gica (EcoModular), con una flexibilidad ideal para adaptarse a cualquier clima, utilizando principalmente materiales reciclados y reciclables; siguiendo esta propuesta, crea un Sistema Modular autosostenible con bajo impacto ambiental, capaz de permanecer aislado de redes el\u00e9ctricas, hidr\u00e1ulicas o sanitarias. Este sistema modular est\u00e1&nbsp; dise\u00f1ado&nbsp; para&nbsp; que&nbsp; [...]Leggi di pi\u00f9... from Sistema habitacional sostenible","og_url":"https:\/\/abadecom.com\/it\/sistema-habitacional-sostenible\/","og_site_name":"Abadecom","article_modified_time":"2023-12-22T09:04:20+00:00","og_image":[{"url":"https:\/\/abadecom.com\/wp-content\/uploads\/2022\/12\/Modulo-Habitacional-Clima-Tropical-4-1024x576.jpg","type":"","width":"","height":""}],"twitter_card":"summary_large_image","twitter_misc":{"Tempo di lettura stimato":"3 minuti"},"schema":{"@context":"https:\/\/schema.org","@graph":[{"@type":"WebPage","@id":"https:\/\/abadecom.com\/sistema-habitacional-sostenible\/","url":"https:\/\/abadecom.com\/sistema-habitacional-sostenible\/","name":"Sistema abitativo sostenibile - Abadecom","isPartOf":{"@id":"https:\/\/abadecom.com\/#website"},"primaryImageOfPage":{"@id":"https:\/\/abadecom.com\/sistema-habitacional-sostenible\/#primaryimage"},"image":{"@id":"https:\/\/abadecom.com\/sistema-habitacional-sostenible\/#primaryimage"},"thumbnailUrl":"https:\/\/abadecom.com\/wp-content\/uploads\/2022\/12\/Modulo-Habitacional-Clima-Tropical-4-1024x576.jpg","datePublished":"2020-11-27T16:07:09+00:00","dateModified":"2023-12-22T09:04:20+00:00","inLanguage":"it-IT","potentialAction":[{"@type":"ReadAction","target":["https:\/\/abadecom.com\/sistema-habitacional-sostenible\/"]}]},{"@type":"ImageObject","inLanguage":"it-IT","@id":"https:\/\/abadecom.com\/sistema-habitacional-sostenible\/#primaryimage","url":"https:\/\/abadecom.com\/wp-content\/uploads\/2022\/12\/Modulo-Habitacional-Clima-Tropical-4-1024x576.jpg","contentUrl":"https:\/\/abadecom.com\/wp-content\/uploads\/2022\/12\/Modulo-Habitacional-Clima-Tropical-4-1024x576.jpg"},{"@type":"WebSite","@id":"https:\/\/abadecom.com\/#website","url":"https:\/\/abadecom.com\/","name":"Abadecom","description":"Prodotti sostenibili e rispettosi dell'ambiente","publisher":{"@id":"https:\/\/abadecom.com\/#organization"},"alternateName":"Abadecom","potentialAction":[{"@type":"SearchAction","target":{"@type":"EntryPoint","urlTemplate":"https:\/\/abadecom.com\/?s={search_term_string}"},"query-input":{"@type":"PropertyValueSpecification","valueRequired":true,"valueName":"search_term_string"}}],"inLanguage":"it-IT"},{"@type":"Organization","@id":"https:\/\/abadecom.com\/#organization","name":"Abadecom","url":"https:\/\/abadecom.com\/","logo":{"@type":"ImageObject","inLanguage":"it-IT","@id":"https:\/\/abadecom.com\/#\/schema\/logo\/image\/","url":"https:\/\/abadecom.com\/wp-content\/uploads\/2022\/03\/Logo-Abadecom-e1647715158799.png","contentUrl":"https:\/\/abadecom.com\/wp-content\/uploads\/2022\/03\/Logo-Abadecom-e1647715158799.png","width":200,"height":117,"caption":"Abadecom"},"image":{"@id":"https:\/\/abadecom.com\/#\/schema\/logo\/image\/"}}]}},"_links":{"self":[{"href":"https:\/\/abadecom.com\/it\/wp-json\/wp\/v2\/pages\/1785","targetHints":{"allow":["GET"]}}],"collection":[{"href":"https:\/\/abadecom.com\/it\/wp-json\/wp\/v2\/pages"}],"about":[{"href":"https:\/\/abadecom.com\/it\/wp-json\/wp\/v2\/types\/page"}],"author":[{"embeddable":true,"href":"https:\/\/abadecom.com\/it\/wp-json\/wp\/v2\/users\/1"}],"replies":[{"embeddable":true,"href":"https:\/\/abadecom.com\/it\/wp-json\/wp\/v2\/comments?post=1785"}],"version-history":[{"count":24,"href":"https:\/\/abadecom.com\/it\/wp-json\/wp\/v2\/pages\/1785\/revisions"}],"predecessor-version":[{"id":8408,"href":"https:\/\/abadecom.com\/it\/wp-json\/wp\/v2\/pages\/1785\/revisions\/8408"}],"wp:attachment":[{"href":"https:\/\/abadecom.com\/it\/wp-json\/wp\/v2\/media?parent=1785"}],"curies":[{"name":"wp","href":"https:\/\/api.w.org\/{rel}","templated":true}]}}