{"id":9911,"date":"2026-01-23T12:53:12","date_gmt":"2026-01-23T12:53:12","guid":{"rendered":"https:\/\/abadecom.com\/?page_id=9911"},"modified":"2026-06-10T13:13:27","modified_gmt":"2026-06-10T13:13:27","slug":"vallado-rustico-de-plastico-reciclado","status":"publish","type":"page","link":"https:\/\/abadecom.com\/fr\/vallado-rustico-de-plastico-reciclado\/","title":{"rendered":"Cl\u00f4ture rustique en plastique recycl\u00e9"},"content":{"rendered":"<style>.wp-block-kadence-advancedheading.kt-adv-heading9911_9169a0-0c, .wp-block-kadence-advancedheading.kt-adv-heading9911_9169a0-0c[data-kb-block=\"kb-adv-heading9911_9169a0-0c\"]{font-style:normal;}.wp-block-kadence-advancedheading.kt-adv-heading9911_9169a0-0c mark.kt-highlight, .wp-block-kadence-advancedheading.kt-adv-heading9911_9169a0-0c[data-kb-block=\"kb-adv-heading9911_9169a0-0c\"] mark.kt-highlight{font-style:normal;color:#f76a0c;-webkit-box-decoration-break:clone;box-decoration-break:clone;padding-top:0px;padding-right:0px;padding-bottom:0px;padding-left:0px;}.wp-block-kadence-advancedheading.kt-adv-heading9911_9169a0-0c img.kb-inline-image, .wp-block-kadence-advancedheading.kt-adv-heading9911_9169a0-0c[data-kb-block=\"kb-adv-heading9911_9169a0-0c\"] img.kb-inline-image{width:150px;vertical-align:baseline;}<\/style>\n<h2 class=\"kt-adv-heading9911_9169a0-0c wp-block-kadence-advancedheading\" data-kb-block=\"kb-adv-heading9911_9169a0-0c\">Vallado sostenible, resistente y est\u00e9tico para entornos urbanos y naturales<\/h2>\n\n\n\n<p class=\"wp-block-paragraph\">En <strong>Abadecom<\/strong> apostamos por materiales innovadores y sostenibles. Nuestro vallado r\u00fastico de pl\u00e1stico reciclado es una alternativa ecol\u00f3gica a la madera tradicional, ideal para cerramientos exteriores que requieren resistencia, est\u00e9tica natural y cero mantenimiento. Fabricado a partir de pl\u00e1sticos 100\u202f% reciclados, este tipo de vallado ofrece una larga vida \u00fatil incluso en condiciones clim\u00e1ticas extremas, sin astillarse, pudrirse ni requerir tratamientos qu\u00edmicos.<\/p>\n\n\n<style>.wp-block-kadence-advancedgallery.kb-gallery-wrap-id-9911_7a980b-4f{overflow:hidden;}.kb-gallery-id-9911_7a980b-4f .kadence-blocks-gallery-item .kb-gal-image-radius, .kb-gallery-id-9911_7a980b-4f .kb-slide-item .kb-gal-image-radius img{border-radius:0px 0px 0px 0px;;}.kb-gallery-wrap-id-9911_7a980b-4f.wp-block-kadence-advancedgallery{overflow:visible;}.kb-gallery-wrap-id-9911_7a980b-4f.wp-block-kadence-advancedgallery .kt-blocks-carousel{overflow:visible;}<\/style><div class=\"kb-gallery-wrap-id-9911_7a980b-4f alignnone wp-block-kadence-advancedgallery\"><div class=\"kb-gallery-ul kb-gallery-non-static kb-gallery-type-carousel kb-gallery-id-9911_7a980b-4f kb-gallery-caption-style-bottom-hover kb-gallery-filter-none\" data-image-filter=\"none\" data-lightbox-caption=\"true\"><div class=\"kt-blocks-carousel splide kt-carousel-container-dotstyle-dark kt-carousel-arrowstyle-whiteondark kt-carousel-dotstyle-dark kb-slider-group-arrow kb-slider-arrow-position-center\" data-columns-xxl=\"2\" data-columns-xl=\"2\" data-columns-md=\"2\" data-columns-sm=\"2\" data-columns-xs=\"1\" data-columns-ss=\"1\" data-slider-anim-speed=\"400\" data-slider-scroll=\"1\" data-slider-arrows=\"true\" data-slider-dots=\"true\" data-slider-hover-pause=\"false\" data-slider-auto=\"\" data-slider-speed=\"7000\" data-slider-gap=\"10px\" data-slider-gap-tablet=\"10px\" data-slider-gap-mobile=\"10px\" data-show-pause-button=\"false\" data-slider-label=\"Photo Gallery Carousel\"><div class=\"splide__track\"><ul class=\"kt-blocks-carousel-init kb-gallery-carousel splide__list\"><li class=\"kb-slide-item kb-gallery-carousel-item splide__slide\"><div class=\"kadence-blocks-gallery-item\"><div class=\"kadence-blocks-gallery-item-inner\"><figure class=\"kb-gallery-figure kadence-blocks-gallery-item-hide-caption\"><div class=\"kb-gal-image-radius\"><div class=\"kb-gallery-image-contain kadence-blocks-gallery-intrinsic kb-gallery-image-ratio-land32 kb-has-image-ratio-land32\" ><img loading=\"lazy\" decoding=\"async\" src=\"https:\/\/abadecom.com\/wp-content\/uploads\/2026\/01\/Vallado-Rustico-con-tres-traviesas_Manises-1024x587.jpg\" width=\"640\" height=\"367\" alt=\"\" data-full-image=\"https:\/\/abadecom.com\/wp-content\/uploads\/2026\/01\/Vallado-Rustico-con-tres-traviesas_Manises-scaled.jpg\" data-light-image=\"https:\/\/abadecom.com\/wp-content\/uploads\/2026\/01\/Vallado-Rustico-con-tres-traviesas_Manises-scaled.jpg\" data-id=\"9929\" class=\"wp-image-9929 skip-lazy\" srcset=\"https:\/\/abadecom.com\/wp-content\/uploads\/2026\/01\/Vallado-Rustico-con-tres-traviesas_Manises-1024x587.jpg 1024w, https:\/\/abadecom.com\/wp-content\/uploads\/2026\/01\/Vallado-Rustico-con-tres-traviesas_Manises-300x172.jpg 300w, https:\/\/abadecom.com\/wp-content\/uploads\/2026\/01\/Vallado-Rustico-con-tres-traviesas_Manises-768x441.jpg 768w, https:\/\/abadecom.com\/wp-content\/uploads\/2026\/01\/Vallado-Rustico-con-tres-traviesas_Manises-50x29.jpg 50w, https:\/\/abadecom.com\/wp-content\/uploads\/2026\/01\/Vallado-Rustico-con-tres-traviesas_Manises-1600x918.jpg 1600w, https:\/\/abadecom.com\/wp-content\/uploads\/2026\/01\/Vallado-Rustico-con-tres-traviesas_Manises-1536x881.jpg 1536w, https:\/\/abadecom.com\/wp-content\/uploads\/2026\/01\/Vallado-Rustico-con-tres-traviesas_Manises-2048x1175.jpg 2048w\" sizes=\"auto, (max-width: 640px) 100vw, 640px\" \/><\/div><\/div><\/figure><\/div><\/div><\/li><li class=\"kb-slide-item kb-gallery-carousel-item splide__slide\"><div class=\"kadence-blocks-gallery-item\"><div class=\"kadence-blocks-gallery-item-inner\"><figure class=\"kb-gallery-figure kadence-blocks-gallery-item-hide-caption\"><div class=\"kb-gal-image-radius\"><div class=\"kb-gallery-image-contain kadence-blocks-gallery-intrinsic kb-gallery-image-ratio-land32 kb-has-image-ratio-land32\" ><img loading=\"lazy\" decoding=\"async\" src=\"https:\/\/abadecom.com\/wp-content\/uploads\/2026\/06\/Vallado_Rustico_Abadecom_1-1024x766.jpg\" width=\"640\" height=\"479\" alt=\"\" data-full-image=\"https:\/\/abadecom.com\/wp-content\/uploads\/2026\/06\/Vallado_Rustico_Abadecom_1-scaled.jpg\" data-light-image=\"https:\/\/abadecom.com\/wp-content\/uploads\/2026\/06\/Vallado_Rustico_Abadecom_1-scaled.jpg\" data-id=\"10216\" class=\"wp-image-10216 skip-lazy\" srcset=\"https:\/\/abadecom.com\/wp-content\/uploads\/2026\/06\/Vallado_Rustico_Abadecom_1-1024x766.jpg 1024w, https:\/\/abadecom.com\/wp-content\/uploads\/2026\/06\/Vallado_Rustico_Abadecom_1-300x224.jpg 300w, https:\/\/abadecom.com\/wp-content\/uploads\/2026\/06\/Vallado_Rustico_Abadecom_1-768x574.jpg 768w, https:\/\/abadecom.com\/wp-content\/uploads\/2026\/06\/Vallado_Rustico_Abadecom_1-50x37.jpg 50w, https:\/\/abadecom.com\/wp-content\/uploads\/2026\/06\/Vallado_Rustico_Abadecom_1-1600x1197.jpg 1600w, https:\/\/abadecom.com\/wp-content\/uploads\/2026\/06\/Vallado_Rustico_Abadecom_1-1536x1149.jpg 1536w, https:\/\/abadecom.com\/wp-content\/uploads\/2026\/06\/Vallado_Rustico_Abadecom_1-2048x1532.jpg 2048w\" sizes=\"auto, (max-width: 640px) 100vw, 640px\" \/><\/div><\/div><\/figure><\/div><\/div><\/li><li class=\"kb-slide-item kb-gallery-carousel-item splide__slide\"><div class=\"kadence-blocks-gallery-item\"><div class=\"kadence-blocks-gallery-item-inner\"><figure class=\"kb-gallery-figure kadence-blocks-gallery-item-hide-caption\"><div class=\"kb-gal-image-radius\"><div class=\"kb-gallery-image-contain kadence-blocks-gallery-intrinsic kb-gallery-image-ratio-land32 kb-has-image-ratio-land32\" ><img loading=\"lazy\" decoding=\"async\" src=\"https:\/\/abadecom.com\/wp-content\/uploads\/2026\/06\/vallado-manises-abadecom-1024x473.png\" width=\"640\" height=\"296\" alt=\"\" data-full-image=\"https:\/\/abadecom.com\/wp-content\/uploads\/2026\/06\/vallado-manises-abadecom-scaled.png\" data-light-image=\"https:\/\/abadecom.com\/wp-content\/uploads\/2026\/06\/vallado-manises-abadecom-scaled.png\" data-id=\"10218\" class=\"wp-image-10218 skip-lazy\" srcset=\"https:\/\/abadecom.com\/wp-content\/uploads\/2026\/06\/vallado-manises-abadecom-1024x473.png 1024w, https:\/\/abadecom.com\/wp-content\/uploads\/2026\/06\/vallado-manises-abadecom-300x139.png 300w, https:\/\/abadecom.com\/wp-content\/uploads\/2026\/06\/vallado-manises-abadecom-768x355.png 768w, https:\/\/abadecom.com\/wp-content\/uploads\/2026\/06\/vallado-manises-abadecom-50x23.png 50w, https:\/\/abadecom.com\/wp-content\/uploads\/2026\/06\/vallado-manises-abadecom-1600x739.png 1600w, https:\/\/abadecom.com\/wp-content\/uploads\/2026\/06\/vallado-manises-abadecom-1536x709.png 1536w, https:\/\/abadecom.com\/wp-content\/uploads\/2026\/06\/vallado-manises-abadecom-2048x946.png 2048w\" sizes=\"auto, (max-width: 640px) 100vw, 640px\" \/><\/div><\/div><\/figure><\/div><\/div><\/li><li class=\"kb-slide-item kb-gallery-carousel-item splide__slide\"><div class=\"kadence-blocks-gallery-item\"><div class=\"kadence-blocks-gallery-item-inner\"><figure class=\"kb-gallery-figure kadence-blocks-gallery-item-hide-caption\"><div class=\"kb-gal-image-radius\"><div class=\"kb-gallery-image-contain kadence-blocks-gallery-intrinsic kb-gallery-image-ratio-land32 kb-has-image-ratio-land32\" ><img loading=\"lazy\" decoding=\"async\" src=\"https:\/\/abadecom.com\/wp-content\/uploads\/2026\/01\/IMG_1595-768x1024.jpg\" width=\"640\" height=\"853\" alt=\"\" data-full-image=\"https:\/\/abadecom.com\/wp-content\/uploads\/2026\/01\/IMG_1595-scaled.jpg\" data-light-image=\"https:\/\/abadecom.com\/wp-content\/uploads\/2026\/01\/IMG_1595-scaled.jpg\" data-id=\"9927\" class=\"wp-image-9927 skip-lazy\" srcset=\"https:\/\/abadecom.com\/wp-content\/uploads\/2026\/01\/IMG_1595-768x1024.jpg 768w, https:\/\/abadecom.com\/wp-content\/uploads\/2026\/01\/IMG_1595-225x300.jpg 225w, https:\/\/abadecom.com\/wp-content\/uploads\/2026\/01\/IMG_1595-50x67.jpg 50w, https:\/\/abadecom.com\/wp-content\/uploads\/2026\/01\/IMG_1595-1600x2133.jpg 1600w, https:\/\/abadecom.com\/wp-content\/uploads\/2026\/01\/IMG_1595-1152x1536.jpg 1152w, https:\/\/abadecom.com\/wp-content\/uploads\/2026\/01\/IMG_1595-1536x2048.jpg 1536w, https:\/\/abadecom.com\/wp-content\/uploads\/2026\/01\/IMG_1595-scaled.jpg 1920w\" sizes=\"auto, (max-width: 640px) 100vw, 640px\" \/><\/div><\/div><\/figure><\/div><\/div><\/li><li class=\"kb-slide-item kb-gallery-carousel-item splide__slide\"><div class=\"kadence-blocks-gallery-item\"><div class=\"kadence-blocks-gallery-item-inner\"><figure class=\"kb-gallery-figure kadence-blocks-gallery-item-hide-caption\"><div class=\"kb-gal-image-radius\"><div class=\"kb-gallery-image-contain kadence-blocks-gallery-intrinsic kb-gallery-image-ratio-land32 kb-has-image-ratio-land32\" ><img loading=\"lazy\" decoding=\"async\" src=\"https:\/\/abadecom.com\/wp-content\/uploads\/2026\/06\/Vallado_Rustico_Abadecom-1024x766.jpeg\" width=\"640\" height=\"479\" alt=\"\" data-full-image=\"https:\/\/abadecom.com\/wp-content\/uploads\/2026\/06\/Vallado_Rustico_Abadecom.jpeg\" data-light-image=\"https:\/\/abadecom.com\/wp-content\/uploads\/2026\/06\/Vallado_Rustico_Abadecom.jpeg\" data-id=\"10215\" class=\"wp-image-10215 skip-lazy\" srcset=\"https:\/\/abadecom.com\/wp-content\/uploads\/2026\/06\/Vallado_Rustico_Abadecom-1024x766.jpeg 1024w, https:\/\/abadecom.com\/wp-content\/uploads\/2026\/06\/Vallado_Rustico_Abadecom-300x224.jpeg 300w, https:\/\/abadecom.com\/wp-content\/uploads\/2026\/06\/Vallado_Rustico_Abadecom-768x574.jpeg 768w, https:\/\/abadecom.com\/wp-content\/uploads\/2026\/06\/Vallado_Rustico_Abadecom-50x37.jpeg 50w, https:\/\/abadecom.com\/wp-content\/uploads\/2026\/06\/Vallado_Rustico_Abadecom-1600x1197.jpeg 1600w, https:\/\/abadecom.com\/wp-content\/uploads\/2026\/06\/Vallado_Rustico_Abadecom-1536x1149.jpeg 1536w, https:\/\/abadecom.com\/wp-content\/uploads\/2026\/06\/Vallado_Rustico_Abadecom.jpeg 2000w\" sizes=\"auto, (max-width: 640px) 100vw, 640px\" \/><\/div><\/div><\/figure><\/div><\/div><\/li><li class=\"kb-slide-item kb-gallery-carousel-item splide__slide\"><div class=\"kadence-blocks-gallery-item\"><div class=\"kadence-blocks-gallery-item-inner\"><figure class=\"kb-gallery-figure kadence-blocks-gallery-item-hide-caption\"><div class=\"kb-gal-image-radius\"><div class=\"kb-gallery-image-contain kadence-blocks-gallery-intrinsic kb-gallery-image-ratio-land32 kb-has-image-ratio-land32\" ><img loading=\"lazy\" decoding=\"async\" src=\"https:\/\/abadecom.com\/wp-content\/uploads\/2026\/01\/1762548064267-1024x461.jpg\" width=\"640\" height=\"288\" alt=\"\" data-full-image=\"https:\/\/abadecom.com\/wp-content\/uploads\/2026\/01\/1762548064267.jpg\" data-light-image=\"https:\/\/abadecom.com\/wp-content\/uploads\/2026\/01\/1762548064267.jpg\" data-id=\"9922\" class=\"wp-image-9922 skip-lazy\" srcset=\"https:\/\/abadecom.com\/wp-content\/uploads\/2026\/01\/1762548064267-1024x461.jpg 1024w, https:\/\/abadecom.com\/wp-content\/uploads\/2026\/01\/1762548064267-300x135.jpg 300w, https:\/\/abadecom.com\/wp-content\/uploads\/2026\/01\/1762548064267-768x346.jpg 768w, https:\/\/abadecom.com\/wp-content\/uploads\/2026\/01\/1762548064267-50x23.jpg 50w, https:\/\/abadecom.com\/wp-content\/uploads\/2026\/01\/1762548064267-1536x691.jpg 1536w, https:\/\/abadecom.com\/wp-content\/uploads\/2026\/01\/1762548064267.jpg 1600w\" sizes=\"auto, (max-width: 640px) 100vw, 640px\" \/><\/div><\/div><\/figure><\/div><\/div><\/li><li class=\"kb-slide-item kb-gallery-carousel-item splide__slide\"><div class=\"kadence-blocks-gallery-item\"><div class=\"kadence-blocks-gallery-item-inner\"><figure class=\"kb-gallery-figure kadence-blocks-gallery-item-hide-caption\"><div class=\"kb-gal-image-radius\"><div class=\"kb-gallery-image-contain kadence-blocks-gallery-intrinsic kb-gallery-image-ratio-land32 kb-has-image-ratio-land32\" ><img loading=\"lazy\" decoding=\"async\" src=\"https:\/\/abadecom.com\/wp-content\/uploads\/2026\/01\/IMG_0486-1024x768.jpg\" width=\"640\" height=\"480\" alt=\"\" data-full-image=\"https:\/\/abadecom.com\/wp-content\/uploads\/2026\/01\/IMG_0486-scaled.jpg\" data-light-image=\"https:\/\/abadecom.com\/wp-content\/uploads\/2026\/01\/IMG_0486-scaled.jpg\" data-id=\"9917\" class=\"wp-image-9917 skip-lazy\" srcset=\"https:\/\/abadecom.com\/wp-content\/uploads\/2026\/01\/IMG_0486-1024x768.jpg 1024w, https:\/\/abadecom.com\/wp-content\/uploads\/2026\/01\/IMG_0486-300x225.jpg 300w, https:\/\/abadecom.com\/wp-content\/uploads\/2026\/01\/IMG_0486-768x576.jpg 768w, https:\/\/abadecom.com\/wp-content\/uploads\/2026\/01\/IMG_0486-50x38.jpg 50w, https:\/\/abadecom.com\/wp-content\/uploads\/2026\/01\/IMG_0486-1600x1200.jpg 1600w, https:\/\/abadecom.com\/wp-content\/uploads\/2026\/01\/IMG_0486-1536x1152.jpg 1536w, https:\/\/abadecom.com\/wp-content\/uploads\/2026\/01\/IMG_0486-2048x1536.jpg 2048w\" sizes=\"auto, (max-width: 640px) 100vw, 640px\" \/><\/div><\/div><\/figure><\/div><\/div><\/li><li class=\"kb-slide-item kb-gallery-carousel-item splide__slide\"><div class=\"kadence-blocks-gallery-item\"><div class=\"kadence-blocks-gallery-item-inner\"><figure class=\"kb-gallery-figure kadence-blocks-gallery-item-hide-caption\"><div class=\"kb-gal-image-radius\"><div class=\"kb-gallery-image-contain kadence-blocks-gallery-intrinsic kb-gallery-image-ratio-land32 kb-has-image-ratio-land32\" ><img loading=\"lazy\" decoding=\"async\" src=\"https:\/\/abadecom.com\/wp-content\/uploads\/2026\/01\/1767721003264-1024x461.jpg\" width=\"640\" height=\"288\" alt=\"\" data-full-image=\"https:\/\/abadecom.com\/wp-content\/uploads\/2026\/01\/1767721003264-scaled.jpg\" data-light-image=\"https:\/\/abadecom.com\/wp-content\/uploads\/2026\/01\/1767721003264-scaled.jpg\" data-id=\"9924\" class=\"wp-image-9924 skip-lazy\" srcset=\"https:\/\/abadecom.com\/wp-content\/uploads\/2026\/01\/1767721003264-1024x461.jpg 1024w, https:\/\/abadecom.com\/wp-content\/uploads\/2026\/01\/1767721003264-300x135.jpg 300w, https:\/\/abadecom.com\/wp-content\/uploads\/2026\/01\/1767721003264-768x346.jpg 768w, https:\/\/abadecom.com\/wp-content\/uploads\/2026\/01\/1767721003264-50x23.jpg 50w, https:\/\/abadecom.com\/wp-content\/uploads\/2026\/01\/1767721003264-1600x720.jpg 1600w, https:\/\/abadecom.com\/wp-content\/uploads\/2026\/01\/1767721003264-1536x691.jpg 1536w, https:\/\/abadecom.com\/wp-content\/uploads\/2026\/01\/1767721003264-2048x922.jpg 2048w\" sizes=\"auto, (max-width: 640px) 100vw, 640px\" \/><\/div><\/div><\/figure><\/div><\/div><\/li><\/ul><\/div><\/div><\/div><\/div>\n\n<style>.wp-block-kadence-advancedheading.kt-adv-heading9911_1aec6e-fa, .wp-block-kadence-advancedheading.kt-adv-heading9911_1aec6e-fa[data-kb-block=\"kb-adv-heading9911_1aec6e-fa\"]{font-style:normal;}.wp-block-kadence-advancedheading.kt-adv-heading9911_1aec6e-fa mark.kt-highlight, .wp-block-kadence-advancedheading.kt-adv-heading9911_1aec6e-fa[data-kb-block=\"kb-adv-heading9911_1aec6e-fa\"] mark.kt-highlight{font-style:normal;color:#f76a0c;-webkit-box-decoration-break:clone;box-decoration-break:clone;padding-top:0px;padding-right:0px;padding-bottom:0px;padding-left:0px;}.wp-block-kadence-advancedheading.kt-adv-heading9911_1aec6e-fa img.kb-inline-image, .wp-block-kadence-advancedheading.kt-adv-heading9911_1aec6e-fa[data-kb-block=\"kb-adv-heading9911_1aec6e-fa\"] img.kb-inline-image{width:150px;vertical-align:baseline;}<\/style>\n<h2 class=\"kt-adv-heading9911_1aec6e-fa wp-block-kadence-advancedheading\" data-kb-block=\"kb-adv-heading9911_1aec6e-fa\">\u00bfPor qu\u00e9 elegir nuestro vallado r\u00fastico reciclado?<\/h2>\n\n\n\n<ul class=\"wp-block-list\">\n<li><strong>100% sostenible<\/strong>: fabricado con pl\u00e1stico reciclado, contribuye a la econom\u00eda circular y a la reducci\u00f3n de residuos.<\/li>\n\n\n\n<li><strong>Alta durabilidad<\/strong>: resistente a la humedad, rayos UV, salinidad y cambios extremos de temperatura.<\/li>\n\n\n\n<li><strong>Cero mantenimiento<\/strong>: no se pudre, no se astilla, no requiere barnices ni tratamientos.<\/li>\n\n\n\n<li><strong>Est\u00e9tica r\u00fastica<\/strong>: acabado tipo madera ideal para parques, jardines, senderos y espacios naturales.<\/li>\n<\/ul>\n\n\n<style>.wp-block-kadence-advancedheading.kt-adv-heading9911_77efc3-5d, .wp-block-kadence-advancedheading.kt-adv-heading9911_77efc3-5d[data-kb-block=\"kb-adv-heading9911_77efc3-5d\"]{font-style:normal;}.wp-block-kadence-advancedheading.kt-adv-heading9911_77efc3-5d mark.kt-highlight, .wp-block-kadence-advancedheading.kt-adv-heading9911_77efc3-5d[data-kb-block=\"kb-adv-heading9911_77efc3-5d\"] mark.kt-highlight{font-style:normal;color:#f76a0c;-webkit-box-decoration-break:clone;box-decoration-break:clone;padding-top:0px;padding-right:0px;padding-bottom:0px;padding-left:0px;}.wp-block-kadence-advancedheading.kt-adv-heading9911_77efc3-5d img.kb-inline-image, .wp-block-kadence-advancedheading.kt-adv-heading9911_77efc3-5d[data-kb-block=\"kb-adv-heading9911_77efc3-5d\"] img.kb-inline-image{width:150px;vertical-align:baseline;}<\/style>\n<h2 class=\"kt-adv-heading9911_77efc3-5d wp-block-kadence-advancedheading\" data-kb-block=\"kb-adv-heading9911_77efc3-5d\">Aplicaciones del vallado r\u00fastico de pl\u00e1stico reciclado<\/h2>\n\n\n\n<p class=\"wp-block-paragraph\">Nuestro vallado r\u00fastico es perfecto para:<\/p>\n\n\n\n<ul class=\"wp-block-list\">\n<li>Parques y jardines p\u00fablicos.<\/li>\n\n\n\n<li>Zonas verdes y \u00e1reas recreativas.<\/li>\n\n\n\n<li>Caminos rurales y senderos peatonales.<\/li>\n\n\n\n<li>Delimitaci\u00f3n de espacios urbanos.<\/li>\n\n\n\n<li>Entornos costeros o de alta humedad.<\/li>\n<\/ul>\n\n\n<style>.wp-block-kadence-advancedheading.kt-adv-heading9911_d967e4-cb, .wp-block-kadence-advancedheading.kt-adv-heading9911_d967e4-cb[data-kb-block=\"kb-adv-heading9911_d967e4-cb\"]{font-style:normal;}.wp-block-kadence-advancedheading.kt-adv-heading9911_d967e4-cb mark.kt-highlight, .wp-block-kadence-advancedheading.kt-adv-heading9911_d967e4-cb[data-kb-block=\"kb-adv-heading9911_d967e4-cb\"] mark.kt-highlight{font-style:normal;color:#f76a0c;-webkit-box-decoration-break:clone;box-decoration-break:clone;padding-top:0px;padding-right:0px;padding-bottom:0px;padding-left:0px;}.wp-block-kadence-advancedheading.kt-adv-heading9911_d967e4-cb img.kb-inline-image, .wp-block-kadence-advancedheading.kt-adv-heading9911_d967e4-cb[data-kb-block=\"kb-adv-heading9911_d967e4-cb\"] img.kb-inline-image{width:150px;vertical-align:baseline;}<\/style>\n<h2 class=\"kt-adv-heading9911_d967e4-cb wp-block-kadence-advancedheading\" data-kb-block=\"kb-adv-heading9911_d967e4-cb\">Especificaciones t\u00e9cnicas del vallado r\u00fastico<\/h2>\n\n\n\n<ul class=\"wp-block-list\">\n<li><strong>Altura: <\/strong>100 cm.<\/li>\n\n\n\n<li><strong>Largo del tramo: <\/strong>150 cm.<\/li>\n\n\n\n<li><strong>Sistema de fijaci\u00f3n: <\/strong>Empotramiento con dado de hormig\u00f3n o pletina de anclaje.<\/li>\n\n\n\n<li><strong>Torniller\u00eda: <\/strong>Zincada o galvanizada para mayor resistencia a la corrosi\u00f3n.<\/li>\n\n\n\n<li><strong>Peso aproximado: <\/strong>20,5 kg por tramo.<\/li>\n<\/ul>\n\n\n\n<p class=\"wp-block-paragraph\">En Abadecom seleccionamos soluciones que combinan funcionalidad, sostenibilidad y rentabilidad a largo plazo. Nuestro vallado r\u00fastico de pl\u00e1stico reciclado es una inversi\u00f3n inteligente para proyectos que buscan reducir costes de mantenimiento y el impacto ambiental.<\/p>\n\n\n\n<p class=\"wp-block-paragraph\">Contacta con nosotros para recibir asesoramiento t\u00e9cnico, fichas de producto o un presupuesto personalizado.<\/p>\n\n\n<style>.wp-block-kadence-advancedbtn.kb-btns9911_d5bfa1-4f{gap:var(--global-kb-gap-xs, 0.5rem );justify-content:center;align-items:center;}.kt-btns9911_d5bfa1-4f .kt-button{font-weight:normal;font-style:normal;}.kt-btns9911_d5bfa1-4f .kt-btn-wrap-0{margin-right:5px;}.wp-block-kadence-advancedbtn.kt-btns9911_d5bfa1-4f .kt-btn-wrap-0 .kt-button{color:#555555;border-color:#555555;}.wp-block-kadence-advancedbtn.kt-btns9911_d5bfa1-4f .kt-btn-wrap-0 .kt-button:hover, .wp-block-kadence-advancedbtn.kt-btns9911_d5bfa1-4f .kt-btn-wrap-0 .kt-button:focus{color:#ffffff;border-color:#444444;}.wp-block-kadence-advancedbtn.kt-btns9911_d5bfa1-4f .kt-btn-wrap-0 .kt-button::before{display:none;}.wp-block-kadence-advancedbtn.kt-btns9911_d5bfa1-4f .kt-btn-wrap-0 .kt-button:hover, .wp-block-kadence-advancedbtn.kt-btns9911_d5bfa1-4f .kt-btn-wrap-0 .kt-button:focus{background:#444444;}<\/style>\n<div class=\"wp-block-kadence-advancedbtn kb-buttons-wrap kb-btns9911_d5bfa1-4f\"><style>ul.menu .wp-block-kadence-advancedbtn .kb-btn9911_0ff036-5a.kb-button{width:initial;}.wp-block-kadence-advancedbtn .kb-btn9911_0ff036-5a.kb-button{color:#343a40;background:#0bc345;}<\/style><a class=\"kb-button kt-button button kb-btn9911_0ff036-5a kt-btn-size-standard kt-btn-width-type-auto kb-btn-global-inherit kt-btn-has-text-true kt-btn-has-svg-false wp-block-button__link wp-block-kadence-singlebtn\" href=\"https:\/\/abadecom.com\/contacto\/\"><span class=\"kt-btn-inner-text\"><strong>SOLICITAR PRESUPUESTO<\/strong><\/span><\/a>\n\n<style>ul.menu .wp-block-kadence-advancedbtn .kb-btn9911_2d0acc-27.kb-button{width:initial;}.wp-block-kadence-advancedbtn .kb-btn9911_2d0acc-27.kb-button{color:#343a40;background:#0bc345;}<\/style><a class=\"kb-button kt-button button kb-btn9911_2d0acc-27 kt-btn-size-standard kt-btn-width-type-auto kb-btn-global-inherit kt-btn-has-text-true kt-btn-has-svg-false wp-block-button__link wp-block-kadence-singlebtn\" href=\"https:\/\/abadecom.com\/contacto\/\"><span class=\"kt-btn-inner-text\"><strong>SOLICITAR FICHA T\u00c9CNICA<\/strong><\/span><\/a><\/div>\n\n\n\n<p class=\"wp-block-paragraph\"><\/p>\n","protected":false},"excerpt":{"rendered":"<p>Vallado sostenible, resistente y est\u00e9tico para entornos urbanos y naturales En Abadecom apostamos por materiales innovadores y sostenibles. Nuestro vallado r\u00fastico de pl\u00e1stico reciclado es una alternativa ecol\u00f3gica a la madera tradicional, ideal para cerramientos exteriores que requieren resistencia, est\u00e9tica natural y cero mantenimiento. Fabricado a partir de pl\u00e1sticos 100\u202f% reciclados, este tipo de vallado [&#8230;]<\/p>\n<p><a class=\"btn btn-secondary understrap-read-more-link\" href=\"https:\/\/abadecom.com\/fr\/vallado-rustico-de-plastico-reciclado\/\">Lire la suite\u2026<span class=\"screen-reader-text\"> from Vallado R\u00fastico de Pl\u00e1stico Reciclado<\/span><\/a><\/p>\n","protected":false},"author":1,"featured_media":0,"parent":0,"menu_order":0,"comment_status":"closed","ping_status":"closed","template":"","meta":{"content-type":"","_monsterinsights_skip_tracking":false,"pgc_sgb_lightbox_settings":"","footnotes":""},"class_list":["post-9911","page","type-page","status-publish","hentry"],"yoast_head":"<!-- This site is optimized with the Yoast SEO plugin v28.4 - https:\/\/yoast.com\/product\/yoast-seo-wordpress\/ -->\n<title>Vallado R\u00fastico de Pl\u00e1stico Reciclado - Abadecom<\/title>\n<meta name=\"description\" content=\"Vallado r\u00fastico de pl\u00e1stico reciclado, sostenible. Ideal para parques, jardines y entornos urbanos. Descubre Abadecom Urban.\" \/>\n<meta name=\"robots\" content=\"index, follow, max-snippet:-1, max-image-preview:large, max-video-preview:-1\" \/>\n<link rel=\"canonical\" href=\"https:\/\/abadecom.com\/fr\/vallado-rustico-de-plastico-reciclado\/\" \/>\n<meta property=\"og:locale\" content=\"fr_FR\" \/>\n<meta property=\"og:type\" content=\"article\" \/>\n<meta property=\"og:title\" content=\"Vallado R\u00fastico de Pl\u00e1stico Reciclado - Abadecom\" \/>\n<meta property=\"og:description\" content=\"Vallado r\u00fastico de pl\u00e1stico reciclado, sostenible. Ideal para parques, jardines y entornos urbanos. Descubre Abadecom Urban.\" \/>\n<meta property=\"og:url\" content=\"https:\/\/abadecom.com\/fr\/vallado-rustico-de-plastico-reciclado\/\" \/>\n<meta property=\"og:site_name\" content=\"Abadecom\" \/>\n<meta property=\"article:modified_time\" content=\"2026-06-10T13:13:27+00:00\" \/>\n<meta name=\"twitter:card\" content=\"summary_large_image\" \/>\n<meta name=\"twitter:label1\" content=\"Dur\u00e9e de lecture estim\u00e9e\" \/>\n\t<meta name=\"twitter:data1\" content=\"2 minutes\" \/>\n<script type=\"application\/ld+json\" class=\"yoast-schema-graph\">{\"@context\":\"https:\\\/\\\/schema.org\",\"@graph\":[{\"@type\":\"WebPage\",\"@id\":\"https:\\\/\\\/abadecom.com\\\/vallado-rustico-de-plastico-reciclado\\\/\",\"url\":\"https:\\\/\\\/abadecom.com\\\/vallado-rustico-de-plastico-reciclado\\\/\",\"name\":\"Vallado R\u00fastico de Pl\u00e1stico Reciclado - Abadecom\",\"isPartOf\":{\"@id\":\"https:\\\/\\\/abadecom.com\\\/#website\"},\"datePublished\":\"2026-01-23T12:53:12+00:00\",\"dateModified\":\"2026-06-10T13:13:27+00:00\",\"description\":\"Vallado r\u00fastico de pl\u00e1stico reciclado, sostenible. Ideal para parques, jardines y entornos urbanos. Descubre Abadecom Urban.\",\"inLanguage\":\"fr-FR\",\"potentialAction\":[{\"@type\":\"ReadAction\",\"target\":[\"https:\\\/\\\/abadecom.com\\\/vallado-rustico-de-plastico-reciclado\\\/\"]}]},{\"@type\":\"WebSite\",\"@id\":\"https:\\\/\\\/abadecom.com\\\/#website\",\"url\":\"https:\\\/\\\/abadecom.com\\\/\",\"name\":\"Abadecom\",\"description\":\"Productos sostenibles y respetuosos con el medio ambiente\",\"publisher\":{\"@id\":\"https:\\\/\\\/abadecom.com\\\/#organization\"},\"alternateName\":\"Abadecom\",\"potentialAction\":[{\"@type\":\"SearchAction\",\"target\":{\"@type\":\"EntryPoint\",\"urlTemplate\":\"https:\\\/\\\/abadecom.com\\\/?s={search_term_string}\"},\"query-input\":{\"@type\":\"PropertyValueSpecification\",\"valueRequired\":true,\"valueName\":\"search_term_string\"}}],\"inLanguage\":\"fr-FR\"},{\"@type\":\"Organization\",\"@id\":\"https:\\\/\\\/abadecom.com\\\/#organization\",\"name\":\"Abadecom\",\"url\":\"https:\\\/\\\/abadecom.com\\\/\",\"logo\":{\"@type\":\"ImageObject\",\"inLanguage\":\"fr-FR\",\"@id\":\"https:\\\/\\\/abadecom.com\\\/#\\\/schema\\\/logo\\\/image\\\/\",\"url\":\"https:\\\/\\\/abadecom.com\\\/wp-content\\\/uploads\\\/2022\\\/03\\\/Logo-Abadecom-e1647715158799.png\",\"contentUrl\":\"https:\\\/\\\/abadecom.com\\\/wp-content\\\/uploads\\\/2022\\\/03\\\/Logo-Abadecom-e1647715158799.png\",\"width\":200,\"height\":117,\"caption\":\"Abadecom\"},\"image\":{\"@id\":\"https:\\\/\\\/abadecom.com\\\/#\\\/schema\\\/logo\\\/image\\\/\"}}]}<\/script>\n<!-- \/ Yoast SEO plugin. -->","yoast_head_json":{"title":"Vallado R\u00fastico de Pl\u00e1stico Reciclado - Abadecom","description":"Vallado r\u00fastico de pl\u00e1stico reciclado, sostenible. Ideal para parques, jardines y entornos urbanos. Descubre Abadecom Urban.","robots":{"index":"index","follow":"follow","max-snippet":"max-snippet:-1","max-image-preview":"max-image-preview:large","max-video-preview":"max-video-preview:-1"},"canonical":"https:\/\/abadecom.com\/fr\/vallado-rustico-de-plastico-reciclado\/","og_locale":"fr_FR","og_type":"article","og_title":"Vallado R\u00fastico de Pl\u00e1stico Reciclado - Abadecom","og_description":"Vallado r\u00fastico de pl\u00e1stico reciclado, sostenible. Ideal para parques, jardines y entornos urbanos. Descubre Abadecom Urban.","og_url":"https:\/\/abadecom.com\/fr\/vallado-rustico-de-plastico-reciclado\/","og_site_name":"Abadecom","article_modified_time":"2026-06-10T13:13:27+00:00","twitter_card":"summary_large_image","twitter_misc":{"Dur\u00e9e de lecture estim\u00e9e":"2 minutes"},"schema":{"@context":"https:\/\/schema.org","@graph":[{"@type":"WebPage","@id":"https:\/\/abadecom.com\/vallado-rustico-de-plastico-reciclado\/","url":"https:\/\/abadecom.com\/vallado-rustico-de-plastico-reciclado\/","name":"Vallado R\u00fastico de Pl\u00e1stico Reciclado - Abadecom","isPartOf":{"@id":"https:\/\/abadecom.com\/#website"},"datePublished":"2026-01-23T12:53:12+00:00","dateModified":"2026-06-10T13:13:27+00:00","description":"Vallado r\u00fastico de pl\u00e1stico reciclado, sostenible. Ideal para parques, jardines y entornos urbanos. Descubre Abadecom Urban.","inLanguage":"fr-FR","potentialAction":[{"@type":"ReadAction","target":["https:\/\/abadecom.com\/vallado-rustico-de-plastico-reciclado\/"]}]},{"@type":"WebSite","@id":"https:\/\/abadecom.com\/#website","url":"https:\/\/abadecom.com\/","name":"Abadecom","description":"Produits durables et respectueux de l'environnement","publisher":{"@id":"https:\/\/abadecom.com\/#organization"},"alternateName":"Abadecom","potentialAction":[{"@type":"SearchAction","target":{"@type":"EntryPoint","urlTemplate":"https:\/\/abadecom.com\/?s={search_term_string}"},"query-input":{"@type":"PropertyValueSpecification","valueRequired":true,"valueName":"search_term_string"}}],"inLanguage":"fr-FR"},{"@type":"Organization","@id":"https:\/\/abadecom.com\/#organization","name":"Abadecom","url":"https:\/\/abadecom.com\/","logo":{"@type":"ImageObject","inLanguage":"fr-FR","@id":"https:\/\/abadecom.com\/#\/schema\/logo\/image\/","url":"https:\/\/abadecom.com\/wp-content\/uploads\/2022\/03\/Logo-Abadecom-e1647715158799.png","contentUrl":"https:\/\/abadecom.com\/wp-content\/uploads\/2022\/03\/Logo-Abadecom-e1647715158799.png","width":200,"height":117,"caption":"Abadecom"},"image":{"@id":"https:\/\/abadecom.com\/#\/schema\/logo\/image\/"}}]}},"_links":{"self":[{"href":"https:\/\/abadecom.com\/fr\/wp-json\/wp\/v2\/pages\/9911","targetHints":{"allow":["GET"]}}],"collection":[{"href":"https:\/\/abadecom.com\/fr\/wp-json\/wp\/v2\/pages"}],"about":[{"href":"https:\/\/abadecom.com\/fr\/wp-json\/wp\/v2\/types\/page"}],"author":[{"embeddable":true,"href":"https:\/\/abadecom.com\/fr\/wp-json\/wp\/v2\/users\/1"}],"replies":[{"embeddable":true,"href":"https:\/\/abadecom.com\/fr\/wp-json\/wp\/v2\/comments?post=9911"}],"version-history":[{"count":23,"href":"https:\/\/abadecom.com\/fr\/wp-json\/wp\/v2\/pages\/9911\/revisions"}],"predecessor-version":[{"id":10219,"href":"https:\/\/abadecom.com\/fr\/wp-json\/wp\/v2\/pages\/9911\/revisions\/10219"}],"wp:attachment":[{"href":"https:\/\/abadecom.com\/fr\/wp-json\/wp\/v2\/media?parent=9911"}],"curies":[{"name":"wp","href":"https:\/\/api.w.org\/{rel}","templated":true}]}}