{"id":8712,"date":"2023-06-12T13:42:08","date_gmt":"2023-06-12T13:42:08","guid":{"rendered":"https:\/\/abadecom.com\/maquina-de-corte-para-dulces\/"},"modified":"2024-03-07T10:28:18","modified_gmt":"2024-03-07T10:28:18","slug":"maquina-de-corte-para-dulces","status":"publish","type":"page","link":"https:\/\/abadecom.com\/fr\/maquina-de-corte-para-dulces\/","title":{"rendered":"M\u00e1quina de corte para dulces"},"content":{"rendered":"\n<p class=\"wp-block-paragraph\">La m\u00e1quina de corte para dulces emerge como una herramienta fundamental en la industria alimentaria, desplegando su versatilidad en diversos escenarios que van desde restaurantes y hoteles hasta panader\u00edas, consolid\u00e1ndose como un pilar en el sector de servicios.<\/p>\n\n\n\n<p class=\"wp-block-paragraph\">Su capacidad para ejecutar cortes de formas variadas, como rectangular, triangular y circular, la convierte en un recurso indispensable para la producci\u00f3n eficiente y est\u00e9tica de productos dulces. La hoja de corte, dotada de un sistema de calentamiento el\u00e9ctrico, contribuye a garantizar una superficie de corte suave y plana, elevando la calidad y presentaci\u00f3n de los dulces elaborados.<\/p>\n\n\n\n<p class=\"wp-block-paragraph\">La m\u00e1quina no solo se distingue por su destreza en la ejecuci\u00f3n de cortes precisos, sino tambi\u00e9n por su sofisticada interfaz de usuario. Equipada con una pantalla plana LCD y un controlador de servomotor, proporciona un acceso intuitivo y eficaz a las funciones operativas. La inclusi\u00f3n de una funci\u00f3n de memoria permite optimizar significativamente el tiempo durante el proceso de operaci\u00f3n, asegurando una mayor eficiencia en la producci\u00f3n.<\/p>\n\n\n\n<p class=\"wp-block-paragraph\">En resumen, la m\u00e1quina de corte para dulces no solo se erige como una aliada indispensable en la industria alimentaria, sino que tambi\u00e9n redefine los est\u00e1ndares de calidad y eficiencia en el proceso de preparaci\u00f3n de productos dulces en diversos establecimientos, consolid\u00e1ndose como un elemento clave en la consecuci\u00f3n de resultados excepcionales.<\/p>\n\n\n<div class=\"pgc-sgb-cb wp-block-pgcsimplygalleryblock-slider \" data-gallery-id=\"8d620526\"style=&quot;min-height:400px&quot;><div class=\"sgb-preloader\" id=\"pr_8d620526\">\n\t<div class=\"sgb-square\" style=\"background:#d4d4d4\"><\/div>\n\t<div class=\"sgb-square\" style=\"background:#d4d4d4\"><\/div>\n\t<div class=\"sgb-square\" style=\"background:#d4d4d4\"><\/div>\n\t<div class=\"sgb-square\" style=\"background:#d4d4d4\"><\/div><\/div><div class=\"simply-gallery-amp pgc_sgb_slider \"><noscript><div class=\"sgb-gallery\"><div class=\"sgb-item\"><a href=\"https:\/\/abadecom.com\/maquina-de-corte-para-dulces\/maquina-de-corte-para-pasteleria_abadecom\/\" target=\"_blank\"><img decoding=\"async\" alt=\"\" width=\"300\" height=\"225\" loading=\"lazy\" src=\"https:\/\/abadecom.com\/wp-content\/uploads\/2023\/06\/Maquina-de-corte-para-pasteleria_Abadecom-300x225.jpg\" srcset=\"https:\/\/abadecom.com\/wp-content\/uploads\/2023\/06\/Maquina-de-corte-para-pasteleria_Abadecom-300x225.jpg 300w,https:\/\/abadecom.com\/wp-content\/uploads\/2023\/06\/Maquina-de-corte-para-pasteleria_Abadecom-1024x768.jpg 1024w,https:\/\/abadecom.com\/wp-content\/uploads\/2023\/06\/Maquina-de-corte-para-pasteleria_Abadecom-scaled.jpg 2560w\" sizes=\"auto, 250px\"\/><\/a><\/div><div class=\"sgb-item\"><a href=\"https:\/\/abadecom.com\/maquina-de-corte-para-dulces\/maquina-de-corte-de-reposteria_3\/\" target=\"_blank\"><img decoding=\"async\" alt=\"\" width=\"225\" height=\"300\" loading=\"lazy\" src=\"https:\/\/abadecom.com\/wp-content\/uploads\/2023\/06\/Maquina-de-corte-de-Reposteria_3-225x300.jpeg\" srcset=\"https:\/\/abadecom.com\/wp-content\/uploads\/2023\/06\/Maquina-de-corte-de-Reposteria_3-225x300.jpeg 225w,https:\/\/abadecom.com\/wp-content\/uploads\/2023\/06\/Maquina-de-corte-de-Reposteria_3-768x1024.jpeg 768w,https:\/\/abadecom.com\/wp-content\/uploads\/2023\/06\/Maquina-de-corte-de-Reposteria_3.jpeg 810w\" sizes=\"auto, 250px\"\/><\/a><\/div><div class=\"sgb-item\"><a href=\"https:\/\/abadecom.com\/abadecom-maquinaria\/maquina-de-corte-para-dulces\/\" target=\"_blank\"><img decoding=\"async\" alt=\"\" width=\"300\" height=\"225\" loading=\"lazy\" src=\"https:\/\/abadecom.com\/wp-content\/uploads\/2022\/12\/Maquina-de-corte-para-dulces-300x225.jpeg\" srcset=\"https:\/\/abadecom.com\/wp-content\/uploads\/2022\/12\/Maquina-de-corte-para-dulces-300x225.jpeg 300w,https:\/\/abadecom.com\/wp-content\/uploads\/2022\/12\/Maquina-de-corte-para-dulces-1024x768.jpeg 1024w,https:\/\/abadecom.com\/wp-content\/uploads\/2022\/12\/Maquina-de-corte-para-dulces.jpeg 1080w\" sizes=\"auto, 250px\"\/><\/a><\/div><div class=\"sgb-item\"><a href=\"https:\/\/abadecom.com\/industria-alimentaria\/maquina-de-corte-de-reposteria_2\/\" target=\"_blank\"><img decoding=\"async\" alt=\"\" width=\"225\" height=\"300\" loading=\"lazy\" src=\"https:\/\/abadecom.com\/wp-content\/uploads\/2023\/01\/Maquina-de-corte-de-Reposteria_2-225x300.jpeg\" srcset=\"https:\/\/abadecom.com\/wp-content\/uploads\/2023\/01\/Maquina-de-corte-de-Reposteria_2-225x300.jpeg 225w,https:\/\/abadecom.com\/wp-content\/uploads\/2023\/01\/Maquina-de-corte-de-Reposteria_2-768x1024.jpeg 768w,https:\/\/abadecom.com\/wp-content\/uploads\/2023\/01\/Maquina-de-corte-de-Reposteria_2.jpeg 810w\" sizes=\"auto, 250px\"\/><\/a><\/div><div class=\"sgb-item\"><a href=\"https:\/\/abadecom.com\/maquina-de-corte-para-dulces\/attachment\/1679653729216\/\" target=\"_blank\"><img decoding=\"async\" alt=\"\" width=\"300\" height=\"225\" loading=\"lazy\" src=\"https:\/\/abadecom.com\/wp-content\/uploads\/2023\/06\/1679653729216-300x225.jpg\" srcset=\"https:\/\/abadecom.com\/wp-content\/uploads\/2023\/06\/1679653729216-300x225.jpg 300w,https:\/\/abadecom.com\/wp-content\/uploads\/2023\/06\/1679653729216-1024x768.jpg 1024w,https:\/\/abadecom.com\/wp-content\/uploads\/2023\/06\/1679653729216-scaled.jpg 2560w\" sizes=\"auto, 250px\"\/><\/a><\/div><div class=\"sgb-item\"><a href=\"https:\/\/abadecom.com\/maquina-de-corte-para-dulces\/maquina-de-corte-para-pasteleria-abadecom-2023\/\" target=\"_blank\"><img decoding=\"async\" alt=\"\" width=\"300\" height=\"225\" loading=\"lazy\" src=\"https:\/\/abadecom.com\/wp-content\/uploads\/2023\/06\/Maquina-de-corte-para-pasteleria-Abadecom-2023-300x225.jpg\" srcset=\"https:\/\/abadecom.com\/wp-content\/uploads\/2023\/06\/Maquina-de-corte-para-pasteleria-Abadecom-2023-300x225.jpg 300w,https:\/\/abadecom.com\/wp-content\/uploads\/2023\/06\/Maquina-de-corte-para-pasteleria-Abadecom-2023-1024x768.jpg 1024w,https:\/\/abadecom.com\/wp-content\/uploads\/2023\/06\/Maquina-de-corte-para-pasteleria-Abadecom-2023-scaled.jpg 2560w\" sizes=\"auto, 250px\"\/><\/a><\/div><\/div><\/noscript><\/div><script type=\"application\/json\" class=\"sgb-data\">{\"collectionThumbRecomendedWidth\":250,\"captions\":false,\"collectionthumbRoundedCorners\":10,\"sliderAdminWidth\":840,\"galleryType\":\"pgc_sgb_slider\",\"galleryId\":\"8d620526\",\"images\":[{\"id\":8961,\"title\":\"M\u00e1quina de corte para pasteler\u00eda_Abadecom\",\"url\":\"https:\/\/abadecom.com\/wp-content\/uploads\/2023\/06\/Maquina-de-corte-para-pasteleria_Abadecom-scaled.jpg\",\"link\":\"https:\/\/abadecom.com\/maquina-de-corte-para-dulces\/maquina-de-corte-para-pasteleria_abadecom\/\",\"alt\":\"\",\"description\":\"\",\"caption\":\"\",\"mime\":\"image\/jpeg\",\"type\":\"image\",\"width\":2560,\"height\":1920,\"sizes\":{\"thumbnail\":{\"height\":150,\"width\":150,\"url\":\"https:\/\/abadecom.com\/wp-content\/uploads\/2023\/06\/Maquina-de-corte-para-pasteleria_Abadecom-150x150.jpg\",\"orientation\":\"landscape\"},\"medium\":{\"height\":225,\"width\":300,\"url\":\"https:\/\/abadecom.com\/wp-content\/uploads\/2023\/06\/Maquina-de-corte-para-pasteleria_Abadecom-300x225.jpg\",\"orientation\":\"landscape\"},\"large\":{\"height\":768,\"width\":1024,\"url\":\"https:\/\/abadecom.com\/wp-content\/uploads\/2023\/06\/Maquina-de-corte-para-pasteleria_Abadecom-1024x768.jpg\",\"orientation\":\"landscape\"},\"full\":{\"url\":\"https:\/\/abadecom.com\/wp-content\/uploads\/2023\/06\/Maquina-de-corte-para-pasteleria_Abadecom-scaled.jpg\",\"height\":1920,\"width\":2560,\"orientation\":\"landscape\"}},\"imageMeta\":{\"aperture\":\"0\",\"credit\":\"\",\"camera\":\"\\u002d\\u002d\",\"caption\":\"\",\"created_timestamp\":\"1679572522\",\"copyright\":\"\",\"focal_length\":\"0\",\"iso\":\"0\",\"shutter_speed\":\"1\",\"title\":\"\",\"orientation\":\"1\",\"keywords\":[]},\"meta\":false,\"postlink\":\"https:\/\/abadecom.com\/maquina-de-corte-para-dulces\/maquina-de-corte-para-pasteleria_abadecom\/\"},{\"id\":8963,\"title\":\"M\u00e1quina de corte de Reposteria_3\",\"url\":\"https:\/\/abadecom.com\/wp-content\/uploads\/2023\/06\/Maquina-de-corte-de-Reposteria_3.jpeg\",\"link\":\"https:\/\/abadecom.com\/maquina-de-corte-para-dulces\/maquina-de-corte-de-reposteria_3\/\",\"alt\":\"\",\"description\":\"\",\"caption\":\"\",\"mime\":\"image\/jpeg\",\"type\":\"image\",\"width\":810,\"height\":1080,\"sizes\":{\"thumbnail\":{\"height\":150,\"width\":150,\"url\":\"https:\/\/abadecom.com\/wp-content\/uploads\/2023\/06\/Maquina-de-corte-de-Reposteria_3-150x150.jpeg\",\"orientation\":\"landscape\"},\"medium\":{\"height\":300,\"width\":225,\"url\":\"https:\/\/abadecom.com\/wp-content\/uploads\/2023\/06\/Maquina-de-corte-de-Reposteria_3-225x300.jpeg\",\"orientation\":\"portrait\"},\"large\":{\"height\":1024,\"width\":768,\"url\":\"https:\/\/abadecom.com\/wp-content\/uploads\/2023\/06\/Maquina-de-corte-de-Reposteria_3-768x1024.jpeg\",\"orientation\":\"portrait\"},\"full\":{\"url\":\"https:\/\/abadecom.com\/wp-content\/uploads\/2023\/06\/Maquina-de-corte-de-Reposteria_3.jpeg\",\"height\":1080,\"width\":810,\"orientation\":\"portrait\"}},\"imageMeta\":{\"aperture\":\"0\",\"credit\":\"\",\"camera\":\"\",\"caption\":\"\",\"created_timestamp\":\"0\",\"copyright\":\"\",\"focal_length\":\"0\",\"iso\":\"0\",\"shutter_speed\":\"0\",\"title\":\"\",\"orientation\":\"0\",\"keywords\":[]},\"meta\":false,\"postlink\":\"https:\/\/abadecom.com\/maquina-de-corte-para-dulces\/maquina-de-corte-de-reposteria_3\/\"},{\"id\":8042,\"title\":\"Maquina-de-corte-para-dulces\",\"url\":\"https:\/\/abadecom.com\/wp-content\/uploads\/2022\/12\/Maquina-de-corte-para-dulces.jpeg\",\"link\":\"https:\/\/abadecom.com\/abadecom-maquinaria\/maquina-de-corte-para-dulces\/\",\"alt\":\"\",\"description\":\"\",\"caption\":\"\",\"mime\":\"image\/jpeg\",\"type\":\"image\",\"width\":1080,\"height\":810,\"sizes\":{\"thumbnail\":{\"height\":150,\"width\":150,\"url\":\"https:\/\/abadecom.com\/wp-content\/uploads\/2022\/12\/Maquina-de-corte-para-dulces-150x150.jpeg\",\"orientation\":\"landscape\"},\"medium\":{\"height\":225,\"width\":300,\"url\":\"https:\/\/abadecom.com\/wp-content\/uploads\/2022\/12\/Maquina-de-corte-para-dulces-300x225.jpeg\",\"orientation\":\"landscape\"},\"large\":{\"height\":768,\"width\":1024,\"url\":\"https:\/\/abadecom.com\/wp-content\/uploads\/2022\/12\/Maquina-de-corte-para-dulces-1024x768.jpeg\",\"orientation\":\"landscape\"},\"full\":{\"url\":\"https:\/\/abadecom.com\/wp-content\/uploads\/2022\/12\/Maquina-de-corte-para-dulces.jpeg\",\"height\":810,\"width\":1080,\"orientation\":\"landscape\"}},\"imageMeta\":{\"aperture\":\"0\",\"credit\":\"\",\"camera\":\"\",\"caption\":\"\",\"created_timestamp\":\"0\",\"copyright\":\"\",\"focal_length\":\"0\",\"iso\":\"0\",\"shutter_speed\":\"0\",\"title\":\"\",\"orientation\":\"0\",\"keywords\":[]},\"meta\":false,\"postlink\":\"https:\/\/abadecom.com\/abadecom-maquinaria\/maquina-de-corte-para-dulces\/\"},{\"id\":8179,\"title\":\"Maquina de corte de Reposteria\",\"url\":\"https:\/\/abadecom.com\/wp-content\/uploads\/2023\/01\/Maquina-de-corte-de-Reposteria_2.jpeg\",\"link\":\"https:\/\/abadecom.com\/industria-alimentaria\/maquina-de-corte-de-reposteria_2\/\",\"alt\":\"\",\"description\":\"\",\"caption\":\"\",\"mime\":\"image\/jpeg\",\"type\":\"image\",\"width\":810,\"height\":1080,\"sizes\":{\"thumbnail\":{\"height\":150,\"width\":150,\"url\":\"https:\/\/abadecom.com\/wp-content\/uploads\/2023\/01\/Maquina-de-corte-de-Reposteria_2-150x150.jpeg\",\"orientation\":\"landscape\"},\"medium\":{\"height\":300,\"width\":225,\"url\":\"https:\/\/abadecom.com\/wp-content\/uploads\/2023\/01\/Maquina-de-corte-de-Reposteria_2-225x300.jpeg\",\"orientation\":\"portrait\"},\"large\":{\"height\":1024,\"width\":768,\"url\":\"https:\/\/abadecom.com\/wp-content\/uploads\/2023\/01\/Maquina-de-corte-de-Reposteria_2-768x1024.jpeg\",\"orientation\":\"portrait\"},\"full\":{\"url\":\"https:\/\/abadecom.com\/wp-content\/uploads\/2023\/01\/Maquina-de-corte-de-Reposteria_2.jpeg\",\"height\":1080,\"width\":810,\"orientation\":\"portrait\"}},\"imageMeta\":{\"aperture\":\"0\",\"credit\":\"\",\"camera\":\"\",\"caption\":\"\",\"created_timestamp\":\"0\",\"copyright\":\"\",\"focal_length\":\"0\",\"iso\":\"0\",\"shutter_speed\":\"0\",\"title\":\"\",\"orientation\":\"0\",\"keywords\":[]},\"meta\":false,\"postlink\":\"https:\/\/abadecom.com\/industria-alimentaria\/maquina-de-corte-de-reposteria_2\/\"},{\"id\":8848,\"title\":\"maquina de corte para dulces precision\",\"url\":\"https:\/\/abadecom.com\/wp-content\/uploads\/2023\/06\/1679653729216-scaled.jpg\",\"link\":\"https:\/\/abadecom.com\/maquina-de-corte-para-dulces\/attachment\/1679653729216\/\",\"alt\":\"\",\"description\":\"\",\"caption\":\"\",\"mime\":\"image\/jpeg\",\"type\":\"image\",\"width\":2560,\"height\":1920,\"sizes\":{\"thumbnail\":{\"height\":150,\"width\":150,\"url\":\"https:\/\/abadecom.com\/wp-content\/uploads\/2023\/06\/1679653729216-150x150.jpg\",\"orientation\":\"landscape\"},\"medium\":{\"height\":225,\"width\":300,\"url\":\"https:\/\/abadecom.com\/wp-content\/uploads\/2023\/06\/1679653729216-300x225.jpg\",\"orientation\":\"landscape\"},\"large\":{\"height\":768,\"width\":1024,\"url\":\"https:\/\/abadecom.com\/wp-content\/uploads\/2023\/06\/1679653729216-1024x768.jpg\",\"orientation\":\"landscape\"},\"full\":{\"url\":\"https:\/\/abadecom.com\/wp-content\/uploads\/2023\/06\/1679653729216-scaled.jpg\",\"height\":1920,\"width\":2560,\"orientation\":\"landscape\"}},\"imageMeta\":{\"aperture\":\"0\",\"credit\":\"\",\"camera\":\"\\u002d\\u002d\",\"caption\":\"\",\"created_timestamp\":\"1679575926\",\"copyright\":\"\",\"focal_length\":\"0\",\"iso\":\"0\",\"shutter_speed\":\"1\",\"title\":\"\",\"orientation\":\"1\",\"keywords\":[]},\"meta\":false,\"postlink\":\"https:\/\/abadecom.com\/maquina-de-corte-para-dulces\/attachment\/1679653729216\/\"},{\"id\":8966,\"title\":\"Maquina de corte para pasteleria Abadecom 2023\",\"url\":\"https:\/\/abadecom.com\/wp-content\/uploads\/2023\/06\/Maquina-de-corte-para-pasteleria-Abadecom-2023-scaled.jpg\",\"link\":\"https:\/\/abadecom.com\/maquina-de-corte-para-dulces\/maquina-de-corte-para-pasteleria-abadecom-2023\/\",\"alt\":\"\",\"description\":\"\",\"caption\":\"\",\"mime\":\"image\/jpeg\",\"type\":\"image\",\"width\":2560,\"height\":1920,\"sizes\":{\"thumbnail\":{\"height\":150,\"width\":150,\"url\":\"https:\/\/abadecom.com\/wp-content\/uploads\/2023\/06\/Maquina-de-corte-para-pasteleria-Abadecom-2023-150x150.jpg\",\"orientation\":\"landscape\"},\"medium\":{\"height\":225,\"width\":300,\"url\":\"https:\/\/abadecom.com\/wp-content\/uploads\/2023\/06\/Maquina-de-corte-para-pasteleria-Abadecom-2023-300x225.jpg\",\"orientation\":\"landscape\"},\"large\":{\"height\":768,\"width\":1024,\"url\":\"https:\/\/abadecom.com\/wp-content\/uploads\/2023\/06\/Maquina-de-corte-para-pasteleria-Abadecom-2023-1024x768.jpg\",\"orientation\":\"landscape\"},\"full\":{\"url\":\"https:\/\/abadecom.com\/wp-content\/uploads\/2023\/06\/Maquina-de-corte-para-pasteleria-Abadecom-2023-scaled.jpg\",\"height\":1920,\"width\":2560,\"orientation\":\"landscape\"}},\"imageMeta\":{\"aperture\":\"0\",\"credit\":\"\",\"camera\":\"\\u002d\\u002d\",\"caption\":\"\",\"created_timestamp\":\"1679575944\",\"copyright\":\"\",\"focal_length\":\"0\",\"iso\":\"0\",\"shutter_speed\":\"1\",\"title\":\"\",\"orientation\":\"1\",\"keywords\":[]},\"meta\":false,\"postlink\":\"https:\/\/abadecom.com\/maquina-de-corte-para-dulces\/maquina-de-corte-para-pasteleria-abadecom-2023\/\"}],\"contentNoPadding\":true,\"TrpContentRestriction\":{\"restriction_type\":\"exclude\",\"selected_languages\":[],\"panel_open\":true},\"itemsMetaDataCollection\":[]}<\/script><script>(function(){if(window.PGC_SGB && window.PGC_SGB.searcher){window.PGC_SGB.searcher.initBlocks()}})()<\/script><\/div>\n\n<style>.wp-block-kadence-advancedheading.kt-adv-heading8712_7ca492-23, .wp-block-kadence-advancedheading.kt-adv-heading8712_7ca492-23[data-kb-block=\"kb-adv-heading8712_7ca492-23\"]{font-style:normal;}.wp-block-kadence-advancedheading.kt-adv-heading8712_7ca492-23 mark.kt-highlight, .wp-block-kadence-advancedheading.kt-adv-heading8712_7ca492-23[data-kb-block=\"kb-adv-heading8712_7ca492-23\"] mark.kt-highlight{font-style:normal;color:#f76a0c;-webkit-box-decoration-break:clone;box-decoration-break:clone;padding-top:0px;padding-right:0px;padding-bottom:0px;padding-left:0px;}.wp-block-kadence-advancedheading.kt-adv-heading8712_7ca492-23 img.kb-inline-image, .wp-block-kadence-advancedheading.kt-adv-heading8712_7ca492-23[data-kb-block=\"kb-adv-heading8712_7ca492-23\"] img.kb-inline-image{width:150px;vertical-align:baseline;}<\/style>\n<h2 class=\"kt-adv-heading8712_7ca492-23 wp-block-kadence-advancedheading\" data-kb-block=\"kb-adv-heading8712_7ca492-23\">Especificaciones tecnicas:<\/h2>\n\n\n\n<ul class=\"wp-block-list\">\n<li>Adecuado para pasteles cuadrados, rectangulares y triangulares.<\/li>\n\n\n\n<li>Rango de corte: 0-600 mm.<\/li>\n\n\n\n<li>Ancho del cuchillo ultras\u00f3nico 305 mm.<\/li>\n\n\n\n<li>Altura de corte efectiva: 65mm.<\/li>\n\n\n\n<li>Altura m\u00e1xima de corte: 125mm.<\/li>\n\n\n\n<li>Medidas: 1260 x 1150 x 1400 mm altura.<\/li>\n\n\n\n<li>Fuente de alimentaci\u00f3n:<\/li>\n\n\n\n<li>Monof\u00e1sica 230V 50HZ<\/li>\n\n\n\n<li>Potencia: 1.5 kw<\/li>\n<\/ul>\n\n\n<style>.wp-block-kadence-advancedheading.kt-adv-heading8712_b61990-42, .wp-block-kadence-advancedheading.kt-adv-heading8712_b61990-42[data-kb-block=\"kb-adv-heading8712_b61990-42\"]{font-style:normal;}.wp-block-kadence-advancedheading.kt-adv-heading8712_b61990-42 mark.kt-highlight, .wp-block-kadence-advancedheading.kt-adv-heading8712_b61990-42[data-kb-block=\"kb-adv-heading8712_b61990-42\"] mark.kt-highlight{font-style:normal;color:#f76a0c;-webkit-box-decoration-break:clone;box-decoration-break:clone;padding-top:0px;padding-right:0px;padding-bottom:0px;padding-left:0px;}.wp-block-kadence-advancedheading.kt-adv-heading8712_b61990-42 img.kb-inline-image, .wp-block-kadence-advancedheading.kt-adv-heading8712_b61990-42[data-kb-block=\"kb-adv-heading8712_b61990-42\"] img.kb-inline-image{width:150px;vertical-align:baseline;}<\/style>\n<h2 class=\"kt-adv-heading8712_b61990-42 wp-block-kadence-advancedheading\" data-kb-block=\"kb-adv-heading8712_b61990-42\">Caracter\u00edsticas:<\/h2>\n\n\n\n<ul class=\"wp-block-list\">\n<li>Material de la carcasa Acero inoxidable 201.<\/li>\n\n\n\n<li>Equipado con un bot\u00f3n de parada de emergencia.<\/li>\n\n\n\n<li>Cumple con los est\u00e1ndares de higiene.<\/li>\n<\/ul>\n\n\n\n<figure class=\"wp-block-embed is-type-video is-provider-youtube wp-block-embed-youtube wp-embed-aspect-16-9 wp-has-aspect-ratio\"><div class=\"wp-block-embed__wrapper\">\n<iframe loading=\"lazy\" hcb-fetch-image-from=\"https:\/\/www.youtube.com\/watch?v=Ha61b3v4MY0&amp;t=21s\" title=\"Video m\u00e1quina de corte para pasteler\u00eda_Abadecom Maquinarias\" width=\"640\" height=\"360\" src=\"https:\/\/www.youtube.com\/embed\/Ha61b3v4MY0?start=21&#038;feature=oembed\" frameborder=\"0\" allow=\"accelerometer; autoplay; clipboard-write; encrypted-media; gyroscope; picture-in-picture; web-share\" referrerpolicy=\"strict-origin-when-cross-origin\" allowfullscreen><\/iframe>\n<\/div><\/figure>\n\n\n\n<p class=\"has--font-size wp-block-paragraph\"><strong>Descargar Ficha T\u00e9cnica: <a href=\"https:\/\/abadecom.com\/wp-content\/uploads\/2024\/03\/Maquina-de-corte-para-pasteleria_Abadecom.pdf\" target=\"_blank\" rel=\"noreferrer noopener\">Espa\u00f1ol<\/a><\/strong> \/<strong> <a href=\"https:\/\/abadecom.com\/wp-content\/uploads\/2023\/12\/Ficha-tecnica-maquina-de-corte-Ingles.pdf.pdf\">Ingl\u00e9s<\/a><\/strong><\/p>\n","protected":false},"excerpt":{"rendered":"<p>La m\u00e1quina de corte para dulces emerge como una herramienta fundamental en la industria alimentaria, desplegando su versatilidad en diversos escenarios que van desde restaurantes y hoteles hasta panader\u00edas, consolid\u00e1ndose como un pilar en el sector de servicios. Su capacidad para ejecutar cortes de formas variadas, como rectangular, triangular y circular, la convierte en un [&#8230;]<\/p>\n<p><a class=\"btn btn-secondary understrap-read-more-link\" href=\"https:\/\/abadecom.com\/fr\/maquina-de-corte-para-dulces\/\">Lire la suite\u2026<span class=\"screen-reader-text\"> from M\u00e1quina de corte para dulces<\/span><\/a><\/p>\n","protected":false},"author":1,"featured_media":0,"parent":0,"menu_order":62,"comment_status":"closed","ping_status":"closed","template":"","meta":{"content-type":"","_monsterinsights_skip_tracking":false,"pgc_sgb_lightbox_settings":"","footnotes":""},"class_list":["post-8712","page","type-page","status-publish","hentry"],"yoast_head":"<!-- This site is optimized with the Yoast SEO plugin v28.4 - https:\/\/yoast.com\/product\/yoast-seo-wordpress\/ -->\n<title>M\u00e1quina de corte para dulces - Abadecom<\/title>\n<meta name=\"description\" content=\"Esta m\u00e1quina de corte es capaz de realizar diferentes tipos de cortes con forma rectangular, triangular y circular.\" \/>\n<meta name=\"robots\" content=\"index, follow, max-snippet:-1, max-image-preview:large, max-video-preview:-1\" \/>\n<link rel=\"canonical\" href=\"https:\/\/abadecom.com\/fr\/maquina-de-corte-para-dulces\/\" \/>\n<meta property=\"og:locale\" content=\"fr_FR\" \/>\n<meta property=\"og:type\" content=\"article\" \/>\n<meta property=\"og:title\" content=\"M\u00e1quina de corte para dulces - Abadecom\" \/>\n<meta property=\"og:description\" content=\"Esta m\u00e1quina de corte es capaz de realizar diferentes tipos de cortes con forma rectangular, triangular y circular.\" \/>\n<meta property=\"og:url\" content=\"https:\/\/abadecom.com\/fr\/maquina-de-corte-para-dulces\/\" \/>\n<meta property=\"og:site_name\" content=\"Abadecom\" \/>\n<meta property=\"article:modified_time\" content=\"2024-03-07T10:28:18+00:00\" \/>\n<meta property=\"og:image\" content=\"https:\/\/abadecom.com\/wp-content\/uploads\/2023\/06\/Maquina-de-corte-para-pasteleria_Abadecom-1024x768.jpg\" \/>\n<meta name=\"twitter:card\" content=\"summary_large_image\" \/>\n<meta name=\"twitter:label1\" content=\"Dur\u00e9e de lecture estim\u00e9e\" \/>\n\t<meta name=\"twitter:data1\" content=\"3 minutes\" \/>\n<script type=\"application\/ld+json\" class=\"yoast-schema-graph\">{\"@context\":\"https:\\\/\\\/schema.org\",\"@graph\":[{\"@type\":\"WebPage\",\"@id\":\"https:\\\/\\\/abadecom.com\\\/maquina-de-corte-para-dulces\\\/\",\"url\":\"https:\\\/\\\/abadecom.com\\\/maquina-de-corte-para-dulces\\\/\",\"name\":\"M\u00e1quina de corte para dulces - Abadecom\",\"isPartOf\":{\"@id\":\"https:\\\/\\\/abadecom.com\\\/#website\"},\"primaryImageOfPage\":{\"@id\":\"https:\\\/\\\/abadecom.com\\\/maquina-de-corte-para-dulces\\\/#primaryimage\"},\"image\":{\"@id\":\"https:\\\/\\\/abadecom.com\\\/maquina-de-corte-para-dulces\\\/#primaryimage\"},\"thumbnailUrl\":\"https:\\\/\\\/abadecom.com\\\/wp-content\\\/uploads\\\/2023\\\/06\\\/Maquina-de-corte-para-pasteleria_Abadecom-1024x768.jpg\",\"datePublished\":\"2023-06-12T13:42:08+00:00\",\"dateModified\":\"2024-03-07T10:28:18+00:00\",\"description\":\"Esta m\u00e1quina de corte es capaz de realizar diferentes tipos de cortes con forma rectangular, triangular y circular.\",\"inLanguage\":\"fr-FR\",\"potentialAction\":[{\"@type\":\"ReadAction\",\"target\":[\"https:\\\/\\\/abadecom.com\\\/maquina-de-corte-para-dulces\\\/\"]}]},{\"@type\":\"ImageObject\",\"inLanguage\":\"fr-FR\",\"@id\":\"https:\\\/\\\/abadecom.com\\\/maquina-de-corte-para-dulces\\\/#primaryimage\",\"url\":\"https:\\\/\\\/abadecom.com\\\/wp-content\\\/uploads\\\/2023\\\/06\\\/Maquina-de-corte-para-pasteleria_Abadecom-1024x768.jpg\",\"contentUrl\":\"https:\\\/\\\/abadecom.com\\\/wp-content\\\/uploads\\\/2023\\\/06\\\/Maquina-de-corte-para-pasteleria_Abadecom-1024x768.jpg\"},{\"@type\":\"WebSite\",\"@id\":\"https:\\\/\\\/abadecom.com\\\/#website\",\"url\":\"https:\\\/\\\/abadecom.com\\\/\",\"name\":\"Abadecom\",\"description\":\"Productos sostenibles y respetuosos con el medio ambiente\",\"publisher\":{\"@id\":\"https:\\\/\\\/abadecom.com\\\/#organization\"},\"alternateName\":\"Abadecom\",\"potentialAction\":[{\"@type\":\"SearchAction\",\"target\":{\"@type\":\"EntryPoint\",\"urlTemplate\":\"https:\\\/\\\/abadecom.com\\\/?s={search_term_string}\"},\"query-input\":{\"@type\":\"PropertyValueSpecification\",\"valueRequired\":true,\"valueName\":\"search_term_string\"}}],\"inLanguage\":\"fr-FR\"},{\"@type\":\"Organization\",\"@id\":\"https:\\\/\\\/abadecom.com\\\/#organization\",\"name\":\"Abadecom\",\"url\":\"https:\\\/\\\/abadecom.com\\\/\",\"logo\":{\"@type\":\"ImageObject\",\"inLanguage\":\"fr-FR\",\"@id\":\"https:\\\/\\\/abadecom.com\\\/#\\\/schema\\\/logo\\\/image\\\/\",\"url\":\"https:\\\/\\\/abadecom.com\\\/wp-content\\\/uploads\\\/2022\\\/03\\\/Logo-Abadecom-e1647715158799.png\",\"contentUrl\":\"https:\\\/\\\/abadecom.com\\\/wp-content\\\/uploads\\\/2022\\\/03\\\/Logo-Abadecom-e1647715158799.png\",\"width\":200,\"height\":117,\"caption\":\"Abadecom\"},\"image\":{\"@id\":\"https:\\\/\\\/abadecom.com\\\/#\\\/schema\\\/logo\\\/image\\\/\"}}]}<\/script>\n<!-- \/ Yoast SEO plugin. -->","yoast_head_json":{"title":"M\u00e1quina de corte para dulces - Abadecom","description":"Esta m\u00e1quina de corte es capaz de realizar diferentes tipos de cortes con forma rectangular, triangular y circular.","robots":{"index":"index","follow":"follow","max-snippet":"max-snippet:-1","max-image-preview":"max-image-preview:large","max-video-preview":"max-video-preview:-1"},"canonical":"https:\/\/abadecom.com\/fr\/maquina-de-corte-para-dulces\/","og_locale":"fr_FR","og_type":"article","og_title":"M\u00e1quina de corte para dulces - Abadecom","og_description":"Esta m\u00e1quina de corte es capaz de realizar diferentes tipos de cortes con forma rectangular, triangular y circular.","og_url":"https:\/\/abadecom.com\/fr\/maquina-de-corte-para-dulces\/","og_site_name":"Abadecom","article_modified_time":"2024-03-07T10:28:18+00:00","og_image":[{"url":"https:\/\/abadecom.com\/wp-content\/uploads\/2023\/06\/Maquina-de-corte-para-pasteleria_Abadecom-1024x768.jpg","type":"","width":"","height":""}],"twitter_card":"summary_large_image","twitter_misc":{"Dur\u00e9e de lecture estim\u00e9e":"3 minutes"},"schema":{"@context":"https:\/\/schema.org","@graph":[{"@type":"WebPage","@id":"https:\/\/abadecom.com\/maquina-de-corte-para-dulces\/","url":"https:\/\/abadecom.com\/maquina-de-corte-para-dulces\/","name":"M\u00e1quina de corte para dulces - Abadecom","isPartOf":{"@id":"https:\/\/abadecom.com\/#website"},"primaryImageOfPage":{"@id":"https:\/\/abadecom.com\/maquina-de-corte-para-dulces\/#primaryimage"},"image":{"@id":"https:\/\/abadecom.com\/maquina-de-corte-para-dulces\/#primaryimage"},"thumbnailUrl":"https:\/\/abadecom.com\/wp-content\/uploads\/2023\/06\/Maquina-de-corte-para-pasteleria_Abadecom-1024x768.jpg","datePublished":"2023-06-12T13:42:08+00:00","dateModified":"2024-03-07T10:28:18+00:00","description":"Esta m\u00e1quina de corte es capaz de realizar diferentes tipos de cortes con forma rectangular, triangular y circular.","inLanguage":"fr-FR","potentialAction":[{"@type":"ReadAction","target":["https:\/\/abadecom.com\/maquina-de-corte-para-dulces\/"]}]},{"@type":"ImageObject","inLanguage":"fr-FR","@id":"https:\/\/abadecom.com\/maquina-de-corte-para-dulces\/#primaryimage","url":"https:\/\/abadecom.com\/wp-content\/uploads\/2023\/06\/Maquina-de-corte-para-pasteleria_Abadecom-1024x768.jpg","contentUrl":"https:\/\/abadecom.com\/wp-content\/uploads\/2023\/06\/Maquina-de-corte-para-pasteleria_Abadecom-1024x768.jpg"},{"@type":"WebSite","@id":"https:\/\/abadecom.com\/#website","url":"https:\/\/abadecom.com\/","name":"Abadecom","description":"Produits durables et respectueux de l'environnement","publisher":{"@id":"https:\/\/abadecom.com\/#organization"},"alternateName":"Abadecom","potentialAction":[{"@type":"SearchAction","target":{"@type":"EntryPoint","urlTemplate":"https:\/\/abadecom.com\/?s={search_term_string}"},"query-input":{"@type":"PropertyValueSpecification","valueRequired":true,"valueName":"search_term_string"}}],"inLanguage":"fr-FR"},{"@type":"Organization","@id":"https:\/\/abadecom.com\/#organization","name":"Abadecom","url":"https:\/\/abadecom.com\/","logo":{"@type":"ImageObject","inLanguage":"fr-FR","@id":"https:\/\/abadecom.com\/#\/schema\/logo\/image\/","url":"https:\/\/abadecom.com\/wp-content\/uploads\/2022\/03\/Logo-Abadecom-e1647715158799.png","contentUrl":"https:\/\/abadecom.com\/wp-content\/uploads\/2022\/03\/Logo-Abadecom-e1647715158799.png","width":200,"height":117,"caption":"Abadecom"},"image":{"@id":"https:\/\/abadecom.com\/#\/schema\/logo\/image\/"}}]}},"_links":{"self":[{"href":"https:\/\/abadecom.com\/fr\/wp-json\/wp\/v2\/pages\/8712","targetHints":{"allow":["GET"]}}],"collection":[{"href":"https:\/\/abadecom.com\/fr\/wp-json\/wp\/v2\/pages"}],"about":[{"href":"https:\/\/abadecom.com\/fr\/wp-json\/wp\/v2\/types\/page"}],"author":[{"embeddable":true,"href":"https:\/\/abadecom.com\/fr\/wp-json\/wp\/v2\/users\/1"}],"replies":[{"embeddable":true,"href":"https:\/\/abadecom.com\/fr\/wp-json\/wp\/v2\/comments?post=8712"}],"version-history":[{"count":13,"href":"https:\/\/abadecom.com\/fr\/wp-json\/wp\/v2\/pages\/8712\/revisions"}],"predecessor-version":[{"id":9631,"href":"https:\/\/abadecom.com\/fr\/wp-json\/wp\/v2\/pages\/8712\/revisions\/9631"}],"wp:attachment":[{"href":"https:\/\/abadecom.com\/fr\/wp-json\/wp\/v2\/media?parent=8712"}],"curies":[{"name":"wp","href":"https:\/\/api.w.org\/{rel}","templated":true}]}}