{"id":835,"date":"2018-09-10T12:59:00","date_gmt":"2018-09-10T12:59:00","guid":{"rendered":"https:\/\/gbsolutions.es\/?page_id=835"},"modified":"2026-03-23T15:36:49","modified_gmt":"2026-03-23T15:36:49","slug":"balise-en-plastique-recycle","status":"publish","type":"page","link":"https:\/\/abadecom.com\/fr\/baliza-de-plastico-reciclado\/","title":{"rendered":"Balise photoluminescente \u00e9co"},"content":{"rendered":"<style>.wp-block-kadence-advancedheading.kt-adv-heading835_eb7da2-e7, .wp-block-kadence-advancedheading.kt-adv-heading835_eb7da2-e7[data-kb-block=\"kb-adv-heading835_eb7da2-e7\"]{font-style:normal;}.wp-block-kadence-advancedheading.kt-adv-heading835_eb7da2-e7 mark.kt-highlight, .wp-block-kadence-advancedheading.kt-adv-heading835_eb7da2-e7[data-kb-block=\"kb-adv-heading835_eb7da2-e7\"] mark.kt-highlight{font-style:normal;color:#f76a0c;-webkit-box-decoration-break:clone;box-decoration-break:clone;padding-top:0px;padding-right:0px;padding-bottom:0px;padding-left:0px;}.wp-block-kadence-advancedheading.kt-adv-heading835_eb7da2-e7 img.kb-inline-image, .wp-block-kadence-advancedheading.kt-adv-heading835_eb7da2-e7[data-kb-block=\"kb-adv-heading835_eb7da2-e7\"] img.kb-inline-image{width:150px;vertical-align:baseline;}<\/style>\n<h2 class=\"kt-adv-heading835_eb7da2-e7 wp-block-kadence-advancedheading\" data-kb-block=\"kb-adv-heading835_eb7da2-e7\">Baliza de pl\u00e1stico reciclado (Acabado madera)<\/h2>\n\n\n\n<figure class=\"wp-block-image size-large is-style-default\"><img loading=\"lazy\" decoding=\"async\" width=\"1024\" height=\"683\" src=\"https:\/\/abadecom.com\/wp-content\/uploads\/2026\/02\/Camino-iluminado-por-bolardos-luminicos-1024x683.png\" alt=\"\" class=\"wp-image-9993\" srcset=\"https:\/\/abadecom.com\/wp-content\/uploads\/2026\/02\/Camino-iluminado-por-bolardos-luminicos-1024x683.png 1024w, https:\/\/abadecom.com\/wp-content\/uploads\/2026\/02\/Camino-iluminado-por-bolardos-luminicos-300x200.png 300w, https:\/\/abadecom.com\/wp-content\/uploads\/2026\/02\/Camino-iluminado-por-bolardos-luminicos-768x512.png 768w, https:\/\/abadecom.com\/wp-content\/uploads\/2026\/02\/Camino-iluminado-por-bolardos-luminicos-50x33.png 50w, https:\/\/abadecom.com\/wp-content\/uploads\/2026\/02\/Camino-iluminado-por-bolardos-luminicos.png 1536w\" sizes=\"auto, (max-width: 1024px) 100vw, 1024px\" \/><\/figure>\n\n\n\n<p class=\"wp-block-paragraph\">Imagina que tus senderos, rutas tur\u00edsticas o miradores siguen siendo visibles y guiados durante toda la noche, sin necesidad de electricidad, cableado ni mantenimiento constante. Con la <strong>Eco-Baliza fotoluminiscente<\/strong> de Abadecom, conviertes cualquier entorno con poca iluminaci\u00f3n en un itinerario seguro, se\u00f1alizado y sostenible, mejorando la experiencia del visitante y reduciendo costes operativos desde el primer d\u00eda. Dise\u00f1ada para balizamiento y se\u00f1alizaci\u00f3n nocturna en espacios naturales y urbanos, esta baliza combina un fuste de pl\u00e1stico 100% reciclado\/reciclable (acabado madera) con una pieza fotoluminiscente incrustada a 45\u00ba, lo que incrementa la visibilidad del punto de gu\u00eda y la orientaci\u00f3n del recorrido.<\/p>\n\n\n\n<h2 class=\"wp-block-heading\">Campo de aplicaci\u00f3n<\/h2>\n\n\n\n<p class=\"wp-block-paragraph\">La Eco-Baliza fotoluminiscente es ideal para proyectos que exigen <strong>se\u00f1alizaci\u00f3n sostenible<\/strong>, alta durabilidad y est\u00e9tica integrada en el entorno:<\/p>\n\n\n\n<ul class=\"wp-block-list\">\n<li><strong>Rutas tur\u00edsticas, arqueol\u00f3gicas y de turismo astron\u00f3mico<\/strong>.<\/li>\n\n\n\n<li><strong>Senderos, v\u00edas verdes y caminos rurales<\/strong>.<\/li>\n\n\n\n<li>Itinerarios en <strong>parques naturales<\/strong>, \u00e1reas recreativas y <strong>miradores<\/strong>.<\/li>\n\n\n\n<li>Caminos para <strong>running<\/strong> y recorridos deportivos.<\/li>\n\n\n\n<li>Zonas sin iluminaci\u00f3n o con iluminaci\u00f3n deficiente.<\/li>\n<\/ul>\n\n\n\n<p class=\"wp-block-paragraph\">Adem\u00e1s, puede incorporar <strong>bandas reflectantes de alta intensidad (opcional)<\/strong> para maximizar la visibilidad <strong>de d\u00eda y de noche<\/strong>, \u00fatil para transe\u00fantes, ciclistas y veh\u00edculos.<\/p>\n\n\n\n<h2 class=\"wp-block-heading\">Propiedades<\/h2>\n\n\n\n<ul class=\"wp-block-list\">\n<li><strong>Se\u00f1alizaci\u00f3n visible en oscuridad<\/strong>: la pieza fotoluminiscente, una vez cargada, ofrece m\u00e1s de 12 horas de luminiscencia en condiciones de oscuridad.<\/li>\n\n\n\n<li><strong>Sostenibilidad real<\/strong>: fabricada con pl\u00e1stico reciclado ecol\u00f3gico y no contaminante, con huella de carbono negativa (reutiliza residuo existente).<\/li>\n\n\n\n<li><strong>Durabilidad casi ilimitada<\/strong>: material<strong> resistente a UV, <\/strong>inerte ante degradaci\u00f3n ambiental, qu\u00edmica y putrefacci\u00f3n.<\/li>\n\n\n\n<li><strong>M\u00ednimo mantenimiento<\/strong>: no se astilla, no se oxida, es f\u00e1cil de limpiar y <strong>antigrafiti\/antivandalismo<\/strong>.<\/li>\n\n\n\n<li><strong>Seguridad y confort<\/strong>: mejora la orientaci\u00f3n del usuario, reduce riesgos y eleva la percepci\u00f3n de calidad del recorrido.<\/li>\n<\/ul>\n\n\n<style>.wp-block-kadence-advancedheading.kt-adv-heading835_7637d8-29, .wp-block-kadence-advancedheading.kt-adv-heading835_7637d8-29[data-kb-block=\"kb-adv-heading835_7637d8-29\"]{font-style:normal;}.wp-block-kadence-advancedheading.kt-adv-heading835_7637d8-29 mark.kt-highlight, .wp-block-kadence-advancedheading.kt-adv-heading835_7637d8-29[data-kb-block=\"kb-adv-heading835_7637d8-29\"] mark.kt-highlight{font-style:normal;color:#f76a0c;-webkit-box-decoration-break:clone;box-decoration-break:clone;padding-top:0px;padding-right:0px;padding-bottom:0px;padding-left:0px;}.wp-block-kadence-advancedheading.kt-adv-heading835_7637d8-29 img.kb-inline-image, .wp-block-kadence-advancedheading.kt-adv-heading835_7637d8-29[data-kb-block=\"kb-adv-heading835_7637d8-29\"] img.kb-inline-image{width:150px;vertical-align:baseline;}<\/style>\n<h2 class=\"kt-adv-heading835_7637d8-29 wp-block-kadence-advancedheading\" data-kb-block=\"kb-adv-heading835_7637d8-29\">Tecnolog\u00eda fotoluminiscente<\/h2>\n\n\n\n<p class=\"wp-block-paragraph\">Las piezas fotoluminiscentes se activan con luz solar o artificial, con resistencia al envejecimiento por acci\u00f3n prolongada de rayos UV. Gracias a su instalaci\u00f3n a 45\u00ba, la baliza ofrece una lectura visual m\u00e1s directa y efectiva.<\/p>\n\n\n\n<p class=\"wp-block-paragraph\"><strong>Recomendaci\u00f3n t\u00e9cnica importante:<\/strong> para apreciar plenamente la luminiscencia, <strong>no debe incidir luz directa<\/strong> sobre la pieza durante la oscuridad.<\/p>\n\n\n<style>.wp-block-kadence-advancedheading.kt-adv-heading835_548fef-92, .wp-block-kadence-advancedheading.kt-adv-heading835_548fef-92[data-kb-block=\"kb-adv-heading835_548fef-92\"]{font-style:normal;}.wp-block-kadence-advancedheading.kt-adv-heading835_548fef-92 mark.kt-highlight, .wp-block-kadence-advancedheading.kt-adv-heading835_548fef-92[data-kb-block=\"kb-adv-heading835_548fef-92\"] mark.kt-highlight{font-style:normal;color:#f76a0c;-webkit-box-decoration-break:clone;box-decoration-break:clone;padding-top:0px;padding-right:0px;padding-bottom:0px;padding-left:0px;}.wp-block-kadence-advancedheading.kt-adv-heading835_548fef-92 img.kb-inline-image, .wp-block-kadence-advancedheading.kt-adv-heading835_548fef-92[data-kb-block=\"kb-adv-heading835_548fef-92\"] img.kb-inline-image{width:150px;vertical-align:baseline;}<\/style>\n<h2 class=\"kt-adv-heading835_548fef-92 wp-block-kadence-advancedheading\" data-kb-block=\"kb-adv-heading835_548fef-92\">Dimensiones<strong>:<\/strong><\/h2>\n\n\n\n<ul class=\"wp-block-list\">\n<li><strong>FUSTE<\/strong>\n<ul class=\"wp-block-list\">\n<li>Altura total del fuste: 1250 mm (Varias medidas Opcionalmente)<\/li>\n\n\n\n<li>Empotramiento: 250 mm<\/li>\n\n\n\n<li>Ancho del fuste: 90 mm<\/li>\n\n\n\n<li>Espesor del fuste: 90 mm<\/li>\n\n\n\n<li>Corte diagonal en la parte superior: 45\u00ba<\/li>\n<\/ul>\n<\/li>\n<\/ul>\n\n\n\n<ul class=\"wp-block-list\">\n<li><strong>PIEZA FOTOLUMINISCENTE:<\/strong>\n<ul class=\"wp-block-list\">\n<li>Dimensiones: 68.50 mm de di\u00e1metro.<\/li>\n\n\n\n<li>Espesor 10 mm<\/li>\n<\/ul>\n<\/li>\n<\/ul>\n\n\n<style>.wp-block-kadence-advancedheading.kt-adv-heading835_e02b57-77, .wp-block-kadence-advancedheading.kt-adv-heading835_e02b57-77[data-kb-block=\"kb-adv-heading835_e02b57-77\"]{font-style:normal;}.wp-block-kadence-advancedheading.kt-adv-heading835_e02b57-77 mark.kt-highlight, .wp-block-kadence-advancedheading.kt-adv-heading835_e02b57-77[data-kb-block=\"kb-adv-heading835_e02b57-77\"] mark.kt-highlight{font-style:normal;color:#f76a0c;-webkit-box-decoration-break:clone;box-decoration-break:clone;padding-top:0px;padding-right:0px;padding-bottom:0px;padding-left:0px;}.wp-block-kadence-advancedheading.kt-adv-heading835_e02b57-77 img.kb-inline-image, .wp-block-kadence-advancedheading.kt-adv-heading835_e02b57-77[data-kb-block=\"kb-adv-heading835_e02b57-77\"] img.kb-inline-image{width:150px;vertical-align:baseline;}<\/style>\n<h2 class=\"kt-adv-heading835_e02b57-77 wp-block-kadence-advancedheading\" data-kb-block=\"kb-adv-heading835_e02b57-77\">Modo de utilizaci\u00f3n<\/h2>\n\n\n\n<ul class=\"wp-block-list\">\n<li>Se recomienda cimentaci\u00f3n en dado de hormig\u00f3n, penetrando 200 a 350 mm (seg\u00fan altura del fuste).<\/li>\n\n\n\n<li>Distancia aconsejada entre balizas: 5 a 25 metros, en funci\u00f3n del trazado, desnivel y necesidad de guiado.<\/li>\n<\/ul>\n\n\n\n<h2 class=\"wp-block-heading\">Hay que tener en cuenta<\/h2>\n\n\n\n<p class=\"wp-block-paragraph\">Para que se pueda apreciar el efecto de la luminiscencia, no tiene que incidir ninguna luz directamente sobre la pieza.<\/p>\n\n\n\n<h2 class=\"wp-block-heading\">Propiedades luminiscentes<\/h2>\n\n\n\n<ul class=\"wp-block-list\">\n<li>Color de brillo: Verde.<\/li>\n\n\n\n<li>Rango de temperaturas de funcionamiento: -15\u00baC- 50\u00baC<\/li>\n\n\n\n<li>Luminancion tras 10 minutos: Mayor que 1300 mcd\/m<sup>2<\/sup><\/li>\n\n\n\n<li>Luminancia tras 60 minutos: Mayor que 190 mcd\/m<sup>2<\/sup><\/li>\n\n\n\n<li>Tiempo de atenuaci\u00f3n UNE 23035 (*): Mayor que 26600 minutos<\/li>\n<\/ul>\n\n\n\n<p class=\"wp-block-paragraph\">(*) Extrapolaci\u00f3n logar\u00edtmica seg\u00fan UNE 23035 hasta obtener el tiempo en que la luminancia sea de 0,3 mcd\/m<sup>2<\/sup><\/p>\n\n\n\n<p class=\"wp-block-paragraph\">Los datos t\u00e9cnicos reflejados se basan en los conocimientos t\u00e9cnicos obtenidos en laboratorios externos y por nuestros t\u00e9cnicos.<\/p>\n\n\n\n<h2 class=\"wp-block-heading\">Propiedades del Fuste de Pl\u00e1stico 100% Reciclado \/ Reciclable (acabado madera)<\/h2>\n\n\n\n<ul class=\"wp-block-list\">\n<li>Color: Marr\u00f3n<\/li>\n\n\n\n<li>Forma: Cuadrado<\/li>\n\n\n\n<li>Propiedades:\n<ul class=\"wp-block-list\">\n<li><strong>No astillable ni oxidable<\/strong>: alternativa superior a la madera en entornos exigentes.<\/li>\n\n\n\n<li><strong>Aislante t\u00e9rmico y el\u00e9ctrico<\/strong>.<\/li>\n\n\n\n<li><strong>Inerte y resistente<\/strong> frente a agentes qu\u00edmicos, humedad y putrefacci\u00f3n.<\/li>\n\n\n\n<li><strong>Est\u00e9ril e higi\u00e9nico<\/strong>, f\u00e1cil de limpiar, antigrafiti y antivandalismo.<\/li>\n\n\n\n<li>Gran versatilidad: se integra visualmente con el entorno gracias a su imitaci\u00f3n realista del acabado madera.<\/li>\n\n\n\n<li>Resistente a la acci\u00f3n de <strong>animales e insectos<\/strong>.<\/li>\n<\/ul>\n<\/li>\n<\/ul>\n\n\n<style>.wp-block-kadence-advancedbtn.kb-btns835_56086c-09{gap:var(--global-kb-gap-xs, 0.5rem );justify-content:center;align-items:center;}.kt-btns835_56086c-09 .kt-button{font-weight:normal;font-style:normal;}.kt-btns835_56086c-09 .kt-btn-wrap-0{margin-right:5px;}.wp-block-kadence-advancedbtn.kt-btns835_56086c-09 .kt-btn-wrap-0 .kt-button{color:#555555;border-color:#555555;}.wp-block-kadence-advancedbtn.kt-btns835_56086c-09 .kt-btn-wrap-0 .kt-button:hover, .wp-block-kadence-advancedbtn.kt-btns835_56086c-09 .kt-btn-wrap-0 .kt-button:focus{color:#ffffff;border-color:#444444;}.wp-block-kadence-advancedbtn.kt-btns835_56086c-09 .kt-btn-wrap-0 .kt-button::before{display:none;}.wp-block-kadence-advancedbtn.kt-btns835_56086c-09 .kt-btn-wrap-0 .kt-button:hover, .wp-block-kadence-advancedbtn.kt-btns835_56086c-09 .kt-btn-wrap-0 .kt-button:focus{background:#444444;}<\/style>\n<div class=\"wp-block-kadence-advancedbtn kb-buttons-wrap kb-btns835_56086c-09\"><style>ul.menu .wp-block-kadence-advancedbtn .kb-btn835_f16349-d5.kb-button{width:initial;}.wp-block-kadence-advancedbtn .kb-btn835_f16349-d5.kb-button{color:#343a40;background:#0bc348;}<\/style><a class=\"kb-button kt-button button kb-btn835_f16349-d5 kt-btn-size-standard kt-btn-width-type-auto kb-btn-global-inherit kt-btn-has-text-true kt-btn-has-svg-false wp-block-button__link wp-block-kadence-singlebtn\" href=\"https:\/\/abadecom.com\/contacto\/\"><span class=\"kt-btn-inner-text\"><strong>SOLICITAR PRESUPUESTO<\/strong><\/span><\/a>\n\n<style>ul.menu .wp-block-kadence-advancedbtn .kb-btn835_427157-f5.kb-button{width:initial;}.wp-block-kadence-advancedbtn .kb-btn835_427157-f5.kb-button{color:#343a40;background:#0bc348;}<\/style><a class=\"kb-button kt-button button kb-btn835_427157-f5 kt-btn-size-standard kt-btn-width-type-auto kb-btn-global-inherit kt-btn-has-text-true kt-btn-has-svg-false wp-block-button__link wp-block-kadence-singlebtn\" href=\"https:\/\/abadecom.com\/contacto\/\"><span class=\"kt-btn-inner-text\"><strong>SOLICITAR FICHA T\u00c9CNICA<\/strong><\/span><\/a><\/div>\n\n\n\n<p class=\"wp-block-paragraph\"><\/p>\n","protected":false},"excerpt":{"rendered":"<p>Baliza de pl\u00e1stico reciclado (Acabado madera) Imagina que tus senderos, rutas tur\u00edsticas o miradores siguen siendo visibles y guiados durante toda la noche, sin necesidad de electricidad, cableado ni mantenimiento constante. Con la Eco-Baliza fotoluminiscente de Abadecom, conviertes cualquier entorno con poca iluminaci\u00f3n en un itinerario seguro, se\u00f1alizado y sostenible, mejorando la experiencia del visitante [&#8230;]<\/p>\n<p><a class=\"btn btn-secondary understrap-read-more-link\" href=\"https:\/\/abadecom.com\/fr\/baliza-de-plastico-reciclado\/\">Lire la suite\u2026<span class=\"screen-reader-text\"> from Eco-Baliza fotoluminiscente<\/span><\/a><\/p>\n","protected":false},"author":1,"featured_media":0,"parent":0,"menu_order":13,"comment_status":"closed","ping_status":"closed","template":"","meta":{"content-type":"","_monsterinsights_skip_tracking":false,"pgc_sgb_lightbox_settings":"","footnotes":""},"class_list":["post-835","page","type-page","status-publish","hentry"],"yoast_head":"<!-- This site is optimized with the Yoast SEO plugin v28.4 - https:\/\/yoast.com\/product\/yoast-seo-wordpress\/ -->\n<title>Eco-Baliza fotoluminiscente - Abadecom<\/title>\n<meta name=\"description\" content=\"Baliza con fuste de pl\u00e1stico 100% reciclado \/ reciclable de alta durabilidad procedente de residuos urbanos (acabado madera).\" \/>\n<meta name=\"robots\" content=\"index, follow, max-snippet:-1, max-image-preview:large, max-video-preview:-1\" \/>\n<link rel=\"canonical\" href=\"https:\/\/abadecom.com\/fr\/balise-en-plastique-recycle\/\" \/>\n<meta property=\"og:locale\" content=\"fr_FR\" \/>\n<meta property=\"og:type\" content=\"article\" \/>\n<meta property=\"og:title\" content=\"Eco-Baliza fotoluminiscente - Abadecom\" \/>\n<meta property=\"og:description\" content=\"Baliza con fuste de pl\u00e1stico 100% reciclado \/ reciclable de alta durabilidad procedente de residuos urbanos (acabado madera).\" \/>\n<meta property=\"og:url\" content=\"https:\/\/abadecom.com\/fr\/balise-en-plastique-recycle\/\" \/>\n<meta property=\"og:site_name\" content=\"Abadecom\" \/>\n<meta property=\"article:modified_time\" content=\"2026-03-23T15:36:49+00:00\" \/>\n<meta property=\"og:image\" content=\"https:\/\/abadecom.com\/wp-content\/uploads\/2026\/02\/Camino-iluminado-por-bolardos-luminicos-1024x683.png\" \/>\n\t<meta property=\"og:image:width\" content=\"1024\" \/>\n\t<meta property=\"og:image:height\" content=\"683\" \/>\n\t<meta property=\"og:image:type\" content=\"image\/png\" \/>\n<meta name=\"twitter:card\" content=\"summary_large_image\" \/>\n<meta name=\"twitter:label1\" content=\"Dur\u00e9e de lecture estim\u00e9e\" \/>\n\t<meta name=\"twitter:data1\" content=\"3 minutes\" \/>\n<script type=\"application\/ld+json\" class=\"yoast-schema-graph\">{\"@context\":\"https:\\\/\\\/schema.org\",\"@graph\":[{\"@type\":\"WebPage\",\"@id\":\"https:\\\/\\\/abadecom.com\\\/baliza-de-plastico-reciclado\\\/\",\"url\":\"https:\\\/\\\/abadecom.com\\\/baliza-de-plastico-reciclado\\\/\",\"name\":\"Eco-Baliza fotoluminiscente - Abadecom\",\"isPartOf\":{\"@id\":\"https:\\\/\\\/abadecom.com\\\/#website\"},\"primaryImageOfPage\":{\"@id\":\"https:\\\/\\\/abadecom.com\\\/baliza-de-plastico-reciclado\\\/#primaryimage\"},\"image\":{\"@id\":\"https:\\\/\\\/abadecom.com\\\/baliza-de-plastico-reciclado\\\/#primaryimage\"},\"thumbnailUrl\":\"https:\\\/\\\/abadecom.com\\\/wp-content\\\/uploads\\\/2026\\\/02\\\/Camino-iluminado-por-bolardos-luminicos-1024x683.png\",\"datePublished\":\"2018-09-10T12:59:00+00:00\",\"dateModified\":\"2026-03-23T15:36:49+00:00\",\"description\":\"Baliza con fuste de pl\u00e1stico 100% reciclado \\\/ reciclable de alta durabilidad procedente de residuos urbanos (acabado madera).\",\"inLanguage\":\"fr-FR\",\"potentialAction\":[{\"@type\":\"ReadAction\",\"target\":[\"https:\\\/\\\/abadecom.com\\\/baliza-de-plastico-reciclado\\\/\"]}]},{\"@type\":\"ImageObject\",\"inLanguage\":\"fr-FR\",\"@id\":\"https:\\\/\\\/abadecom.com\\\/baliza-de-plastico-reciclado\\\/#primaryimage\",\"url\":\"https:\\\/\\\/abadecom.com\\\/wp-content\\\/uploads\\\/2026\\\/02\\\/Camino-iluminado-por-bolardos-luminicos-1024x683.png\",\"contentUrl\":\"https:\\\/\\\/abadecom.com\\\/wp-content\\\/uploads\\\/2026\\\/02\\\/Camino-iluminado-por-bolardos-luminicos-1024x683.png\"},{\"@type\":\"WebSite\",\"@id\":\"https:\\\/\\\/abadecom.com\\\/#website\",\"url\":\"https:\\\/\\\/abadecom.com\\\/\",\"name\":\"Abadecom\",\"description\":\"Productos sostenibles y respetuosos con el medio ambiente\",\"publisher\":{\"@id\":\"https:\\\/\\\/abadecom.com\\\/#organization\"},\"alternateName\":\"Abadecom\",\"potentialAction\":[{\"@type\":\"SearchAction\",\"target\":{\"@type\":\"EntryPoint\",\"urlTemplate\":\"https:\\\/\\\/abadecom.com\\\/?s={search_term_string}\"},\"query-input\":{\"@type\":\"PropertyValueSpecification\",\"valueRequired\":true,\"valueName\":\"search_term_string\"}}],\"inLanguage\":\"fr-FR\"},{\"@type\":\"Organization\",\"@id\":\"https:\\\/\\\/abadecom.com\\\/#organization\",\"name\":\"Abadecom\",\"url\":\"https:\\\/\\\/abadecom.com\\\/\",\"logo\":{\"@type\":\"ImageObject\",\"inLanguage\":\"fr-FR\",\"@id\":\"https:\\\/\\\/abadecom.com\\\/#\\\/schema\\\/logo\\\/image\\\/\",\"url\":\"https:\\\/\\\/abadecom.com\\\/wp-content\\\/uploads\\\/2022\\\/03\\\/Logo-Abadecom-e1647715158799.png\",\"contentUrl\":\"https:\\\/\\\/abadecom.com\\\/wp-content\\\/uploads\\\/2022\\\/03\\\/Logo-Abadecom-e1647715158799.png\",\"width\":200,\"height\":117,\"caption\":\"Abadecom\"},\"image\":{\"@id\":\"https:\\\/\\\/abadecom.com\\\/#\\\/schema\\\/logo\\\/image\\\/\"}}]}<\/script>\n<!-- \/ Yoast SEO plugin. -->","yoast_head_json":{"title":"\u00c9co-balise photoluminescente - Abadecom","description":"Balise avec pied en plastique 100% recycl\u00e9 \/ recyclable, tr\u00e8s r\u00e9sistant, issu de d\u00e9chets urbains (finition bois).","robots":{"index":"index","follow":"follow","max-snippet":"max-snippet:-1","max-image-preview":"max-image-preview:large","max-video-preview":"max-video-preview:-1"},"canonical":"https:\/\/abadecom.com\/fr\/balise-en-plastique-recycle\/","og_locale":"fr_FR","og_type":"article","og_title":"Eco-Baliza fotoluminiscente - Abadecom","og_description":"Baliza con fuste de pl\u00e1stico 100% reciclado \/ reciclable de alta durabilidad procedente de residuos urbanos (acabado madera).","og_url":"https:\/\/abadecom.com\/fr\/balise-en-plastique-recycle\/","og_site_name":"Abadecom","article_modified_time":"2026-03-23T15:36:49+00:00","og_image":[{"width":1024,"height":683,"url":"https:\/\/abadecom.com\/wp-content\/uploads\/2026\/02\/Camino-iluminado-por-bolardos-luminicos-1024x683.png","type":"image\/png"}],"twitter_card":"summary_large_image","twitter_misc":{"Dur\u00e9e de lecture estim\u00e9e":"3 minutes"},"schema":{"@context":"https:\/\/schema.org","@graph":[{"@type":"WebPage","@id":"https:\/\/abadecom.com\/baliza-de-plastico-reciclado\/","url":"https:\/\/abadecom.com\/baliza-de-plastico-reciclado\/","name":"\u00c9co-balise photoluminescente - Abadecom","isPartOf":{"@id":"https:\/\/abadecom.com\/#website"},"primaryImageOfPage":{"@id":"https:\/\/abadecom.com\/baliza-de-plastico-reciclado\/#primaryimage"},"image":{"@id":"https:\/\/abadecom.com\/baliza-de-plastico-reciclado\/#primaryimage"},"thumbnailUrl":"https:\/\/abadecom.com\/wp-content\/uploads\/2026\/02\/Camino-iluminado-por-bolardos-luminicos-1024x683.png","datePublished":"2018-09-10T12:59:00+00:00","dateModified":"2026-03-23T15:36:49+00:00","description":"Balise avec pied en plastique 100% recycl\u00e9 \/ recyclable, tr\u00e8s r\u00e9sistant, issu de d\u00e9chets urbains (finition bois).","inLanguage":"fr-FR","potentialAction":[{"@type":"ReadAction","target":["https:\/\/abadecom.com\/baliza-de-plastico-reciclado\/"]}]},{"@type":"ImageObject","inLanguage":"fr-FR","@id":"https:\/\/abadecom.com\/baliza-de-plastico-reciclado\/#primaryimage","url":"https:\/\/abadecom.com\/wp-content\/uploads\/2026\/02\/Camino-iluminado-por-bolardos-luminicos-1024x683.png","contentUrl":"https:\/\/abadecom.com\/wp-content\/uploads\/2026\/02\/Camino-iluminado-por-bolardos-luminicos-1024x683.png"},{"@type":"WebSite","@id":"https:\/\/abadecom.com\/#website","url":"https:\/\/abadecom.com\/","name":"Abadecom","description":"Produits durables et respectueux de l'environnement","publisher":{"@id":"https:\/\/abadecom.com\/#organization"},"alternateName":"Abadecom","potentialAction":[{"@type":"SearchAction","target":{"@type":"EntryPoint","urlTemplate":"https:\/\/abadecom.com\/?s={search_term_string}"},"query-input":{"@type":"PropertyValueSpecification","valueRequired":true,"valueName":"search_term_string"}}],"inLanguage":"fr-FR"},{"@type":"Organization","@id":"https:\/\/abadecom.com\/#organization","name":"Abadecom","url":"https:\/\/abadecom.com\/","logo":{"@type":"ImageObject","inLanguage":"fr-FR","@id":"https:\/\/abadecom.com\/#\/schema\/logo\/image\/","url":"https:\/\/abadecom.com\/wp-content\/uploads\/2022\/03\/Logo-Abadecom-e1647715158799.png","contentUrl":"https:\/\/abadecom.com\/wp-content\/uploads\/2022\/03\/Logo-Abadecom-e1647715158799.png","width":200,"height":117,"caption":"Abadecom"},"image":{"@id":"https:\/\/abadecom.com\/#\/schema\/logo\/image\/"}}]}},"_links":{"self":[{"href":"https:\/\/abadecom.com\/fr\/wp-json\/wp\/v2\/pages\/835","targetHints":{"allow":["GET"]}}],"collection":[{"href":"https:\/\/abadecom.com\/fr\/wp-json\/wp\/v2\/pages"}],"about":[{"href":"https:\/\/abadecom.com\/fr\/wp-json\/wp\/v2\/types\/page"}],"author":[{"embeddable":true,"href":"https:\/\/abadecom.com\/fr\/wp-json\/wp\/v2\/users\/1"}],"replies":[{"embeddable":true,"href":"https:\/\/abadecom.com\/fr\/wp-json\/wp\/v2\/comments?post=835"}],"version-history":[{"count":16,"href":"https:\/\/abadecom.com\/fr\/wp-json\/wp\/v2\/pages\/835\/revisions"}],"predecessor-version":[{"id":10168,"href":"https:\/\/abadecom.com\/fr\/wp-json\/wp\/v2\/pages\/835\/revisions\/10168"}],"wp:attachment":[{"href":"https:\/\/abadecom.com\/fr\/wp-json\/wp\/v2\/media?parent=835"}],"curies":[{"name":"wp","href":"https:\/\/api.w.org\/{rel}","templated":true}]}}