{"id":6764,"date":"2022-11-19T11:23:09","date_gmt":"2022-11-19T11:23:47","guid":{"rendered":"https:\/\/abadecom.com\/?page_id=6764"},"modified":"2025-02-03T10:32:54","modified_gmt":"2025-02-03T10:32:54","slug":"economie-circulaire-abadecom","status":"publish","type":"page","link":"https:\/\/abadecom.com\/fr\/abadecom-economia-circular\/","title":{"rendered":"Abadecom Urban"},"content":{"rendered":"\n<div class=\"wp-block-columns is-layout-flex wp-container-core-columns-is-layout-8f761849 wp-block-columns-is-layout-flex\">\n<div class=\"wp-block-column is-vertically-aligned-center is-layout-flow wp-block-column-is-layout-flow\">\n<p class=\"wp-block-paragraph\">En <strong>Abadecom Urban<\/strong>, creemos en la creaci\u00f3n de un entorno urbano que beneficia a todos. Nos especializamos en la fabricaci\u00f3n, comercializaci\u00f3n y exportaci\u00f3n de productos respetuosos con el medio ambiente, dise\u00f1ados para mejorar nuestro entorno y reducir nuestro impacto en el planeta. El compromiso de Abadecom Urban con los clientes y con las ciudades se traduce en soluciones que brindan ahorro, eficiencia y sostenibilidad, con resultados medibles que marcan la diferencia.<\/p>\n\n\n\n<p class=\"wp-block-paragraph\">Nuestros productos, que incluyen materiales fotoluminiscentes, pl\u00e1sticos reciclados, se\u00f1al\u00e9tica y mobiliario urbano, combinan innovaci\u00f3n, eficiencia y sostenibilidad. Al dar una segunda vida a los residuos, no solo promovemos la econom\u00eda circular, sino que tambi\u00e9n contribuimos directamente a la construcci\u00f3n de ciudades m\u00e1s limpias, funcionales y est\u00e9ticas.<\/p>\n<\/div>\n<\/div>\n\n\n\n<figure class=\"wp-block-gallery has-nested-images columns-default is-cropped wp-block-gallery-2 is-layout-flex wp-block-gallery-is-layout-flex\">\n<figure class=\"wp-block-image size-full is-style-rounded\"><a href=\"https:\/\/abadecom.com\/fotoluminiscencia\/\"><img loading=\"lazy\" decoding=\"async\" width=\"2040\" height=\"1367\" data-id=\"9756\" src=\"https:\/\/abadecom.com\/wp-content\/uploads\/2025\/01\/Arido-fotoluminiscente_Litolux_Cliente-privado.jpeg\" alt=\"fotoluminiscentes abadecom\" class=\"wp-image-9756\" srcset=\"https:\/\/abadecom.com\/wp-content\/uploads\/2025\/01\/Arido-fotoluminiscente_Litolux_Cliente-privado.jpeg 2040w, https:\/\/abadecom.com\/wp-content\/uploads\/2025\/01\/Arido-fotoluminiscente_Litolux_Cliente-privado-300x201.jpeg 300w, https:\/\/abadecom.com\/wp-content\/uploads\/2025\/01\/Arido-fotoluminiscente_Litolux_Cliente-privado-1024x686.jpeg 1024w, https:\/\/abadecom.com\/wp-content\/uploads\/2025\/01\/Arido-fotoluminiscente_Litolux_Cliente-privado-768x515.jpeg 768w, https:\/\/abadecom.com\/wp-content\/uploads\/2025\/01\/Arido-fotoluminiscente_Litolux_Cliente-privado-50x34.jpeg 50w, https:\/\/abadecom.com\/wp-content\/uploads\/2025\/01\/Arido-fotoluminiscente_Litolux_Cliente-privado-1600x1072.jpeg 1600w, https:\/\/abadecom.com\/wp-content\/uploads\/2025\/01\/Arido-fotoluminiscente_Litolux_Cliente-privado-1536x1029.jpeg 1536w\" sizes=\"auto, (max-width: 2040px) 100vw, 2040px\" \/><\/a><figcaption class=\"wp-element-caption\"><strong><a href=\"https:\/\/abadecom.com\/fotoluminiscencia\/\">FOTOLUMINISCENTES<\/a><\/strong><\/figcaption><\/figure>\n\n\n\n<figure class=\"wp-block-image size-large is-style-rounded\"><a href=\"https:\/\/abadecom.com\/plasticos\/mobiliario-urbano\/\"><img loading=\"lazy\" decoding=\"async\" width=\"1024\" height=\"576\" data-id=\"8118\" src=\"https:\/\/abadecom.com\/wp-content\/uploads\/2023\/01\/Pasarelas-de-playa-plastico-reciclado-100_Abadecom-1024x576.jpg\" alt=\"mobiliario urbano abadecom\" class=\"wp-image-8118\" srcset=\"https:\/\/abadecom.com\/wp-content\/uploads\/2023\/01\/Pasarelas-de-playa-plastico-reciclado-100_Abadecom-1024x576.jpg 1024w, https:\/\/abadecom.com\/wp-content\/uploads\/2023\/01\/Pasarelas-de-playa-plastico-reciclado-100_Abadecom-300x169.jpg 300w, https:\/\/abadecom.com\/wp-content\/uploads\/2023\/01\/Pasarelas-de-playa-plastico-reciclado-100_Abadecom-768x432.jpg 768w, https:\/\/abadecom.com\/wp-content\/uploads\/2023\/01\/Pasarelas-de-playa-plastico-reciclado-100_Abadecom-1536x864.jpg 1536w, https:\/\/abadecom.com\/wp-content\/uploads\/2023\/01\/Pasarelas-de-playa-plastico-reciclado-100_Abadecom-2048x1152.jpg 2048w, https:\/\/abadecom.com\/wp-content\/uploads\/2023\/01\/Pasarelas-de-playa-plastico-reciclado-100_Abadecom-1600x900.jpg 1600w\" sizes=\"auto, (max-width: 1024px) 100vw, 1024px\" \/><\/a><figcaption class=\"wp-element-caption\"><strong><a href=\"https:\/\/abadecom.com\/plasticos\/mobiliario-urbano\/\">MOBILIARIO URBANO<\/a><\/strong><\/figcaption><\/figure>\n\n\n\n<figure class=\"wp-block-image size-large is-style-rounded\"><a href=\"https:\/\/abadecom.com\/viales\/\"><img loading=\"lazy\" decoding=\"async\" width=\"1024\" height=\"461\" data-id=\"9637\" src=\"https:\/\/abadecom.com\/wp-content\/uploads\/2024\/03\/1705498597013-1024x461.jpg\" alt=\"\" class=\"wp-image-9637\" srcset=\"https:\/\/abadecom.com\/wp-content\/uploads\/2024\/03\/1705498597013-1024x461.jpg 1024w, https:\/\/abadecom.com\/wp-content\/uploads\/2024\/03\/1705498597013-300x135.jpg 300w, https:\/\/abadecom.com\/wp-content\/uploads\/2024\/03\/1705498597013-768x346.jpg 768w, https:\/\/abadecom.com\/wp-content\/uploads\/2024\/03\/1705498597013-50x23.jpg 50w, https:\/\/abadecom.com\/wp-content\/uploads\/2024\/03\/1705498597013-1600x720.jpg 1600w, https:\/\/abadecom.com\/wp-content\/uploads\/2024\/03\/1705498597013-1536x691.jpg 1536w, https:\/\/abadecom.com\/wp-content\/uploads\/2024\/03\/1705498597013-2048x922.jpg 2048w\" sizes=\"auto, (max-width: 1024px) 100vw, 1024px\" \/><\/a><figcaption class=\"wp-element-caption\"><strong><a href=\"https:\/\/abadecom.com\/viales\/\">VIALES<\/a><\/strong><\/figcaption><\/figure>\n<\/figure>\n\n\n<div class=\"wp-bootstrap-blocks-container container mb-2\">\n\t\n<style>.wp-block-kadence-advancedheading.kt-adv-heading6764_e0a1de-aa, .wp-block-kadence-advancedheading.kt-adv-heading6764_e0a1de-aa[data-kb-block=\"kb-adv-heading6764_e0a1de-aa\"]{font-style:normal;}.wp-block-kadence-advancedheading.kt-adv-heading6764_e0a1de-aa mark.kt-highlight, .wp-block-kadence-advancedheading.kt-adv-heading6764_e0a1de-aa[data-kb-block=\"kb-adv-heading6764_e0a1de-aa\"] mark.kt-highlight{font-style:normal;color:#f76a0c;-webkit-box-decoration-break:clone;box-decoration-break:clone;padding-top:0px;padding-right:0px;padding-bottom:0px;padding-left:0px;}.wp-block-kadence-advancedheading.kt-adv-heading6764_e0a1de-aa img.kb-inline-image, .wp-block-kadence-advancedheading.kt-adv-heading6764_e0a1de-aa[data-kb-block=\"kb-adv-heading6764_e0a1de-aa\"] img.kb-inline-image{width:150px;vertical-align:baseline;}<\/style>\n<h3 class=\"kt-adv-heading6764_e0a1de-aa wp-block-kadence-advancedheading\" data-kb-block=\"kb-adv-heading6764_e0a1de-aa\">Resultados que hablan por s\u00ed mismos:<\/h3>\n\n\n\n<ul class=\"wp-block-list\">\n<li><strong>Optimizaci\u00f3n de costos:<\/strong> Gracias a procesos eficientes y materiales reciclados, nuestros productos reducen significativamente los costos de mantenimiento, sin comprometer la calidad.<\/li>\n\n\n\n<li><strong>Impacto positivo:<\/strong> Al valorizar residuos y transformarlos en se\u00f1al\u00e9tica, mobiliario urbano, productos fotoluminiscentes y balizamiento vial, contribuimos a la reducci\u00f3n de la huella de carbono y a la limpieza de los espacios urbanos.<\/li>\n\n\n\n<li><strong>Mejora de la calidad de vida:<\/strong> Nuestras soluciones fomentan entornos m\u00e1s seguros, funcionales y est\u00e9ticamente agradables, promoviendo un estilo de vida urbano m\u00e1s c\u00f3modo y consciente.  <\/li>\n\n\n\n<li>En <strong>Abadecom Urban<\/strong>, cada decisi\u00f3n que tomamos est\u00e1 dise\u00f1ada para generar valor real y tangible en cada proyecto.<\/li>\n<\/ul>\n\n\n<style>.wp-block-kadence-advancedheading.kt-adv-heading6764_232aea-53, .wp-block-kadence-advancedheading.kt-adv-heading6764_232aea-53[data-kb-block=\"kb-adv-heading6764_232aea-53\"]{font-style:normal;}.wp-block-kadence-advancedheading.kt-adv-heading6764_232aea-53 mark.kt-highlight, .wp-block-kadence-advancedheading.kt-adv-heading6764_232aea-53[data-kb-block=\"kb-adv-heading6764_232aea-53\"] mark.kt-highlight{font-style:normal;color:#f76a0c;-webkit-box-decoration-break:clone;box-decoration-break:clone;padding-top:0px;padding-right:0px;padding-bottom:0px;padding-left:0px;}.wp-block-kadence-advancedheading.kt-adv-heading6764_232aea-53 img.kb-inline-image, .wp-block-kadence-advancedheading.kt-adv-heading6764_232aea-53[data-kb-block=\"kb-adv-heading6764_232aea-53\"] img.kb-inline-image{width:150px;vertical-align:baseline;}<\/style>\n<h3 class=\"kt-adv-heading6764_232aea-53 wp-block-kadence-advancedheading\" data-kb-block=\"kb-adv-heading6764_232aea-53\">\u00bfQu\u00e9 significa esto para nuestros clientes?<\/h3>\n\n\n\n<ul class=\"wp-block-list\">\n<li><strong>Ahorro real:<\/strong> Menores costos en materiales y mantenimiento.<\/li>\n\n\n\n<li><strong>Eficiencia garantizada:<\/strong> Productos duraderos y adaptados a vuestras necesidades.<\/li>\n\n\n\n<li><strong>Un entorno sostenible:<\/strong> Una inversi\u00f3n en el futuro de nuestras ciudades y nuestro planeta.<\/li>\n<\/ul>\n\n\n\n<figure class=\"wp-block-embed is-type-video is-provider-youtube wp-block-embed-youtube wp-embed-aspect-16-9 wp-has-aspect-ratio\"><div class=\"wp-block-embed__wrapper\">\n<iframe loading=\"lazy\" hcb-fetch-image-from=\"https:\/\/youtu.be\/cG75yT3_XxA\" title=\"Abadecom Urban | Innovaci\u00f3n y Sostenibilidad\" width=\"640\" height=\"360\" src=\"https:\/\/www.youtube.com\/embed\/cG75yT3_XxA?feature=oembed\" frameborder=\"0\" allow=\"accelerometer; autoplay; clipboard-write; encrypted-media; gyroscope; picture-in-picture; web-share\" referrerpolicy=\"strict-origin-when-cross-origin\" allowfullscreen><\/iframe>\n<\/div><\/figure>\n\n<\/div>\n\n\n\n<p class=\"wp-block-paragraph\">Cuando eliges <strong>Abadecom Urban<\/strong>, eliges mucho m\u00e1s que productos. Eliges ser parte de un cambio significativo: construir juntos ciudades m\u00e1s conscientes, funcionales, sostenibles e inteligentes.<\/p>\n\n\n\n<p class=\"wp-block-paragraph\">\u00danete a nosotros y hagamos la diferencia, un proyecto a la vez.<\/p>\n\n\n\n<p class=\"wp-block-paragraph\"><\/p>\n","protected":false},"excerpt":{"rendered":"<p>En Abadecom Urban, creemos en la creaci\u00f3n de un entorno urbano que beneficia a todos. Nos especializamos en la fabricaci\u00f3n, comercializaci\u00f3n y exportaci\u00f3n de productos respetuosos con el medio ambiente, dise\u00f1ados para mejorar nuestro entorno y reducir nuestro impacto en el planeta. El compromiso de Abadecom Urban con los clientes y con las ciudades se [&#8230;]<\/p>\n<p><a class=\"btn btn-secondary understrap-read-more-link\" href=\"https:\/\/abadecom.com\/fr\/abadecom-economia-circular\/\">Lire la suite\u2026<span class=\"screen-reader-text\"> from Abadecom Urban<\/span><\/a><\/p>\n","protected":false},"author":1,"featured_media":0,"parent":0,"menu_order":17,"comment_status":"closed","ping_status":"closed","template":"","meta":{"content-type":"","_monsterinsights_skip_tracking":false,"pgc_sgb_lightbox_settings":"","footnotes":""},"class_list":["post-6764","page","type-page","status-publish","hentry"],"yoast_head":"<!-- This site is optimized with the Yoast SEO plugin v28.4 - https:\/\/yoast.com\/product\/yoast-seo-wordpress\/ -->\n<title>Abadecom Urban - Abadecom<\/title>\n<meta name=\"description\" content=\"En Abadecom Urban nos dedicamos a la fabricaci\u00f3n, comercializaci\u00f3n y exportaci\u00f3n de productos que son respetuosos con el medio ambiente.\" \/>\n<meta name=\"robots\" content=\"index, follow, max-snippet:-1, max-image-preview:large, max-video-preview:-1\" \/>\n<link rel=\"canonical\" href=\"https:\/\/abadecom.com\/fr\/economie-circulaire-abadecom\/\" \/>\n<meta property=\"og:locale\" content=\"fr_FR\" \/>\n<meta property=\"og:type\" content=\"article\" \/>\n<meta property=\"og:title\" content=\"Abadecom Urban - Abadecom\" \/>\n<meta property=\"og:description\" content=\"En Abadecom Urban nos dedicamos a la fabricaci\u00f3n, comercializaci\u00f3n y exportaci\u00f3n de productos que son respetuosos con el medio ambiente.\" \/>\n<meta property=\"og:url\" content=\"https:\/\/abadecom.com\/fr\/economie-circulaire-abadecom\/\" \/>\n<meta property=\"og:site_name\" content=\"Abadecom\" \/>\n<meta property=\"article:modified_time\" content=\"2025-02-03T10:32:54+00:00\" \/>\n<meta property=\"og:image\" content=\"https:\/\/abadecom.com\/wp-content\/uploads\/2025\/01\/Arido-fotoluminiscente_Litolux_Cliente-privado.jpeg\" \/>\n\t<meta property=\"og:image:width\" content=\"2040\" \/>\n\t<meta property=\"og:image:height\" content=\"1367\" \/>\n\t<meta property=\"og:image:type\" content=\"image\/jpeg\" \/>\n<meta name=\"twitter:card\" content=\"summary_large_image\" \/>\n<meta name=\"twitter:label1\" content=\"Dur\u00e9e de lecture estim\u00e9e\" \/>\n\t<meta name=\"twitter:data1\" content=\"2 minutes\" \/>\n<script type=\"application\/ld+json\" class=\"yoast-schema-graph\">{\"@context\":\"https:\\\/\\\/schema.org\",\"@graph\":[{\"@type\":\"WebPage\",\"@id\":\"https:\\\/\\\/abadecom.com\\\/abadecom-economia-circular\\\/\",\"url\":\"https:\\\/\\\/abadecom.com\\\/abadecom-economia-circular\\\/\",\"name\":\"Abadecom Urban - Abadecom\",\"isPartOf\":{\"@id\":\"https:\\\/\\\/abadecom.com\\\/#website\"},\"primaryImageOfPage\":{\"@id\":\"https:\\\/\\\/abadecom.com\\\/abadecom-economia-circular\\\/#primaryimage\"},\"image\":{\"@id\":\"https:\\\/\\\/abadecom.com\\\/abadecom-economia-circular\\\/#primaryimage\"},\"thumbnailUrl\":\"https:\\\/\\\/abadecom.com\\\/wp-content\\\/uploads\\\/2025\\\/01\\\/Arido-fotoluminiscente_Litolux_Cliente-privado.jpeg\",\"datePublished\":\"2022-11-19T11:23:47+00:00\",\"dateModified\":\"2025-02-03T10:32:54+00:00\",\"description\":\"En Abadecom Urban nos dedicamos a la fabricaci\u00f3n, comercializaci\u00f3n y exportaci\u00f3n de productos que son respetuosos con el medio ambiente.\",\"inLanguage\":\"fr-FR\",\"potentialAction\":[{\"@type\":\"ReadAction\",\"target\":[\"https:\\\/\\\/abadecom.com\\\/abadecom-economia-circular\\\/\"]}]},{\"@type\":\"ImageObject\",\"inLanguage\":\"fr-FR\",\"@id\":\"https:\\\/\\\/abadecom.com\\\/abadecom-economia-circular\\\/#primaryimage\",\"url\":\"https:\\\/\\\/abadecom.com\\\/wp-content\\\/uploads\\\/2025\\\/01\\\/Arido-fotoluminiscente_Litolux_Cliente-privado.jpeg\",\"contentUrl\":\"https:\\\/\\\/abadecom.com\\\/wp-content\\\/uploads\\\/2025\\\/01\\\/Arido-fotoluminiscente_Litolux_Cliente-privado.jpeg\"},{\"@type\":\"WebSite\",\"@id\":\"https:\\\/\\\/abadecom.com\\\/#website\",\"url\":\"https:\\\/\\\/abadecom.com\\\/\",\"name\":\"Abadecom\",\"description\":\"Productos sostenibles y respetuosos con el medio ambiente\",\"publisher\":{\"@id\":\"https:\\\/\\\/abadecom.com\\\/#organization\"},\"alternateName\":\"Abadecom\",\"potentialAction\":[{\"@type\":\"SearchAction\",\"target\":{\"@type\":\"EntryPoint\",\"urlTemplate\":\"https:\\\/\\\/abadecom.com\\\/?s={search_term_string}\"},\"query-input\":{\"@type\":\"PropertyValueSpecification\",\"valueRequired\":true,\"valueName\":\"search_term_string\"}}],\"inLanguage\":\"fr-FR\"},{\"@type\":\"Organization\",\"@id\":\"https:\\\/\\\/abadecom.com\\\/#organization\",\"name\":\"Abadecom\",\"url\":\"https:\\\/\\\/abadecom.com\\\/\",\"logo\":{\"@type\":\"ImageObject\",\"inLanguage\":\"fr-FR\",\"@id\":\"https:\\\/\\\/abadecom.com\\\/#\\\/schema\\\/logo\\\/image\\\/\",\"url\":\"https:\\\/\\\/abadecom.com\\\/wp-content\\\/uploads\\\/2022\\\/03\\\/Logo-Abadecom-e1647715158799.png\",\"contentUrl\":\"https:\\\/\\\/abadecom.com\\\/wp-content\\\/uploads\\\/2022\\\/03\\\/Logo-Abadecom-e1647715158799.png\",\"width\":200,\"height\":117,\"caption\":\"Abadecom\"},\"image\":{\"@id\":\"https:\\\/\\\/abadecom.com\\\/#\\\/schema\\\/logo\\\/image\\\/\"}}]}<\/script>\n<!-- \/ Yoast SEO plugin. -->","yoast_head_json":{"title":"Abadecom Urban - Abadecom","description":"Chez Abadecom Urban, nous nous consacrons \u00e0 la fabrication, \u00e0 la commercialisation et \u00e0 l'exportation de produits respectueux de l'environnement.","robots":{"index":"index","follow":"follow","max-snippet":"max-snippet:-1","max-image-preview":"max-image-preview:large","max-video-preview":"max-video-preview:-1"},"canonical":"https:\/\/abadecom.com\/fr\/economie-circulaire-abadecom\/","og_locale":"fr_FR","og_type":"article","og_title":"Abadecom Urban - Abadecom","og_description":"En Abadecom Urban nos dedicamos a la fabricaci\u00f3n, comercializaci\u00f3n y exportaci\u00f3n de productos que son respetuosos con el medio ambiente.","og_url":"https:\/\/abadecom.com\/fr\/economie-circulaire-abadecom\/","og_site_name":"Abadecom","article_modified_time":"2025-02-03T10:32:54+00:00","og_image":[{"width":2040,"height":1367,"url":"https:\/\/abadecom.com\/wp-content\/uploads\/2025\/01\/Arido-fotoluminiscente_Litolux_Cliente-privado.jpeg","type":"image\/jpeg"}],"twitter_card":"summary_large_image","twitter_misc":{"Dur\u00e9e de lecture estim\u00e9e":"2 minutes"},"schema":{"@context":"https:\/\/schema.org","@graph":[{"@type":"WebPage","@id":"https:\/\/abadecom.com\/abadecom-economia-circular\/","url":"https:\/\/abadecom.com\/abadecom-economia-circular\/","name":"Abadecom Urban - Abadecom","isPartOf":{"@id":"https:\/\/abadecom.com\/#website"},"primaryImageOfPage":{"@id":"https:\/\/abadecom.com\/abadecom-economia-circular\/#primaryimage"},"image":{"@id":"https:\/\/abadecom.com\/abadecom-economia-circular\/#primaryimage"},"thumbnailUrl":"https:\/\/abadecom.com\/wp-content\/uploads\/2025\/01\/Arido-fotoluminiscente_Litolux_Cliente-privado.jpeg","datePublished":"2022-11-19T11:23:47+00:00","dateModified":"2025-02-03T10:32:54+00:00","description":"Chez Abadecom Urban, nous nous consacrons \u00e0 la fabrication, \u00e0 la commercialisation et \u00e0 l'exportation de produits respectueux de l'environnement.","inLanguage":"fr-FR","potentialAction":[{"@type":"ReadAction","target":["https:\/\/abadecom.com\/abadecom-economia-circular\/"]}]},{"@type":"ImageObject","inLanguage":"fr-FR","@id":"https:\/\/abadecom.com\/abadecom-economia-circular\/#primaryimage","url":"https:\/\/abadecom.com\/wp-content\/uploads\/2025\/01\/Arido-fotoluminiscente_Litolux_Cliente-privado.jpeg","contentUrl":"https:\/\/abadecom.com\/wp-content\/uploads\/2025\/01\/Arido-fotoluminiscente_Litolux_Cliente-privado.jpeg"},{"@type":"WebSite","@id":"https:\/\/abadecom.com\/#website","url":"https:\/\/abadecom.com\/","name":"Abadecom","description":"Produits durables et respectueux de l'environnement","publisher":{"@id":"https:\/\/abadecom.com\/#organization"},"alternateName":"Abadecom","potentialAction":[{"@type":"SearchAction","target":{"@type":"EntryPoint","urlTemplate":"https:\/\/abadecom.com\/?s={search_term_string}"},"query-input":{"@type":"PropertyValueSpecification","valueRequired":true,"valueName":"search_term_string"}}],"inLanguage":"fr-FR"},{"@type":"Organization","@id":"https:\/\/abadecom.com\/#organization","name":"Abadecom","url":"https:\/\/abadecom.com\/","logo":{"@type":"ImageObject","inLanguage":"fr-FR","@id":"https:\/\/abadecom.com\/#\/schema\/logo\/image\/","url":"https:\/\/abadecom.com\/wp-content\/uploads\/2022\/03\/Logo-Abadecom-e1647715158799.png","contentUrl":"https:\/\/abadecom.com\/wp-content\/uploads\/2022\/03\/Logo-Abadecom-e1647715158799.png","width":200,"height":117,"caption":"Abadecom"},"image":{"@id":"https:\/\/abadecom.com\/#\/schema\/logo\/image\/"}}]}},"_links":{"self":[{"href":"https:\/\/abadecom.com\/fr\/wp-json\/wp\/v2\/pages\/6764","targetHints":{"allow":["GET"]}}],"collection":[{"href":"https:\/\/abadecom.com\/fr\/wp-json\/wp\/v2\/pages"}],"about":[{"href":"https:\/\/abadecom.com\/fr\/wp-json\/wp\/v2\/types\/page"}],"author":[{"embeddable":true,"href":"https:\/\/abadecom.com\/fr\/wp-json\/wp\/v2\/users\/1"}],"replies":[{"embeddable":true,"href":"https:\/\/abadecom.com\/fr\/wp-json\/wp\/v2\/comments?post=6764"}],"version-history":[{"count":33,"href":"https:\/\/abadecom.com\/fr\/wp-json\/wp\/v2\/pages\/6764\/revisions"}],"predecessor-version":[{"id":9797,"href":"https:\/\/abadecom.com\/fr\/wp-json\/wp\/v2\/pages\/6764\/revisions\/9797"}],"wp:attachment":[{"href":"https:\/\/abadecom.com\/fr\/wp-json\/wp\/v2\/media?parent=6764"}],"curies":[{"name":"wp","href":"https:\/\/api.w.org\/{rel}","templated":true}]}}