{"id":5021,"date":"2020-11-27T11:16:01","date_gmt":"2020-11-27T11:16:01","guid":{"rendered":"https:\/\/abadecom.com\/photoluminescent-truncated-beacon\/"},"modified":"2026-03-23T15:34:19","modified_gmt":"2026-03-23T15:34:19","slug":"baliza-truncada-fotoluminiscente","status":"publish","type":"page","link":"https:\/\/abadecom.com\/fr\/baliza-truncada-fotoluminiscente\/","title":{"rendered":"Balise tronqu\u00e9e photoluminescente"},"content":{"rendered":"<div id=\"gutenslider-tc6nrc8df\" class=\"wp-block-eedee-block-gutenslider gs-frontend content-change alignnone arrow-style-1 arrow-position-sides arrow-mb-none arrows-lg arrows-md arrows-sm dot-style-1 dots-lg dots-md dots-sm dot-position-bottom is-position-center-center mb-none wrap-auto-height\" data-parallax-direction=\"down\" data-parallax-amount=\"1.3\" data-lg-transition=\"lg-slide\" data-hash=\"\" ><div class=\"eedee-swiper-outer\" style=\"--gutenslider-min-height: 50vh;--gutenslider-arrow-size: 30px;--gutenslider-dot-size: 25px;--gutenslider-arrow-color: #ffffff;--gutenslider-dot-color: #ffffff;--gutenslider-padding-y-mobile: 40px;--gutenslider-padding-x-mobile: 40px;--gutenslider-padding-y-tablet: 40px;--gutenslider-padding-x-tablet: 40px;--gutenslider-padding-y-desktop: 40px;--gutenslider-padding-x-desktop: 40px;--gutenslider-bg-image: url();--gutenslider-min-height-md: 50vh;--gutenslider-min-height-sm: 50vh;--gutenslider-padding-x: 40px;--gutenslider-padding-x-md: 40px;--gutenslider-padding-x-sm: 20px;--gutenslider-padding-y: 40px;--gutenslider-padding-y-md: 40px;--gutenslider-padding-y-sm: 20px;--gutenslider-arrow-size-md: 30px;--gutenslider-arrow-size-sm: 30px;--gutenslider-dot-size-md: 25px;--gutenslider-dot-size-sm: 25px;--gutenslider-arrow-bg-color: transparent;--gutenslider-arrow-hover-color: #eeeeee;--gutenslider-arrow-bg-hover-color: transparent;--gutenslider-arrow-x-offset: 10px;--gutenslider-arrow-x-offset-md: 10px;--gutenslider-arrow-x-offset-sm: 10px;--gutenslider-arrow-y-offset: 0px;--gutenslider-arrow-y-offset-md: 0px;--gutenslider-arrow-y-offset-sm: 0px;--gutenslider-arrow-x-spacing: 0px;--gutenslider-dot-y-offset: 10px;--gutenslider-dot-y-offset-md: 10px;--gutenslider-dot-y-offset-sm: 10px;--gutenslider-margin-x: 0px;--gutenslider-margin-x-md: 0px;--gutenslider-margin-x-sm: 0px;--gutenslider-margin-y: 0px;--gutenslider-margin-y-md: 0px;--gutenslider-margin-y-sm: 0px;--gutenslider-divider-top: 60px;--gutenslider-divider-bottom: 60px;--gutenslider-lightgallery-bg: #ffffff;--gutenslider-lightgallery-font: #000000;--gs-first-pos: 50% 50%;--gs-gap-vertical: var( --wp--style--gallery-gap-default, var( --gallery-block--gutter-size, var( --wp--style--block-gap, 0.5em ) ) );--gs-gap-horizontal: var( --wp--style--gallery-gap-default, var( --gallery-block--gutter-size, var( --wp--style--block-gap, 0.5em ) ) );\"><div class=\"gutenslider-divider-top\" style=\"color:#fff;\"><\/div><div class=\"swiper\" data-settings='{\"autoplay\":{\"delay\":3000,\"pauseOnMouseEnter\":true,\"disableOnInteraction\":false},\"speed\":700,\"direction\":\"horizontal\",\"autoHeight\":\"\",\"loop\":true,\"centeredSlides\":true,\"spaceBetween\":0,\"slidesPerView\":1,\"slidesPerGroup\":1,\"effect\":\"slide\",\"coverflowEffect\":{\"rotate\":30,\"slideShadows\":false,\"depth\":100,\"stretch\":50,\"modifier\":1},\"fadeEffect\":{\"crossFade\":true},\"zoom\":\"\",\"navigation\":{\"nextEl\":\"#gutenslider-tc6nrc8df .eedee-gutenslider-next\",\"prevEl\":\"#gutenslider-tc6nrc8df .eedee-gutenslider-prev\"},\"pagination\":{\"type\":\"bullets\",\"clickable\":true,\"dynamicBullets\":false,\"el\":\"#gutenslider-tc6nrc8df .eedee-gutenslider-pagination\"},\"pauseOnHover\":\"1\",\"watchSlidesProgress\":true,\"watchSlidesVisibility\":true,\"settingsMd\":{\"autoHeight\":\"\",\"slidesPerView\":1,\"slidesPerGroup\":1,\"spaceBetween\":0,\"loop\":true},\"settingsLg\":{\"autoHeight\":\"\",\"slidesPerView\":1,\"slidesPerGroup\":1,\"spaceBetween\":0,\"loop\":true},\"hasLg\":false,\"hasLgCounter\":true,\"isFullScreen\":false,\"arrowsFollowMouse\":false,\"lgTitle\":\"none\",\"lgCaption\":\"none\",\"lgThumbnails\":true,\"lgZoomEnabled\":false,\"keyboard\":{\"keyboard\":{\"enabled\":true,\"onlyInViewport\":true}},\"hashNavigation\":false,\"dividers\":false}'><div class=\"swiper-wrapper\">\n<div class=\"swiper-slide wp-block-eedee-block-gutenslide is-position-center-center ed-bg-image\" style=\"--ed-vw:300;--ed-vh:200;\" data-hash=\"\"><div class=\"eedee-background-div bg-image\"><img loading=\"lazy\" width=\"1024\" height=\"683\" class=\"wp-image-9991\" src=\"https:\/\/abadecom.com\/wp-content\/uploads\/2026\/02\/Muelles-iluminados-al-anochecer-y-noche-1024x683.png\" alt=\"\" decoding=\"async\" style=\"object-fit: cover; object-position: 50% 50%;\"  data-title=\"Muelles iluminados al anochecer y noche\" srcset=\"https:\/\/abadecom.com\/wp-content\/uploads\/2026\/02\/Muelles-iluminados-al-anochecer-y-noche-1024x683.png 1024w, https:\/\/abadecom.com\/wp-content\/uploads\/2026\/02\/Muelles-iluminados-al-anochecer-y-noche-300x200.png 300w, https:\/\/abadecom.com\/wp-content\/uploads\/2026\/02\/Muelles-iluminados-al-anochecer-y-noche-768x512.png 768w, https:\/\/abadecom.com\/wp-content\/uploads\/2026\/02\/Muelles-iluminados-al-anochecer-y-noche-50x33.png 50w, https:\/\/abadecom.com\/wp-content\/uploads\/2026\/02\/Muelles-iluminados-al-anochecer-y-noche.png 1536w\" sizes=\"auto, (max-width: 1024px) 100vw, 1024px\" \/><div class=\"eedee-background-div__overlay\" style=\"opacity:1;\"><\/div><\/div><div class=\"slide-content\">\n\n<p class=\"has-text-align-center gutenslider-content-initial has-larger-font-size wp-block-paragraph\"><\/p>\n\n<\/div><\/div>\n<\/div><\/div><button class=\"eedee-gutenslider-nav eedee-gutenslider-prev\"><svg xmlns=\"http:\/\/www.w3.org\/2000\/svg\" viewBox=\"0 0 24 24\" width=\"24\" height=\"24\"><circle class=\"bg\" cx=\"13\" cy=\"12\" r=\"11\" \/><path fill=\"none\" d=\"M0 0h24v24H0z\"\/><path class=\"arrow\" d=\"M10.828 12l4.95 4.95-1.414 1.414L8 12l6.364-6.364 1.414 1.414z\"\/><\/svg><\/button><button class=\"eedee-gutenslider-nav eedee-gutenslider-next\"><svg xmlns=\"http:\/\/www.w3.org\/2000\/svg\" viewBox=\"0 0 24 24\" width=\"24\" height=\"24\"><circle class=\"bg\" cx=\"11\" cy=\"12\" r=\"11\" \/><path fill=\"none\" d=\"M0 0h24v24H0z\"\/><path class=\"arrow\" d=\"M13.172 12l-4.95-4.95 1.414-1.414L16 12l-6.364 6.364-1.414-1.414z\"\/><\/svg><\/button><div class=\"eedee-gutenslider-pagination\"><\/div><div class=\"gutenslider-divider-bottom \" style=\"color:#fff;\"><\/div><\/div><\/div>\n\n\n<p class=\"wp-block-paragraph\"><\/p>\n\n\n\n<p class=\"wp-block-paragraph\">La <strong>baliza truncada fotoluminiscente de Abadecom<\/strong> est\u00e1 dise\u00f1ada para guiar, delimitar y balizar superficies horizontales en zonas de oscuridad o baja iluminaci\u00f3n, con un producto robusto, de m\u00ednimo mantenimiento y fabricado en pl\u00e1stico 100% reciclado y 100% reciclable.<\/p>\n\n\n\n<h3 class=\"wp-block-heading\">Modo de fijaci\u00f3n<\/h3>\n\n\n\n<p class=\"wp-block-paragraph\">La baliza truncada fotoluminiscente se fija a cualquier pavimento o superficie horizontal, mediante el empleo de resina de fijaci\u00f3n. Se aconseja una distancia entre balizas de 2.5 a 5 metros, ideal para crear l\u00edneas gu\u00eda continuas y homog\u00e9neas en itinerarios, viales o accesos. Bajo pedido, se puede insertar un tornillo para aumentar el agarre al suelo en entornos exigentes.<\/p>\n\n\n\n<h3 class=\"wp-block-heading\">Propiedades<\/h3>\n\n\n\n<ul class=\"wp-block-list\">\n<li><strong>Alta durabilidad exterior:<\/strong> resistencia a la <strong>radiaci\u00f3n UV<\/strong> y al envejecimiento por exposici\u00f3n prolongada.&nbsp;<\/li>\n\n\n\n<li><strong>M\u00ednimo mantenimiento:<\/strong> no se astilla ni se oxida<\/li>\n\n\n\n<li><strong>Aislante t\u00e9rmico y el\u00e9ctrico<\/strong>, e <strong>impermeable<\/strong>.<\/li>\n\n\n\n<li><strong>Material inerte<\/strong> frente a degradaci\u00f3n ambiental, qu\u00edmica o putrefacci\u00f3n.<\/li>\n\n\n\n<li><strong>Resistente e indeformable<\/strong>, a la vez <strong>manejable y s\u00f3lida<\/strong>: ideal para uso urbano y natural.<\/li>\n\n\n\n<li><strong>Pl\u00e1stico reciclado ecol\u00f3gico y no contaminante<\/strong>, cuenta con huella de carbono negativa, (-0 huella de Carbono) no solo se fabrica algo nuevo, sino que se reutiliza el residuo existente.<\/li>\n<\/ul>\n\n\n\n<figure class=\"wp-block-gallery has-nested-images columns-default is-cropped wp-block-gallery-2 is-layout-flex wp-block-gallery-is-layout-flex\">\n<figure class=\"wp-block-image size-large\"><img decoding=\"async\" data-id=\"3019\" src=\"https:\/\/abadecom.com\/wp-content\/uploads\/2020\/11\/baliza-truncada.jpg\" alt=\"\" class=\"wp-image-3019\"\/><\/figure>\n\n\n\n<figure class=\"wp-block-image size-large\"><img loading=\"lazy\" decoding=\"async\" width=\"822\" height=\"590\" data-id=\"3020\" src=\"https:\/\/abadecom.com\/wp-content\/uploads\/2020\/11\/baliza-truncada2.jpg\" alt=\"\" class=\"wp-image-3020\" srcset=\"https:\/\/abadecom.com\/wp-content\/uploads\/2020\/11\/baliza-truncada2.jpg 822w, https:\/\/abadecom.com\/wp-content\/uploads\/2020\/11\/baliza-truncada2-300x215.jpg 300w, https:\/\/abadecom.com\/wp-content\/uploads\/2020\/11\/baliza-truncada2-768x551.jpg 768w\" sizes=\"auto, (max-width: 822px) 100vw, 822px\" \/><\/figure>\n\n\n\n<figure class=\"wp-block-image size-large\"><img loading=\"lazy\" decoding=\"async\" width=\"329\" height=\"240\" data-id=\"3021\" src=\"https:\/\/abadecom.com\/wp-content\/uploads\/2020\/11\/baliza-truncada3.jpg\" alt=\"\" class=\"wp-image-3021\" srcset=\"https:\/\/abadecom.com\/wp-content\/uploads\/2020\/11\/baliza-truncada3.jpg 329w, https:\/\/abadecom.com\/wp-content\/uploads\/2020\/11\/baliza-truncada3-300x219.jpg 300w\" sizes=\"auto, (max-width: 329px) 100vw, 329px\" \/><\/figure>\n<\/figure>\n\n\n<style>.wp-block-kadence-advancedheading.kt-adv-heading5021_f1791f-64, .wp-block-kadence-advancedheading.kt-adv-heading5021_f1791f-64[data-kb-block=\"kb-adv-heading5021_f1791f-64\"]{font-style:normal;}.wp-block-kadence-advancedheading.kt-adv-heading5021_f1791f-64 mark.kt-highlight, .wp-block-kadence-advancedheading.kt-adv-heading5021_f1791f-64[data-kb-block=\"kb-adv-heading5021_f1791f-64\"] mark.kt-highlight{font-style:normal;color:#f76a0c;-webkit-box-decoration-break:clone;box-decoration-break:clone;padding-top:0px;padding-right:0px;padding-bottom:0px;padding-left:0px;}.wp-block-kadence-advancedheading.kt-adv-heading5021_f1791f-64 img.kb-inline-image, .wp-block-kadence-advancedheading.kt-adv-heading5021_f1791f-64[data-kb-block=\"kb-adv-heading5021_f1791f-64\"] img.kb-inline-image{width:150px;vertical-align:baseline;}<\/style>\n<h2 class=\"kt-adv-heading5021_f1791f-64 wp-block-kadence-advancedheading\" data-kb-block=\"kb-adv-heading5021_f1791f-64\">Fotoluminiscencia.<\/h2>\n\n\n\n<p class=\"wp-block-paragraph\">Los dispositivos luminiscentes se <strong>activan con luz solar o artificial<\/strong> y est\u00e1n preparados para mantener el rendimiento frente al envejecimiento UV. La pieza fotoluminiscente permite <strong>visibilidad en oscuridad o zonas pobremente iluminadas<\/strong>.<\/p>\n\n\n\n<ul class=\"wp-block-list\">\n<li><strong>Carga fotoluminiscente:<\/strong> 10 minutos<\/li>\n\n\n\n<li><strong>Autonom\u00eda lum\u00ednica:<\/strong> m\u00e1s de 12 horas en condiciones de oscuridad<\/li>\n\n\n\n<li><strong>Importante:<\/strong> para apreciar el efecto de luminiscencia, no debe incidir luz directa sobre la pieza.<\/li>\n<\/ul>\n\n\n\n<h2 class=\"wp-block-heading\">Informaci\u00f3n t\u00e9cnica Pieza fotoluminiscente<\/h2>\n\n\n\n<ul class=\"wp-block-list\">\n<li>Color de brillo: Verde<\/li>\n\n\n\n<li>Rango de temperaturas de funcionamiento: -15\u00baC \/ 50\u00baC.<\/li>\n\n\n\n<li>Luminancia tras 10 minutos: Mayor que 1.300 mcd\/m2<\/li>\n\n\n\n<li>Luminancia tras 60 minutos: Mayor que 190 mcd\/m2<\/li>\n\n\n\n<li>Tiempo de Atenuaci\u00f3n UNE 23035 (*): Mayor que 26.600 minutos<\/li>\n<\/ul>\n\n\n\n<p class=\"wp-block-paragraph\">(*) Extrapolaci\u00f3n logar\u00edtmica seg\u00fan UNE 23035 hasta obtener el tiempo en que la luminancia sea de 0,3 mcd\/m2.<\/p>\n\n\n\n<p class=\"wp-block-paragraph\">Los datos t\u00e9cnicos reflejados son fruto de resultado de ensayos en laboratorios.<\/p>\n\n\n\n<h2 class=\"wp-block-heading\">Dimensiones del cilindro truncado<\/h2>\n\n\n\n<ul class=\"wp-block-list\">\n<li>Altura: 65 mm.<\/li>\n\n\n\n<li>Di\u00e1metro de la pieza fotoluminiscente: 67 mm.<\/li>\n\n\n\n<li>Di\u00e1metro frontal del cilindro: 87 mm.<\/li>\n\n\n\n<li>Ancho: 86 mm.<\/li>\n\n\n\n<li>Base: 125 mm.<\/li>\n<\/ul>\n\n\n\n<h2 class=\"wp-block-heading\">Base de pl\u00e1stico reciclado: acabados, est\u00e9tica y resistencia<\/h2>\n\n\n\n<figure class=\"wp-block-gallery has-nested-images columns-default is-cropped wp-block-gallery-3 is-layout-flex wp-block-gallery-is-layout-flex\">\n<figure class=\"wp-block-image size-full\"><img loading=\"lazy\" decoding=\"async\" width=\"1915\" height=\"2560\" data-id=\"8791\" src=\"https:\/\/abadecom.com\/wp-content\/uploads\/2023\/06\/Baliza-truncada-flecha-de-dia-Abadecom-2023-scaled.jpg\" alt=\"\" class=\"wp-image-8791\" srcset=\"https:\/\/abadecom.com\/wp-content\/uploads\/2023\/06\/Baliza-truncada-flecha-de-dia-Abadecom-2023-scaled.jpg 1915w, https:\/\/abadecom.com\/wp-content\/uploads\/2023\/06\/Baliza-truncada-flecha-de-dia-Abadecom-2023-224x300.jpg 224w, https:\/\/abadecom.com\/wp-content\/uploads\/2023\/06\/Baliza-truncada-flecha-de-dia-Abadecom-2023-766x1024.jpg 766w, https:\/\/abadecom.com\/wp-content\/uploads\/2023\/06\/Baliza-truncada-flecha-de-dia-Abadecom-2023-768x1027.jpg 768w, https:\/\/abadecom.com\/wp-content\/uploads\/2023\/06\/Baliza-truncada-flecha-de-dia-Abadecom-2023-1149x1536.jpg 1149w, https:\/\/abadecom.com\/wp-content\/uploads\/2023\/06\/Baliza-truncada-flecha-de-dia-Abadecom-2023-1532x2048.jpg 1532w, https:\/\/abadecom.com\/wp-content\/uploads\/2023\/06\/Baliza-truncada-flecha-de-dia-Abadecom-2023-1600x2139.jpg 1600w\" sizes=\"auto, (max-width: 1915px) 100vw, 1915px\" \/><\/figure>\n\n\n\n<figure class=\"wp-block-image size-full is-style-default\"><img loading=\"lazy\" decoding=\"async\" width=\"1915\" height=\"2560\" data-id=\"8790\" src=\"https:\/\/abadecom.com\/wp-content\/uploads\/2023\/06\/Baliza-truncada-flecha-de-noche-Abadecom-2023-scaled.jpg\" alt=\"\" class=\"wp-image-8790\" srcset=\"https:\/\/abadecom.com\/wp-content\/uploads\/2023\/06\/Baliza-truncada-flecha-de-noche-Abadecom-2023-scaled.jpg 1915w, https:\/\/abadecom.com\/wp-content\/uploads\/2023\/06\/Baliza-truncada-flecha-de-noche-Abadecom-2023-224x300.jpg 224w, https:\/\/abadecom.com\/wp-content\/uploads\/2023\/06\/Baliza-truncada-flecha-de-noche-Abadecom-2023-766x1024.jpg 766w, https:\/\/abadecom.com\/wp-content\/uploads\/2023\/06\/Baliza-truncada-flecha-de-noche-Abadecom-2023-768x1027.jpg 768w, https:\/\/abadecom.com\/wp-content\/uploads\/2023\/06\/Baliza-truncada-flecha-de-noche-Abadecom-2023-1149x1536.jpg 1149w, https:\/\/abadecom.com\/wp-content\/uploads\/2023\/06\/Baliza-truncada-flecha-de-noche-Abadecom-2023-1532x2048.jpg 1532w, https:\/\/abadecom.com\/wp-content\/uploads\/2023\/06\/Baliza-truncada-flecha-de-noche-Abadecom-2023-1600x2139.jpg 1600w\" sizes=\"auto, (max-width: 1915px) 100vw, 1915px\" \/><\/figure>\n<\/figure>\n\n\n\n<p class=\"wp-block-paragraph\"><strong>Material 100% reciclado y 100% reciclable<\/strong>, con una <strong>imitaci\u00f3n muy realista del color natural<\/strong>, integr\u00e1ndose de forma excelente en entornos urbanos y naturales.<\/p>\n\n\n\n<p class=\"wp-block-paragraph\"><strong>Colores disponibles:<\/strong> Marr\u00f3n \/ Negro \/ Terracota \/ Verde \/ Gris natural \/ Blanco (seg\u00fan disponibilidad).<\/p>\n\n\n\n<p class=\"wp-block-paragraph\"><strong>Ventajas destacadas:<\/strong><\/p>\n\n\n\n<ul class=\"wp-block-list\">\n<li>Antigrafiti y antivandalismo, higi\u00e9nico y f\u00e1cil de limpiar.<\/li>\n\n\n\n<li>Resistente a animales e insectos.<\/li>\n\n\n\n<li>Durabilidad muy elevada y gran versatilidad de uso.<\/li>\n<\/ul>\n\n\n<style>.wp-block-kadence-advancedheading.kt-adv-heading5021_3891d0-1a, .wp-block-kadence-advancedheading.kt-adv-heading5021_3891d0-1a[data-kb-block=\"kb-adv-heading5021_3891d0-1a\"]{font-style:normal;}.wp-block-kadence-advancedheading.kt-adv-heading5021_3891d0-1a mark.kt-highlight, .wp-block-kadence-advancedheading.kt-adv-heading5021_3891d0-1a[data-kb-block=\"kb-adv-heading5021_3891d0-1a\"] mark.kt-highlight{font-style:normal;color:#f76a0c;-webkit-box-decoration-break:clone;box-decoration-break:clone;padding-top:0px;padding-right:0px;padding-bottom:0px;padding-left:0px;}.wp-block-kadence-advancedheading.kt-adv-heading5021_3891d0-1a img.kb-inline-image, .wp-block-kadence-advancedheading.kt-adv-heading5021_3891d0-1a[data-kb-block=\"kb-adv-heading5021_3891d0-1a\"] img.kb-inline-image{width:150px;vertical-align:baseline;}<\/style>\n<h2 class=\"kt-adv-heading5021_3891d0-1a wp-block-kadence-advancedheading\" data-kb-block=\"kb-adv-heading5021_3891d0-1a\">Aplicaciones recomendadas<\/h2>\n\n\n\n<p class=\"wp-block-paragraph\">Perfecta para <strong>se\u00f1al\u00e9tica sostenible<\/strong> y <strong>balizamiento<\/strong> en:<\/p>\n\n\n\n<ul class=\"wp-block-list\">\n<li>Jardines, rutas tur\u00edsticas y arqueol\u00f3gicas.<\/li>\n\n\n\n<li>Rutas de turismo astron\u00f3mico (sin contaminaci\u00f3n lum\u00ednica por electricidad).<\/li>\n\n\n\n<li>Senderos, v\u00edas verdes y parques naturales.<\/li>\n\n\n\n<li>Carriles bici, caminos de running, miradores.<\/li>\n\n\n\n<li>Parkings rurales y accesos con baja iluminaci\u00f3n.<\/li>\n<\/ul>\n\n\n<style>.wp-block-kadence-advancedbtn.kb-btns5021_d6eb53-bc{gap:var(--global-kb-gap-xs, 0.5rem );justify-content:center;align-items:center;}.kt-btns5021_d6eb53-bc .kt-button{font-weight:normal;font-style:normal;}.kt-btns5021_d6eb53-bc .kt-btn-wrap-0{margin-right:5px;}.wp-block-kadence-advancedbtn.kt-btns5021_d6eb53-bc .kt-btn-wrap-0 .kt-button{color:#555555;border-color:#555555;}.wp-block-kadence-advancedbtn.kt-btns5021_d6eb53-bc .kt-btn-wrap-0 .kt-button:hover, .wp-block-kadence-advancedbtn.kt-btns5021_d6eb53-bc .kt-btn-wrap-0 .kt-button:focus{color:#ffffff;border-color:#444444;}.wp-block-kadence-advancedbtn.kt-btns5021_d6eb53-bc .kt-btn-wrap-0 .kt-button::before{display:none;}.wp-block-kadence-advancedbtn.kt-btns5021_d6eb53-bc .kt-btn-wrap-0 .kt-button:hover, .wp-block-kadence-advancedbtn.kt-btns5021_d6eb53-bc .kt-btn-wrap-0 .kt-button:focus{background:#444444;}<\/style>\n<div class=\"wp-block-kadence-advancedbtn kb-buttons-wrap kb-btns5021_d6eb53-bc\"><style>ul.menu .wp-block-kadence-advancedbtn .kb-btn5021_0ed17f-1d.kb-button{width:initial;}.wp-block-kadence-advancedbtn .kb-btn5021_0ed17f-1d.kb-button{color:#343a40;background:#0bc345;}<\/style><a class=\"kb-button kt-button button kb-btn5021_0ed17f-1d kt-btn-size-standard kt-btn-width-type-auto kb-btn-global-inherit kt-btn-has-text-true kt-btn-has-svg-false wp-block-button__link wp-block-kadence-singlebtn\" href=\"https:\/\/abadecom.com\/contacto\/\"><span class=\"kt-btn-inner-text\"><strong>SOLICITAR PRESUPUESTO<\/strong><\/span><\/a>\n\n<style>ul.menu .wp-block-kadence-advancedbtn .kb-btn5021_7536ba-45.kb-button{width:initial;}.wp-block-kadence-advancedbtn .kb-btn5021_7536ba-45.kb-button{color:#343a40;background:#0bc345;}<\/style><a class=\"kb-button kt-button button kb-btn5021_7536ba-45 kt-btn-size-standard kt-btn-width-type-auto kb-btn-global-inherit kt-btn-has-text-true kt-btn-has-svg-false wp-block-button__link wp-block-kadence-singlebtn\" href=\"https:\/\/abadecom.com\/contacto\/\"><span class=\"kt-btn-inner-text\"><strong>SOLICITAR FICHA T\u00c9CNICA<\/strong><\/span><\/a><\/div>\n\n\n\n<p class=\"wp-block-paragraph\"><\/p>\n","protected":false},"excerpt":{"rendered":"<p>La baliza truncada fotoluminiscente de Abadecom est\u00e1 dise\u00f1ada para guiar, delimitar y balizar superficies horizontales en zonas de oscuridad o baja iluminaci\u00f3n, con un producto robusto, de m\u00ednimo mantenimiento y fabricado en pl\u00e1stico 100% reciclado y 100% reciclable. Modo de fijaci\u00f3n La baliza truncada fotoluminiscente se fija a cualquier pavimento o superficie horizontal, mediante el [&#8230;]<\/p>\n<p><a class=\"btn btn-secondary understrap-read-more-link\" href=\"https:\/\/abadecom.com\/fr\/baliza-truncada-fotoluminiscente\/\">Lire la suite\u2026<span class=\"screen-reader-text\"> from Baliza truncada fotoluminiscente<\/span><\/a><\/p>\n","protected":false},"author":1,"featured_media":0,"parent":0,"menu_order":29,"comment_status":"closed","ping_status":"closed","template":"","meta":{"content-type":"","_monsterinsights_skip_tracking":false,"pgc_sgb_lightbox_settings":"","footnotes":""},"class_list":["post-5021","page","type-page","status-publish","hentry"],"yoast_head":"<!-- This site is optimized with the Yoast SEO plugin v28.4 - https:\/\/yoast.com\/product\/yoast-seo-wordpress\/ -->\n<title>Baliza truncada fotoluminiscente - Abadecom<\/title>\n<meta name=\"description\" content=\"Baliza fotoluminiscente para se\u00f1alizaci\u00f3n horizontal: fijaci\u00f3n con resina, pl\u00e1stico 100% reciclado\/reciclable, alta resistencia UV.\" \/>\n<meta name=\"robots\" content=\"index, follow, max-snippet:-1, max-image-preview:large, max-video-preview:-1\" \/>\n<link rel=\"canonical\" href=\"https:\/\/abadecom.com\/fr\/baliza-truncada-fotoluminiscente\/\" \/>\n<meta property=\"og:locale\" content=\"fr_FR\" \/>\n<meta property=\"og:type\" content=\"article\" \/>\n<meta property=\"og:title\" content=\"Baliza truncada fotoluminiscente - Abadecom\" \/>\n<meta property=\"og:description\" content=\"Baliza fotoluminiscente para se\u00f1alizaci\u00f3n horizontal: fijaci\u00f3n con resina, pl\u00e1stico 100% reciclado\/reciclable, alta resistencia UV.\" \/>\n<meta property=\"og:url\" content=\"https:\/\/abadecom.com\/fr\/baliza-truncada-fotoluminiscente\/\" \/>\n<meta property=\"og:site_name\" content=\"Abadecom\" \/>\n<meta property=\"article:modified_time\" content=\"2026-03-23T15:34:19+00:00\" \/>\n<meta property=\"og:image\" content=\"https:\/\/abadecom.com\/wp-content\/uploads\/2020\/11\/baliza-truncada.jpg\" \/>\n<meta name=\"twitter:card\" content=\"summary_large_image\" \/>\n<meta name=\"twitter:label1\" content=\"Dur\u00e9e de lecture estim\u00e9e\" \/>\n\t<meta name=\"twitter:data1\" content=\"4 minutes\" \/>\n<script type=\"application\/ld+json\" class=\"yoast-schema-graph\">{\"@context\":\"https:\\\/\\\/schema.org\",\"@graph\":[{\"@type\":\"WebPage\",\"@id\":\"https:\\\/\\\/abadecom.com\\\/baliza-truncada-fotoluminiscente\\\/\",\"url\":\"https:\\\/\\\/abadecom.com\\\/baliza-truncada-fotoluminiscente\\\/\",\"name\":\"Baliza truncada fotoluminiscente - Abadecom\",\"isPartOf\":{\"@id\":\"https:\\\/\\\/abadecom.com\\\/#website\"},\"primaryImageOfPage\":{\"@id\":\"https:\\\/\\\/abadecom.com\\\/baliza-truncada-fotoluminiscente\\\/#primaryimage\"},\"image\":{\"@id\":\"https:\\\/\\\/abadecom.com\\\/baliza-truncada-fotoluminiscente\\\/#primaryimage\"},\"thumbnailUrl\":\"https:\\\/\\\/abadecom.com\\\/wp-content\\\/uploads\\\/2020\\\/11\\\/baliza-truncada.jpg\",\"datePublished\":\"2020-11-27T11:16:01+00:00\",\"dateModified\":\"2026-03-23T15:34:19+00:00\",\"description\":\"Baliza fotoluminiscente para se\u00f1alizaci\u00f3n horizontal: fijaci\u00f3n con resina, pl\u00e1stico 100% reciclado\\\/reciclable, alta resistencia UV.\",\"inLanguage\":\"fr-FR\",\"potentialAction\":[{\"@type\":\"ReadAction\",\"target\":[\"https:\\\/\\\/abadecom.com\\\/baliza-truncada-fotoluminiscente\\\/\"]}]},{\"@type\":\"ImageObject\",\"inLanguage\":\"fr-FR\",\"@id\":\"https:\\\/\\\/abadecom.com\\\/baliza-truncada-fotoluminiscente\\\/#primaryimage\",\"url\":\"https:\\\/\\\/abadecom.com\\\/wp-content\\\/uploads\\\/2020\\\/11\\\/baliza-truncada.jpg\",\"contentUrl\":\"https:\\\/\\\/abadecom.com\\\/wp-content\\\/uploads\\\/2020\\\/11\\\/baliza-truncada.jpg\"},{\"@type\":\"WebSite\",\"@id\":\"https:\\\/\\\/abadecom.com\\\/#website\",\"url\":\"https:\\\/\\\/abadecom.com\\\/\",\"name\":\"Abadecom\",\"description\":\"Productos sostenibles y respetuosos con el medio ambiente\",\"publisher\":{\"@id\":\"https:\\\/\\\/abadecom.com\\\/#organization\"},\"alternateName\":\"Abadecom\",\"potentialAction\":[{\"@type\":\"SearchAction\",\"target\":{\"@type\":\"EntryPoint\",\"urlTemplate\":\"https:\\\/\\\/abadecom.com\\\/?s={search_term_string}\"},\"query-input\":{\"@type\":\"PropertyValueSpecification\",\"valueRequired\":true,\"valueName\":\"search_term_string\"}}],\"inLanguage\":\"fr-FR\"},{\"@type\":\"Organization\",\"@id\":\"https:\\\/\\\/abadecom.com\\\/#organization\",\"name\":\"Abadecom\",\"url\":\"https:\\\/\\\/abadecom.com\\\/\",\"logo\":{\"@type\":\"ImageObject\",\"inLanguage\":\"fr-FR\",\"@id\":\"https:\\\/\\\/abadecom.com\\\/#\\\/schema\\\/logo\\\/image\\\/\",\"url\":\"https:\\\/\\\/abadecom.com\\\/wp-content\\\/uploads\\\/2022\\\/03\\\/Logo-Abadecom-e1647715158799.png\",\"contentUrl\":\"https:\\\/\\\/abadecom.com\\\/wp-content\\\/uploads\\\/2022\\\/03\\\/Logo-Abadecom-e1647715158799.png\",\"width\":200,\"height\":117,\"caption\":\"Abadecom\"},\"image\":{\"@id\":\"https:\\\/\\\/abadecom.com\\\/#\\\/schema\\\/logo\\\/image\\\/\"}}]}<\/script>\n<!-- \/ Yoast SEO plugin. -->","yoast_head_json":{"title":"Baliza truncada fotoluminiscente - Abadecom","description":"Baliza fotoluminiscente para se\u00f1alizaci\u00f3n horizontal: fijaci\u00f3n con resina, pl\u00e1stico 100% reciclado\/reciclable, alta resistencia UV.","robots":{"index":"index","follow":"follow","max-snippet":"max-snippet:-1","max-image-preview":"max-image-preview:large","max-video-preview":"max-video-preview:-1"},"canonical":"https:\/\/abadecom.com\/fr\/baliza-truncada-fotoluminiscente\/","og_locale":"fr_FR","og_type":"article","og_title":"Baliza truncada fotoluminiscente - Abadecom","og_description":"Baliza fotoluminiscente para se\u00f1alizaci\u00f3n horizontal: fijaci\u00f3n con resina, pl\u00e1stico 100% reciclado\/reciclable, alta resistencia UV.","og_url":"https:\/\/abadecom.com\/fr\/baliza-truncada-fotoluminiscente\/","og_site_name":"Abadecom","article_modified_time":"2026-03-23T15:34:19+00:00","og_image":[{"url":"https:\/\/abadecom.com\/wp-content\/uploads\/2020\/11\/baliza-truncada.jpg","type":"","width":"","height":""}],"twitter_card":"summary_large_image","twitter_misc":{"Dur\u00e9e de lecture estim\u00e9e":"4 minutes"},"schema":{"@context":"https:\/\/schema.org","@graph":[{"@type":"WebPage","@id":"https:\/\/abadecom.com\/baliza-truncada-fotoluminiscente\/","url":"https:\/\/abadecom.com\/baliza-truncada-fotoluminiscente\/","name":"Baliza truncada fotoluminiscente - Abadecom","isPartOf":{"@id":"https:\/\/abadecom.com\/#website"},"primaryImageOfPage":{"@id":"https:\/\/abadecom.com\/baliza-truncada-fotoluminiscente\/#primaryimage"},"image":{"@id":"https:\/\/abadecom.com\/baliza-truncada-fotoluminiscente\/#primaryimage"},"thumbnailUrl":"https:\/\/abadecom.com\/wp-content\/uploads\/2020\/11\/baliza-truncada.jpg","datePublished":"2020-11-27T11:16:01+00:00","dateModified":"2026-03-23T15:34:19+00:00","description":"Baliza fotoluminiscente para se\u00f1alizaci\u00f3n horizontal: fijaci\u00f3n con resina, pl\u00e1stico 100% reciclado\/reciclable, alta resistencia UV.","inLanguage":"fr-FR","potentialAction":[{"@type":"ReadAction","target":["https:\/\/abadecom.com\/baliza-truncada-fotoluminiscente\/"]}]},{"@type":"ImageObject","inLanguage":"fr-FR","@id":"https:\/\/abadecom.com\/baliza-truncada-fotoluminiscente\/#primaryimage","url":"https:\/\/abadecom.com\/wp-content\/uploads\/2020\/11\/baliza-truncada.jpg","contentUrl":"https:\/\/abadecom.com\/wp-content\/uploads\/2020\/11\/baliza-truncada.jpg"},{"@type":"WebSite","@id":"https:\/\/abadecom.com\/#website","url":"https:\/\/abadecom.com\/","name":"Abadecom","description":"Produits durables et respectueux de l'environnement","publisher":{"@id":"https:\/\/abadecom.com\/#organization"},"alternateName":"Abadecom","potentialAction":[{"@type":"SearchAction","target":{"@type":"EntryPoint","urlTemplate":"https:\/\/abadecom.com\/?s={search_term_string}"},"query-input":{"@type":"PropertyValueSpecification","valueRequired":true,"valueName":"search_term_string"}}],"inLanguage":"fr-FR"},{"@type":"Organization","@id":"https:\/\/abadecom.com\/#organization","name":"Abadecom","url":"https:\/\/abadecom.com\/","logo":{"@type":"ImageObject","inLanguage":"fr-FR","@id":"https:\/\/abadecom.com\/#\/schema\/logo\/image\/","url":"https:\/\/abadecom.com\/wp-content\/uploads\/2022\/03\/Logo-Abadecom-e1647715158799.png","contentUrl":"https:\/\/abadecom.com\/wp-content\/uploads\/2022\/03\/Logo-Abadecom-e1647715158799.png","width":200,"height":117,"caption":"Abadecom"},"image":{"@id":"https:\/\/abadecom.com\/#\/schema\/logo\/image\/"}}]}},"_links":{"self":[{"href":"https:\/\/abadecom.com\/fr\/wp-json\/wp\/v2\/pages\/5021","targetHints":{"allow":["GET"]}}],"collection":[{"href":"https:\/\/abadecom.com\/fr\/wp-json\/wp\/v2\/pages"}],"about":[{"href":"https:\/\/abadecom.com\/fr\/wp-json\/wp\/v2\/types\/page"}],"author":[{"embeddable":true,"href":"https:\/\/abadecom.com\/fr\/wp-json\/wp\/v2\/users\/1"}],"replies":[{"embeddable":true,"href":"https:\/\/abadecom.com\/fr\/wp-json\/wp\/v2\/comments?post=5021"}],"version-history":[{"count":21,"href":"https:\/\/abadecom.com\/fr\/wp-json\/wp\/v2\/pages\/5021\/revisions"}],"predecessor-version":[{"id":10166,"href":"https:\/\/abadecom.com\/fr\/wp-json\/wp\/v2\/pages\/5021\/revisions\/10166"}],"wp:attachment":[{"href":"https:\/\/abadecom.com\/fr\/wp-json\/wp\/v2\/media?parent=5021"}],"curies":[{"name":"wp","href":"https:\/\/api.w.org\/{rel}","templated":true}]}}