{"id":478,"date":"2018-01-24T15:05:04","date_gmt":"2018-01-24T15:05:04","guid":{"rendered":"http:\/\/gbsolutions.es\/?page_id=478"},"modified":"2026-07-01T13:57:59","modified_gmt":"2026-07-01T13:57:59","slug":"separador-carril-bici","status":"publish","type":"page","link":"https:\/\/abadecom.com\/fr\/separador-carril-bici\/","title":{"rendered":"S\u00e9parateur de piste cyclable photoluminescent"},"content":{"rendered":"\n<p class=\"wp-block-paragraph\">Convierte cualquier carril bici en una infraestructura m\u00e1s segura, visible y sostenible desde el primer d\u00eda. El<strong> Separador de carril bici fotoluminiscente y reflectante <\/strong>de Abadecom est\u00e1 pensado para ciudades, obras y entornos urbanos que exigen m\u00e1xima durabilidad, instalaci\u00f3n r\u00e1pida y alta visibilidad nocturna sin renunciar a un compromiso real con el medio ambiente.<\/p>\n\n\n\n<figure class=\"wp-block-image size-large\"><img loading=\"lazy\" decoding=\"async\" width=\"1024\" height=\"338\" src=\"https:\/\/abadecom.com\/wp-content\/uploads\/2026\/02\/comparacion_dia_noche_gap40_4136x1365-1024x338.jpg\" alt=\"\" class=\"wp-image-9999\" srcset=\"https:\/\/abadecom.com\/wp-content\/uploads\/2026\/02\/comparacion_dia_noche_gap40_4136x1365-1024x338.jpg 1024w, https:\/\/abadecom.com\/wp-content\/uploads\/2026\/02\/comparacion_dia_noche_gap40_4136x1365-300x99.jpg 300w, https:\/\/abadecom.com\/wp-content\/uploads\/2026\/02\/comparacion_dia_noche_gap40_4136x1365-768x253.jpg 768w, https:\/\/abadecom.com\/wp-content\/uploads\/2026\/02\/comparacion_dia_noche_gap40_4136x1365-50x17.jpg 50w, https:\/\/abadecom.com\/wp-content\/uploads\/2026\/02\/comparacion_dia_noche_gap40_4136x1365-1600x528.jpg 1600w, https:\/\/abadecom.com\/wp-content\/uploads\/2026\/02\/comparacion_dia_noche_gap40_4136x1365-1536x507.jpg 1536w, https:\/\/abadecom.com\/wp-content\/uploads\/2026\/02\/comparacion_dia_noche_gap40_4136x1365-2048x676.jpg 2048w\" sizes=\"auto, (max-width: 1024px) 100vw, 1024px\" \/><\/figure>\n\n\n\n<p class=\"wp-block-paragraph\">Fabricado con <strong>pl\u00e1stico 100% reciclado (PVC)<\/strong>, este separador ofrece una resistencia superior frente a alternativas de caucho u hormig\u00f3n, logrando una soluci\u00f3n m\u00e1s robusta, estable y duradera. Su composici\u00f3n aporta muy alta resistencia a la abrasi\u00f3n y a los rayos ultravioletas (UV), manteniendo su rendimiento en condiciones adversas y reduciendo el mantenimiento al m\u00ednimo. Adem\u00e1s, integra un sistema de fijaci\u00f3n mediante tornillos de anclaje, lo que permite un montaje r\u00e1pido, limpio y sencillo, ideal para proyectos de se\u00f1alizaci\u00f3n vial, delimitaci\u00f3n de carriles bici y ordenaci\u00f3n del tr\u00e1fico en zonas urbanas y periurbanas. El separador de carril bici <strong>cumple con la norma UNE 135902:2020<\/strong>, aportando garant\u00edas adicionales para proyectos de se\u00f1alizaci\u00f3n y ordenaci\u00f3n del tr\u00e1fico en entornos urbanos.<\/p>\n\n\n<div id=\"gutenslider-zmooc9yrj\" class=\"wp-block-eedee-block-gutenslider gs-frontend content-change alignnone arrow-style-1 arrow-position-sides arrow-mb-none arrows-lg arrows-md arrows-sm dot-style-1 dots-lg dots-md dots-sm dot-position-bottom is-position-center-center mb-none wrap-auto-height\" data-parallax-direction=\"down\" data-parallax-amount=\"1.3\" data-lg-transition=\"lg-slide\" data-hash=\"\" ><div class=\"eedee-swiper-outer\" style=\"--gutenslider-min-height: 50vh;--gutenslider-arrow-size: 30px;--gutenslider-dot-size: 25px;--gutenslider-arrow-color: #ffffff;--gutenslider-dot-color: #ffffff;--gutenslider-padding-y-mobile: 40px;--gutenslider-padding-x-mobile: 40px;--gutenslider-padding-y-tablet: 40px;--gutenslider-padding-x-tablet: 40px;--gutenslider-padding-y-desktop: 40px;--gutenslider-padding-x-desktop: 40px;--gutenslider-bg-image: url();--gutenslider-min-height-md: 50vh;--gutenslider-min-height-sm: 50vh;--gutenslider-padding-x: 40px;--gutenslider-padding-x-md: 40px;--gutenslider-padding-x-sm: 20px;--gutenslider-padding-y: 40px;--gutenslider-padding-y-md: 40px;--gutenslider-padding-y-sm: 20px;--gutenslider-arrow-size-md: 30px;--gutenslider-arrow-size-sm: 30px;--gutenslider-dot-size-md: 25px;--gutenslider-dot-size-sm: 25px;--gutenslider-arrow-bg-color: transparent;--gutenslider-arrow-hover-color: #eeeeee;--gutenslider-arrow-bg-hover-color: transparent;--gutenslider-arrow-x-offset: 10px;--gutenslider-arrow-x-offset-md: 10px;--gutenslider-arrow-x-offset-sm: 10px;--gutenslider-arrow-y-offset: 0px;--gutenslider-arrow-y-offset-md: 0px;--gutenslider-arrow-y-offset-sm: 0px;--gutenslider-arrow-x-spacing: 0px;--gutenslider-dot-y-offset: 10px;--gutenslider-dot-y-offset-md: 10px;--gutenslider-dot-y-offset-sm: 10px;--gutenslider-margin-x: 0px;--gutenslider-margin-x-md: 0px;--gutenslider-margin-x-sm: 0px;--gutenslider-margin-y: 0px;--gutenslider-margin-y-md: 0px;--gutenslider-margin-y-sm: 0px;--gutenslider-divider-top: 60px;--gutenslider-divider-bottom: 60px;--gutenslider-lightgallery-bg: #ffffff;--gutenslider-lightgallery-font: #000000;--gs-first-pos: 50% 50%;--gs-gap-vertical: var( --wp--style--gallery-gap-default, var( --gallery-block--gutter-size, var( --wp--style--block-gap, 0.5em ) ) );--gs-gap-horizontal: var( --wp--style--gallery-gap-default, var( --gallery-block--gutter-size, var( --wp--style--block-gap, 0.5em ) ) );\"><div class=\"gutenslider-divider-top\" style=\"color:#fff;\"><\/div><div class=\"swiper\" data-settings='{\"autoplay\":{\"delay\":3000,\"pauseOnMouseEnter\":true,\"disableOnInteraction\":false},\"speed\":700,\"direction\":\"horizontal\",\"autoHeight\":\"\",\"loop\":true,\"centeredSlides\":true,\"spaceBetween\":0,\"slidesPerView\":1,\"slidesPerGroup\":1,\"effect\":\"slide\",\"coverflowEffect\":{\"rotate\":30,\"slideShadows\":false,\"depth\":100,\"stretch\":50,\"modifier\":1},\"fadeEffect\":{\"crossFade\":true},\"zoom\":\"\",\"navigation\":{\"nextEl\":\"#gutenslider-zmooc9yrj .eedee-gutenslider-next\",\"prevEl\":\"#gutenslider-zmooc9yrj .eedee-gutenslider-prev\"},\"pagination\":{\"type\":\"bullets\",\"clickable\":true,\"dynamicBullets\":false,\"el\":\"#gutenslider-zmooc9yrj .eedee-gutenslider-pagination\"},\"pauseOnHover\":\"1\",\"watchSlidesProgress\":true,\"watchSlidesVisibility\":true,\"settingsMd\":{\"autoHeight\":\"\",\"slidesPerView\":1,\"slidesPerGroup\":1,\"spaceBetween\":0,\"loop\":true},\"settingsLg\":{\"autoHeight\":\"\",\"slidesPerView\":1,\"slidesPerGroup\":1,\"spaceBetween\":0,\"loop\":true},\"hasLg\":false,\"hasLgCounter\":true,\"isFullScreen\":false,\"arrowsFollowMouse\":false,\"lgTitle\":\"none\",\"lgCaption\":\"none\",\"lgThumbnails\":true,\"lgZoomEnabled\":false,\"keyboard\":{\"keyboard\":{\"enabled\":true,\"onlyInViewport\":true}},\"hashNavigation\":false,\"dividers\":false}'><div class=\"swiper-wrapper\">\n<div class=\"swiper-slide wp-block-eedee-block-gutenslide is-position-center-center ed-bg-image\" style=\"--ed-vw:300;--ed-vh:225;\" data-hash=\"\"><div class=\"eedee-background-div bg-image\"><img loading=\"lazy\" width=\"1024\" height=\"768\" class=\"wp-image-10000\" src=\"https:\/\/abadecom.com\/wp-content\/uploads\/2026\/02\/SEPARADOR-CARRIL-BICI-ABADECOM-1024x768.jpg\" alt=\"\" decoding=\"async\" style=\"object-fit: cover; object-position: 50% 50%;\"  data-title=\"SEPARADOR CARRIL BICI ABADECOM\" srcset=\"https:\/\/abadecom.com\/wp-content\/uploads\/2026\/02\/SEPARADOR-CARRIL-BICI-ABADECOM-1024x768.jpg 1024w, https:\/\/abadecom.com\/wp-content\/uploads\/2026\/02\/SEPARADOR-CARRIL-BICI-ABADECOM-300x225.jpg 300w, https:\/\/abadecom.com\/wp-content\/uploads\/2026\/02\/SEPARADOR-CARRIL-BICI-ABADECOM-768x576.jpg 768w, https:\/\/abadecom.com\/wp-content\/uploads\/2026\/02\/SEPARADOR-CARRIL-BICI-ABADECOM-50x38.jpg 50w, https:\/\/abadecom.com\/wp-content\/uploads\/2026\/02\/SEPARADOR-CARRIL-BICI-ABADECOM-1600x1200.jpg 1600w, https:\/\/abadecom.com\/wp-content\/uploads\/2026\/02\/SEPARADOR-CARRIL-BICI-ABADECOM-1536x1152.jpg 1536w, https:\/\/abadecom.com\/wp-content\/uploads\/2026\/02\/SEPARADOR-CARRIL-BICI-ABADECOM-2048x1536.jpg 2048w\" sizes=\"auto, (max-width: 1024px) 100vw, 1024px\" \/><div class=\"eedee-background-div__overlay\" style=\"opacity:1;\"><\/div><\/div><div class=\"slide-content\">\n\n<p class=\"has-text-align-center gutenslider-content-initial has-larger-font-size wp-block-paragraph\"><\/p>\n\n<\/div><\/div>\n\n<div class=\"swiper-slide wp-block-eedee-block-gutenslide is-position-center-center ed-bg-image\" style=\"--ed-vw:300;--ed-vh:225;\" data-hash=\"\"><div class=\"eedee-background-div bg-image\"><img loading=\"lazy\" width=\"1024\" height=\"768\" class=\"wp-image-10002\" src=\"https:\/\/abadecom.com\/wp-content\/uploads\/2026\/02\/SEPARADOR-FOTOLUMINISCENTE-ABADECOM-1024x768.jpg\" alt=\"\" decoding=\"async\" style=\"object-fit: cover; object-position: 50% 50%;\"  data-title=\"SEPARADOR FOTOLUMINISCENTE ABADECOM\" srcset=\"https:\/\/abadecom.com\/wp-content\/uploads\/2026\/02\/SEPARADOR-FOTOLUMINISCENTE-ABADECOM-1024x768.jpg 1024w, https:\/\/abadecom.com\/wp-content\/uploads\/2026\/02\/SEPARADOR-FOTOLUMINISCENTE-ABADECOM-300x225.jpg 300w, https:\/\/abadecom.com\/wp-content\/uploads\/2026\/02\/SEPARADOR-FOTOLUMINISCENTE-ABADECOM-768x576.jpg 768w, https:\/\/abadecom.com\/wp-content\/uploads\/2026\/02\/SEPARADOR-FOTOLUMINISCENTE-ABADECOM-50x38.jpg 50w, https:\/\/abadecom.com\/wp-content\/uploads\/2026\/02\/SEPARADOR-FOTOLUMINISCENTE-ABADECOM-1600x1200.jpg 1600w, https:\/\/abadecom.com\/wp-content\/uploads\/2026\/02\/SEPARADOR-FOTOLUMINISCENTE-ABADECOM-1536x1152.jpg 1536w, https:\/\/abadecom.com\/wp-content\/uploads\/2026\/02\/SEPARADOR-FOTOLUMINISCENTE-ABADECOM-2048x1536.jpg 2048w\" sizes=\"auto, (max-width: 1024px) 100vw, 1024px\" \/><div class=\"eedee-background-div__overlay\" style=\"opacity:1;\"><\/div><\/div><div class=\"slide-content\">\n\n<p class=\"has-text-align-center gutenslider-content-initial has-larger-font-size wp-block-paragraph\"><\/p>\n\n<\/div><\/div>\n\n<div class=\"swiper-slide wp-block-eedee-block-gutenslide is-position-center-center ed-bg-image\" style=\"--ed-vw:300;--ed-vh:225;\" data-hash=\"\"><div class=\"eedee-background-div bg-image\"><img loading=\"lazy\" width=\"1024\" height=\"768\" class=\"wp-image-8603\" src=\"https:\/\/abadecom.com\/wp-content\/uploads\/2023\/05\/Separador-de-carril-bici-fotoluminiscente-ABADECOM-1024x768.jpg\" alt=\"\" decoding=\"async\" style=\"object-fit: cover; object-position: 50% 50%;\"  data-title=\"Separador de carril bici fotoluminiscente ABADECOM\" srcset=\"https:\/\/abadecom.com\/wp-content\/uploads\/2023\/05\/Separador-de-carril-bici-fotoluminiscente-ABADECOM-1024x768.jpg 1024w, https:\/\/abadecom.com\/wp-content\/uploads\/2023\/05\/Separador-de-carril-bici-fotoluminiscente-ABADECOM-300x225.jpg 300w, https:\/\/abadecom.com\/wp-content\/uploads\/2023\/05\/Separador-de-carril-bici-fotoluminiscente-ABADECOM-768x576.jpg 768w, https:\/\/abadecom.com\/wp-content\/uploads\/2023\/05\/Separador-de-carril-bici-fotoluminiscente-ABADECOM-1536x1152.jpg 1536w, https:\/\/abadecom.com\/wp-content\/uploads\/2023\/05\/Separador-de-carril-bici-fotoluminiscente-ABADECOM-2048x1536.jpg 2048w, https:\/\/abadecom.com\/wp-content\/uploads\/2023\/05\/Separador-de-carril-bici-fotoluminiscente-ABADECOM-1600x1200.jpg 1600w\" sizes=\"auto, (max-width: 1024px) 100vw, 1024px\" \/><div class=\"eedee-background-div__overlay\" style=\"opacity:1;\"><\/div><\/div><div class=\"slide-content\">\n\n<p class=\"has-text-align-center gutenslider-content-initial has-larger-font-size wp-block-paragraph\"><\/p>\n\n<\/div><\/div>\n\n<div class=\"swiper-slide wp-block-eedee-block-gutenslide is-position-center-center ed-bg-image\" style=\"--ed-vw:300;--ed-vh:169;\" data-hash=\"\"><div class=\"eedee-background-div bg-image\"><img loading=\"lazy\" width=\"1024\" height=\"576\" class=\"wp-image-7097\" src=\"https:\/\/abadecom.com\/wp-content\/uploads\/2022\/11\/Separador-de-carril-Bici-Reflectante_Abadecom_2-2-1024x576.jpg\" alt=\"\" decoding=\"async\" style=\"object-fit: cover; object-position: 50% 50%;\"  data-title=\"Separador de carril Bici Reflectante_Abadecom_2 (2)\" srcset=\"https:\/\/abadecom.com\/wp-content\/uploads\/2022\/11\/Separador-de-carril-Bici-Reflectante_Abadecom_2-2-1024x576.jpg 1024w, https:\/\/abadecom.com\/wp-content\/uploads\/2022\/11\/Separador-de-carril-Bici-Reflectante_Abadecom_2-2-300x169.jpg 300w, https:\/\/abadecom.com\/wp-content\/uploads\/2022\/11\/Separador-de-carril-Bici-Reflectante_Abadecom_2-2-768x432.jpg 768w, https:\/\/abadecom.com\/wp-content\/uploads\/2022\/11\/Separador-de-carril-Bici-Reflectante_Abadecom_2-2-1600x900.jpg 1600w, https:\/\/abadecom.com\/wp-content\/uploads\/2022\/11\/Separador-de-carril-Bici-Reflectante_Abadecom_2-2-1536x864.jpg 1536w, https:\/\/abadecom.com\/wp-content\/uploads\/2022\/11\/Separador-de-carril-Bici-Reflectante_Abadecom_2-2.jpg 2016w\" sizes=\"auto, (max-width: 1024px) 100vw, 1024px\" \/><div class=\"eedee-background-div__overlay\" style=\"opacity:1;\"><\/div><\/div><div class=\"slide-content\">\n\n<p class=\"has-text-align-center gutenslider-content-initial has-larger-font-size wp-block-paragraph\"><\/p>\n\n<\/div><\/div>\n\n<div class=\"swiper-slide wp-block-eedee-block-gutenslide is-position-center-center ed-bg-image\" style=\"--ed-vw:300;--ed-vh:135;\" data-hash=\"\"><div class=\"eedee-background-div bg-image\"><img loading=\"lazy\" width=\"1024\" height=\"461\" class=\"wp-image-8609\" src=\"https:\/\/abadecom.com\/wp-content\/uploads\/2023\/05\/Separador-de-carril-bici-fotoluminiscente_Abadecom_001-1024x461.jpeg\" alt=\"\" decoding=\"async\" style=\"object-fit: cover; object-position: 50% 50%;\"  data-title=\"Separador de carril bici fotoluminiscente_Abadecom_001\" srcset=\"https:\/\/abadecom.com\/wp-content\/uploads\/2023\/05\/Separador-de-carril-bici-fotoluminiscente_Abadecom_001-1024x461.jpeg 1024w, https:\/\/abadecom.com\/wp-content\/uploads\/2023\/05\/Separador-de-carril-bici-fotoluminiscente_Abadecom_001-300x135.jpeg 300w, https:\/\/abadecom.com\/wp-content\/uploads\/2023\/05\/Separador-de-carril-bici-fotoluminiscente_Abadecom_001-768x346.jpeg 768w, https:\/\/abadecom.com\/wp-content\/uploads\/2023\/05\/Separador-de-carril-bici-fotoluminiscente_Abadecom_001-1536x691.jpeg 1536w, https:\/\/abadecom.com\/wp-content\/uploads\/2023\/05\/Separador-de-carril-bici-fotoluminiscente_Abadecom_001.jpeg 1600w\" sizes=\"auto, (max-width: 1024px) 100vw, 1024px\" \/><div class=\"eedee-background-div__overlay\" style=\"opacity:1;\"><\/div><\/div><div class=\"slide-content\">\n\n<p class=\"has-text-align-center gutenslider-content-initial has-larger-font-size wp-block-paragraph\"><\/p>\n\n<\/div><\/div>\n\n<div class=\"swiper-slide wp-block-eedee-block-gutenslide is-position-center-center ed-bg-image\" style=\"--ed-vw:300;--ed-vh:224;\" data-hash=\"\"><div class=\"eedee-background-div bg-image\"><img loading=\"lazy\" width=\"1024\" height=\"766\" class=\"wp-image-8396\" src=\"https:\/\/abadecom.com\/wp-content\/uploads\/2023\/03\/Separador-de-carril-bici_Abadecom_4-1024x766.jpg\" alt=\"\" decoding=\"async\" style=\"object-fit: cover; object-position: 50% 50%;\"  data-title=\"Separador de carril bici_Abadecom_4\" srcset=\"https:\/\/abadecom.com\/wp-content\/uploads\/2023\/03\/Separador-de-carril-bici_Abadecom_4-1024x766.jpg 1024w, https:\/\/abadecom.com\/wp-content\/uploads\/2023\/03\/Separador-de-carril-bici_Abadecom_4-300x224.jpg 300w, https:\/\/abadecom.com\/wp-content\/uploads\/2023\/03\/Separador-de-carril-bici_Abadecom_4-768x574.jpg 768w, https:\/\/abadecom.com\/wp-content\/uploads\/2023\/03\/Separador-de-carril-bici_Abadecom_4-1536x1149.jpg 1536w, https:\/\/abadecom.com\/wp-content\/uploads\/2023\/03\/Separador-de-carril-bici_Abadecom_4-2048x1532.jpg 2048w, https:\/\/abadecom.com\/wp-content\/uploads\/2023\/03\/Separador-de-carril-bici_Abadecom_4-1600x1197.jpg 1600w\" sizes=\"auto, (max-width: 1024px) 100vw, 1024px\" \/><div class=\"eedee-background-div__overlay\" style=\"opacity:1;\"><\/div><\/div><div class=\"slide-content\">\n\n<p class=\"has-text-align-center gutenslider-content-initial has-larger-font-size wp-block-paragraph\"><\/p>\n\n<\/div><\/div>\n\n<div class=\"swiper-slide wp-block-eedee-block-gutenslide is-position-center-center ed-bg-image\" style=\"--ed-vw:300;--ed-vh:224;\" data-hash=\"\"><div class=\"eedee-background-div bg-image\"><img loading=\"lazy\" width=\"1024\" height=\"766\" class=\"wp-image-8397\" src=\"https:\/\/abadecom.com\/wp-content\/uploads\/2023\/03\/Separador-de-carril-bici-reflectante_Abadecom_5-1024x766.jpg\" alt=\"\" decoding=\"async\" style=\"object-fit: cover; object-position: 50% 50%;\"  data-title=\"Separador de carril bici reflectante_Abadecom_5\" srcset=\"https:\/\/abadecom.com\/wp-content\/uploads\/2023\/03\/Separador-de-carril-bici-reflectante_Abadecom_5-1024x766.jpg 1024w, https:\/\/abadecom.com\/wp-content\/uploads\/2023\/03\/Separador-de-carril-bici-reflectante_Abadecom_5-300x224.jpg 300w, https:\/\/abadecom.com\/wp-content\/uploads\/2023\/03\/Separador-de-carril-bici-reflectante_Abadecom_5-768x574.jpg 768w, https:\/\/abadecom.com\/wp-content\/uploads\/2023\/03\/Separador-de-carril-bici-reflectante_Abadecom_5-1536x1149.jpg 1536w, https:\/\/abadecom.com\/wp-content\/uploads\/2023\/03\/Separador-de-carril-bici-reflectante_Abadecom_5-2048x1532.jpg 2048w, https:\/\/abadecom.com\/wp-content\/uploads\/2023\/03\/Separador-de-carril-bici-reflectante_Abadecom_5-1600x1197.jpg 1600w\" sizes=\"auto, (max-width: 1024px) 100vw, 1024px\" \/><div class=\"eedee-background-div__overlay\" style=\"opacity:1;\"><\/div><\/div><div class=\"slide-content\">\n\n<p class=\"has-text-align-center gutenslider-content-initial has-larger-font-size wp-block-paragraph\"><\/p>\n\n<\/div><\/div>\n\n<div class=\"swiper-slide wp-block-eedee-block-gutenslide is-position-center-center ed-bg-image\" style=\"--ed-vw:300;--ed-vh:225;\" data-hash=\"\"><div class=\"eedee-background-div bg-image\"><img loading=\"lazy\" width=\"1024\" height=\"768\" class=\"wp-image-8608\" src=\"https:\/\/abadecom.com\/wp-content\/uploads\/2023\/05\/Separador-de-carril-bici-fotoluminiscente-Abadecom_4-1024x768.jpeg\" alt=\"\" decoding=\"async\" style=\"object-fit: cover; object-position: 50% 50%;\"  data-title=\"Separador de carril bici fotoluminiscente Abadecom_4\" srcset=\"https:\/\/abadecom.com\/wp-content\/uploads\/2023\/05\/Separador-de-carril-bici-fotoluminiscente-Abadecom_4-1024x768.jpeg 1024w, https:\/\/abadecom.com\/wp-content\/uploads\/2023\/05\/Separador-de-carril-bici-fotoluminiscente-Abadecom_4-300x225.jpeg 300w, https:\/\/abadecom.com\/wp-content\/uploads\/2023\/05\/Separador-de-carril-bici-fotoluminiscente-Abadecom_4-768x576.jpeg 768w, https:\/\/abadecom.com\/wp-content\/uploads\/2023\/05\/Separador-de-carril-bici-fotoluminiscente-Abadecom_4-1536x1152.jpeg 1536w, https:\/\/abadecom.com\/wp-content\/uploads\/2023\/05\/Separador-de-carril-bici-fotoluminiscente-Abadecom_4.jpeg 1600w\" sizes=\"auto, (max-width: 1024px) 100vw, 1024px\" \/><div class=\"eedee-background-div__overlay\" style=\"opacity:1;\"><\/div><\/div><div class=\"slide-content\">\n\n<p class=\"has-text-align-center gutenslider-content-initial has-larger-font-size wp-block-paragraph\"><\/p>\n\n<\/div><\/div>\n\n<div class=\"swiper-slide wp-block-eedee-block-gutenslide is-position-center-center ed-bg-image\" style=\"--ed-vw:300;--ed-vh:135;\" data-hash=\"\"><div class=\"eedee-background-div bg-image\"><img loading=\"lazy\" width=\"1024\" height=\"461\" class=\"wp-image-9637\" src=\"https:\/\/abadecom.com\/wp-content\/uploads\/2024\/03\/1705498597013-1024x461.jpg\" alt=\"\" decoding=\"async\" style=\"object-fit: cover; object-position: 50% 50%;\"  data-title=\"1705498597013\" srcset=\"https:\/\/abadecom.com\/wp-content\/uploads\/2024\/03\/1705498597013-1024x461.jpg 1024w, https:\/\/abadecom.com\/wp-content\/uploads\/2024\/03\/1705498597013-300x135.jpg 300w, https:\/\/abadecom.com\/wp-content\/uploads\/2024\/03\/1705498597013-768x346.jpg 768w, https:\/\/abadecom.com\/wp-content\/uploads\/2024\/03\/1705498597013-50x23.jpg 50w, https:\/\/abadecom.com\/wp-content\/uploads\/2024\/03\/1705498597013-1600x720.jpg 1600w, https:\/\/abadecom.com\/wp-content\/uploads\/2024\/03\/1705498597013-1536x691.jpg 1536w, https:\/\/abadecom.com\/wp-content\/uploads\/2024\/03\/1705498597013-2048x922.jpg 2048w\" sizes=\"auto, (max-width: 1024px) 100vw, 1024px\" \/><div class=\"eedee-background-div__overlay\" style=\"opacity:1;\"><\/div><\/div><div class=\"slide-content\">\n\n<p class=\"has-text-align-center gutenslider-content-initial has-larger-font-size wp-block-paragraph\"><\/p>\n\n<\/div><\/div>\n\n<div class=\"swiper-slide wp-block-eedee-block-gutenslide is-position-center-center ed-bg-image\" style=\"--ed-vw:300;--ed-vh:135;\" data-hash=\"\"><div class=\"eedee-background-div bg-image\"><img loading=\"lazy\" width=\"1024\" height=\"461\" class=\"wp-image-9638\" src=\"https:\/\/abadecom.com\/wp-content\/uploads\/2024\/03\/1705498596923-1024x461.jpg\" alt=\"\" decoding=\"async\" style=\"object-fit: cover; object-position: 50% 50%;\"  data-title=\"1705498596923\" srcset=\"https:\/\/abadecom.com\/wp-content\/uploads\/2024\/03\/1705498596923-1024x461.jpg 1024w, https:\/\/abadecom.com\/wp-content\/uploads\/2024\/03\/1705498596923-300x135.jpg 300w, https:\/\/abadecom.com\/wp-content\/uploads\/2024\/03\/1705498596923-768x346.jpg 768w, https:\/\/abadecom.com\/wp-content\/uploads\/2024\/03\/1705498596923-50x23.jpg 50w, https:\/\/abadecom.com\/wp-content\/uploads\/2024\/03\/1705498596923-1600x720.jpg 1600w, https:\/\/abadecom.com\/wp-content\/uploads\/2024\/03\/1705498596923-1536x691.jpg 1536w, https:\/\/abadecom.com\/wp-content\/uploads\/2024\/03\/1705498596923-2048x922.jpg 2048w\" sizes=\"auto, (max-width: 1024px) 100vw, 1024px\" \/><div class=\"eedee-background-div__overlay\" style=\"opacity:1;\"><\/div><\/div><div class=\"slide-content\">\n\n<p class=\"has-text-align-center gutenslider-content-initial has-larger-font-size wp-block-paragraph\"><\/p>\n\n<\/div><\/div>\n\n<div class=\"swiper-slide wp-block-eedee-block-gutenslide is-position-center-center ed-bg-image\" style=\"--ed-vw:300;--ed-vh:135;\" data-hash=\"\"><div class=\"eedee-background-div bg-image\"><img loading=\"lazy\" width=\"1024\" height=\"461\" class=\"wp-image-9639\" src=\"https:\/\/abadecom.com\/wp-content\/uploads\/2024\/03\/1707494766152-1024x461.jpg\" alt=\"\" decoding=\"async\" style=\"object-fit: cover; object-position: 50% 50%;\"  data-title=\"1707494766152\" srcset=\"https:\/\/abadecom.com\/wp-content\/uploads\/2024\/03\/1707494766152-1024x461.jpg 1024w, https:\/\/abadecom.com\/wp-content\/uploads\/2024\/03\/1707494766152-300x135.jpg 300w, https:\/\/abadecom.com\/wp-content\/uploads\/2024\/03\/1707494766152-768x346.jpg 768w, https:\/\/abadecom.com\/wp-content\/uploads\/2024\/03\/1707494766152-50x23.jpg 50w, https:\/\/abadecom.com\/wp-content\/uploads\/2024\/03\/1707494766152-1600x720.jpg 1600w, https:\/\/abadecom.com\/wp-content\/uploads\/2024\/03\/1707494766152-1536x691.jpg 1536w, https:\/\/abadecom.com\/wp-content\/uploads\/2024\/03\/1707494766152-2048x922.jpg 2048w\" sizes=\"auto, (max-width: 1024px) 100vw, 1024px\" \/><div class=\"eedee-background-div__overlay\" style=\"opacity:1;\"><\/div><\/div><div class=\"slide-content\">\n\n<p class=\"has-text-align-center gutenslider-content-initial has-larger-font-size wp-block-paragraph\"><\/p>\n\n<\/div><\/div>\n<\/div><\/div><button class=\"eedee-gutenslider-nav eedee-gutenslider-prev\"><svg xmlns=\"http:\/\/www.w3.org\/2000\/svg\" viewBox=\"0 0 24 24\" width=\"24\" height=\"24\"><circle class=\"bg\" cx=\"13\" cy=\"12\" r=\"11\" \/><path fill=\"none\" d=\"M0 0h24v24H0z\"\/><path class=\"arrow\" d=\"M10.828 12l4.95 4.95-1.414 1.414L8 12l6.364-6.364 1.414 1.414z\"\/><\/svg><\/button><button class=\"eedee-gutenslider-nav eedee-gutenslider-next\"><svg xmlns=\"http:\/\/www.w3.org\/2000\/svg\" viewBox=\"0 0 24 24\" width=\"24\" height=\"24\"><circle class=\"bg\" cx=\"11\" cy=\"12\" r=\"11\" \/><path fill=\"none\" d=\"M0 0h24v24H0z\"\/><path class=\"arrow\" d=\"M13.172 12l-4.95-4.95 1.414-1.414L16 12l-6.364 6.364-1.414-1.414z\"\/><\/svg><\/button><div class=\"eedee-gutenslider-pagination\"><\/div><div class=\"gutenslider-divider-bottom \" style=\"color:#fff;\"><\/div><\/div><\/div>\n\n\n<p class=\"wp-block-paragraph\"><\/p>\n\n\n<style>.wp-block-kadence-advancedheading.kt-adv-heading478_bff5eb-84, .wp-block-kadence-advancedheading.kt-adv-heading478_bff5eb-84[data-kb-block=\"kb-adv-heading478_bff5eb-84\"]{font-style:normal;}.wp-block-kadence-advancedheading.kt-adv-heading478_bff5eb-84 mark.kt-highlight, .wp-block-kadence-advancedheading.kt-adv-heading478_bff5eb-84[data-kb-block=\"kb-adv-heading478_bff5eb-84\"] mark.kt-highlight{font-style:normal;color:#f76a0c;-webkit-box-decoration-break:clone;box-decoration-break:clone;padding-top:0px;padding-right:0px;padding-bottom:0px;padding-left:0px;}.wp-block-kadence-advancedheading.kt-adv-heading478_bff5eb-84 img.kb-inline-image, .wp-block-kadence-advancedheading.kt-adv-heading478_bff5eb-84[data-kb-block=\"kb-adv-heading478_bff5eb-84\"] img.kb-inline-image{width:150px;vertical-align:baseline;}<\/style>\n<h2 class=\"kt-adv-heading478_bff5eb-84 wp-block-kadence-advancedheading\" data-kb-block=\"kb-adv-heading478_bff5eb-84\">M\u00e1xima visibilidad: fotoluminiscencia y reflectancia homologada<\/h2>\n\n\n\n<p class=\"wp-block-paragraph\">Para mejorar la seguridad vial, incorpora pintura reflectante blanca con esferas reflectantes de alta intensidad, libre de disolventes y materias t\u00f3xicas, y homologada por tr\u00e1fico.<strong> <\/strong>Esto incrementa la percepci\u00f3n del carril y del separador por parte de ciclistas, peatones y veh\u00edculos, especialmente en horas de baja luz.<\/p>\n\n\n\n<p class=\"wp-block-paragraph\">Integrar una pieza <strong>fotoluminiscente de altas prestaciones<\/strong>, activada tanto por <strong>luz solar<\/strong> como por <strong>iluminaci\u00f3n artificial<\/strong>, capaz de mantener una <strong>luminiscencia superior a 12 horas<\/strong> en condiciones de oscuridad o en zonas con baja iluminaci\u00f3n. Esta soluci\u00f3n aporta un plus diferencial de seguridad al mejorar de forma notable la visibilidad nocturna y ayudar a reducir riesgos en tramos conflictivos. Adem\u00e1s, su rendimiento fotoluminiscente <strong>supera en casi 9 veces<\/strong> los requisitos establecidos por la <strong>norma UNE 23035-4:2003<\/strong>, garantizando un comportamiento muy por encima del est\u00e1ndar en aplicaciones exigentes.<\/p>\n\n\n\n<p class=\"wp-block-paragraph\">Las partes reflectantes blancas permiten una detecci\u00f3n a m\u00e1s de 400 metros, reforzando la seguridad en entornos con tr\u00e1fico y mejorando la se\u00f1alizaci\u00f3n de carriles.<\/p>\n\n\n\n<h2 class=\"wp-block-heading\">Especificaciones t\u00e9cnicas del separador<\/h2>\n\n\n\n<ul class=\"wp-block-list\">\n<li><strong>Medidas:<\/strong> 700 \u00d7 160 \u00d7 100 mm (largo\/ancho\/alto).<\/li>\n\n\n\n<li><strong>Peso:<\/strong> 6,5 kg.<\/li>\n\n\n\n<li><strong>Color de serie:<\/strong> Negro\/Blanco.<\/li>\n\n\n\n<li><strong>Colores Alternativos:<\/strong> Negro\/Amarillo, Negro\/Verde, Negro\/Rojo y Negro\/Azul.<\/li>\n\n\n\n<li><strong>Material:<\/strong> PVC <strong>100% reciclado<\/strong> y <strong>100% reciclable<\/strong>.<\/li>\n\n\n\n<li><strong>Caracter\u00edsticas:<\/strong> est\u00e9ril, higi\u00e9nico, f\u00e1cil de limpiar, <strong>antivand\u00e1lico<\/strong>, no se astilla, alta resistencia al impacto.<\/li>\n\n\n\n<li><strong>Fabricaci\u00f3n:<\/strong> bajo <strong>altos est\u00e1ndares de calidad UE<\/strong> para asegurar durabilidad y funcionalidad en condiciones adversas.<\/li>\n<\/ul>\n\n\n<style>.wp-block-kadence-advancedheading.kt-adv-heading478_6dab3a-7d, .wp-block-kadence-advancedheading.kt-adv-heading478_6dab3a-7d[data-kb-block=\"kb-adv-heading478_6dab3a-7d\"]{font-style:normal;}.wp-block-kadence-advancedheading.kt-adv-heading478_6dab3a-7d mark.kt-highlight, .wp-block-kadence-advancedheading.kt-adv-heading478_6dab3a-7d[data-kb-block=\"kb-adv-heading478_6dab3a-7d\"] mark.kt-highlight{font-style:normal;color:#f76a0c;-webkit-box-decoration-break:clone;box-decoration-break:clone;padding-top:0px;padding-right:0px;padding-bottom:0px;padding-left:0px;}.wp-block-kadence-advancedheading.kt-adv-heading478_6dab3a-7d img.kb-inline-image, .wp-block-kadence-advancedheading.kt-adv-heading478_6dab3a-7d[data-kb-block=\"kb-adv-heading478_6dab3a-7d\"] img.kb-inline-image{width:150px;vertical-align:baseline;}<\/style>\n<h2 class=\"kt-adv-heading478_6dab3a-7d wp-block-kadence-advancedheading\" data-kb-block=\"kb-adv-heading478_6dab3a-7d\">Beneficios clave del PVC reciclado<\/h2>\n\n\n\n<p class=\"wp-block-paragraph\">Elegir este separador es apostar por un producto dise\u00f1ado para durar:<\/p>\n\n\n\n<ul class=\"wp-block-list\">\n<li><strong>Altamente resistente<\/strong> y de <strong>durabilidad casi ilimitada<\/strong>.<\/li>\n\n\n\n<li><strong>Absorbe impactos<\/strong> y reduce deterioros por uso intensivo.<\/li>\n\n\n\n<li><strong>Aislante t\u00e9rmico y el\u00e9ctrico<\/strong>.<\/li>\n\n\n\n<li><strong>Inerte a la degradaci\u00f3n ambiental<\/strong> (no se astilla).<\/li>\n\n\n\n<li><strong>M\u00ednimo mantenimiento<\/strong> y f\u00e1cil manipulaci\u00f3n.<\/li>\n\n\n\n<li><strong>Ecol\u00f3gico y no contaminante<\/strong>.<\/li>\n<\/ul>\n\n\n<style>.wp-block-kadence-advancedheading.kt-adv-heading478_23ea62-4c, .wp-block-kadence-advancedheading.kt-adv-heading478_23ea62-4c[data-kb-block=\"kb-adv-heading478_23ea62-4c\"]{font-style:normal;text-transform:none;}.wp-block-kadence-advancedheading.kt-adv-heading478_23ea62-4c mark.kt-highlight, .wp-block-kadence-advancedheading.kt-adv-heading478_23ea62-4c[data-kb-block=\"kb-adv-heading478_23ea62-4c\"] mark.kt-highlight{font-style:normal;color:#f76a0c;-webkit-box-decoration-break:clone;box-decoration-break:clone;padding-top:0px;padding-right:0px;padding-bottom:0px;padding-left:0px;}.wp-block-kadence-advancedheading.kt-adv-heading478_23ea62-4c img.kb-inline-image, .wp-block-kadence-advancedheading.kt-adv-heading478_23ea62-4c[data-kb-block=\"kb-adv-heading478_23ea62-4c\"] img.kb-inline-image{width:150px;vertical-align:baseline;}<\/style>\n<h2 class=\"kt-adv-heading478_23ea62-4c wp-block-kadence-advancedheading\" data-kb-block=\"kb-adv-heading478_23ea62-4c\">Propiedades de la pintura reflectante blanca<\/h2>\n\n\n\n<ul class=\"wp-block-list\">\n<li>Muy buena resistencia mec\u00e1nica, con gran dureza y gran resistencia al desgaste y a la abrasi\u00f3n.<\/li>\n\n\n\n<li>Excelente resistencia qu\u00edmica, protege la superficie del producto de derrames de productos qu\u00edmicos, como soluciones \u00e1cidas, bases y disolventes.<\/li>\n\n\n\n<li>Impermeable al agua.<\/li>\n\n\n\n<li>Acabado brillante: a 60\u00ba &gt;75%.<\/li>\n\n\n\n<li>Viscosidad Stormer a 20\u00baC Comp A: 75-85\u00b15 KU<\/li>\n\n\n\n<li>Apta para exteriores con muy buena retenci\u00f3n del brillo y color.<\/li>\n<\/ul>\n\n\n<style>.wp-block-kadence-advancedheading.kt-adv-heading478_8d8ed5-37, .wp-block-kadence-advancedheading.kt-adv-heading478_8d8ed5-37[data-kb-block=\"kb-adv-heading478_8d8ed5-37\"]{font-style:normal;}.wp-block-kadence-advancedheading.kt-adv-heading478_8d8ed5-37 mark.kt-highlight, .wp-block-kadence-advancedheading.kt-adv-heading478_8d8ed5-37[data-kb-block=\"kb-adv-heading478_8d8ed5-37\"] mark.kt-highlight{font-style:normal;color:#f76a0c;-webkit-box-decoration-break:clone;box-decoration-break:clone;padding-top:0px;padding-right:0px;padding-bottom:0px;padding-left:0px;}.wp-block-kadence-advancedheading.kt-adv-heading478_8d8ed5-37 img.kb-inline-image, .wp-block-kadence-advancedheading.kt-adv-heading478_8d8ed5-37[data-kb-block=\"kb-adv-heading478_8d8ed5-37\"] img.kb-inline-image{width:150px;vertical-align:baseline;}<\/style>\n<h2 class=\"kt-adv-heading478_8d8ed5-37 wp-block-kadence-advancedheading\" data-kb-block=\"kb-adv-heading478_8d8ed5-37\">Propiedades de las cintas reflectantes<\/h2>\n\n\n\n<p class=\"wp-block-paragraph\">Se emplea una l\u00e1mina reflectante no metalizada con lentes microprism\u00e1ticas para se\u00f1alizaci\u00f3n duradera:<\/p>\n\n\n\n<ul class=\"wp-block-list\">\n<li>Material: PET.<\/li>\n\n\n\n<li>Medidas: 300&#215;50 mm<\/li>\n\n\n\n<li>Formato: Micro Prism\u00e1tico.<\/li>\n\n\n\n<li>Coeficiente de retrorreflexi\u00f3n: Norma ASTM D4956 tipo I\/II y norma europea EN12899 RA1.<\/li>\n\n\n\n<li>Una visibilidad superior de 50 metros.<\/li>\n\n\n\n<li>Durabilidad: 3 a\u00f1os<\/li>\n\n\n\n<li><strong>Coeficientes de retrorreflexi\u00f3n (RA) destacados<\/strong>:\n<ul class=\"wp-block-list\">\n<li>\u00c1ngulo 0,2\u00ba \/ 140 min: 0\u00ba\/-4\u00ba: 615,0 | 90\u00ba\/-4\u00ba: 409,0 | 0\u00ba\/+30\u00ba: 112,0 | 90\u00ba\/+30\u00ba: 35,4<\/li>\n\n\n\n<li>\u00c1ngulo 0,5\u00ba \/ 50 min: 0\u00ba\/-4\u00ba: 335,0 | 90\u00ba\/-4\u00ba: 445,0 | 0\u00ba\/+30\u00ba: 56,3 | 90\u00ba\/+30\u00ba: 31,9<\/li>\n<\/ul>\n<\/li>\n<\/ul>\n\n\n\n<h2 class=\"wp-block-heading\">Instrucciones de Instalaci\u00f3n<\/h2>\n\n\n\n<p class=\"wp-block-paragraph\">Se fija a la superficie por medio de dos tornillos colocados en ambos extremos del separador, que se insertan dentro de los taladros previamente perforados. Se aconseja una distancia de <strong>1,50 metros<\/strong> entre separadores.<\/p>\n\n\n\n<h2 class=\"wp-block-heading\">Propiedades de la pieza fotoluminiscente<\/h2>\n\n\n\n<ul class=\"wp-block-list\">\n<li>Color de brillo: Verde.<\/li>\n\n\n\n<li>Rango de temperaturas de funcionamiento: -15\u00baC a 50\u00baC.<\/li>\n\n\n\n<li>Luminancia tras 10 minutos: &gt; 1.300 mcd\/m2.<\/li>\n\n\n\n<li>Luminancia tras 60 minutos:&nbsp;&gt; 190 mcd\/ m2.<\/li>\n\n\n\n<li>Tiempo de atenuaci\u00f3n UNE 23035-4:2003 (*) &nbsp;&gt; 26.600 minutos.<\/li>\n<\/ul>\n\n\n\n<p class=\"wp-block-paragraph\">(*) Extrapolaci\u00f3n logar\u00edtmica seg\u00fan UNE 23035-4:2003 hasta obtener el tiempo en que la luminancia sea de 0,3 mcd\/m2.<\/p>\n\n\n<style>.wp-block-kadence-advancedheading.kt-adv-heading478_f706ef-d0, .wp-block-kadence-advancedheading.kt-adv-heading478_f706ef-d0[data-kb-block=\"kb-adv-heading478_f706ef-d0\"]{font-style:normal;}.wp-block-kadence-advancedheading.kt-adv-heading478_f706ef-d0 mark.kt-highlight, .wp-block-kadence-advancedheading.kt-adv-heading478_f706ef-d0[data-kb-block=\"kb-adv-heading478_f706ef-d0\"] mark.kt-highlight{font-style:normal;color:#f76a0c;-webkit-box-decoration-break:clone;box-decoration-break:clone;padding-top:0px;padding-right:0px;padding-bottom:0px;padding-left:0px;}.wp-block-kadence-advancedheading.kt-adv-heading478_f706ef-d0 img.kb-inline-image, .wp-block-kadence-advancedheading.kt-adv-heading478_f706ef-d0[data-kb-block=\"kb-adv-heading478_f706ef-d0\"] img.kb-inline-image{width:150px;vertical-align:baseline;}<\/style>\n<h2 class=\"kt-adv-heading478_f706ef-d0 wp-block-kadence-advancedheading\" data-kb-block=\"kb-adv-heading478_f706ef-d0\">Impacto medioambiental real<\/h2>\n\n\n\n<p class=\"wp-block-paragraph\">Por cada unidad de <strong>Separador de carril bici fotoluminiscente<\/strong>, se evita la emisi\u00f3n de <strong>22,75 kg de CO\u2082<\/strong> a la atm\u00f3sfera. Una soluci\u00f3n perfecta para proyectos con objetivos de econom\u00eda circular, sostenibilidad urbana y obra p\u00fablica.<\/p>\n\n\n\n<figure class=\"wp-block-embed is-type-video is-provider-youtube wp-block-embed-youtube wp-embed-aspect-16-9 wp-has-aspect-ratio\"><div class=\"wp-block-embed__wrapper\">\n<iframe loading=\"lazy\" hcb-fetch-image-from=\"https:\/\/www.youtube.com\/watch?v=0wTSOGIO8Vw\" title=\"Separador de carril bici fotoluminiscente_Abadecom Econom\u00eda Circular\" width=\"640\" height=\"360\" src=\"https:\/\/www.youtube.com\/embed\/0wTSOGIO8Vw?feature=oembed\" frameborder=\"0\" allow=\"accelerometer; autoplay; clipboard-write; encrypted-media; gyroscope; picture-in-picture; web-share\" referrerpolicy=\"strict-origin-when-cross-origin\" allowfullscreen><\/iframe>\n<\/div><\/figure>\n\n\n<style>.wp-block-kadence-advancedbtn.kb-btns478_7ee433-99{gap:var(--global-kb-gap-xs, 0.5rem );justify-content:center;align-items:center;}.kt-btns478_7ee433-99 .kt-button{font-weight:normal;font-style:normal;}.kt-btns478_7ee433-99 .kt-btn-wrap-0{margin-right:5px;}.wp-block-kadence-advancedbtn.kt-btns478_7ee433-99 .kt-btn-wrap-0 .kt-button{color:#555555;border-color:#555555;}.wp-block-kadence-advancedbtn.kt-btns478_7ee433-99 .kt-btn-wrap-0 .kt-button:hover, .wp-block-kadence-advancedbtn.kt-btns478_7ee433-99 .kt-btn-wrap-0 .kt-button:focus{color:#ffffff;border-color:#444444;}.wp-block-kadence-advancedbtn.kt-btns478_7ee433-99 .kt-btn-wrap-0 .kt-button::before{display:none;}.wp-block-kadence-advancedbtn.kt-btns478_7ee433-99 .kt-btn-wrap-0 .kt-button:hover, .wp-block-kadence-advancedbtn.kt-btns478_7ee433-99 .kt-btn-wrap-0 .kt-button:focus{background:#444444;}<\/style>\n<div class=\"wp-block-kadence-advancedbtn kb-buttons-wrap kb-btns478_7ee433-99\"><style>ul.menu .wp-block-kadence-advancedbtn .kb-btn478_b40034-48.kb-button{width:initial;}.wp-block-kadence-advancedbtn .kb-btn478_b40034-48.kb-button{color:#343a40;background:#0bc345;}<\/style><a class=\"kb-button kt-button button kb-btn478_b40034-48 kt-btn-size-standard kt-btn-width-type-auto kb-btn-global-inherit kt-btn-has-text-true kt-btn-has-svg-false wp-block-button__link wp-block-kadence-singlebtn\" href=\"https:\/\/abadecom.com\/contacto\/\"><span class=\"kt-btn-inner-text\"><strong>SOLICITAR PRESUPUESTO<\/strong><\/span><\/a>\n\n<style>ul.menu .wp-block-kadence-advancedbtn .kb-btn478_e21626-cf.kb-button{width:initial;}.wp-block-kadence-advancedbtn .kb-btn478_e21626-cf.kb-button{color:#343a40;background:#0bc345;}<\/style><a class=\"kb-button kt-button button kb-btn478_e21626-cf kt-btn-size-standard kt-btn-width-type-auto kb-btn-global-inherit kt-btn-has-text-true kt-btn-has-svg-false wp-block-button__link wp-block-kadence-singlebtn\" href=\"https:\/\/abadecom.com\/contacto\/\"><span class=\"kt-btn-inner-text\"><strong>SOLICITAR FICHA T\u00c9CNICA<\/strong><\/span><\/a><\/div>\n\n\n\n<p class=\"wp-block-paragraph\"><\/p>\n","protected":false},"excerpt":{"rendered":"<p>Convierte cualquier carril bici en una infraestructura m\u00e1s segura, visible y sostenible desde el primer d\u00eda. El Separador de carril bici fotoluminiscente y reflectante de Abadecom est\u00e1 pensado para ciudades, obras y entornos urbanos que exigen m\u00e1xima durabilidad, instalaci\u00f3n r\u00e1pida y alta visibilidad nocturna sin renunciar a un compromiso real con el medio ambiente. Fabricado [&#8230;]<\/p>\n<p><a class=\"btn btn-secondary understrap-read-more-link\" href=\"https:\/\/abadecom.com\/fr\/separador-carril-bici\/\">Lire la suite\u2026<span class=\"screen-reader-text\"> from Separador de carril bici fotoluminiscente<\/span><\/a><\/p>\n","protected":false},"author":1,"featured_media":0,"parent":0,"menu_order":54,"comment_status":"closed","ping_status":"closed","template":"","meta":{"content-type":"","_monsterinsights_skip_tracking":false,"pgc_sgb_lightbox_settings":"","footnotes":""},"class_list":["post-478","page","type-page","status-publish","hentry"],"yoast_head":"<!-- This site is optimized with the Yoast SEO plugin v28.4 - https:\/\/yoast.com\/product\/yoast-seo-wordpress\/ -->\n<title>Separador de carril bici fotoluminiscente - Abadecom<\/title>\n<meta name=\"description\" content=\"Separador de carril bici fotoluminiscente en PVC 100% reciclado. Antivand\u00e1lico, resistente UV y abrasi\u00f3n, reflectante homologado.\" \/>\n<meta name=\"robots\" content=\"index, follow, max-snippet:-1, max-image-preview:large, max-video-preview:-1\" \/>\n<link rel=\"canonical\" href=\"https:\/\/abadecom.com\/fr\/separador-carril-bici\/\" \/>\n<meta property=\"og:locale\" content=\"fr_FR\" \/>\n<meta property=\"og:type\" content=\"article\" \/>\n<meta property=\"og:title\" content=\"Separador de carril bici fotoluminiscente - Abadecom\" \/>\n<meta property=\"og:description\" content=\"Separador de carril bici fotoluminiscente en PVC 100% reciclado. Antivand\u00e1lico, resistente UV y abrasi\u00f3n, reflectante homologado.\" \/>\n<meta property=\"og:url\" content=\"https:\/\/abadecom.com\/fr\/separador-carril-bici\/\" \/>\n<meta property=\"og:site_name\" content=\"Abadecom\" \/>\n<meta property=\"article:modified_time\" content=\"2026-07-01T13:57:59+00:00\" \/>\n<meta property=\"og:image\" content=\"https:\/\/abadecom.com\/wp-content\/uploads\/2026\/02\/comparacion_dia_noche_gap40_4136x1365-scaled.jpg\" \/>\n\t<meta property=\"og:image:width\" content=\"2560\" \/>\n\t<meta property=\"og:image:height\" content=\"845\" \/>\n\t<meta property=\"og:image:type\" content=\"image\/jpeg\" \/>\n<meta name=\"twitter:card\" content=\"summary_large_image\" \/>\n<meta name=\"twitter:label1\" content=\"Dur\u00e9e de lecture estim\u00e9e\" \/>\n\t<meta name=\"twitter:data1\" content=\"4 minutes\" \/>\n<script type=\"application\/ld+json\" class=\"yoast-schema-graph\">{\"@context\":\"https:\\\/\\\/schema.org\",\"@graph\":[{\"@type\":\"WebPage\",\"@id\":\"https:\\\/\\\/abadecom.com\\\/separador-carril-bici\\\/\",\"url\":\"https:\\\/\\\/abadecom.com\\\/separador-carril-bici\\\/\",\"name\":\"Separador de carril bici fotoluminiscente - Abadecom\",\"isPartOf\":{\"@id\":\"https:\\\/\\\/abadecom.com\\\/#website\"},\"primaryImageOfPage\":{\"@id\":\"https:\\\/\\\/abadecom.com\\\/separador-carril-bici\\\/#primaryimage\"},\"image\":{\"@id\":\"https:\\\/\\\/abadecom.com\\\/separador-carril-bici\\\/#primaryimage\"},\"thumbnailUrl\":\"https:\\\/\\\/abadecom.com\\\/wp-content\\\/uploads\\\/2026\\\/02\\\/comparacion_dia_noche_gap40_4136x1365-1024x338.jpg\",\"datePublished\":\"2018-01-24T15:05:04+00:00\",\"dateModified\":\"2026-07-01T13:57:59+00:00\",\"description\":\"Separador de carril bici fotoluminiscente en PVC 100% reciclado. Antivand\u00e1lico, resistente UV y abrasi\u00f3n, reflectante homologado.\",\"inLanguage\":\"fr-FR\",\"potentialAction\":[{\"@type\":\"ReadAction\",\"target\":[\"https:\\\/\\\/abadecom.com\\\/separador-carril-bici\\\/\"]}]},{\"@type\":\"ImageObject\",\"inLanguage\":\"fr-FR\",\"@id\":\"https:\\\/\\\/abadecom.com\\\/separador-carril-bici\\\/#primaryimage\",\"url\":\"https:\\\/\\\/abadecom.com\\\/wp-content\\\/uploads\\\/2026\\\/02\\\/comparacion_dia_noche_gap40_4136x1365-1024x338.jpg\",\"contentUrl\":\"https:\\\/\\\/abadecom.com\\\/wp-content\\\/uploads\\\/2026\\\/02\\\/comparacion_dia_noche_gap40_4136x1365-1024x338.jpg\"},{\"@type\":\"WebSite\",\"@id\":\"https:\\\/\\\/abadecom.com\\\/#website\",\"url\":\"https:\\\/\\\/abadecom.com\\\/\",\"name\":\"Abadecom\",\"description\":\"Productos sostenibles y respetuosos con el medio ambiente\",\"publisher\":{\"@id\":\"https:\\\/\\\/abadecom.com\\\/#organization\"},\"alternateName\":\"Abadecom\",\"potentialAction\":[{\"@type\":\"SearchAction\",\"target\":{\"@type\":\"EntryPoint\",\"urlTemplate\":\"https:\\\/\\\/abadecom.com\\\/?s={search_term_string}\"},\"query-input\":{\"@type\":\"PropertyValueSpecification\",\"valueRequired\":true,\"valueName\":\"search_term_string\"}}],\"inLanguage\":\"fr-FR\"},{\"@type\":\"Organization\",\"@id\":\"https:\\\/\\\/abadecom.com\\\/#organization\",\"name\":\"Abadecom\",\"url\":\"https:\\\/\\\/abadecom.com\\\/\",\"logo\":{\"@type\":\"ImageObject\",\"inLanguage\":\"fr-FR\",\"@id\":\"https:\\\/\\\/abadecom.com\\\/#\\\/schema\\\/logo\\\/image\\\/\",\"url\":\"https:\\\/\\\/abadecom.com\\\/wp-content\\\/uploads\\\/2022\\\/03\\\/Logo-Abadecom-e1647715158799.png\",\"contentUrl\":\"https:\\\/\\\/abadecom.com\\\/wp-content\\\/uploads\\\/2022\\\/03\\\/Logo-Abadecom-e1647715158799.png\",\"width\":200,\"height\":117,\"caption\":\"Abadecom\"},\"image\":{\"@id\":\"https:\\\/\\\/abadecom.com\\\/#\\\/schema\\\/logo\\\/image\\\/\"}}]}<\/script>\n<!-- \/ Yoast SEO plugin. -->","yoast_head_json":{"title":"Separador de carril bici fotoluminiscente - Abadecom","description":"Separador de carril bici fotoluminiscente en PVC 100% reciclado. Antivand\u00e1lico, resistente UV y abrasi\u00f3n, reflectante homologado.","robots":{"index":"index","follow":"follow","max-snippet":"max-snippet:-1","max-image-preview":"max-image-preview:large","max-video-preview":"max-video-preview:-1"},"canonical":"https:\/\/abadecom.com\/fr\/separador-carril-bici\/","og_locale":"fr_FR","og_type":"article","og_title":"Separador de carril bici fotoluminiscente - Abadecom","og_description":"Separador de carril bici fotoluminiscente en PVC 100% reciclado. Antivand\u00e1lico, resistente UV y abrasi\u00f3n, reflectante homologado.","og_url":"https:\/\/abadecom.com\/fr\/separador-carril-bici\/","og_site_name":"Abadecom","article_modified_time":"2026-07-01T13:57:59+00:00","og_image":[{"width":2560,"height":845,"url":"https:\/\/abadecom.com\/wp-content\/uploads\/2026\/02\/comparacion_dia_noche_gap40_4136x1365-scaled.jpg","type":"image\/jpeg"}],"twitter_card":"summary_large_image","twitter_misc":{"Dur\u00e9e de lecture estim\u00e9e":"4 minutes"},"schema":{"@context":"https:\/\/schema.org","@graph":[{"@type":"WebPage","@id":"https:\/\/abadecom.com\/separador-carril-bici\/","url":"https:\/\/abadecom.com\/separador-carril-bici\/","name":"Separador de carril bici fotoluminiscente - Abadecom","isPartOf":{"@id":"https:\/\/abadecom.com\/#website"},"primaryImageOfPage":{"@id":"https:\/\/abadecom.com\/separador-carril-bici\/#primaryimage"},"image":{"@id":"https:\/\/abadecom.com\/separador-carril-bici\/#primaryimage"},"thumbnailUrl":"https:\/\/abadecom.com\/wp-content\/uploads\/2026\/02\/comparacion_dia_noche_gap40_4136x1365-1024x338.jpg","datePublished":"2018-01-24T15:05:04+00:00","dateModified":"2026-07-01T13:57:59+00:00","description":"Separador de carril bici fotoluminiscente en PVC 100% reciclado. Antivand\u00e1lico, resistente UV y abrasi\u00f3n, reflectante homologado.","inLanguage":"fr-FR","potentialAction":[{"@type":"ReadAction","target":["https:\/\/abadecom.com\/separador-carril-bici\/"]}]},{"@type":"ImageObject","inLanguage":"fr-FR","@id":"https:\/\/abadecom.com\/separador-carril-bici\/#primaryimage","url":"https:\/\/abadecom.com\/wp-content\/uploads\/2026\/02\/comparacion_dia_noche_gap40_4136x1365-1024x338.jpg","contentUrl":"https:\/\/abadecom.com\/wp-content\/uploads\/2026\/02\/comparacion_dia_noche_gap40_4136x1365-1024x338.jpg"},{"@type":"WebSite","@id":"https:\/\/abadecom.com\/#website","url":"https:\/\/abadecom.com\/","name":"Abadecom","description":"Produits durables et respectueux de l'environnement","publisher":{"@id":"https:\/\/abadecom.com\/#organization"},"alternateName":"Abadecom","potentialAction":[{"@type":"SearchAction","target":{"@type":"EntryPoint","urlTemplate":"https:\/\/abadecom.com\/?s={search_term_string}"},"query-input":{"@type":"PropertyValueSpecification","valueRequired":true,"valueName":"search_term_string"}}],"inLanguage":"fr-FR"},{"@type":"Organization","@id":"https:\/\/abadecom.com\/#organization","name":"Abadecom","url":"https:\/\/abadecom.com\/","logo":{"@type":"ImageObject","inLanguage":"fr-FR","@id":"https:\/\/abadecom.com\/#\/schema\/logo\/image\/","url":"https:\/\/abadecom.com\/wp-content\/uploads\/2022\/03\/Logo-Abadecom-e1647715158799.png","contentUrl":"https:\/\/abadecom.com\/wp-content\/uploads\/2022\/03\/Logo-Abadecom-e1647715158799.png","width":200,"height":117,"caption":"Abadecom"},"image":{"@id":"https:\/\/abadecom.com\/#\/schema\/logo\/image\/"}}]}},"_links":{"self":[{"href":"https:\/\/abadecom.com\/fr\/wp-json\/wp\/v2\/pages\/478","targetHints":{"allow":["GET"]}}],"collection":[{"href":"https:\/\/abadecom.com\/fr\/wp-json\/wp\/v2\/pages"}],"about":[{"href":"https:\/\/abadecom.com\/fr\/wp-json\/wp\/v2\/types\/page"}],"author":[{"embeddable":true,"href":"https:\/\/abadecom.com\/fr\/wp-json\/wp\/v2\/users\/1"}],"replies":[{"embeddable":true,"href":"https:\/\/abadecom.com\/fr\/wp-json\/wp\/v2\/comments?post=478"}],"version-history":[{"count":47,"href":"https:\/\/abadecom.com\/fr\/wp-json\/wp\/v2\/pages\/478\/revisions"}],"predecessor-version":[{"id":10195,"href":"https:\/\/abadecom.com\/fr\/wp-json\/wp\/v2\/pages\/478\/revisions\/10195"}],"wp:attachment":[{"href":"https:\/\/abadecom.com\/fr\/wp-json\/wp\/v2\/media?parent=478"}],"curies":[{"name":"wp","href":"https:\/\/api.w.org\/{rel}","templated":true}]}}