{"id":365,"date":"2017-09-15T10:04:28","date_gmt":"2017-09-15T10:04:28","guid":{"rendered":"http:\/\/gbsolutions.es\/?page_id=365"},"modified":"2023-12-22T09:04:09","modified_gmt":"2023-12-22T09:04:09","slug":"politica-de-privacidad","status":"publish","type":"page","link":"https:\/\/abadecom.com\/fr\/politica-de-privacidad\/","title":{"rendered":"Politique de confidentialit\u00e9"},"content":{"rendered":"<p class=\"wp-block-paragraph\">Abadecom Manufacturer S,L., en aplicaci\u00f3n de la normativa vigente en materia de protecci\u00f3n de datos de car\u00e1cter personal, informa que los datos personales que se recogen a trav\u00e9s de los formularios del sitio web <a href=\"https:\/\/abadecom.com\/fr\/\">https:\/\/www.abadecom.com<\/a> se incluyen en los ficheros automatizados espec\u00edficos de usuarios de los servicios de la Abadecom Manufacturer S,L.<\/p>\n\n\n\n<p class=\"wp-block-paragraph\">La recogida y tratamiento automatizado de los datos de car\u00e1cter personal tiene como finalidad el mantenimiento de la relaci\u00f3n comercial y el desempe\u00f1o de tareas de informaci\u00f3n, formaci\u00f3n, asesoramiento y otras actividades propias de la Abadecom Manufacturer S.L.<\/p>\n\n\n\n<p class=\"wp-block-paragraph\">Estos datos \u00fanicamente ser\u00e1n cedidos a aquellas entidades que sean necesarias con el \u00fanico objetivo de dar cumplimiento a la finalidad anteriormente expuesta.<\/p>\n\n\n\n<p class=\"wp-block-paragraph\">Abadecom Manufacturer S.L. adopta las medidas necesarias para garantizar la seguridad, integridad y confidencialidad de los datos conforme a lo dispuesto en la Ley Org\u00e1nica 15\/1999 de 13 de diciembre, de Protecci\u00f3n de Datos de Car\u00e1cter Personal (LOPD).<\/p>\n\n\n\n<p class=\"wp-block-paragraph\">El usuario podr\u00e1 en cualquier momento ejercitar los derechos de acceso, oposici\u00f3n, rectificaci\u00f3n y cancelaci\u00f3n reconocidos en la citada LOPD. El ejercicio de estos derechos puede realizarlo el propio usuario a trav\u00e9s de email o en la direcci\u00f3n Carrer de la Travess\u00eda 15B, Edificio Innsomnia, 46024, Valencia. Espa\u00f1a.<\/p>\n\n\n\n<p class=\"wp-block-paragraph\">El usuario manifiesta que todos los datos facilitados por \u00e9l son ciertos y correctos, y se compromete a mantenerlos actualizados, comunicando los cambios a Abadecom Manufacturer S.L.<\/p>\n\n\n\n<p class=\"wp-block-paragraph\">Datos recopilados por usuarios de los servicios<\/p>\n\n\n\n<p class=\"wp-block-paragraph\">En los casos en que el usuario incluya ficheros con datos de car\u00e1cter personal en los servidores de alojamiento compartido, Abadecom Manufacturer S.L. no se hace responsable del incumplimiento por parte del usuario de la LOPD.<\/p>\n\n\n\n<p class=\"wp-block-paragraph\">Retenci\u00f3n de datos en conformidad a la LSSI<\/p>\n\n\n\n<p class=\"wp-block-paragraph\">Abadecom Manufacturer S.L. informa de que, como prestador de servicio de alojamiento de datos y en virtud de lo establecido en la Ley34\/2002 de 11 de julio de Servicios de la Sociedad de la Informaci\u00f3n y de Comercio Electr\u00f3nico (LSSI), retiene por un periodo m\u00e1ximo de 12 meses la informaci\u00f3n imprescindible para identificar el origen de los datos alojados y el momento en que se inici\u00f3 la prestaci\u00f3n del servicio. La retenci\u00f3n de estos datos no afecta al secreto de las comunicaciones y s\u00f3lo podr\u00e1n ser utilizados en el marco de una investigaci\u00f3n criminal o para la salvaguardia de la seguridad p\u00fablica, poni\u00e9ndose a disposici\u00f3n de los jueces y\/o tribunales o del Ministerio que as\u00ed los requiera. La comunicaci\u00f3n de datos a las Fuerzas y Cuerpos del Estado se har\u00e1 en virtud de lo dispuesto en la normativa sobre protecci\u00f3n de datos personales.<\/p>\n\n\n\n<p class=\"wp-block-paragraph\">Derechos propiedad intelectual &nbsp;<a href=\"https:\/\/abadecom.com\/fr\/\">https:\/\/www.abadecom.com<\/a><\/p>\n\n\n\n<p class=\"wp-block-paragraph\">Abadecom Manufacturer S.L. es titular de todos los derechos de autor, propiedad intelectual, industrial, \u201cknow how\u201d y cuantos otros derechos guardan relaci\u00f3n con los contenidos del sitio web <a href=\"https:\/\/abadecom.com\/fr\/\">https:\/\/www.abadecom.com<\/a> y los servicios ofertados en el mismo, as\u00ed como de los programas necesarios para su implementaci\u00f3n y la informaci\u00f3n relacionada. No se permite la reproducci\u00f3n, publicaci\u00f3n y\/o uso no estrictamente privado de los contenidos, totales o parciales, del sitio web <a href=\"https:\/\/abadecom.com\/fr\/\">https:\/\/www.abadecom.com<\/a> sin el consentimiento previo y por escrito.<\/p>\n\n\n\n<p class=\"wp-block-paragraph\">Propiedad intelectual del software<\/p>\n\n\n\n<p class=\"wp-block-paragraph\">El usuario debe respetar los programas de terceros puestos a su disposici\u00f3n por Abadecom Manufacturer S.L., aun siendo gratuitos y\/o de disposici\u00f3n p\u00fablica.<\/p>\n\n\n\n<p class=\"wp-block-paragraph\">Abadecom Manufacturer S.L. dispone de los derechos de explotaci\u00f3n y propiedad intelectual necesarios del software.<\/p>\n\n\n\n<p class=\"wp-block-paragraph\">El usuario no adquiere derecho alguno o licencia por el servicio contratado, sobre el software necesario para la prestaci\u00f3n del servicio, ni tampoco sobre la informaci\u00f3n t\u00e9cnica de seguimiento del servicio, excepci\u00f3n hecha de los derechos y licencias necesarios para el cumplimiento de los servicios contratados y \u00fanicamente durante la duraci\u00f3n de los mismos. Para toda actuaci\u00f3n que exceda del cumplimiento del contrato, el usuario necesitar\u00e1 autorizaci\u00f3n por escrito por parte de Abadecom Manufacturer S.L., quedando prohibido al usuario acceder, modificar, visualizar la configuraci\u00f3n, estructura y ficheros de los servidores propiedad de Abadecom Manufacturer S.L., asumiendo la responsabilidad civil y penal derivada de cualquier incidencia que se pudiera producir en los servidores y sistemas de seguridad como consecuencia directa de una actuaci\u00f3n negligente o maliciosa por su parte.<\/p>\n\n\n\n<p class=\"wp-block-paragraph\">Propiedad intelectual de los contenidos alojados<\/p>\n\n\n\n<p class=\"wp-block-paragraph\">Se proh\u00edbe el uso contrario a la legislaci\u00f3n sobre propiedad intelectual de los servicios prestados por Abadecom Manufacturer S.L. y, en particular de:<\/p>\n\n\n\n<p class=\"wp-block-paragraph\">La utilizaci\u00f3n que resulte contraria a las leyes espa\u00f1olas o que infrinja los derechos de terceros.<\/p>\n\n\n\n<p class=\"wp-block-paragraph\">La publicaci\u00f3n o la transmisi\u00f3n de cualquier contenido que, a juicio de Abadecom Manufacturer S.L., resulte violento, obsceno, abusivo, ilegal, racial, xen\u00f3fobo o difamatorio.<\/p>\n\n\n\n<p class=\"wp-block-paragraph\">Los cracks, n\u00fameros de serie de programas o cualquier otro contenido que vulnere derechos de la propiedad intelectual de terceros.<\/p>\n\n\n\n<p class=\"wp-block-paragraph\">La recogida y\/o utilizaci\u00f3n de datos personales de otros usuarios sin su consentimiento expreso o contraviniendo lo dispuesto en la Ley Org\u00e1nica 15\/1999, de 13 de diciembre, de Protecci\u00f3n de Datos de Car\u00e1cter Personal.<\/p>\n\n\n\n<p class=\"wp-block-paragraph\">La utilizaci\u00f3n del servidor de correo del dominio y de las direcciones de correo electr\u00f3nico para el env\u00edo de correo masivo no deseado.<\/p>\n\n\n\n<p class=\"wp-block-paragraph\">El usuario tiene toda la responsabilidad sobre el contenido de su web, la informaci\u00f3n transmitida y almacenada, los enlaces de hipertexto, las reivindicaciones de terceros y las acciones legales en referencia a propiedad intelectual, derechos de terceros y protecci\u00f3n de menores. El usuario es responsable respecto a las leyes y reglamentos en vigor y las reglas que tienen que ver con el funcionamiento del servicio online, comercio electr\u00f3nico, derechos de autor, mantenimiento del orden p\u00fablico, as\u00ed como principios universales de uso de Internet.<\/p>\n\n\n\n<p class=\"wp-block-paragraph\">El usuario indemnizar\u00e1 a Abadecom Manufacturer S.L. por los gastos que generar\u00e1 la imputaci\u00f3n de la Abadecom Manufacturer S.L. en alguna causa cuya responsabilidad fuera atribuible al usuario, incluidos honorarios y gastos de defensa jur\u00eddica, incluso en el caso de una decisi\u00f3n judicial no definitiva.<\/p>\n\n\n\n<p class=\"wp-block-paragraph\">Protecci\u00f3n de la informaci\u00f3n alojada<\/p>\n\n\n\n<p class=\"wp-block-paragraph\">Abadecom Manufacturer S.L. realiza copias de seguridad de los contenidos alojados en sus servidores, sin embargo, no se responsabiliza de la p\u00e9rdida o el borrado accidental de los datos por parte de los usuarios. De igual manera, no garantiza la reposici\u00f3n total de los datos borrados por los usuarios, ya que los citados datos podr\u00edan haber sido suprimidos y\/o modificados durante el periodo del tiempo transcurrido desde la \u00faltima copia de seguridad. Los servicios ofertados, excepto los servicios espec\u00edficos de backup, no incluyen la reposici\u00f3n de los contenidos conservados en las copias de seguridad realizadas por Abadecom Manufacturer S.L., cuando esta p\u00e9rdida sea imputable al usuario; en este caso, se determinar\u00e1 una tarifa acorde a la complejidad y volumen de la recuperaci\u00f3n, siempre previa aceptaci\u00f3n del usuario. La reposici\u00f3n de datos borrados s\u00f3lo est\u00e1 incluida en el precio del servicio cuando la p\u00e9rdida del contenido sea debida a causas atribuibles a Abadecom Manufacturer S.L.<\/p>\n\n\n\n<p class=\"wp-block-paragraph\">Comunicaciones comerciales<\/p>\n\n\n\n<p class=\"wp-block-paragraph\">En aplicaci\u00f3n de la LSSI. Abadecom Manufacturer S.L. no enviar\u00e1 comunicaciones publicitarias o promocionales por correo electr\u00f3nico u otro medio de comunicaci\u00f3n electr\u00f3nica equivalente que previamente no hubieran sido solicitadas o expresamente autorizadas por los destinatarios de las mismas.<\/p>\n\n\n\n<p class=\"wp-block-paragraph\">En el caso de usuarios con los que exista una relaci\u00f3n contractual previa, Abadecom Manufacturer S.L. s\u00ed est\u00e1 autorizado al env\u00edo de comunicaciones comerciales referentes a productos o servicios de la Abadecom Manufacturer S.L. que sean similares a los que inicialmente fueron objeto de contrataci\u00f3n con el cliente. En todo caso, el usuario puede solicitar que no se le hagan llegar m\u00e1s informaciones comerciales a trav\u00e9s de los canales de Atenci\u00f3n al Cliente, tras acreditar su identidad.<\/p>","protected":false},"excerpt":{"rendered":"<p>Abadecom Manufacturer S,L., en aplicaci\u00f3n de la normativa vigente en materia de protecci\u00f3n de datos de car\u00e1cter personal, informa que los datos personales que se recogen a trav\u00e9s de los formularios del sitio web https:\/\/www.abadecom.com se incluyen en los ficheros automatizados espec\u00edficos de usuarios de los servicios de la Abadecom Manufacturer S,L. La recogida y [&#8230;]<\/p>\n<p><a class=\"btn btn-secondary understrap-read-more-link\" href=\"https:\/\/abadecom.com\/fr\/politica-de-privacidad\/\">Lire la suite\u2026<span class=\"screen-reader-text\"> from Pol\u00edtica de privacidad<\/span><\/a><\/p>\n","protected":false},"author":1,"featured_media":0,"parent":0,"menu_order":18,"comment_status":"closed","ping_status":"closed","template":"","meta":{"content-type":"","_monsterinsights_skip_tracking":false,"pgc_sgb_lightbox_settings":"","footnotes":""},"class_list":["post-365","page","type-page","status-publish","hentry"],"yoast_head":"<!-- This site is optimized with the Yoast SEO plugin v28.4 - https:\/\/yoast.com\/product\/yoast-seo-wordpress\/ -->\n<title>Pol\u00edtica de privacidad - Abadecom<\/title>\n<meta name=\"robots\" content=\"index, follow, max-snippet:-1, max-image-preview:large, max-video-preview:-1\" \/>\n<link rel=\"canonical\" href=\"https:\/\/abadecom.com\/fr\/politica-de-privacidad\/\" \/>\n<meta property=\"og:locale\" content=\"fr_FR\" \/>\n<meta property=\"og:type\" content=\"article\" \/>\n<meta property=\"og:title\" content=\"Pol\u00edtica de privacidad - Abadecom\" \/>\n<meta property=\"og:description\" content=\"Abadecom Manufacturer S,L., en aplicaci\u00f3n de la normativa vigente en materia de protecci\u00f3n de datos de car\u00e1cter personal, informa que los datos personales que se recogen a trav\u00e9s de los formularios del sitio web https:\/\/www.abadecom.com se incluyen en los ficheros automatizados espec\u00edficos de usuarios de los servicios de la Abadecom Manufacturer S,L. La recogida y [...]Lire la suite\u2026 from Pol\u00edtica de privacidad\" \/>\n<meta property=\"og:url\" content=\"https:\/\/abadecom.com\/fr\/politica-de-privacidad\/\" \/>\n<meta property=\"og:site_name\" content=\"Abadecom\" \/>\n<meta property=\"article:modified_time\" content=\"2023-12-22T09:04:09+00:00\" \/>\n<meta name=\"twitter:card\" content=\"summary_large_image\" \/>\n<meta name=\"twitter:label1\" content=\"Dur\u00e9e de lecture estim\u00e9e\" \/>\n\t<meta name=\"twitter:data1\" content=\"6 minutes\" \/>\n<script type=\"application\/ld+json\" class=\"yoast-schema-graph\">{\"@context\":\"https:\\\/\\\/schema.org\",\"@graph\":[{\"@type\":\"WebPage\",\"@id\":\"https:\\\/\\\/abadecom.com\\\/politica-de-privacidad\\\/\",\"url\":\"https:\\\/\\\/abadecom.com\\\/politica-de-privacidad\\\/\",\"name\":\"Pol\u00edtica de privacidad - Abadecom\",\"isPartOf\":{\"@id\":\"https:\\\/\\\/abadecom.com\\\/#website\"},\"datePublished\":\"2017-09-15T10:04:28+00:00\",\"dateModified\":\"2023-12-22T09:04:09+00:00\",\"inLanguage\":\"fr-FR\",\"potentialAction\":[{\"@type\":\"ReadAction\",\"target\":[\"https:\\\/\\\/abadecom.com\\\/politica-de-privacidad\\\/\"]}]},{\"@type\":\"WebSite\",\"@id\":\"https:\\\/\\\/abadecom.com\\\/#website\",\"url\":\"https:\\\/\\\/abadecom.com\\\/\",\"name\":\"Abadecom\",\"description\":\"Productos sostenibles y respetuosos con el medio ambiente\",\"publisher\":{\"@id\":\"https:\\\/\\\/abadecom.com\\\/#organization\"},\"alternateName\":\"Abadecom\",\"potentialAction\":[{\"@type\":\"SearchAction\",\"target\":{\"@type\":\"EntryPoint\",\"urlTemplate\":\"https:\\\/\\\/abadecom.com\\\/?s={search_term_string}\"},\"query-input\":{\"@type\":\"PropertyValueSpecification\",\"valueRequired\":true,\"valueName\":\"search_term_string\"}}],\"inLanguage\":\"fr-FR\"},{\"@type\":\"Organization\",\"@id\":\"https:\\\/\\\/abadecom.com\\\/#organization\",\"name\":\"Abadecom\",\"url\":\"https:\\\/\\\/abadecom.com\\\/\",\"logo\":{\"@type\":\"ImageObject\",\"inLanguage\":\"fr-FR\",\"@id\":\"https:\\\/\\\/abadecom.com\\\/#\\\/schema\\\/logo\\\/image\\\/\",\"url\":\"https:\\\/\\\/abadecom.com\\\/wp-content\\\/uploads\\\/2022\\\/03\\\/Logo-Abadecom-e1647715158799.png\",\"contentUrl\":\"https:\\\/\\\/abadecom.com\\\/wp-content\\\/uploads\\\/2022\\\/03\\\/Logo-Abadecom-e1647715158799.png\",\"width\":200,\"height\":117,\"caption\":\"Abadecom\"},\"image\":{\"@id\":\"https:\\\/\\\/abadecom.com\\\/#\\\/schema\\\/logo\\\/image\\\/\"}}]}<\/script>\n<!-- \/ Yoast SEO plugin. -->","yoast_head_json":{"title":"Pol\u00edtica de privacidad - Abadecom","robots":{"index":"index","follow":"follow","max-snippet":"max-snippet:-1","max-image-preview":"max-image-preview:large","max-video-preview":"max-video-preview:-1"},"canonical":"https:\/\/abadecom.com\/fr\/politica-de-privacidad\/","og_locale":"fr_FR","og_type":"article","og_title":"Pol\u00edtica de privacidad - Abadecom","og_description":"Abadecom Manufacturer S,L., en aplicaci\u00f3n de la normativa vigente en materia de protecci\u00f3n de datos de car\u00e1cter personal, informa que los datos personales que se recogen a trav\u00e9s de los formularios del sitio web https:\/\/www.abadecom.com se incluyen en los ficheros automatizados espec\u00edficos de usuarios de los servicios de la Abadecom Manufacturer S,L. La recogida y [...]Lire la suite\u2026 from Pol\u00edtica de privacidad","og_url":"https:\/\/abadecom.com\/fr\/politica-de-privacidad\/","og_site_name":"Abadecom","article_modified_time":"2023-12-22T09:04:09+00:00","twitter_card":"summary_large_image","twitter_misc":{"Dur\u00e9e de lecture estim\u00e9e":"6 minutes"},"schema":{"@context":"https:\/\/schema.org","@graph":[{"@type":"WebPage","@id":"https:\/\/abadecom.com\/politica-de-privacidad\/","url":"https:\/\/abadecom.com\/politica-de-privacidad\/","name":"Pol\u00edtica de privacidad - Abadecom","isPartOf":{"@id":"https:\/\/abadecom.com\/#website"},"datePublished":"2017-09-15T10:04:28+00:00","dateModified":"2023-12-22T09:04:09+00:00","inLanguage":"fr-FR","potentialAction":[{"@type":"ReadAction","target":["https:\/\/abadecom.com\/politica-de-privacidad\/"]}]},{"@type":"WebSite","@id":"https:\/\/abadecom.com\/#website","url":"https:\/\/abadecom.com\/","name":"Abadecom","description":"Produits durables et respectueux de l'environnement","publisher":{"@id":"https:\/\/abadecom.com\/#organization"},"alternateName":"Abadecom","potentialAction":[{"@type":"SearchAction","target":{"@type":"EntryPoint","urlTemplate":"https:\/\/abadecom.com\/?s={search_term_string}"},"query-input":{"@type":"PropertyValueSpecification","valueRequired":true,"valueName":"search_term_string"}}],"inLanguage":"fr-FR"},{"@type":"Organization","@id":"https:\/\/abadecom.com\/#organization","name":"Abadecom","url":"https:\/\/abadecom.com\/","logo":{"@type":"ImageObject","inLanguage":"fr-FR","@id":"https:\/\/abadecom.com\/#\/schema\/logo\/image\/","url":"https:\/\/abadecom.com\/wp-content\/uploads\/2022\/03\/Logo-Abadecom-e1647715158799.png","contentUrl":"https:\/\/abadecom.com\/wp-content\/uploads\/2022\/03\/Logo-Abadecom-e1647715158799.png","width":200,"height":117,"caption":"Abadecom"},"image":{"@id":"https:\/\/abadecom.com\/#\/schema\/logo\/image\/"}}]}},"_links":{"self":[{"href":"https:\/\/abadecom.com\/fr\/wp-json\/wp\/v2\/pages\/365","targetHints":{"allow":["GET"]}}],"collection":[{"href":"https:\/\/abadecom.com\/fr\/wp-json\/wp\/v2\/pages"}],"about":[{"href":"https:\/\/abadecom.com\/fr\/wp-json\/wp\/v2\/types\/page"}],"author":[{"embeddable":true,"href":"https:\/\/abadecom.com\/fr\/wp-json\/wp\/v2\/users\/1"}],"replies":[{"embeddable":true,"href":"https:\/\/abadecom.com\/fr\/wp-json\/wp\/v2\/comments?post=365"}],"version-history":[{"count":2,"href":"https:\/\/abadecom.com\/fr\/wp-json\/wp\/v2\/pages\/365\/revisions"}],"predecessor-version":[{"id":4835,"href":"https:\/\/abadecom.com\/fr\/wp-json\/wp\/v2\/pages\/365\/revisions\/4835"}],"wp:attachment":[{"href":"https:\/\/abadecom.com\/fr\/wp-json\/wp\/v2\/media?parent=365"}],"curies":[{"name":"wp","href":"https:\/\/api.w.org\/{rel}","templated":true}]}}