{"id":1361,"date":"2020-01-20T10:10:35","date_gmt":"2020-01-20T10:10:35","guid":{"rendered":"https:\/\/gbsolutions.es\/?page_id=1361"},"modified":"2023-12-22T09:04:08","modified_gmt":"2023-12-22T09:04:08","slug":"tope-de-parking","status":"publish","type":"page","link":"https:\/\/abadecom.com\/fr\/tope-de-parking\/","title":{"rendered":"Tope de parking de pl\u00e1stico reciclado"},"content":{"rendered":"\n<p class=\"wp-block-paragraph\">Nuestro tope de parking est\u00e1 compuesto en su totalidad por pl\u00e1stico 100% reciclado y es 100% reciclable. Ofreciendo innumerables ventajas con este tope de parking, ya que, por sus resistencia y durabilidad, se puede montar bien en parking interiores como exteriores. Cuenta con un sistema de fijaci\u00f3n a trav\u00e9s de tornillos de anclaje y una muy alta resistencia al agua y los rayos ultravioletas. El montaje es muy r\u00e1pido y limpio.<\/p>\n\n\n<div class=\"pgc-sgb-cb wp-block-pgcsimplygalleryblock-slider \" data-gallery-id=\"89681920\"style=&quot;min-height:400px&quot;><div class=\"sgb-preloader\" id=\"pr_89681920\">\n\t<div class=\"sgb-square\" style=\"background:#d4d4d4\"><\/div>\n\t<div class=\"sgb-square\" style=\"background:#d4d4d4\"><\/div>\n\t<div class=\"sgb-square\" style=\"background:#d4d4d4\"><\/div>\n\t<div class=\"sgb-square\" style=\"background:#d4d4d4\"><\/div><\/div><div class=\"simply-gallery-amp pgc_sgb_slider \"><noscript><div class=\"sgb-gallery\"><div class=\"sgb-item\"><a href=\"https:\/\/abadecom.com\/tope-de-parking\/tope-de-paking-abadecom-6\/\" target=\"_blank\"><img decoding=\"async\" alt=\"\" width=\"225\" height=\"300\" loading=\"lazy\" src=\"https:\/\/abadecom.com\/wp-content\/uploads\/2023\/06\/Tope-de-paking-Abadecom-6-225x300.jpg\" srcset=\"https:\/\/abadecom.com\/wp-content\/uploads\/2023\/06\/Tope-de-paking-Abadecom-6-225x300.jpg 225w,https:\/\/abadecom.com\/wp-content\/uploads\/2023\/06\/Tope-de-paking-Abadecom-6-768x1024.jpg 768w,https:\/\/abadecom.com\/wp-content\/uploads\/2023\/06\/Tope-de-paking-Abadecom-6.jpg 1512w\" sizes=\"auto, 250px\"\/><\/a><\/div><div class=\"sgb-item\"><a href=\"https:\/\/abadecom.com\/tope-de-parking\/tope-de-parking-2-2\/\" target=\"_blank\"><img decoding=\"async\" alt=\"\" width=\"300\" height=\"169\" loading=\"lazy\" src=\"https:\/\/abadecom.com\/wp-content\/uploads\/2023\/06\/Tope-de-parking-2-300x169.jpg\" srcset=\"https:\/\/abadecom.com\/wp-content\/uploads\/2023\/06\/Tope-de-parking-2-300x169.jpg 300w,https:\/\/abadecom.com\/wp-content\/uploads\/2023\/06\/Tope-de-parking-2-1024x576.jpg 1024w,https:\/\/abadecom.com\/wp-content\/uploads\/2023\/06\/Tope-de-parking-2.jpg 2048w\" sizes=\"auto, 250px\"\/><\/a><\/div><div class=\"sgb-item\"><a href=\"https:\/\/abadecom.com\/tope-de-parking\/tope-de-parking_abadecom\/\" target=\"_blank\"><img decoding=\"async\" alt=\"\" width=\"300\" height=\"169\" loading=\"lazy\" src=\"https:\/\/abadecom.com\/wp-content\/uploads\/2023\/06\/Tope-de-parking_Abadecom-300x169.jpeg\" srcset=\"https:\/\/abadecom.com\/wp-content\/uploads\/2023\/06\/Tope-de-parking_Abadecom-300x169.jpeg 300w,https:\/\/abadecom.com\/wp-content\/uploads\/2023\/06\/Tope-de-parking_Abadecom-1024x576.jpeg 1024w,https:\/\/abadecom.com\/wp-content\/uploads\/2023\/06\/Tope-de-parking_Abadecom.jpeg 1600w\" sizes=\"auto, 250px\"\/><\/a><\/div><div class=\"sgb-item\"><a href=\"https:\/\/abadecom.com\/tope-de-parking\/torrente_valencia_2\/\" target=\"_blank\"><img decoding=\"async\" alt=\"\" width=\"300\" height=\"225\" loading=\"lazy\" src=\"https:\/\/abadecom.com\/wp-content\/uploads\/2023\/06\/Torrente_Valencia_2-300x225.jpg\" srcset=\"https:\/\/abadecom.com\/wp-content\/uploads\/2023\/06\/Torrente_Valencia_2-300x225.jpg 300w,https:\/\/abadecom.com\/wp-content\/uploads\/2023\/06\/Torrente_Valencia_2-1024x768.jpg 1024w,https:\/\/abadecom.com\/wp-content\/uploads\/2023\/06\/Torrente_Valencia_2.jpg 1632w\" sizes=\"auto, 250px\"\/><\/a><\/div><div class=\"sgb-item\"><a href=\"https:\/\/abadecom.com\/tope-de-parking\/tope-de-parking_abadecom_5-2\/\" target=\"_blank\"><img decoding=\"async\" alt=\"\" width=\"300\" height=\"169\" loading=\"lazy\" src=\"https:\/\/abadecom.com\/wp-content\/uploads\/2023\/06\/Tope-de-Parking_Abadecom_5-300x169.jpg\" srcset=\"https:\/\/abadecom.com\/wp-content\/uploads\/2023\/06\/Tope-de-Parking_Abadecom_5-300x169.jpg 300w,https:\/\/abadecom.com\/wp-content\/uploads\/2023\/06\/Tope-de-Parking_Abadecom_5-1024x576.jpg 1024w,https:\/\/abadecom.com\/wp-content\/uploads\/2023\/06\/Tope-de-Parking_Abadecom_5.jpg 2048w\" sizes=\"auto, 250px\"\/><\/a><\/div><div class=\"sgb-item\"><a href=\"https:\/\/abadecom.com\/tope-de-parking\/tope-de-parking_abadecom_1-2\/\" target=\"_blank\"><img decoding=\"async\" alt=\"\" width=\"300\" height=\"169\" loading=\"lazy\" src=\"https:\/\/abadecom.com\/wp-content\/uploads\/2023\/06\/Tope-de-parking_Abadecom_1-300x169.jpg\" srcset=\"https:\/\/abadecom.com\/wp-content\/uploads\/2023\/06\/Tope-de-parking_Abadecom_1-300x169.jpg 300w,https:\/\/abadecom.com\/wp-content\/uploads\/2023\/06\/Tope-de-parking_Abadecom_1-1024x576.jpg 1024w,https:\/\/abadecom.com\/wp-content\/uploads\/2023\/06\/Tope-de-parking_Abadecom_1.jpg 2048w\" sizes=\"auto, 250px\"\/><\/a><\/div><\/div><\/noscript><\/div><script type=\"application\/json\" class=\"sgb-data\">{\"collectionThumbRecomendedWidth\":250,\"externalLinkFontSize\":13,\"collectionthumbRoundedCorners\":7,\"sliderAdminWidth\":840,\"galleryType\":\"pgc_sgb_slider\",\"galleryId\":\"89681920\",\"images\":[{\"id\":9072,\"title\":\"Tope de paking Abadecom 6\",\"url\":\"https:\/\/abadecom.com\/wp-content\/uploads\/2023\/06\/Tope-de-paking-Abadecom-6.jpg\",\"link\":\"https:\/\/abadecom.com\/tope-de-parking\/tope-de-paking-abadecom-6\/\",\"alt\":\"\",\"description\":\"\",\"caption\":\"\",\"mime\":\"image\/jpeg\",\"type\":\"image\",\"width\":1512,\"height\":2016,\"sizes\":{\"thumbnail\":{\"height\":150,\"width\":150,\"url\":\"https:\/\/abadecom.com\/wp-content\/uploads\/2023\/06\/Tope-de-paking-Abadecom-6-150x150.jpg\",\"orientation\":\"landscape\"},\"medium\":{\"height\":300,\"width\":225,\"url\":\"https:\/\/abadecom.com\/wp-content\/uploads\/2023\/06\/Tope-de-paking-Abadecom-6-225x300.jpg\",\"orientation\":\"portrait\"},\"large\":{\"height\":1024,\"width\":768,\"url\":\"https:\/\/abadecom.com\/wp-content\/uploads\/2023\/06\/Tope-de-paking-Abadecom-6-768x1024.jpg\",\"orientation\":\"portrait\"},\"full\":{\"url\":\"https:\/\/abadecom.com\/wp-content\/uploads\/2023\/06\/Tope-de-paking-Abadecom-6.jpg\",\"height\":2016,\"width\":1512,\"orientation\":\"portrait\"}},\"imageMeta\":{\"aperture\":\"0\",\"credit\":\"\",\"camera\":\"\",\"caption\":\"\",\"created_timestamp\":\"0\",\"copyright\":\"\",\"focal_length\":\"0\",\"iso\":\"0\",\"shutter_speed\":\"0\",\"title\":\"\",\"orientation\":\"0\",\"keywords\":[]},\"meta\":false,\"postlink\":\"https:\/\/abadecom.com\/tope-de-parking\/tope-de-paking-abadecom-6\/\"},{\"id\":9068,\"title\":\"Tope de parking (2)\",\"url\":\"https:\/\/abadecom.com\/wp-content\/uploads\/2023\/06\/Tope-de-parking-2.jpg\",\"link\":\"https:\/\/abadecom.com\/tope-de-parking\/tope-de-parking-2-2\/\",\"alt\":\"\",\"description\":\"\",\"caption\":\"\",\"mime\":\"image\/jpeg\",\"type\":\"image\",\"width\":2048,\"height\":1152,\"sizes\":{\"thumbnail\":{\"height\":150,\"width\":150,\"url\":\"https:\/\/abadecom.com\/wp-content\/uploads\/2023\/06\/Tope-de-parking-2-150x150.jpg\",\"orientation\":\"landscape\"},\"medium\":{\"height\":169,\"width\":300,\"url\":\"https:\/\/abadecom.com\/wp-content\/uploads\/2023\/06\/Tope-de-parking-2-300x169.jpg\",\"orientation\":\"landscape\"},\"large\":{\"height\":576,\"width\":1024,\"url\":\"https:\/\/abadecom.com\/wp-content\/uploads\/2023\/06\/Tope-de-parking-2-1024x576.jpg\",\"orientation\":\"landscape\"},\"full\":{\"url\":\"https:\/\/abadecom.com\/wp-content\/uploads\/2023\/06\/Tope-de-parking-2.jpg\",\"height\":1152,\"width\":2048,\"orientation\":\"landscape\"}},\"imageMeta\":{\"aperture\":\"0\",\"credit\":\"\",\"camera\":\"\",\"caption\":\"\",\"created_timestamp\":\"0\",\"copyright\":\"\",\"focal_length\":\"0\",\"iso\":\"0\",\"shutter_speed\":\"0\",\"title\":\"\",\"orientation\":\"1\",\"keywords\":[]},\"meta\":false,\"postlink\":\"https:\/\/abadecom.com\/tope-de-parking\/tope-de-parking-2-2\/\"},{\"id\":9069,\"title\":\"Tope de parking_Abadecom\",\"url\":\"https:\/\/abadecom.com\/wp-content\/uploads\/2023\/06\/Tope-de-parking_Abadecom.jpeg\",\"link\":\"https:\/\/abadecom.com\/tope-de-parking\/tope-de-parking_abadecom\/\",\"alt\":\"\",\"description\":\"\",\"caption\":\"\",\"mime\":\"image\/jpeg\",\"type\":\"image\",\"width\":1600,\"height\":900,\"sizes\":{\"thumbnail\":{\"height\":150,\"width\":150,\"url\":\"https:\/\/abadecom.com\/wp-content\/uploads\/2023\/06\/Tope-de-parking_Abadecom-150x150.jpeg\",\"orientation\":\"landscape\"},\"medium\":{\"height\":169,\"width\":300,\"url\":\"https:\/\/abadecom.com\/wp-content\/uploads\/2023\/06\/Tope-de-parking_Abadecom-300x169.jpeg\",\"orientation\":\"landscape\"},\"large\":{\"height\":576,\"width\":1024,\"url\":\"https:\/\/abadecom.com\/wp-content\/uploads\/2023\/06\/Tope-de-parking_Abadecom-1024x576.jpeg\",\"orientation\":\"landscape\"},\"full\":{\"url\":\"https:\/\/abadecom.com\/wp-content\/uploads\/2023\/06\/Tope-de-parking_Abadecom.jpeg\",\"height\":900,\"width\":1600,\"orientation\":\"landscape\"}},\"imageMeta\":{\"aperture\":\"0\",\"credit\":\"\",\"camera\":\"\",\"caption\":\"\",\"created_timestamp\":\"0\",\"copyright\":\"\",\"focal_length\":\"0\",\"iso\":\"0\",\"shutter_speed\":\"0\",\"title\":\"\",\"orientation\":\"0\",\"keywords\":[]},\"meta\":false,\"postlink\":\"https:\/\/abadecom.com\/tope-de-parking\/tope-de-parking_abadecom\/\"},{\"id\":9070,\"title\":\"Torrente_Valencia_2\",\"url\":\"https:\/\/abadecom.com\/wp-content\/uploads\/2023\/06\/Torrente_Valencia_2.jpg\",\"link\":\"https:\/\/abadecom.com\/tope-de-parking\/torrente_valencia_2\/\",\"alt\":\"\",\"description\":\"\",\"caption\":\"\",\"mime\":\"image\/jpeg\",\"type\":\"image\",\"width\":1632,\"height\":1224,\"sizes\":{\"thumbnail\":{\"height\":150,\"width\":150,\"url\":\"https:\/\/abadecom.com\/wp-content\/uploads\/2023\/06\/Torrente_Valencia_2-150x150.jpg\",\"orientation\":\"landscape\"},\"medium\":{\"height\":225,\"width\":300,\"url\":\"https:\/\/abadecom.com\/wp-content\/uploads\/2023\/06\/Torrente_Valencia_2-300x225.jpg\",\"orientation\":\"landscape\"},\"large\":{\"height\":768,\"width\":1024,\"url\":\"https:\/\/abadecom.com\/wp-content\/uploads\/2023\/06\/Torrente_Valencia_2-1024x768.jpg\",\"orientation\":\"landscape\"},\"full\":{\"url\":\"https:\/\/abadecom.com\/wp-content\/uploads\/2023\/06\/Torrente_Valencia_2.jpg\",\"height\":1224,\"width\":1632,\"orientation\":\"landscape\"}},\"imageMeta\":{\"aperture\":\"0\",\"credit\":\"\",\"camera\":\"\",\"caption\":\"\",\"created_timestamp\":\"1528272919\",\"copyright\":\"\",\"focal_length\":\"0\",\"iso\":\"0\",\"shutter_speed\":\"0\",\"title\":\"\",\"orientation\":\"1\",\"keywords\":[]},\"meta\":false,\"postlink\":\"https:\/\/abadecom.com\/tope-de-parking\/torrente_valencia_2\/\"},{\"id\":9071,\"title\":\"Tope de Parking_Abadecom_5\",\"url\":\"https:\/\/abadecom.com\/wp-content\/uploads\/2023\/06\/Tope-de-Parking_Abadecom_5.jpg\",\"link\":\"https:\/\/abadecom.com\/tope-de-parking\/tope-de-parking_abadecom_5-2\/\",\"alt\":\"\",\"description\":\"\",\"caption\":\"\",\"mime\":\"image\/jpeg\",\"type\":\"image\",\"width\":2048,\"height\":1152,\"sizes\":{\"thumbnail\":{\"height\":150,\"width\":150,\"url\":\"https:\/\/abadecom.com\/wp-content\/uploads\/2023\/06\/Tope-de-Parking_Abadecom_5-150x150.jpg\",\"orientation\":\"landscape\"},\"medium\":{\"height\":169,\"width\":300,\"url\":\"https:\/\/abadecom.com\/wp-content\/uploads\/2023\/06\/Tope-de-Parking_Abadecom_5-300x169.jpg\",\"orientation\":\"landscape\"},\"large\":{\"height\":576,\"width\":1024,\"url\":\"https:\/\/abadecom.com\/wp-content\/uploads\/2023\/06\/Tope-de-Parking_Abadecom_5-1024x576.jpg\",\"orientation\":\"landscape\"},\"full\":{\"url\":\"https:\/\/abadecom.com\/wp-content\/uploads\/2023\/06\/Tope-de-Parking_Abadecom_5.jpg\",\"height\":1152,\"width\":2048,\"orientation\":\"landscape\"}},\"imageMeta\":{\"aperture\":\"0\",\"credit\":\"\",\"camera\":\"\",\"caption\":\"\",\"created_timestamp\":\"0\",\"copyright\":\"\",\"focal_length\":\"0\",\"iso\":\"0\",\"shutter_speed\":\"0\",\"title\":\"\",\"orientation\":\"1\",\"keywords\":[]},\"meta\":false,\"postlink\":\"https:\/\/abadecom.com\/tope-de-parking\/tope-de-parking_abadecom_5-2\/\"},{\"id\":9140,\"title\":\"Tope de parking_Abadecom_1\",\"url\":\"https:\/\/abadecom.com\/wp-content\/uploads\/2023\/06\/Tope-de-parking_Abadecom_1.jpg\",\"link\":\"https:\/\/abadecom.com\/tope-de-parking\/tope-de-parking_abadecom_1-2\/\",\"alt\":\"\",\"description\":\"\",\"caption\":\"\",\"mime\":\"image\/jpeg\",\"type\":\"image\",\"width\":2048,\"height\":1152,\"sizes\":{\"thumbnail\":{\"height\":150,\"width\":150,\"url\":\"https:\/\/abadecom.com\/wp-content\/uploads\/2023\/06\/Tope-de-parking_Abadecom_1-150x150.jpg\",\"orientation\":\"landscape\"},\"medium\":{\"height\":169,\"width\":300,\"url\":\"https:\/\/abadecom.com\/wp-content\/uploads\/2023\/06\/Tope-de-parking_Abadecom_1-300x169.jpg\",\"orientation\":\"landscape\"},\"large\":{\"height\":576,\"width\":1024,\"url\":\"https:\/\/abadecom.com\/wp-content\/uploads\/2023\/06\/Tope-de-parking_Abadecom_1-1024x576.jpg\",\"orientation\":\"landscape\"},\"full\":{\"url\":\"https:\/\/abadecom.com\/wp-content\/uploads\/2023\/06\/Tope-de-parking_Abadecom_1.jpg\",\"height\":1152,\"width\":2048,\"orientation\":\"landscape\"}},\"imageMeta\":{\"aperture\":\"0\",\"credit\":\"\",\"camera\":\"\",\"caption\":\"\",\"created_timestamp\":\"0\",\"copyright\":\"\",\"focal_length\":\"0\",\"iso\":\"0\",\"shutter_speed\":\"0\",\"title\":\"\",\"orientation\":\"1\",\"keywords\":[]},\"meta\":false,\"postlink\":\"https:\/\/abadecom.com\/tope-de-parking\/tope-de-parking_abadecom_1-2\/\"}],\"itemsMetaDataCollection\":[],\"sliderItemTitleFontSize\":20,\"sliderSlideshow\":false,\"sliderZoomEnable\":false,\"TrpContentRestriction\":{\"restriction_type\":\"exclude\",\"selected_languages\":[],\"panel_open\":true}}<\/script><script>(function(){if(window.PGC_SGB && window.PGC_SGB.searcher){window.PGC_SGB.searcher.initBlocks()}})()<\/script><\/div>\n\n\n<h2 class=\"wp-block-heading\">Propiedades<\/h2>\n\n\n\n<ul class=\"wp-block-list\">\n<li>El PVC reciclado proporciona una larga duraci\u00f3n y resistencia a los efectos de la radiaci\u00f3n UV.<\/li>\n\n\n\n<li>Medidas: 700 mm de largo,160 mm de ancho,100 mm de alto<\/li>\n\n\n\n<li>Peso: 6.5 kg<\/li>\n\n\n\n<li>Disponibilidad de colores: Negro y Amarrillo<\/li>\n\n\n\n<li>PVC 100% reciclado y 100% reciclable<\/li>\n\n\n\n<li>Est\u00e9ril, higi\u00e9nico, f\u00e1cil de limpiar y anti vandalismo.<\/li>\n\n\n\n<li>R\u00e1pido, limpio y f\u00e1cil montaje<\/li>\n\n\n\n<li>Productos fabricados bajo los m\u00e1s altos est\u00e1ndares de calidad de la UE para asegurar su durabilidad y funcionalidad en condiciones adversas.<\/li>\n<\/ul>\n\n\n<div class=\"wp-block-image is-style-default\">\n<figure class=\"aligncenter size-large is-resized\"><img loading=\"lazy\" decoding=\"async\" src=\"https:\/\/abadecom.com\/wp-content\/uploads\/2020\/01\/Tope-de-Parking-1024x576.jpg\" alt=\"Tope parking\" width=\"512\" height=\"288\"\/><\/figure>\n<\/div>\n\n\n<h2 class=\"wp-block-heading\">Modo de utilizaci\u00f3n<\/h2>\n\n\n\n<p class=\"wp-block-paragraph\">Se fija a la superficie por medio de dos tornillos colocados en ambos extremos del separador, que se insertan dentro de los taladros previamente perforados.<\/p>\n\n\n\n<h2 class=\"wp-block-heading\">Ventajas del PVC 100% reciclado<\/h2>\n\n\n\n<ul class=\"wp-block-list\">\n<li>Altamente resistente.<\/li>\n\n\n\n<li>Aislante t\u00e9rmico y el\u00e9ctrico<\/li>\n\n\n\n<li>Absorbe los impactos<\/li>\n\n\n\n<li>M\u00ednimo mantenimiento.<\/li>\n\n\n\n<li>F\u00e1cil manipulaci\u00f3n.<\/li>\n\n\n\n<li>Inerte a la degradaci\u00f3n ambiental.<\/li>\n\n\n\n<li>No se astilla.<\/li>\n\n\n\n<li>Durabilidad casi ilimitada.<\/li>\n\n\n\n<li>Ecol\u00f3gico y no contaminante.<\/li>\n<\/ul>\n\n\n\n<p class=\"wp-block-paragraph\"><\/p>\n\n\n\n<p class=\"wp-block-paragraph\">Descarga Ficha T\u00e9cnica:  <a href=\"https:\/\/abadecom.com\/wp-content\/uploads\/2023\/06\/Ficha-Tecnica_Tope_de_Parking_Abadecom_2023.pdf\" target=\"_blank\" rel=\"noreferrer noopener\"><strong>Espa\u00f1ol<\/strong> <\/a>\/ <strong><a href=\"https:\/\/abadecom.com\/wp-content\/uploads\/2023\/06\/DATA-SHEET-PARKING-STOP_Abadecom_2023.pdf\" target=\"_blank\" rel=\"noreferrer noopener\">Ingl\u00e9s<\/a><\/strong><\/p>\n","protected":false},"excerpt":{"rendered":"<p>Nuestro tope de parking est\u00e1 compuesto en su totalidad por pl\u00e1stico 100% reciclado y es 100% reciclable. Ofreciendo innumerables ventajas con este tope de parking, ya que, por sus resistencia y durabilidad, se puede montar bien en parking interiores como exteriores. Cuenta con un sistema de fijaci\u00f3n a trav\u00e9s de tornillos de anclaje y una [&#8230;]<\/p>\n<p><a class=\"btn btn-secondary understrap-read-more-link\" href=\"https:\/\/abadecom.com\/fr\/tope-de-parking\/\">Lire la suite\u2026<span class=\"screen-reader-text\"> from Tope de parking de pl\u00e1stico reciclado<\/span><\/a><\/p>\n","protected":false},"author":1,"featured_media":0,"parent":0,"menu_order":16,"comment_status":"closed","ping_status":"closed","template":"","meta":{"content-type":"","_monsterinsights_skip_tracking":false,"pgc_sgb_lightbox_settings":"","footnotes":""},"class_list":["post-1361","page","type-page","status-publish","hentry"],"yoast_head":"<!-- This site is optimized with the Yoast SEO plugin v28.4 - https:\/\/yoast.com\/product\/yoast-seo-wordpress\/ -->\n<title>Tope de parking de pl\u00e1stico reciclado - Abadecom<\/title>\n<meta name=\"description\" content=\"Nuestro tope de parking est\u00e1 compuesto en su totalidad por pl\u00e1stico 100% reciclado y es 100% reciclable. Gran resistencia y durabilidad.\" \/>\n<meta name=\"robots\" content=\"index, follow, max-snippet:-1, max-image-preview:large, max-video-preview:-1\" \/>\n<link rel=\"canonical\" href=\"https:\/\/abadecom.com\/fr\/tope-de-parking\/\" \/>\n<meta property=\"og:locale\" content=\"fr_FR\" \/>\n<meta property=\"og:type\" content=\"article\" \/>\n<meta property=\"og:title\" content=\"Tope de parking de pl\u00e1stico reciclado - Abadecom\" \/>\n<meta property=\"og:description\" content=\"Nuestro tope de parking est\u00e1 compuesto en su totalidad por pl\u00e1stico 100% reciclado y es 100% reciclable. Gran resistencia y durabilidad.\" \/>\n<meta property=\"og:url\" content=\"https:\/\/abadecom.com\/fr\/tope-de-parking\/\" \/>\n<meta property=\"og:site_name\" content=\"Abadecom\" \/>\n<meta property=\"article:modified_time\" content=\"2023-12-22T09:04:08+00:00\" \/>\n<meta property=\"og:image\" content=\"https:\/\/abadecom.com\/wp-content\/uploads\/2023\/06\/Tope-de-paking-Abadecom-6-768x1024.jpg\" \/>\n<meta name=\"twitter:card\" content=\"summary_large_image\" \/>\n<meta name=\"twitter:label1\" content=\"Dur\u00e9e de lecture estim\u00e9e\" \/>\n\t<meta name=\"twitter:data1\" content=\"3 minutes\" \/>\n<script type=\"application\/ld+json\" class=\"yoast-schema-graph\">{\"@context\":\"https:\\\/\\\/schema.org\",\"@graph\":[{\"@type\":\"WebPage\",\"@id\":\"https:\\\/\\\/abadecom.com\\\/tope-de-parking\\\/\",\"url\":\"https:\\\/\\\/abadecom.com\\\/tope-de-parking\\\/\",\"name\":\"Tope de parking de pl\u00e1stico reciclado - Abadecom\",\"isPartOf\":{\"@id\":\"https:\\\/\\\/abadecom.com\\\/#website\"},\"primaryImageOfPage\":{\"@id\":\"https:\\\/\\\/abadecom.com\\\/tope-de-parking\\\/#primaryimage\"},\"image\":{\"@id\":\"https:\\\/\\\/abadecom.com\\\/tope-de-parking\\\/#primaryimage\"},\"thumbnailUrl\":\"https:\\\/\\\/abadecom.com\\\/wp-content\\\/uploads\\\/2023\\\/06\\\/Tope-de-paking-Abadecom-6-768x1024.jpg\",\"datePublished\":\"2020-01-20T10:10:35+00:00\",\"dateModified\":\"2023-12-22T09:04:08+00:00\",\"description\":\"Nuestro tope de parking est\u00e1 compuesto en su totalidad por pl\u00e1stico 100% reciclado y es 100% reciclable. Gran resistencia y durabilidad.\",\"inLanguage\":\"fr-FR\",\"potentialAction\":[{\"@type\":\"ReadAction\",\"target\":[\"https:\\\/\\\/abadecom.com\\\/tope-de-parking\\\/\"]}]},{\"@type\":\"ImageObject\",\"inLanguage\":\"fr-FR\",\"@id\":\"https:\\\/\\\/abadecom.com\\\/tope-de-parking\\\/#primaryimage\",\"url\":\"https:\\\/\\\/abadecom.com\\\/wp-content\\\/uploads\\\/2023\\\/06\\\/Tope-de-paking-Abadecom-6-768x1024.jpg\",\"contentUrl\":\"https:\\\/\\\/abadecom.com\\\/wp-content\\\/uploads\\\/2023\\\/06\\\/Tope-de-paking-Abadecom-6-768x1024.jpg\"},{\"@type\":\"WebSite\",\"@id\":\"https:\\\/\\\/abadecom.com\\\/#website\",\"url\":\"https:\\\/\\\/abadecom.com\\\/\",\"name\":\"Abadecom\",\"description\":\"Productos sostenibles y respetuosos con el medio ambiente\",\"publisher\":{\"@id\":\"https:\\\/\\\/abadecom.com\\\/#organization\"},\"alternateName\":\"Abadecom\",\"potentialAction\":[{\"@type\":\"SearchAction\",\"target\":{\"@type\":\"EntryPoint\",\"urlTemplate\":\"https:\\\/\\\/abadecom.com\\\/?s={search_term_string}\"},\"query-input\":{\"@type\":\"PropertyValueSpecification\",\"valueRequired\":true,\"valueName\":\"search_term_string\"}}],\"inLanguage\":\"fr-FR\"},{\"@type\":\"Organization\",\"@id\":\"https:\\\/\\\/abadecom.com\\\/#organization\",\"name\":\"Abadecom\",\"url\":\"https:\\\/\\\/abadecom.com\\\/\",\"logo\":{\"@type\":\"ImageObject\",\"inLanguage\":\"fr-FR\",\"@id\":\"https:\\\/\\\/abadecom.com\\\/#\\\/schema\\\/logo\\\/image\\\/\",\"url\":\"https:\\\/\\\/abadecom.com\\\/wp-content\\\/uploads\\\/2022\\\/03\\\/Logo-Abadecom-e1647715158799.png\",\"contentUrl\":\"https:\\\/\\\/abadecom.com\\\/wp-content\\\/uploads\\\/2022\\\/03\\\/Logo-Abadecom-e1647715158799.png\",\"width\":200,\"height\":117,\"caption\":\"Abadecom\"},\"image\":{\"@id\":\"https:\\\/\\\/abadecom.com\\\/#\\\/schema\\\/logo\\\/image\\\/\"}}]}<\/script>\n<!-- \/ Yoast SEO plugin. -->","yoast_head_json":{"title":"Tope de parking de pl\u00e1stico reciclado - Abadecom","description":"Nuestro tope de parking est\u00e1 compuesto en su totalidad por pl\u00e1stico 100% reciclado y es 100% reciclable. Gran resistencia y durabilidad.","robots":{"index":"index","follow":"follow","max-snippet":"max-snippet:-1","max-image-preview":"max-image-preview:large","max-video-preview":"max-video-preview:-1"},"canonical":"https:\/\/abadecom.com\/fr\/tope-de-parking\/","og_locale":"fr_FR","og_type":"article","og_title":"Tope de parking de pl\u00e1stico reciclado - Abadecom","og_description":"Nuestro tope de parking est\u00e1 compuesto en su totalidad por pl\u00e1stico 100% reciclado y es 100% reciclable. Gran resistencia y durabilidad.","og_url":"https:\/\/abadecom.com\/fr\/tope-de-parking\/","og_site_name":"Abadecom","article_modified_time":"2023-12-22T09:04:08+00:00","og_image":[{"url":"https:\/\/abadecom.com\/wp-content\/uploads\/2023\/06\/Tope-de-paking-Abadecom-6-768x1024.jpg","type":"","width":"","height":""}],"twitter_card":"summary_large_image","twitter_misc":{"Dur\u00e9e de lecture estim\u00e9e":"3 minutes"},"schema":{"@context":"https:\/\/schema.org","@graph":[{"@type":"WebPage","@id":"https:\/\/abadecom.com\/tope-de-parking\/","url":"https:\/\/abadecom.com\/tope-de-parking\/","name":"Tope de parking de pl\u00e1stico reciclado - Abadecom","isPartOf":{"@id":"https:\/\/abadecom.com\/#website"},"primaryImageOfPage":{"@id":"https:\/\/abadecom.com\/tope-de-parking\/#primaryimage"},"image":{"@id":"https:\/\/abadecom.com\/tope-de-parking\/#primaryimage"},"thumbnailUrl":"https:\/\/abadecom.com\/wp-content\/uploads\/2023\/06\/Tope-de-paking-Abadecom-6-768x1024.jpg","datePublished":"2020-01-20T10:10:35+00:00","dateModified":"2023-12-22T09:04:08+00:00","description":"Nuestro tope de parking est\u00e1 compuesto en su totalidad por pl\u00e1stico 100% reciclado y es 100% reciclable. Gran resistencia y durabilidad.","inLanguage":"fr-FR","potentialAction":[{"@type":"ReadAction","target":["https:\/\/abadecom.com\/tope-de-parking\/"]}]},{"@type":"ImageObject","inLanguage":"fr-FR","@id":"https:\/\/abadecom.com\/tope-de-parking\/#primaryimage","url":"https:\/\/abadecom.com\/wp-content\/uploads\/2023\/06\/Tope-de-paking-Abadecom-6-768x1024.jpg","contentUrl":"https:\/\/abadecom.com\/wp-content\/uploads\/2023\/06\/Tope-de-paking-Abadecom-6-768x1024.jpg"},{"@type":"WebSite","@id":"https:\/\/abadecom.com\/#website","url":"https:\/\/abadecom.com\/","name":"Abadecom","description":"Produits durables et respectueux de l'environnement","publisher":{"@id":"https:\/\/abadecom.com\/#organization"},"alternateName":"Abadecom","potentialAction":[{"@type":"SearchAction","target":{"@type":"EntryPoint","urlTemplate":"https:\/\/abadecom.com\/?s={search_term_string}"},"query-input":{"@type":"PropertyValueSpecification","valueRequired":true,"valueName":"search_term_string"}}],"inLanguage":"fr-FR"},{"@type":"Organization","@id":"https:\/\/abadecom.com\/#organization","name":"Abadecom","url":"https:\/\/abadecom.com\/","logo":{"@type":"ImageObject","inLanguage":"fr-FR","@id":"https:\/\/abadecom.com\/#\/schema\/logo\/image\/","url":"https:\/\/abadecom.com\/wp-content\/uploads\/2022\/03\/Logo-Abadecom-e1647715158799.png","contentUrl":"https:\/\/abadecom.com\/wp-content\/uploads\/2022\/03\/Logo-Abadecom-e1647715158799.png","width":200,"height":117,"caption":"Abadecom"},"image":{"@id":"https:\/\/abadecom.com\/#\/schema\/logo\/image\/"}}]}},"_links":{"self":[{"href":"https:\/\/abadecom.com\/fr\/wp-json\/wp\/v2\/pages\/1361","targetHints":{"allow":["GET"]}}],"collection":[{"href":"https:\/\/abadecom.com\/fr\/wp-json\/wp\/v2\/pages"}],"about":[{"href":"https:\/\/abadecom.com\/fr\/wp-json\/wp\/v2\/types\/page"}],"author":[{"embeddable":true,"href":"https:\/\/abadecom.com\/fr\/wp-json\/wp\/v2\/users\/1"}],"replies":[{"embeddable":true,"href":"https:\/\/abadecom.com\/fr\/wp-json\/wp\/v2\/comments?post=1361"}],"version-history":[{"count":21,"href":"https:\/\/abadecom.com\/fr\/wp-json\/wp\/v2\/pages\/1361\/revisions"}],"predecessor-version":[{"id":9141,"href":"https:\/\/abadecom.com\/fr\/wp-json\/wp\/v2\/pages\/1361\/revisions\/9141"}],"wp:attachment":[{"href":"https:\/\/abadecom.com\/fr\/wp-json\/wp\/v2\/media?parent=1361"}],"curies":[{"name":"wp","href":"https:\/\/api.w.org\/{rel}","templated":true}]}}