{"id":300,"date":"2017-07-17T21:05:43","date_gmt":"2017-07-17T21:05:43","guid":{"rendered":"http:\/\/gbsolutions.es\/?page_id=300"},"modified":"2026-09-04T10:47:27","modified_gmt":"2026-09-04T10:47:27","slug":"photoluminescent-aggregate","status":"publish","type":"page","link":"https:\/\/abadecom.com\/en\/arido-fotoluminiscente\/","title":{"rendered":"Photoluminescent aggregate \/ stone"},"content":{"rendered":"<div class=\"pgc-sgb-cb wp-block-pgcsimplygalleryblock-slider \" data-gallery-id=\"3bc13462\"style=&quot;min-height:400px&quot;><div class=\"sgb-preloader\" id=\"pr_3bc13462\">\n\t<div class=\"sgb-square\" style=\"background:#d4d4d4\"><\/div>\n\t<div class=\"sgb-square\" style=\"background:#d4d4d4\"><\/div>\n\t<div class=\"sgb-square\" style=\"background:#d4d4d4\"><\/div>\n\t<div class=\"sgb-square\" style=\"background:#d4d4d4\"><\/div><\/div><div class=\"simply-gallery-amp pgc_sgb_slider \"><noscript><div class=\"sgb-gallery\"><div class=\"sgb-item\"><a href=\"https:\/\/abadecom.com\/img_0207\/\" target=\"_blank\"><img decoding=\"async\" alt=\"\" width=\"225\" height=\"300\" loading=\"lazy\" src=\"https:\/\/abadecom.com\/wp-content\/uploads\/2026\/09\/IMG_0207-225x300.jpg\" srcset=\"https:\/\/abadecom.com\/wp-content\/uploads\/2026\/09\/IMG_0207-225x300.jpg 225w,https:\/\/abadecom.com\/wp-content\/uploads\/2026\/09\/IMG_0207-768x1024.jpg 768w,https:\/\/abadecom.com\/wp-content\/uploads\/2026\/09\/IMG_0207-scaled.jpg 1920w\" sizes=\"auto, 250px\"\/><\/a><\/div><div class=\"sgb-item\"><a href=\"https:\/\/abadecom.com\/1788217144373\/\" target=\"_blank\"><img decoding=\"async\" alt=\"\" width=\"225\" height=\"300\" loading=\"lazy\" src=\"https:\/\/abadecom.com\/wp-content\/uploads\/2026\/09\/1788217144373-225x300.jpg\" srcset=\"https:\/\/abadecom.com\/wp-content\/uploads\/2026\/09\/1788217144373-225x300.jpg 225w,https:\/\/abadecom.com\/wp-content\/uploads\/2026\/09\/1788217144373-768x1024.jpg 768w,https:\/\/abadecom.com\/wp-content\/uploads\/2026\/09\/1788217144373.jpg 1200w\" sizes=\"auto, 250px\"\/><\/a><\/div><div class=\"sgb-item\"><a href=\"https:\/\/abadecom.com\/arido-fotoluminiscente_abadecom-urban_noche_2\/\" target=\"_blank\"><img decoding=\"async\" alt=\"\" width=\"300\" height=\"225\" loading=\"lazy\" src=\"https:\/\/abadecom.com\/wp-content\/uploads\/2026\/09\/Arido-fotoluminiscente_Abadecom-Urban_Noche_2-300x225.png\" srcset=\"https:\/\/abadecom.com\/wp-content\/uploads\/2026\/09\/Arido-fotoluminiscente_Abadecom-Urban_Noche_2-300x225.png 300w,https:\/\/abadecom.com\/wp-content\/uploads\/2026\/09\/Arido-fotoluminiscente_Abadecom-Urban_Noche_2-1024x768.png 1024w,https:\/\/abadecom.com\/wp-content\/uploads\/2026\/09\/Arido-fotoluminiscente_Abadecom-Urban_Noche_2.png 1448w\" sizes=\"auto, 250px\"\/><\/a><\/div><div class=\"sgb-item\"><a href=\"https:\/\/abadecom.com\/ardido-fotoluminiscente_abadecom-urban_noche\/\" target=\"_blank\"><img decoding=\"async\" alt=\"\" width=\"225\" height=\"300\" loading=\"lazy\" src=\"https:\/\/abadecom.com\/wp-content\/uploads\/2026\/09\/Ardido-fotoluminiscente_Abadecom-Urban_Noche-225x300.png\" srcset=\"https:\/\/abadecom.com\/wp-content\/uploads\/2026\/09\/Ardido-fotoluminiscente_Abadecom-Urban_Noche-225x300.png 225w,https:\/\/abadecom.com\/wp-content\/uploads\/2026\/09\/Ardido-fotoluminiscente_Abadecom-Urban_Noche-768x1024.png 768w,https:\/\/abadecom.com\/wp-content\/uploads\/2026\/09\/Ardido-fotoluminiscente_Abadecom-Urban_Noche.png 1086w\" sizes=\"auto, 250px\"\/><\/a><\/div><div class=\"sgb-item\"><a href=\"https:\/\/abadecom.com\/arido-fotoluminiscente\/arido-fotoluminiscente-litolux_abadecom-urban_santander_1\/\" target=\"_blank\"><img decoding=\"async\" alt=\"\" width=\"225\" height=\"300\" loading=\"lazy\" src=\"https:\/\/abadecom.com\/wp-content\/uploads\/2026\/03\/Arido-fotoluminiscente-LITOLUX_Abadecom-Urban_Santander_1-225x300.jpeg\" srcset=\"https:\/\/abadecom.com\/wp-content\/uploads\/2026\/03\/Arido-fotoluminiscente-LITOLUX_Abadecom-Urban_Santander_1-225x300.jpeg 225w,https:\/\/abadecom.com\/wp-content\/uploads\/2026\/03\/Arido-fotoluminiscente-LITOLUX_Abadecom-Urban_Santander_1-768x1024.jpeg 768w,https:\/\/abadecom.com\/wp-content\/uploads\/2026\/03\/Arido-fotoluminiscente-LITOLUX_Abadecom-Urban_Santander_1.jpeg 1200w\" sizes=\"auto, 250px\"\/><\/a><\/div><div class=\"sgb-item\"><a href=\"https:\/\/abadecom.com\/arido-fotoluminiscente\/camino-faro-mayor\/\" target=\"_blank\"><img decoding=\"async\" alt=\"\" width=\"300\" height=\"225\" loading=\"lazy\" src=\"https:\/\/abadecom.com\/wp-content\/uploads\/2026\/02\/CAMINO-FARO-MAYOR-300x225.jpg\" srcset=\"https:\/\/abadecom.com\/wp-content\/uploads\/2026\/02\/CAMINO-FARO-MAYOR-300x225.jpg 300w,https:\/\/abadecom.com\/wp-content\/uploads\/2026\/02\/CAMINO-FARO-MAYOR-1024x768.jpg 1024w,https:\/\/abadecom.com\/wp-content\/uploads\/2026\/02\/CAMINO-FARO-MAYOR.jpg 2040w\" sizes=\"auto, 250px\"\/><\/a><\/div><div class=\"sgb-item\"><a href=\"https:\/\/abadecom.com\/arido-fotoluminiscente\/faro-cabo-mayor-noche\/\" target=\"_blank\"><img decoding=\"async\" alt=\"\" width=\"300\" height=\"225\" loading=\"lazy\" src=\"https:\/\/abadecom.com\/wp-content\/uploads\/2026\/02\/FARO-CABO-MAYOR-NOCHE-300x225.jpg\" srcset=\"https:\/\/abadecom.com\/wp-content\/uploads\/2026\/02\/FARO-CABO-MAYOR-NOCHE-300x225.jpg 300w,https:\/\/abadecom.com\/wp-content\/uploads\/2026\/02\/FARO-CABO-MAYOR-NOCHE-1024x768.jpg 1024w,https:\/\/abadecom.com\/wp-content\/uploads\/2026\/02\/FARO-CABO-MAYOR-NOCHE.jpg 2040w\" sizes=\"auto, 250px\"\/><\/a><\/div><div class=\"sgb-item\"><a href=\"https:\/\/abadecom.com\/arido-fotoluminiscente\/faro-cabo-mayor-santander\/\" target=\"_blank\"><img decoding=\"async\" alt=\"\" width=\"300\" height=\"225\" loading=\"lazy\" src=\"https:\/\/abadecom.com\/wp-content\/uploads\/2026\/02\/FARO-CABO-MAYOR-SANTANDER-300x225.jpg\" srcset=\"https:\/\/abadecom.com\/wp-content\/uploads\/2026\/02\/FARO-CABO-MAYOR-SANTANDER-300x225.jpg 300w,https:\/\/abadecom.com\/wp-content\/uploads\/2026\/02\/FARO-CABO-MAYOR-SANTANDER-1024x768.jpg 1024w,https:\/\/abadecom.com\/wp-content\/uploads\/2026\/02\/FARO-CABO-MAYOR-SANTANDER.jpg 2000w\" sizes=\"auto, 250px\"\/><\/a><\/div><div class=\"sgb-item\"><a href=\"https:\/\/abadecom.com\/abadecom-economia-circular\/arido-fotoluminiscente_litolux_cliente-privado\/\" target=\"_blank\"><img decoding=\"async\" alt=\"\" width=\"300\" height=\"201\" loading=\"lazy\" src=\"https:\/\/abadecom.com\/wp-content\/uploads\/2025\/01\/Arido-fotoluminiscente_Litolux_Cliente-privado-300x201.jpeg\" srcset=\"https:\/\/abadecom.com\/wp-content\/uploads\/2025\/01\/Arido-fotoluminiscente_Litolux_Cliente-privado-300x201.jpeg 300w,https:\/\/abadecom.com\/wp-content\/uploads\/2025\/01\/Arido-fotoluminiscente_Litolux_Cliente-privado-1024x686.jpeg 1024w,https:\/\/abadecom.com\/wp-content\/uploads\/2025\/01\/Arido-fotoluminiscente_Litolux_Cliente-privado.jpeg 2040w\" sizes=\"auto, 250px\"\/><\/a><\/div><\/div><\/noscript><\/div><script type=\"application\/json\" class=\"sgb-data\">{\"collectionThumbRecomendedWidth\":250,\"captionHAlign\":\"bottom\",\"collectionthumbRoundedCorners\":9,\"sliderAdminWidth\":840,\"responsiveHeight\":true,\"autoPlay\":true,\"galleryType\":\"pgc_sgb_slider\",\"galleryId\":\"3bc13462\",\"images\":[{\"id\":10344,\"title\":\"IMG_0207\",\"url\":\"https:\/\/abadecom.com\/wp-content\/uploads\/2026\/09\/IMG_0207-scaled.jpg\",\"link\":\"https:\/\/abadecom.com\/img_0207\/\",\"alt\":\"\",\"description\":\"\",\"caption\":\"\",\"mime\":\"image\/jpeg\",\"type\":\"image\",\"width\":1920,\"height\":2560,\"sizes\":{\"thumbnail\":{\"height\":150,\"width\":150,\"url\":\"https:\/\/abadecom.com\/wp-content\/uploads\/2026\/09\/IMG_0207-150x150.jpg\",\"orientation\":\"landscape\"},\"medium\":{\"height\":300,\"width\":225,\"url\":\"https:\/\/abadecom.com\/wp-content\/uploads\/2026\/09\/IMG_0207-225x300.jpg\",\"orientation\":\"portrait\"},\"large\":{\"height\":1024,\"width\":768,\"url\":\"https:\/\/abadecom.com\/wp-content\/uploads\/2026\/09\/IMG_0207-768x1024.jpg\",\"orientation\":\"portrait\"},\"full\":{\"url\":\"https:\/\/abadecom.com\/wp-content\/uploads\/2026\/09\/IMG_0207-scaled.jpg\",\"height\":2560,\"width\":1920,\"orientation\":\"portrait\"}},\"imageMeta\":{\"aperture\":\"1.78\",\"credit\":\"\",\"camera\":\"iPhone 17 Pro\",\"caption\":\"\",\"created_timestamp\":\"1788212370\",\"copyright\":\"\",\"focal_length\":\"6.7649998656528\",\"iso\":\"10000\",\"shutter_speed\":\"0.5\",\"title\":\"\",\"orientation\":1,\"keywords\":[],\"alt\":\"\"},\"meta\":false,\"postlink\":\"https:\/\/abadecom.com\/img_0207\/\"},{\"id\":10343,\"title\":\"1788217144373\",\"url\":\"https:\/\/abadecom.com\/wp-content\/uploads\/2026\/09\/1788217144373.jpg\",\"link\":\"https:\/\/abadecom.com\/1788217144373\/\",\"alt\":\"\",\"description\":\"\",\"caption\":\"\",\"mime\":\"image\/jpeg\",\"type\":\"image\",\"width\":1200,\"height\":1600,\"sizes\":{\"thumbnail\":{\"height\":150,\"width\":150,\"url\":\"https:\/\/abadecom.com\/wp-content\/uploads\/2026\/09\/1788217144373-150x150.jpg\",\"orientation\":\"landscape\"},\"medium\":{\"height\":300,\"width\":225,\"url\":\"https:\/\/abadecom.com\/wp-content\/uploads\/2026\/09\/1788217144373-225x300.jpg\",\"orientation\":\"portrait\"},\"large\":{\"height\":1024,\"width\":768,\"url\":\"https:\/\/abadecom.com\/wp-content\/uploads\/2026\/09\/1788217144373-768x1024.jpg\",\"orientation\":\"portrait\"},\"full\":{\"url\":\"https:\/\/abadecom.com\/wp-content\/uploads\/2026\/09\/1788217144373.jpg\",\"height\":1600,\"width\":1200,\"orientation\":\"portrait\"}},\"imageMeta\":{\"aperture\":\"0\",\"credit\":\"\",\"camera\":\"\",\"caption\":\"\",\"created_timestamp\":\"0\",\"copyright\":\"\",\"focal_length\":\"0\",\"iso\":\"0\",\"shutter_speed\":\"0\",\"title\":\"\",\"orientation\":\"0\",\"keywords\":[],\"alt\":\"\"},\"meta\":false,\"postlink\":\"https:\/\/abadecom.com\/1788217144373\/\"},{\"id\":10342,\"title\":\"Arido-fotoluminiscente_Abadecom-Urban_Noche_2\",\"url\":\"https:\/\/abadecom.com\/wp-content\/uploads\/2026\/09\/Arido-fotoluminiscente_Abadecom-Urban_Noche_2.png\",\"link\":\"https:\/\/abadecom.com\/arido-fotoluminiscente_abadecom-urban_noche_2\/\",\"alt\":\"\",\"description\":\"\",\"caption\":\"\",\"mime\":\"image\/png\",\"type\":\"image\",\"width\":1448,\"height\":1086,\"sizes\":{\"thumbnail\":{\"height\":150,\"width\":150,\"url\":\"https:\/\/abadecom.com\/wp-content\/uploads\/2026\/09\/Arido-fotoluminiscente_Abadecom-Urban_Noche_2-150x150.png\",\"orientation\":\"landscape\"},\"medium\":{\"height\":225,\"width\":300,\"url\":\"https:\/\/abadecom.com\/wp-content\/uploads\/2026\/09\/Arido-fotoluminiscente_Abadecom-Urban_Noche_2-300x225.png\",\"orientation\":\"landscape\"},\"large\":{\"height\":768,\"width\":1024,\"url\":\"https:\/\/abadecom.com\/wp-content\/uploads\/2026\/09\/Arido-fotoluminiscente_Abadecom-Urban_Noche_2-1024x768.png\",\"orientation\":\"landscape\"},\"full\":{\"url\":\"https:\/\/abadecom.com\/wp-content\/uploads\/2026\/09\/Arido-fotoluminiscente_Abadecom-Urban_Noche_2.png\",\"height\":1086,\"width\":1448,\"orientation\":\"landscape\"}},\"imageMeta\":{\"aperture\":\"0\",\"credit\":\"\",\"camera\":\"\",\"caption\":\"\",\"created_timestamp\":\"0\",\"copyright\":\"\",\"focal_length\":\"0\",\"iso\":\"0\",\"shutter_speed\":\"0\",\"title\":\"\",\"orientation\":\"0\",\"keywords\":[],\"alt\":\"\"},\"meta\":false,\"postlink\":\"https:\/\/abadecom.com\/arido-fotoluminiscente_abadecom-urban_noche_2\/\"},{\"id\":10341,\"title\":\"Ardido-fotoluminiscente_Abadecom-Urban_Noche\",\"url\":\"https:\/\/abadecom.com\/wp-content\/uploads\/2026\/09\/Ardido-fotoluminiscente_Abadecom-Urban_Noche.png\",\"link\":\"https:\/\/abadecom.com\/ardido-fotoluminiscente_abadecom-urban_noche\/\",\"alt\":\"\",\"description\":\"\",\"caption\":\"\",\"mime\":\"image\/png\",\"type\":\"image\",\"width\":1086,\"height\":1448,\"sizes\":{\"thumbnail\":{\"height\":150,\"width\":150,\"url\":\"https:\/\/abadecom.com\/wp-content\/uploads\/2026\/09\/Ardido-fotoluminiscente_Abadecom-Urban_Noche-150x150.png\",\"orientation\":\"landscape\"},\"medium\":{\"height\":300,\"width\":225,\"url\":\"https:\/\/abadecom.com\/wp-content\/uploads\/2026\/09\/Ardido-fotoluminiscente_Abadecom-Urban_Noche-225x300.png\",\"orientation\":\"portrait\"},\"large\":{\"height\":1024,\"width\":768,\"url\":\"https:\/\/abadecom.com\/wp-content\/uploads\/2026\/09\/Ardido-fotoluminiscente_Abadecom-Urban_Noche-768x1024.png\",\"orientation\":\"portrait\"},\"full\":{\"url\":\"https:\/\/abadecom.com\/wp-content\/uploads\/2026\/09\/Ardido-fotoluminiscente_Abadecom-Urban_Noche.png\",\"height\":1448,\"width\":1086,\"orientation\":\"portrait\"}},\"imageMeta\":{\"aperture\":\"0\",\"credit\":\"\",\"camera\":\"\",\"caption\":\"\",\"created_timestamp\":\"0\",\"copyright\":\"\",\"focal_length\":\"0\",\"iso\":\"0\",\"shutter_speed\":\"0\",\"title\":\"\",\"orientation\":\"0\",\"keywords\":[],\"alt\":\"\"},\"meta\":false,\"postlink\":\"https:\/\/abadecom.com\/ardido-fotoluminiscente_abadecom-urban_noche\/\"},{\"id\":10137,\"title\":\"\u00c1rido fotoluminiscente LITOLUX_Abadecom Urban_Santander_1\",\"url\":\"https:\/\/abadecom.com\/wp-content\/uploads\/2026\/03\/Arido-fotoluminiscente-LITOLUX_Abadecom-Urban_Santander_1.jpeg\",\"link\":\"https:\/\/abadecom.com\/arido-fotoluminiscente\/arido-fotoluminiscente-litolux_abadecom-urban_santander_1\/\",\"alt\":\"\",\"description\":\"\",\"caption\":\"\",\"mime\":\"image\/jpeg\",\"type\":\"image\",\"width\":1200,\"height\":1600,\"sizes\":{\"thumbnail\":{\"height\":150,\"width\":150,\"url\":\"https:\/\/abadecom.com\/wp-content\/uploads\/2026\/03\/Arido-fotoluminiscente-LITOLUX_Abadecom-Urban_Santander_1-150x150.jpeg\",\"orientation\":\"landscape\"},\"medium\":{\"height\":300,\"width\":225,\"url\":\"https:\/\/abadecom.com\/wp-content\/uploads\/2026\/03\/Arido-fotoluminiscente-LITOLUX_Abadecom-Urban_Santander_1-225x300.jpeg\",\"orientation\":\"portrait\"},\"large\":{\"height\":1024,\"width\":768,\"url\":\"https:\/\/abadecom.com\/wp-content\/uploads\/2026\/03\/Arido-fotoluminiscente-LITOLUX_Abadecom-Urban_Santander_1-768x1024.jpeg\",\"orientation\":\"portrait\"},\"full\":{\"url\":\"https:\/\/abadecom.com\/wp-content\/uploads\/2026\/03\/Arido-fotoluminiscente-LITOLUX_Abadecom-Urban_Santander_1.jpeg\",\"height\":1600,\"width\":1200,\"orientation\":\"portrait\"}},\"imageMeta\":{\"aperture\":\"0\",\"credit\":\"\",\"camera\":\"\",\"caption\":\"\",\"created_timestamp\":\"0\",\"copyright\":\"\",\"focal_length\":\"0\",\"iso\":\"0\",\"shutter_speed\":\"0\",\"title\":\"\",\"orientation\":\"0\",\"keywords\":[]},\"meta\":false,\"postlink\":\"https:\/\/abadecom.com\/arido-fotoluminiscente\/arido-fotoluminiscente-litolux_abadecom-urban_santander_1\/\"},{\"id\":9974,\"title\":\"CAMINO FARO MAYOR\",\"url\":\"https:\/\/abadecom.com\/wp-content\/uploads\/2026\/02\/CAMINO-FARO-MAYOR.jpg\",\"link\":\"https:\/\/abadecom.com\/arido-fotoluminiscente\/camino-faro-mayor\/\",\"alt\":\"\",\"description\":\"\",\"caption\":\"\",\"mime\":\"image\/jpeg\",\"type\":\"image\",\"width\":2040,\"height\":1530,\"sizes\":{\"thumbnail\":{\"height\":150,\"width\":150,\"url\":\"https:\/\/abadecom.com\/wp-content\/uploads\/2026\/02\/CAMINO-FARO-MAYOR-150x150.jpg\",\"orientation\":\"landscape\"},\"medium\":{\"height\":225,\"width\":300,\"url\":\"https:\/\/abadecom.com\/wp-content\/uploads\/2026\/02\/CAMINO-FARO-MAYOR-300x225.jpg\",\"orientation\":\"landscape\"},\"large\":{\"height\":768,\"width\":1024,\"url\":\"https:\/\/abadecom.com\/wp-content\/uploads\/2026\/02\/CAMINO-FARO-MAYOR-1024x768.jpg\",\"orientation\":\"landscape\"},\"full\":{\"url\":\"https:\/\/abadecom.com\/wp-content\/uploads\/2026\/02\/CAMINO-FARO-MAYOR.jpg\",\"height\":1530,\"width\":2040,\"orientation\":\"landscape\"}},\"imageMeta\":{\"aperture\":\"0\",\"credit\":\"\",\"camera\":\"\",\"caption\":\"\",\"created_timestamp\":\"0\",\"copyright\":\"\",\"focal_length\":\"0\",\"iso\":\"0\",\"shutter_speed\":\"0\",\"title\":\"\",\"orientation\":\"1\",\"keywords\":[]},\"meta\":false,\"postlink\":\"https:\/\/abadecom.com\/arido-fotoluminiscente\/camino-faro-mayor\/\"},{\"id\":9975,\"title\":\"FARO CABO MAYOR NOCHE\",\"url\":\"https:\/\/abadecom.com\/wp-content\/uploads\/2026\/02\/FARO-CABO-MAYOR-NOCHE.jpg\",\"link\":\"https:\/\/abadecom.com\/arido-fotoluminiscente\/faro-cabo-mayor-noche\/\",\"alt\":\"\",\"description\":\"\",\"caption\":\"\",\"mime\":\"image\/jpeg\",\"type\":\"image\",\"width\":2040,\"height\":1530,\"sizes\":{\"thumbnail\":{\"height\":150,\"width\":150,\"url\":\"https:\/\/abadecom.com\/wp-content\/uploads\/2026\/02\/FARO-CABO-MAYOR-NOCHE-150x150.jpg\",\"orientation\":\"landscape\"},\"medium\":{\"height\":225,\"width\":300,\"url\":\"https:\/\/abadecom.com\/wp-content\/uploads\/2026\/02\/FARO-CABO-MAYOR-NOCHE-300x225.jpg\",\"orientation\":\"landscape\"},\"large\":{\"height\":768,\"width\":1024,\"url\":\"https:\/\/abadecom.com\/wp-content\/uploads\/2026\/02\/FARO-CABO-MAYOR-NOCHE-1024x768.jpg\",\"orientation\":\"landscape\"},\"full\":{\"url\":\"https:\/\/abadecom.com\/wp-content\/uploads\/2026\/02\/FARO-CABO-MAYOR-NOCHE.jpg\",\"height\":1530,\"width\":2040,\"orientation\":\"landscape\"}},\"imageMeta\":{\"aperture\":\"0\",\"credit\":\"\",\"camera\":\"\",\"caption\":\"\",\"created_timestamp\":\"0\",\"copyright\":\"\",\"focal_length\":\"0\",\"iso\":\"0\",\"shutter_speed\":\"0\",\"title\":\"\",\"orientation\":\"1\",\"keywords\":[]},\"meta\":false,\"postlink\":\"https:\/\/abadecom.com\/arido-fotoluminiscente\/faro-cabo-mayor-noche\/\"},{\"id\":9976,\"title\":\"FARO CABO MAYOR SANTANDER\",\"url\":\"https:\/\/abadecom.com\/wp-content\/uploads\/2026\/02\/FARO-CABO-MAYOR-SANTANDER.jpg\",\"link\":\"https:\/\/abadecom.com\/arido-fotoluminiscente\/faro-cabo-mayor-santander\/\",\"alt\":\"\",\"description\":\"\",\"caption\":\"\",\"mime\":\"image\/jpeg\",\"type\":\"image\",\"width\":2000,\"height\":1500,\"sizes\":{\"thumbnail\":{\"height\":150,\"width\":150,\"url\":\"https:\/\/abadecom.com\/wp-content\/uploads\/2026\/02\/FARO-CABO-MAYOR-SANTANDER-150x150.jpg\",\"orientation\":\"landscape\"},\"medium\":{\"height\":225,\"width\":300,\"url\":\"https:\/\/abadecom.com\/wp-content\/uploads\/2026\/02\/FARO-CABO-MAYOR-SANTANDER-300x225.jpg\",\"orientation\":\"landscape\"},\"large\":{\"height\":768,\"width\":1024,\"url\":\"https:\/\/abadecom.com\/wp-content\/uploads\/2026\/02\/FARO-CABO-MAYOR-SANTANDER-1024x768.jpg\",\"orientation\":\"landscape\"},\"full\":{\"url\":\"https:\/\/abadecom.com\/wp-content\/uploads\/2026\/02\/FARO-CABO-MAYOR-SANTANDER.jpg\",\"height\":1500,\"width\":2000,\"orientation\":\"landscape\"}},\"imageMeta\":{\"aperture\":\"0\",\"credit\":\"\",\"camera\":\"\",\"caption\":\"\",\"created_timestamp\":\"0\",\"copyright\":\"\",\"focal_length\":\"0\",\"iso\":\"0\",\"shutter_speed\":\"0\",\"title\":\"\",\"orientation\":\"1\",\"keywords\":[]},\"meta\":false,\"postlink\":\"https:\/\/abadecom.com\/arido-fotoluminiscente\/faro-cabo-mayor-santander\/\"},{\"id\":9756,\"title\":\"Arido fotoluminiscente_Litolux_Cliente privado\",\"url\":\"https:\/\/abadecom.com\/wp-content\/uploads\/2025\/01\/Arido-fotoluminiscente_Litolux_Cliente-privado.jpeg\",\"link\":\"https:\/\/abadecom.com\/abadecom-economia-circular\/arido-fotoluminiscente_litolux_cliente-privado\/\",\"alt\":\"\",\"description\":\"\",\"caption\":\"\",\"mime\":\"image\/jpeg\",\"type\":\"image\",\"width\":2040,\"height\":1367,\"sizes\":{\"thumbnail\":{\"height\":150,\"width\":150,\"url\":\"https:\/\/abadecom.com\/wp-content\/uploads\/2025\/01\/Arido-fotoluminiscente_Litolux_Cliente-privado-150x150.jpeg\",\"orientation\":\"landscape\"},\"medium\":{\"height\":201,\"width\":300,\"url\":\"https:\/\/abadecom.com\/wp-content\/uploads\/2025\/01\/Arido-fotoluminiscente_Litolux_Cliente-privado-300x201.jpeg\",\"orientation\":\"landscape\"},\"large\":{\"height\":686,\"width\":1024,\"url\":\"https:\/\/abadecom.com\/wp-content\/uploads\/2025\/01\/Arido-fotoluminiscente_Litolux_Cliente-privado-1024x686.jpeg\",\"orientation\":\"landscape\"},\"full\":{\"url\":\"https:\/\/abadecom.com\/wp-content\/uploads\/2025\/01\/Arido-fotoluminiscente_Litolux_Cliente-privado.jpeg\",\"height\":1367,\"width\":2040,\"orientation\":\"landscape\"}},\"imageMeta\":{\"aperture\":\"0\",\"credit\":\"\",\"camera\":\"\",\"caption\":\"\",\"created_timestamp\":\"1726220082\",\"copyright\":\"\",\"focal_length\":\"0\",\"iso\":\"0\",\"shutter_speed\":\"0\",\"title\":\"\",\"orientation\":\"0\",\"keywords\":[]},\"meta\":false,\"postlink\":\"https:\/\/abadecom.com\/abadecom-economia-circular\/arido-fotoluminiscente_litolux_cliente-privado\/\"}],\"sliderItemTitleFontSize\":20,\"sliderSlideshow\":false,\"sliderZoomEnable\":false,\"TrpContentRestriction\":{\"restriction_type\":\"exclude\",\"selected_languages\":[],\"panel_open\":true},\"itemsMetaDataCollection\":[]}<\/script><script>(function(){if(window.PGC_SGB && window.PGC_SGB.searcher){window.PGC_SGB.searcher.initBlocks()}})()<\/script><\/div>\n\n\n<p class=\"wp-block-paragraph\"><\/p>\n\n\n\n<p class=\"wp-block-paragraph\">Convertir cualquier pavimento en una superficie que \u201ccobra vida\u201d al anochecer ya no es un recurso exclusivo del dise\u00f1o premium. Con nuestro <strong>\u00e1rido \/ piedra fotoluminiscente<\/strong>, puedes crear recorridos, zonas de seguridad y detalles decorativos que captan la luz durante el d\u00eda (solar o artificial), la acumulan y la emiten durante toda la noche, aportando est\u00e9tica, orientaci\u00f3n y diferenciaci\u00f3n del espacio sin consumo el\u00e9ctrico.<\/p>\n\n\n\n<h2 class=\"wp-block-heading\">Campo de aplicaci\u00f3n<\/h2>\n\n\n\n<p class=\"wp-block-paragraph\" style=\"font-size:16px\">Es un <strong>\u00e1rido\/piedra fotoluminiscente<\/strong> incorporable a:<\/p>\n\n\n\n<ul class=\"wp-block-list\">\n<li>Pavimento continuo ejecutado in situ mediante la t\u00e9cnica de espolvoreo sobre hormig\u00f3n fresco, o<\/li>\n\n\n\n<li>Pieza prefabricada en su capa m\u00e1s superficial.<\/li>\n<\/ul>\n\n\n\n<p class=\"wp-block-paragraph\">Ideal para <strong>jardines<\/strong>, <strong>spa,<\/strong> <strong>zonas comunes<\/strong> y <strong>decoraciones de dise\u00f1o<\/strong>, gracias a su extraordinaria capacidad de captaci\u00f3n, acumulaci\u00f3n y emisi\u00f3n de luz.<\/p>\n\n\n\n<p class=\"wp-block-paragraph\" style=\"font-size:16px\">Nuestro \u00e1rido fotoluminiscente est\u00e1 formulado a base de aluminatos de estroncio enriquecidos, con muy alta potencia lum\u00ednica.<\/p>\n\n\n\n<h2 class=\"wp-block-heading\">Propiedades (rendimiento y resistencia)<\/h2>\n\n\n\n<ul class=\"wp-block-list\">\n<li><strong>Activaci\u00f3n: <\/strong>Se activa con luz solar o artificial.<\/li>\n\n\n\n<li><strong>Visibilidad:<\/strong> Permite su visibilidad en condiciones de oscuridad o en zonas pobremente iluminadas.<\/li>\n\n\n\n<li><strong>Apto para exteriores:<\/strong> Es resistente al agua y rayos ultravioleta (apta para exteriores)<\/li>\n\n\n\n<li><strong>Autonom\u00eda lum\u00ednica: <\/strong>Una vez cargado, la luminiscencia tiene una duraci\u00f3n de m\u00e1s de 12 horas en condiciones de oscuridad.<\/li>\n<\/ul>\n\n\n\n<h2 class=\"wp-block-heading\">Modo de utilizaci\u00f3n<\/h2>\n\n\n\n<p class=\"wp-block-paragraph\">El \u00e1rido\/ piedra fotoluminiscente se aplica sobre la superficie del elemento a tratar (pavimento continuo o capa superficial de prefabricado).<\/p>\n\n\n\n<h2 class=\"wp-block-heading\">Dotaci\u00f3n recomendada.<\/h2>\n\n\n\n<p class=\"wp-block-paragraph\">La dotaci\u00f3n habitual puede estar entre <strong>0,50 y 1,00 kg\/m\u00b2<\/strong> (seg\u00fan dise\u00f1o, densidad visual deseada y acabado).<\/p>\n\n\n\n<h2 class=\"wp-block-heading\">Condiciones de almacenamiento \/ Tiempo de conservaci\u00f3n<\/h2>\n\n\n\n<p class=\"wp-block-paragraph\">No hay ninguna restricci\u00f3n al respecto.<\/p>\n\n\n\n<h2 class=\"wp-block-heading\">Manipulaci\u00f3n y transporte<\/h2>\n\n\n\n<p class=\"wp-block-paragraph\">Lavarse las manos antes de una pausa y al t\u00e9rmino del trabajo. No comer, beber y fumar durante la aplicaci\u00f3n.<\/p>\n\n\n\n<p class=\"wp-block-paragraph\">La eliminaci\u00f3n del producto y su envase debe realizarse de acuerdo con la legislaci\u00f3n vigente y es responsabilidad del poseedor final.<\/p>\n\n\n\n<h2 class=\"wp-block-heading\">Hay que tener en cuenta<\/h2>\n\n\n\n<p class=\"has-text-align-left wp-block-paragraph\">Para apreciar correctamente el efecto, no debe incidir luz directamente sobre la superficie tratada durante la visualizaci\u00f3n nocturna.<\/p>\n\n\n\n<h2 class=\"wp-block-heading\">Propiedades<\/h2>\n\n\n\n<ul class=\"wp-block-list\">\n<li>Funci\u00f3n principal: \u00c1rido de revestimiento<\/li>\n\n\n\n<li>Aspecto f\u00edsico: Granular<\/li>\n\n\n\n<li>Colores: Azul y Verde<\/li>\n\n\n\n<li>Duraci\u00f3n del brillo: M\u00e1s de 12 horas<\/li>\n\n\n\n<li>Tama\u00f1os(mm): 2-5, 5-8, 8-12, 12-20 , 20-25<\/li>\n\n\n\n<li>Rango de temperaturas de funcionamiento: -15\u00baC&nbsp; 50\u00baC<\/li>\n\n\n\n<li>Luminancia tras 10 minutos: Mayor que 586 mcd\/m2 (luz verde)<\/li>\n\n\n\n<li>Luminancia tras 60 minutos: Mayor que 81,9 mcd\/m2 ( luz verde)<\/li>\n\n\n\n<li>Tiempo de atenuaci\u00f3n UNE 23035 (*): Mayor que 10.955 minutos<\/li>\n<\/ul>\n\n\n\n<p class=\"wp-block-paragraph\">(*) Extrapolaci\u00f3n logar\u00edtmica seg\u00fan UNE 23035 hasta obtener el tiempo en que la luminancia se de 0,3 mcd\/m2<\/p>\n\n\n\n<p class=\"wp-block-paragraph\">Los datos t\u00e9cnicos reflejados son fruto de resultado de ensayos en laboratorios.<\/p>\n\n\n<style>.wp-block-kadence-advancedbtn.kb-btns300_d0d9e8-5e{gap:var(--global-kb-gap-xs, 0.5rem );justify-content:flex-start;align-items:center;}.kt-btns300_d0d9e8-5e .kt-button{font-weight:normal;font-style:normal;}.kt-btns300_d0d9e8-5e .kt-btn-wrap-0{margin-right:5px;}.wp-block-kadence-advancedbtn.kt-btns300_d0d9e8-5e .kt-btn-wrap-0 .kt-button{color:#555555;border-color:#555555;}.wp-block-kadence-advancedbtn.kt-btns300_d0d9e8-5e .kt-btn-wrap-0 .kt-button:hover, .wp-block-kadence-advancedbtn.kt-btns300_d0d9e8-5e .kt-btn-wrap-0 .kt-button:focus{color:#ffffff;border-color:#444444;}.wp-block-kadence-advancedbtn.kt-btns300_d0d9e8-5e .kt-btn-wrap-0 .kt-button::before{display:none;}.wp-block-kadence-advancedbtn.kt-btns300_d0d9e8-5e .kt-btn-wrap-0 .kt-button:hover, .wp-block-kadence-advancedbtn.kt-btns300_d0d9e8-5e .kt-btn-wrap-0 .kt-button:focus{background:#444444;}<\/style>\n<div class=\"wp-block-kadence-advancedbtn kb-buttons-wrap kb-btns300_d0d9e8-5e\"><style>ul.menu .wp-block-kadence-advancedbtn .kb-btn300_e4e826-21.kb-button{width:initial;}.wp-block-kadence-advancedbtn .kb-btn300_e4e826-21.kb-button{color:#343a40;background:#0bc345;font-size:var(--global-kb-font-size-md, 1.25rem);box-shadow:inset 0px 0px 60px -15px rgba(0, 0, 0, 0.2);}.wp-block-kadence-advancedbtn .kb-btn300_e4e826-21.kb-button:not(.specificity):not(.extra-specificity){text-decoration:none;}<\/style><a class=\"kb-button kt-button button kb-btn300_e4e826-21 kt-btn-size-standard kt-btn-width-type-auto kb-btn-global-inherit kt-btn-has-text-true kt-btn-has-svg-false wp-block-button__link wp-block-kadence-singlebtn\" href=\"https:\/\/abadecom.com\/contacto\/\"><span class=\"kt-btn-inner-text\"><strong>SOLICITAR PRESUPUESTO<\/strong><\/span><\/a>\n\n<style>ul.menu .wp-block-kadence-advancedbtn .kb-btn300_a24b00-1e.kb-button{width:initial;}.wp-block-kadence-advancedbtn .kb-btn300_a24b00-1e.kb-button{color:#343a40;background:#0bc345;font-size:var(--global-kb-font-size-md, 1.25rem);box-shadow:inset 0px 0px 60px -15px rgba(0, 0, 0, 0.2);}.wp-block-kadence-advancedbtn .kb-btn300_a24b00-1e.kb-button:not(.specificity):not(.extra-specificity){text-decoration:none;}<\/style><a class=\"kb-button kt-button button kb-btn300_a24b00-1e kt-btn-size-standard kt-btn-width-type-auto kb-btn-global-inherit kt-btn-has-text-true kt-btn-has-svg-false wp-block-button__link wp-block-kadence-singlebtn\" href=\"https:\/\/abadecom.com\/contacto\/\"><span class=\"kt-btn-inner-text\"><strong>SOLICITAR FICHA T\u00c9CNICA<\/strong><\/span><\/a><\/div>\n\n\n\n<p class=\"wp-block-paragraph\"><\/p>\n","protected":false},"excerpt":{"rendered":"<p>Convertir cualquier pavimento en una superficie que \u201ccobra vida\u201d al anochecer ya no es un recurso exclusivo del dise\u00f1o premium. Con nuestro \u00e1rido \/ piedra fotoluminiscente, puedes crear recorridos, zonas de seguridad y detalles decorativos que captan la luz durante el d\u00eda (solar o artificial), la acumulan y la emiten durante toda la noche, aportando [&#8230;]<\/p>\n<p><a class=\"btn btn-secondary understrap-read-more-link\" href=\"https:\/\/abadecom.com\/en\/arido-fotoluminiscente\/\">Read More&#8230;<span class=\"screen-reader-text\"> from \u00c1rido \/ Piedra fotoluminiscente<\/span><\/a><\/p>\n","protected":false},"author":1,"featured_media":0,"parent":0,"menu_order":11,"comment_status":"closed","ping_status":"closed","template":"","meta":{"content-type":"","_monsterinsights_skip_tracking":false,"pgc_sgb_lightbox_settings":"","footnotes":""},"class_list":["post-300","page","type-page","status-publish","hentry"],"yoast_head":"<!-- This site is optimized with the Yoast SEO plugin v28.4 - https:\/\/yoast.com\/product\/yoast-seo-wordpress\/ -->\n<title>\u00c1rido \/ Piedra fotoluminiscente - Abadecom<\/title>\n<meta name=\"description\" content=\"Con nuestro \u00e1rido \/ piedra fotoluminiscente, puedes crear recorridos, zonas de seguridad y detalles decorativos que captan la luz solar\" \/>\n<meta name=\"robots\" content=\"index, follow, max-snippet:-1, max-image-preview:large, max-video-preview:-1\" \/>\n<link rel=\"canonical\" href=\"https:\/\/abadecom.com\/en\/photoluminescent-aggregate\/\" \/>\n<meta property=\"og:locale\" content=\"en_GB\" \/>\n<meta property=\"og:type\" content=\"article\" \/>\n<meta property=\"og:title\" content=\"\u00c1rido \/ Piedra fotoluminiscente - Abadecom\" \/>\n<meta property=\"og:description\" content=\"Con nuestro \u00e1rido \/ piedra fotoluminiscente, puedes crear recorridos, zonas de seguridad y detalles decorativos que captan la luz solar\" \/>\n<meta property=\"og:url\" content=\"https:\/\/abadecom.com\/en\/photoluminescent-aggregate\/\" \/>\n<meta property=\"og:site_name\" content=\"Abadecom\" \/>\n<meta property=\"article:modified_time\" content=\"2026-09-04T10:47:27+00:00\" \/>\n<meta property=\"og:image\" content=\"https:\/\/abadecom.com\/wp-content\/uploads\/2026\/09\/IMG_0207-768x1024.jpg\" \/>\n<meta name=\"twitter:card\" content=\"summary_large_image\" \/>\n<meta name=\"twitter:label1\" content=\"Estimated reading time\" \/>\n\t<meta name=\"twitter:data1\" content=\"4 minutes\" \/>\n<script type=\"application\/ld+json\" class=\"yoast-schema-graph\">{\"@context\":\"https:\\\/\\\/schema.org\",\"@graph\":[{\"@type\":\"WebPage\",\"@id\":\"https:\\\/\\\/abadecom.com\\\/arido-fotoluminiscente\\\/\",\"url\":\"https:\\\/\\\/abadecom.com\\\/arido-fotoluminiscente\\\/\",\"name\":\"\u00c1rido \\\/ Piedra fotoluminiscente - Abadecom\",\"isPartOf\":{\"@id\":\"https:\\\/\\\/abadecom.com\\\/#website\"},\"primaryImageOfPage\":{\"@id\":\"https:\\\/\\\/abadecom.com\\\/arido-fotoluminiscente\\\/#primaryimage\"},\"image\":{\"@id\":\"https:\\\/\\\/abadecom.com\\\/arido-fotoluminiscente\\\/#primaryimage\"},\"thumbnailUrl\":\"https:\\\/\\\/abadecom.com\\\/wp-content\\\/uploads\\\/2026\\\/09\\\/IMG_0207-768x1024.jpg\",\"datePublished\":\"2017-07-17T21:05:43+00:00\",\"dateModified\":\"2026-09-04T10:47:27+00:00\",\"description\":\"Con nuestro \u00e1rido \\\/ piedra fotoluminiscente, puedes crear recorridos, zonas de seguridad y detalles decorativos que captan la luz solar\",\"inLanguage\":\"en-GB\",\"potentialAction\":[{\"@type\":\"ReadAction\",\"target\":[\"https:\\\/\\\/abadecom.com\\\/arido-fotoluminiscente\\\/\"]}]},{\"@type\":\"ImageObject\",\"inLanguage\":\"en-GB\",\"@id\":\"https:\\\/\\\/abadecom.com\\\/arido-fotoluminiscente\\\/#primaryimage\",\"url\":\"https:\\\/\\\/abadecom.com\\\/wp-content\\\/uploads\\\/2026\\\/09\\\/IMG_0207-768x1024.jpg\",\"contentUrl\":\"https:\\\/\\\/abadecom.com\\\/wp-content\\\/uploads\\\/2026\\\/09\\\/IMG_0207-768x1024.jpg\"},{\"@type\":\"WebSite\",\"@id\":\"https:\\\/\\\/abadecom.com\\\/#website\",\"url\":\"https:\\\/\\\/abadecom.com\\\/\",\"name\":\"Abadecom\",\"description\":\"Productos sostenibles y respetuosos con el medio ambiente\",\"publisher\":{\"@id\":\"https:\\\/\\\/abadecom.com\\\/#organization\"},\"alternateName\":\"Abadecom\",\"potentialAction\":[{\"@type\":\"SearchAction\",\"target\":{\"@type\":\"EntryPoint\",\"urlTemplate\":\"https:\\\/\\\/abadecom.com\\\/?s={search_term_string}\"},\"query-input\":{\"@type\":\"PropertyValueSpecification\",\"valueRequired\":true,\"valueName\":\"search_term_string\"}}],\"inLanguage\":\"en-GB\"},{\"@type\":\"Organization\",\"@id\":\"https:\\\/\\\/abadecom.com\\\/#organization\",\"name\":\"Abadecom\",\"url\":\"https:\\\/\\\/abadecom.com\\\/\",\"logo\":{\"@type\":\"ImageObject\",\"inLanguage\":\"en-GB\",\"@id\":\"https:\\\/\\\/abadecom.com\\\/#\\\/schema\\\/logo\\\/image\\\/\",\"url\":\"https:\\\/\\\/abadecom.com\\\/wp-content\\\/uploads\\\/2022\\\/03\\\/Logo-Abadecom-e1647715158799.png\",\"contentUrl\":\"https:\\\/\\\/abadecom.com\\\/wp-content\\\/uploads\\\/2022\\\/03\\\/Logo-Abadecom-e1647715158799.png\",\"width\":200,\"height\":117,\"caption\":\"Abadecom\"},\"image\":{\"@id\":\"https:\\\/\\\/abadecom.com\\\/#\\\/schema\\\/logo\\\/image\\\/\"}}]}<\/script>\n<!-- \/ Yoast SEO plugin. -->","yoast_head_json":{"title":"Aggregate \/ Photoluminescent stone - Abadecom","description":"With our photoluminescent aggregate \/ stone, you can create pathways, safety zones and decorative details that capture sunlight","robots":{"index":"index","follow":"follow","max-snippet":"max-snippet:-1","max-image-preview":"max-image-preview:large","max-video-preview":"max-video-preview:-1"},"canonical":"https:\/\/abadecom.com\/en\/photoluminescent-aggregate\/","og_locale":"en_GB","og_type":"article","og_title":"\u00c1rido \/ Piedra fotoluminiscente - Abadecom","og_description":"Con nuestro \u00e1rido \/ piedra fotoluminiscente, puedes crear recorridos, zonas de seguridad y detalles decorativos que captan la luz solar","og_url":"https:\/\/abadecom.com\/en\/photoluminescent-aggregate\/","og_site_name":"Abadecom","article_modified_time":"2026-09-04T10:47:27+00:00","og_image":[{"url":"https:\/\/abadecom.com\/wp-content\/uploads\/2026\/09\/IMG_0207-768x1024.jpg","type":"","width":"","height":""}],"twitter_card":"summary_large_image","twitter_misc":{"Estimated reading time":"4 minutes"},"schema":{"@context":"https:\/\/schema.org","@graph":[{"@type":"WebPage","@id":"https:\/\/abadecom.com\/arido-fotoluminiscente\/","url":"https:\/\/abadecom.com\/arido-fotoluminiscente\/","name":"Aggregate \/ Photoluminescent stone - Abadecom","isPartOf":{"@id":"https:\/\/abadecom.com\/#website"},"primaryImageOfPage":{"@id":"https:\/\/abadecom.com\/arido-fotoluminiscente\/#primaryimage"},"image":{"@id":"https:\/\/abadecom.com\/arido-fotoluminiscente\/#primaryimage"},"thumbnailUrl":"https:\/\/abadecom.com\/wp-content\/uploads\/2026\/09\/IMG_0207-768x1024.jpg","datePublished":"2017-07-17T21:05:43+00:00","dateModified":"2026-09-04T10:47:27+00:00","description":"With our photoluminescent aggregate \/ stone, you can create pathways, safety zones and decorative details that capture sunlight","inLanguage":"en-GB","potentialAction":[{"@type":"ReadAction","target":["https:\/\/abadecom.com\/arido-fotoluminiscente\/"]}]},{"@type":"ImageObject","inLanguage":"en-GB","@id":"https:\/\/abadecom.com\/arido-fotoluminiscente\/#primaryimage","url":"https:\/\/abadecom.com\/wp-content\/uploads\/2026\/09\/IMG_0207-768x1024.jpg","contentUrl":"https:\/\/abadecom.com\/wp-content\/uploads\/2026\/09\/IMG_0207-768x1024.jpg"},{"@type":"WebSite","@id":"https:\/\/abadecom.com\/#website","url":"https:\/\/abadecom.com\/","name":"Abadecom","description":"Sustainable and eco-friendly products","publisher":{"@id":"https:\/\/abadecom.com\/#organization"},"alternateName":"Abadecom","potentialAction":[{"@type":"SearchAction","target":{"@type":"EntryPoint","urlTemplate":"https:\/\/abadecom.com\/?s={search_term_string}"},"query-input":{"@type":"PropertyValueSpecification","valueRequired":true,"valueName":"search_term_string"}}],"inLanguage":"en-GB"},{"@type":"Organization","@id":"https:\/\/abadecom.com\/#organization","name":"Abadecom","url":"https:\/\/abadecom.com\/","logo":{"@type":"ImageObject","inLanguage":"en-GB","@id":"https:\/\/abadecom.com\/#\/schema\/logo\/image\/","url":"https:\/\/abadecom.com\/wp-content\/uploads\/2022\/03\/Logo-Abadecom-e1647715158799.png","contentUrl":"https:\/\/abadecom.com\/wp-content\/uploads\/2022\/03\/Logo-Abadecom-e1647715158799.png","width":200,"height":117,"caption":"Abadecom"},"image":{"@id":"https:\/\/abadecom.com\/#\/schema\/logo\/image\/"}}]}},"_links":{"self":[{"href":"https:\/\/abadecom.com\/en\/wp-json\/wp\/v2\/pages\/300","targetHints":{"allow":["GET"]}}],"collection":[{"href":"https:\/\/abadecom.com\/en\/wp-json\/wp\/v2\/pages"}],"about":[{"href":"https:\/\/abadecom.com\/en\/wp-json\/wp\/v2\/types\/page"}],"author":[{"embeddable":true,"href":"https:\/\/abadecom.com\/en\/wp-json\/wp\/v2\/users\/1"}],"replies":[{"embeddable":true,"href":"https:\/\/abadecom.com\/en\/wp-json\/wp\/v2\/comments?post=300"}],"version-history":[{"count":25,"href":"https:\/\/abadecom.com\/en\/wp-json\/wp\/v2\/pages\/300\/revisions"}],"predecessor-version":[{"id":10346,"href":"https:\/\/abadecom.com\/en\/wp-json\/wp\/v2\/pages\/300\/revisions\/10346"}],"wp:attachment":[{"href":"https:\/\/abadecom.com\/en\/wp-json\/wp\/v2\/media?parent=300"}],"curies":[{"name":"wp","href":"https:\/\/api.w.org\/{rel}","templated":true}]}}